{"id":1135,"date":"2024-08-23T13:54:35","date_gmt":"2024-08-23T11:54:35","guid":{"rendered":"https:\/\/galeriamemoria.com\/?page_id=1135"},"modified":"2026-05-05T16:40:35","modified_gmt":"2026-05-05T14:40:35","slug":"paz-errazuriz","status":"publish","type":"page","link":"https:\/\/galeriamemoria.com\/en\/artists\/paz-errazuriz\/","title":{"rendered":"Paz Err\u00e1zuriz"},"content":{"rendered":"\n<figure class=\"wp-block-image alignfull size-large\"><img data-recalc-dims=\"1\" fetchpriority=\"high\" decoding=\"async\" width=\"1024\" height=\"256\" data-attachment-id=\"5042\" data-permalink=\"https:\/\/galeriamemoria.com\/en\/artists\/armando-cristeto\/memoria_web_header_artists11-2\/\" data-orig-file=\"https:\/\/i0.wp.com\/galeriamemoria.com\/wp-content\/uploads\/2026\/04\/Memoria_Web_Header_Artists11-1.jpg?fit=2300%2C575&amp;ssl=1\" data-orig-size=\"2300,575\" data-comments-opened=\"0\" data-image-title=\"Memoria_Web_Header_Artists11\" data-image-description=\"\" data-image-caption=\"\" data-large-file=\"https:\/\/i0.wp.com\/galeriamemoria.com\/wp-content\/uploads\/2026\/04\/Memoria_Web_Header_Artists11-1.jpg?fit=1024%2C256&amp;ssl=1\" src=\"https:\/\/i0.wp.com\/galeriamemoria.com\/wp-content\/uploads\/2026\/04\/Memoria_Web_Header_Artists11-1.jpg?resize=1024%2C256&#038;ssl=1\" alt=\"\" class=\"wp-image-5042\" srcset=\"https:\/\/i0.wp.com\/galeriamemoria.com\/wp-content\/uploads\/2026\/04\/Memoria_Web_Header_Artists11-1.jpg?resize=1024%2C256&amp;ssl=1 1024w, https:\/\/i0.wp.com\/galeriamemoria.com\/wp-content\/uploads\/2026\/04\/Memoria_Web_Header_Artists11-1.jpg?resize=300%2C75&amp;ssl=1 300w, https:\/\/i0.wp.com\/galeriamemoria.com\/wp-content\/uploads\/2026\/04\/Memoria_Web_Header_Artists11-1.jpg?resize=768%2C192&amp;ssl=1 768w, https:\/\/i0.wp.com\/galeriamemoria.com\/wp-content\/uploads\/2026\/04\/Memoria_Web_Header_Artists11-1.jpg?resize=1536%2C384&amp;ssl=1 1536w, https:\/\/i0.wp.com\/galeriamemoria.com\/wp-content\/uploads\/2026\/04\/Memoria_Web_Header_Artists11-1.jpg?resize=2048%2C512&amp;ssl=1 2048w, https:\/\/i0.wp.com\/galeriamemoria.com\/wp-content\/uploads\/2026\/04\/Memoria_Web_Header_Artists11-1.jpg?resize=18%2C5&amp;ssl=1 18w\" sizes=\"(max-width: 1000px) 100vw, 1000px\" \/><\/figure>\n\n\n\n<div class=\"wp-block-group alignfull has-theme-1-background-color has-background has-global-padding is-content-justification-center is-layout-constrained wp-container-core-group-is-layout-452657ba wp-block-group-is-layout-constrained\" style=\"margin-top:0;margin-bottom:0;padding-top:calc( 0.5 * var(--wp--style--root--padding-right, var(--wp--custom--gap--horizontal)));padding-right:var(--wp--style--root--padding-right, var(--wp--custom--gap--horizontal));padding-bottom:calc( 0.5 * var(--wp--style--root--padding-right, var(--wp--custom--gap--horizontal)));padding-left:var(--wp--style--root--padding-left, var(--wp--custom--gap--horizontal))\">\n<div class=\"wp-block-columns alignwide is-layout-flex wp-container-core-columns-is-layout-3b811c60 wp-block-columns-is-layout-flex\">\n<div class=\"wp-block-column is-layout-flow wp-block-column-is-layout-flow\">\n<p class=\"has-text-align-justify wp-block-paragraph\">After studying at the Cambridge Institute of Education (1966) and the Pontifical Catholic University of Santiago (1972), Paz Err\u00e1zuriz co-founded the Association of Independent Photographers in 1981, along with several other Chilean photographers. It was not until 1993 that she obtained formal education in photography by enrolling in the International Center for Photography in New York.<\/p>\n\n\n\n<p class=\"has-text-align-justify wp-block-paragraph\">Throughout more than three decades of her career, Err\u00e1zuriz documents the social and historical processes of her environment. During the years of the Pinochet dictatorship, the artist brought to light the different processes of alienation, exclusion and violence that were reproduced in Chilean society. Paz Err\u00e1zuriz, and her unique ability to construct poetic and intimate narratives on complex and delicate subjects, produced the series <em>Dormidos<\/em> (Sleeping in the Streets) between 1979 and 1980, in which she documented the lives of homeless people sleeping on the streets of Santiago, in a critique and metaphor of the paralysis of citizens in Chile during the regime of repression. In the important series <em>La manzana de Ad\u00e1n<\/em> (Adam\u2019s Apple) (1982\u201390), Err\u00e1zuriz brings to light the life of resistance of transsexual people by entering into this marginalized community, subject to various forms of violence for their mere existence. The artist portrays, over the course of eight years, the community care networks through which her subjects survive the conditions of oppression and persecution.<\/p>\n<\/div>\n\n\n\n<div class=\"wp-block-column is-layout-flow wp-container-core-column-is-layout-317362bb wp-block-column-is-layout-flow\">\n<div class=\"wp-block-jetpack-slideshow aligncenter\" data-effect=\"slide\"><div class=\"wp-block-jetpack-slideshow_container swiper\"><ul class=\"wp-block-jetpack-slideshow_swiper-wrapper swiper-wrapper\"><li class=\"wp-block-jetpack-slideshow_slide swiper-slide\"><figure><img data-recalc-dims=\"1\" decoding=\"async\" width=\"1772\" height=\"1181\" alt=\"\" class=\"wp-block-jetpack-slideshow_image wp-image-725\" data-id=\"725\" src=\"https:\/\/i0.wp.com\/galeriamemoria.com\/wp-content\/uploads\/2024\/08\/img88-2.jpg?resize=1772%2C1181&#038;ssl=1\"\/><figcaption class=\"wp-block-jetpack-slideshow_caption gallery-caption\">Paz Err\u00e1zuriz, &#8220;Evelyn&#8221;, 1982-1985<\/figcaption><\/figure><\/li><li class=\"wp-block-jetpack-slideshow_slide swiper-slide\"><figure><img data-recalc-dims=\"1\" decoding=\"async\" width=\"2975\" height=\"3898\" alt=\"\" class=\"wp-block-jetpack-slideshow_image wp-image-724\" data-id=\"724\" src=\"https:\/\/i0.wp.com\/galeriamemoria.com\/wp-content\/uploads\/2024\/08\/70-2.jpg?resize=2975%2C3898&#038;ssl=1\"\/><figcaption class=\"wp-block-jetpack-slideshow_caption gallery-caption\">Paz Err\u00e1zuriz, Untitled, 2002<\/figcaption><\/figure><\/li><li class=\"wp-block-jetpack-slideshow_slide swiper-slide\"><figure><img data-recalc-dims=\"1\" loading=\"lazy\" decoding=\"async\" width=\"1363\" height=\"1772\" alt=\"\" class=\"wp-block-jetpack-slideshow_image wp-image-478\" data-id=\"478\" src=\"https:\/\/i0.wp.com\/galeriamemoria.com\/wp-content\/uploads\/2024\/08\/img63.jpg?resize=1363%2C1772&#038;ssl=1\"\/><figcaption class=\"wp-block-jetpack-slideshow_caption gallery-caption\">Paz Err\u00e1zuriz,  &#8220;Evelyn y Coral&#8221;, La Manzana de Ad\u00e1n, 1982-1987<\/figcaption><\/figure><\/li><li class=\"wp-block-jetpack-slideshow_slide swiper-slide\"><figure><img data-recalc-dims=\"1\" loading=\"lazy\" decoding=\"async\" width=\"1772\" height=\"1181\" alt=\"\" class=\"wp-block-jetpack-slideshow_image wp-image-477\" data-id=\"477\" src=\"https:\/\/i0.wp.com\/galeriamemoria.com\/wp-content\/uploads\/2024\/08\/img57.jpg?resize=1772%2C1181&#038;ssl=1\"\/><figcaption class=\"wp-block-jetpack-slideshow_caption gallery-caption\">Paz Err\u00e1zuriz,  &#8220;La Palmera&#8221;, La Manzana de Ad\u00e1n, 1982-1987<\/figcaption><\/figure><\/li><li class=\"wp-block-jetpack-slideshow_slide swiper-slide\"><figure><img data-recalc-dims=\"1\" loading=\"lazy\" decoding=\"async\" width=\"1363\" height=\"1772\" alt=\"\" class=\"wp-block-jetpack-slideshow_image wp-image-476\" data-id=\"476\" src=\"https:\/\/i0.wp.com\/galeriamemoria.com\/wp-content\/uploads\/2024\/08\/img51.jpg?resize=1363%2C1772&#038;ssl=1\"\/><figcaption class=\"wp-block-jetpack-slideshow_caption gallery-caption\">Paz Err\u00e1zuriz, &#8220;Evelyn&#8221;, La Manzana de Ad\u00e1n, 1982-1987<\/figcaption><\/figure><\/li><li class=\"wp-block-jetpack-slideshow_slide swiper-slide\"><figure><img data-recalc-dims=\"1\" loading=\"lazy\" decoding=\"async\" width=\"1363\" height=\"1754\" alt=\"\" class=\"wp-block-jetpack-slideshow_image wp-image-475\" data-id=\"475\" src=\"https:\/\/i0.wp.com\/galeriamemoria.com\/wp-content\/uploads\/2024\/08\/img37.jpg?resize=1363%2C1754&#038;ssl=1\"\/><figcaption class=\"wp-block-jetpack-slideshow_caption gallery-caption\">Paz Err\u00e1zuriz, &#8220;Evelyn&#8221;, La Manzana de Ad\u00e1n, 1982-1987<\/figcaption><\/figure><\/li><\/ul><a class=\"wp-block-jetpack-slideshow_button-prev swiper-button-prev swiper-button-white\" role=\"button\"><\/a><a class=\"wp-block-jetpack-slideshow_button-next swiper-button-next swiper-button-white\" role=\"button\"><\/a><a aria-label=\"Pause Slideshow\" class=\"wp-block-jetpack-slideshow_button-pause\" role=\"button\"><\/a><div class=\"wp-block-jetpack-slideshow_pagination swiper-pagination swiper-pagination-white\"><\/div><\/div><\/div>\n<\/div>\n<\/div>\n\n\n\n<div class=\"wp-block-columns alignwide is-layout-flex wp-container-core-columns-is-layout-4f3487aa wp-block-columns-is-layout-flex\" style=\"padding-right:0;padding-left:0\">\n<div class=\"wp-block-column is-layout-flow wp-block-column-is-layout-flow\" style=\"padding-top:0;padding-bottom:0\">\n<p class=\"has-text-align-justify wp-block-paragraph\">In 1994, another important series, <em>El infarto del alma <\/em>(The Heart Attack of the Soul), was published. In this series, Err\u00e1zuriz documents the lives of patients admitted to the Putaendos psychiatric hospital and, ultimately, her critical view of the inhumane conditions of treatment has generated a structural change in patient care.<\/p>\n\n\n\n<p class=\"has-text-align-justify wp-block-paragraph\">Her work was included in the collective exhibition <em>Radical Women: Latin American Art, 1960-1985<\/em>, organized by the Hammer Museum in Los Angeles (2017). And, recently, it was included in the retrospective solo exhibition <em>Histoires Inachev\u00e9es<\/em> by La Maison de l\u2019Am\u00e9rique Latine in Paris (2023)<\/p>\n\n\n\n<p class=\"has-text-align-justify wp-block-paragraph\">Paz Err\u00e1zuriz&#8217;s work is part of important public and private collections, including: Museum of Modern Art (MoMA &#8211; New York, United States), Tate Galleries (London, United Kingdom), Museo Nacional Centro de Arte Reina Sof\u00eda (Madrid, Spain), Guggenheim Museum (New York, United States), Museo Nacional de Bellas Artes (Santiago, Chile), Colecci\u00f3n de Arte del Banco de la Rep\u00fablica (Bogot\u00e1, Colombia), Hammer Museum (Los Angeles, United States), Colecci\u00f3n Daros Latinamerica (Zurich, Switzerland), Fundaci\u00f3n MAPFRE (Madrid, Spain), International Center for Photography (ICP &#8211; New York, United States), Museum of Fine Arts (Houston, United States), Visual Studies Workshop (Rochester, United States), California Museum of Photography (Riverside, United States), Anna Gamazo de Abell\u00f3 Collection (Madrid, Spain), Leticia and Stanislas Poniatowski Collection (Paris, France).<\/p>\n\n\n\n<p class=\"has-text-align-justify wp-block-paragraph\">In addition, the artist has received important grants from the John Simon Guggenheim Memorial Foundation (1986), Fundaci\u00f3n Andes (1990), Fulbright Program (1992) and Fondart (1994, 2009). She has been awarded in Chile with the Ansel Adams Prize of the Chilean-North American Institute of Culture (1995), the Altazor Prize for National Arts (2005) and the Artistic Career Award of the Circle of Art Critics of Chile (2005). In 2014 she received the Pablo Neruda Order of Merit, and in 2015, the PhotoEspa\u00f1a Prize. Err\u00e1zuriz represented Chile at the 56th Venice Biennale in 2015 alongside Lotty Rosenfeld.<\/p>\n\n\n\n<div class=\"wp-block-buttons is-layout-flex wp-block-buttons-is-layout-flex\">\n<div class=\"wp-block-button is-style-fill\"><a class=\"wp-block-button__link has-background wp-element-button\" href=\"https:\/\/galeriamemoria.com\/wp-content\/uploads\/2026\/05\/PERR_CV2026-2.pdf\" style=\"background-color:#949191\">CV<\/a><\/div>\n<\/div>\n<\/div>\n<\/div>\n<\/div>\n\n\n\n<p class=\"alignwide wp-block-paragraph\"><strong>Latest exhibitions: <\/strong><\/p>\n\n\n\n<div class=\"wp-block-jetpack-slideshow alignwide\" data-effect=\"slide\" style=\"--aspect-ratio:calc(4608 \/ 3072)\"><div class=\"wp-block-jetpack-slideshow_container swiper\"><ul class=\"wp-block-jetpack-slideshow_swiper-wrapper swiper-wrapper\"><li class=\"wp-block-jetpack-slideshow_slide swiper-slide\"><figure><img data-recalc-dims=\"1\" loading=\"lazy\" decoding=\"async\" width=\"4608\" height=\"3072\" alt=\"\" class=\"wp-block-jetpack-slideshow_image wp-image-462\" data-id=\"462\" data-aspect-ratio=\"4608 \/ 3072\" src=\"https:\/\/i0.wp.com\/galeriamemoria.com\/wp-content\/uploads\/2024\/08\/gpmaco-3-1.jpg?resize=4608%2C3072&#038;ssl=1\"\/><figcaption class=\"wp-block-jetpack-slideshow_caption gallery-caption\">Zona Maco 2024,  MEMORIA, Mexico City, 2024<\/figcaption><\/figure><\/li><li class=\"wp-block-jetpack-slideshow_slide swiper-slide\"><figure><img data-recalc-dims=\"1\" loading=\"lazy\" decoding=\"async\" width=\"4608\" height=\"3072\" alt=\"\" class=\"wp-block-jetpack-slideshow_image wp-image-464\" data-id=\"464\" data-aspect-ratio=\"4608 \/ 3072\" src=\"https:\/\/i0.wp.com\/galeriamemoria.com\/wp-content\/uploads\/2024\/08\/gpmaco-6-1.jpg?resize=4608%2C3072&#038;ssl=1\"\/><figcaption class=\"wp-block-jetpack-slideshow_caption gallery-caption\">Zona Maco 2024,  MEMORIA, Mexico City, 2024<\/figcaption><\/figure><\/li><li class=\"wp-block-jetpack-slideshow_slide swiper-slide\"><figure><img data-recalc-dims=\"1\" loading=\"lazy\" decoding=\"async\" width=\"8256\" height=\"5504\" alt=\"\" class=\"wp-block-jetpack-slideshow_image wp-image-4211\" data-id=\"4211\" data-aspect-ratio=\"8256 \/ 5504\" src=\"https:\/\/i0.wp.com\/galeriamemoria.com\/wp-content\/uploads\/2026\/03\/DSC3332.jpg?resize=8256%2C5504&#038;ssl=1\" srcset=\"https:\/\/i0.wp.com\/galeriamemoria.com\/wp-content\/uploads\/2026\/03\/DSC3332.jpg?w=8256&amp;ssl=1 8256w, https:\/\/i0.wp.com\/galeriamemoria.com\/wp-content\/uploads\/2026\/03\/DSC3332.jpg?resize=300%2C200&amp;ssl=1 300w, https:\/\/i0.wp.com\/galeriamemoria.com\/wp-content\/uploads\/2026\/03\/DSC3332.jpg?resize=1024%2C683&amp;ssl=1 1024w, https:\/\/i0.wp.com\/galeriamemoria.com\/wp-content\/uploads\/2026\/03\/DSC3332.jpg?resize=768%2C512&amp;ssl=1 768w, https:\/\/i0.wp.com\/galeriamemoria.com\/wp-content\/uploads\/2026\/03\/DSC3332.jpg?resize=1536%2C1024&amp;ssl=1 1536w, https:\/\/i0.wp.com\/galeriamemoria.com\/wp-content\/uploads\/2026\/03\/DSC3332.jpg?resize=2048%2C1365&amp;ssl=1 2048w, https:\/\/i0.wp.com\/galeriamemoria.com\/wp-content\/uploads\/2026\/03\/DSC3332.jpg?resize=18%2C12&amp;ssl=1 18w, https:\/\/i0.wp.com\/galeriamemoria.com\/wp-content\/uploads\/2026\/03\/DSC3332.jpg?w=3000&amp;ssl=1 3000w\" sizes=\"(max-width: 1000px) 100vw, 1000px\" \/><figcaption class=\"wp-block-jetpack-slideshow_caption gallery-caption\">MEMORIA at ARCO Madrid 2026 \u00b7 Booth 7C19 | Showroom <\/figcaption><\/figure><\/li><li class=\"wp-block-jetpack-slideshow_slide swiper-slide\"><figure><img data-recalc-dims=\"1\" loading=\"lazy\" decoding=\"async\" width=\"4968\" height=\"3315\" alt=\"\" class=\"wp-block-jetpack-slideshow_image wp-image-1136\" data-id=\"1136\" data-aspect-ratio=\"4968 \/ 3315\" src=\"https:\/\/i0.wp.com\/galeriamemoria.com\/wp-content\/uploads\/2024\/08\/Memoria_Fantasias-disidentes_PHE23-12.jpg?resize=4968%2C3315&#038;ssl=1\" srcset=\"https:\/\/i0.wp.com\/galeriamemoria.com\/wp-content\/uploads\/2024\/08\/Memoria_Fantasias-disidentes_PHE23-12.jpg?w=4968&amp;ssl=1 4968w, https:\/\/i0.wp.com\/galeriamemoria.com\/wp-content\/uploads\/2024\/08\/Memoria_Fantasias-disidentes_PHE23-12.jpg?resize=300%2C200&amp;ssl=1 300w, https:\/\/i0.wp.com\/galeriamemoria.com\/wp-content\/uploads\/2024\/08\/Memoria_Fantasias-disidentes_PHE23-12.jpg?resize=1024%2C683&amp;ssl=1 1024w, https:\/\/i0.wp.com\/galeriamemoria.com\/wp-content\/uploads\/2024\/08\/Memoria_Fantasias-disidentes_PHE23-12.jpg?resize=768%2C512&amp;ssl=1 768w, https:\/\/i0.wp.com\/galeriamemoria.com\/wp-content\/uploads\/2024\/08\/Memoria_Fantasias-disidentes_PHE23-12.jpg?resize=1536%2C1025&amp;ssl=1 1536w, https:\/\/i0.wp.com\/galeriamemoria.com\/wp-content\/uploads\/2024\/08\/Memoria_Fantasias-disidentes_PHE23-12.jpg?resize=2048%2C1367&amp;ssl=1 2048w, https:\/\/i0.wp.com\/galeriamemoria.com\/wp-content\/uploads\/2024\/08\/Memoria_Fantasias-disidentes_PHE23-12.jpg?resize=18%2C12&amp;ssl=1 18w, https:\/\/i0.wp.com\/galeriamemoria.com\/wp-content\/uploads\/2024\/08\/Memoria_Fantasias-disidentes_PHE23-12.jpg?w=3000&amp;ssl=1 3000w\" sizes=\"(max-width: 1000px) 100vw, 1000px\" \/><figcaption class=\"wp-block-jetpack-slideshow_caption gallery-caption\">&#8220;Fantas\u00edas Disidentes&#8221;, MEMORIA, Madrid, 2023<\/figcaption><\/figure><\/li><\/ul><a class=\"wp-block-jetpack-slideshow_button-prev swiper-button-prev swiper-button-white\" role=\"button\"><\/a><a class=\"wp-block-jetpack-slideshow_button-next swiper-button-next swiper-button-white\" role=\"button\"><\/a><a aria-label=\"Pause Slideshow\" class=\"wp-block-jetpack-slideshow_button-pause\" role=\"button\"><\/a><div class=\"wp-block-jetpack-slideshow_pagination swiper-pagination swiper-pagination-white\"><\/div><\/div><\/div>\n","protected":false},"excerpt":{"rendered":"<p>After studying at the Cambridge Institute of Education (1966) and the Pontifical Catholic University of Santiago (1972), Paz Err\u00e1zuriz co-founded the Association of Independent Photographers in 1981, along with several other Chilean photographers. It was not until 1993 that she obtained formal education in photography by enrolling in the International Center for Photography in New [&hellip;]<\/p>\n","protected":false},"author":251800687,"featured_media":302,"parent":1,"menu_order":0,"comment_status":"closed","ping_status":"closed","template":"","meta":{"advanced_seo_description":"","jetpack_seo_html_title":"","jetpack_seo_noindex":false,"jetpack_seo_schema_type":"","_wpcom_ai_launchpad_about_page":false,"_wpcom_ai_launchpad_gallery_page":false,"_wpcom_ai_launchpad_contact_page":false,"_wpcom_ai_launchpad_events_page":false,"_wpcom_ai_launchpad_video_page":false,"_wpcom_ai_launchpad_portfolio_piece":false,"footnotes":""},"class_list":["post-1135","page","type-page","status-publish","has-post-thumbnail","hentry"],"jetpack_likes_enabled":false,"jetpack_sharing_enabled":true,"jetpack_shortlink":"https:\/\/wp.me\/PfPCnn-ij","jetpack-related-posts":[],"_links":{"self":[{"href":"https:\/\/galeriamemoria.com\/en\/wp-json\/wp\/v2\/pages\/1135","targetHints":{"allow":["GET"]}}],"collection":[{"href":"https:\/\/galeriamemoria.com\/en\/wp-json\/wp\/v2\/pages"}],"about":[{"href":"https:\/\/galeriamemoria.com\/en\/wp-json\/wp\/v2\/types\/page"}],"author":[{"embeddable":true,"href":"https:\/\/galeriamemoria.com\/en\/wp-json\/wp\/v2\/users\/251800687"}],"replies":[{"embeddable":true,"href":"https:\/\/galeriamemoria.com\/en\/wp-json\/wp\/v2\/comments?post=1135"}],"version-history":[{"count":21,"href":"https:\/\/galeriamemoria.com\/en\/wp-json\/wp\/v2\/pages\/1135\/revisions"}],"predecessor-version":[{"id":5101,"href":"https:\/\/galeriamemoria.com\/en\/wp-json\/wp\/v2\/pages\/1135\/revisions\/5101"}],"up":[{"embeddable":true,"href":"https:\/\/galeriamemoria.com\/en\/wp-json\/wp\/v2\/pages\/1"}],"wp:featuredmedia":[{"embeddable":true,"href":"https:\/\/galeriamemoria.com\/en\/wp-json\/wp\/v2\/media\/302"}],"wp:attachment":[{"href":"https:\/\/galeriamemoria.com\/en\/wp-json\/wp\/v2\/media?parent=1135"}],"curies":[{"name":"wp","href":"https:\/\/api.w.org\/{rel}","templated":true}]}}