{"id":1208,"date":"2024-08-24T14:05:38","date_gmt":"2024-08-24T12:05:38","guid":{"rendered":"https:\/\/galeriamemoria.com\/?page_id=1208"},"modified":"2026-06-30T18:55:21","modified_gmt":"2026-06-30T16:55:21","slug":"gustavo-perez","status":"publish","type":"page","link":"https:\/\/galeriamemoria.com\/en\/artists\/gustavo-perez\/","title":{"rendered":"Gustavo P\u00e9rez"},"content":{"rendered":"\n<div style=\"height:calc( 0.25 * var(--wp--style--root--padding-right, var(--wp--custom--gap--horizontal)))\" aria-hidden=\"true\" class=\"wp-block-spacer\"><\/div>\n\n\n\n<figure class=\"wp-block-image alignfull size-large\"><img data-recalc-dims=\"1\" fetchpriority=\"high\" decoding=\"async\" width=\"1024\" height=\"256\" data-attachment-id=\"5037\" data-permalink=\"https:\/\/galeriamemoria.com\/en\/artists\/armando-cristeto\/memoria_web_header_artists6-2\/\" data-orig-file=\"https:\/\/i0.wp.com\/galeriamemoria.com\/wp-content\/uploads\/2026\/04\/Memoria_Web_Header_Artists6-1.jpg?fit=2300%2C575&amp;ssl=1\" data-orig-size=\"2300,575\" data-comments-opened=\"0\" data-image-title=\"Memoria_Web_Header_Artists6\" data-image-description=\"\" data-image-caption=\"\" data-large-file=\"https:\/\/i0.wp.com\/galeriamemoria.com\/wp-content\/uploads\/2026\/04\/Memoria_Web_Header_Artists6-1.jpg?fit=1024%2C256&amp;ssl=1\" src=\"https:\/\/i0.wp.com\/galeriamemoria.com\/wp-content\/uploads\/2026\/04\/Memoria_Web_Header_Artists6-1.jpg?resize=1024%2C256&#038;ssl=1\" alt=\"\" class=\"wp-image-5037\" srcset=\"https:\/\/i0.wp.com\/galeriamemoria.com\/wp-content\/uploads\/2026\/04\/Memoria_Web_Header_Artists6-1.jpg?resize=1024%2C256&amp;ssl=1 1024w, https:\/\/i0.wp.com\/galeriamemoria.com\/wp-content\/uploads\/2026\/04\/Memoria_Web_Header_Artists6-1.jpg?resize=300%2C75&amp;ssl=1 300w, https:\/\/i0.wp.com\/galeriamemoria.com\/wp-content\/uploads\/2026\/04\/Memoria_Web_Header_Artists6-1.jpg?resize=768%2C192&amp;ssl=1 768w, https:\/\/i0.wp.com\/galeriamemoria.com\/wp-content\/uploads\/2026\/04\/Memoria_Web_Header_Artists6-1.jpg?resize=1536%2C384&amp;ssl=1 1536w, https:\/\/i0.wp.com\/galeriamemoria.com\/wp-content\/uploads\/2026\/04\/Memoria_Web_Header_Artists6-1.jpg?resize=2048%2C512&amp;ssl=1 2048w, https:\/\/i0.wp.com\/galeriamemoria.com\/wp-content\/uploads\/2026\/04\/Memoria_Web_Header_Artists6-1.jpg?resize=18%2C5&amp;ssl=1 18w\" sizes=\"(max-width: 1000px) 100vw, 1000px\" \/><\/figure>\n\n\n\n<div class=\"wp-block-group alignfull has-theme-1-background-color has-background has-global-padding is-content-justification-center is-layout-constrained wp-container-core-group-is-layout-df757ecc wp-block-group-is-layout-constrained\" style=\"margin-top:0;margin-bottom:0;padding-top:calc( 0.5 * var(--wp--style--root--padding-right, var(--wp--custom--gap--horizontal)));padding-right:var(--wp--style--root--padding-right, var(--wp--custom--gap--horizontal));padding-bottom:calc( 0.5 * var(--wp--style--root--padding-right, var(--wp--custom--gap--horizontal)));padding-left:var(--wp--style--root--padding-left, var(--wp--custom--gap--horizontal))\">\n<div class=\"wp-block-columns alignfull is-layout-flex wp-container-core-columns-is-layout-28f84493 wp-block-columns-is-layout-flex\">\n<div class=\"wp-block-column is-vertically-aligned-top is-style-default is-layout-flow wp-block-column-is-layout-flow\" style=\"flex-basis:600px\">\n<p class=\"has-text-align-justify wp-block-paragraph\">Gustavo P\u00e9rez is considered one of the most internationally renowned Latin American artists in the ceramic medium. For almost fifty years, clay has offered Gustavo P\u00e9rez endless creative possibilities.<\/p>\n\n\n\n<p class=\"has-text-align-justify wp-block-paragraph\">He discovered the potential of clay during a visit to the ceramics department of the School of Design and Crafts of Mexico in 1971. Abandoning engineering, mathematics and philosophy, he decided on ceramics.<\/p>\n\n\n\n<p class=\"has-text-align-justify wp-block-paragraph\">Later, residencies in the Netherlands, Japan, France and the United States allowed him to learn about porcelain. From his first creations, his multiple influences are visible, which will continue to feed his work over the years: architecture, nature, dance, music, geometry, astronomy, mineralogy, but also ancient cultures and, in particular, pre-Columbian. Drawing, which he practices daily, modifies his approach to the material. In 2018, he participated alongside Joaqu\u00edn Torres Garc\u00eda and kinetic artists such as Jesus Soto, in the revision exhibition <em><em>G\u00e9om\u00e9tries Sud, du Mexique \u00e0 la Terre de Feu<\/em>,<\/em>, organized by the Fondation Cartier, in Paris.<\/p>\n\n\n\n<p class=\"has-text-align-justify wp-block-paragraph\">His work is part of important public and private collections, among which the following stand out: Los Angeles County Museum of Art (Los Angeles, United States), Museum of Modern Art (Mexico City, Mexico), Fondation Cartier pour l\u2019art contemporain (Paris, France), Museo Carrillo Gil (Mexico City, Mexico), Benaki Museum (Athens, Greece), Museum of Decorative Arts and Design (Riga, Latvia), Museum of Fine Arts (Houston, United States), The Museum of Ceramic Art (Shiga, Japan), The Museum of Fine Arts (Quebec, Canada), Ernesto Poma Collection (Miami, United States), Mario Cader-Frech Collection (Miami, United States), among others.<\/p>\n\n\n\n<h2 class=\"wp-block-heading has-text-align-center\"><strong>WORKS<\/strong><\/h2>\n<\/div>\n\n\n\n<div class=\"wp-block-column is-vertically-aligned-center is-layout-flow wp-container-core-column-is-layout-5dafc681 wp-block-column-is-layout-flow\">\n<figure class=\"wp-block-gallery has-nested-images columns-default is-cropped wp-block-gallery-1 is-layout-flex wp-block-gallery-is-layout-flex\">\n<figure class=\"wp-block-image size-large\"><img data-recalc-dims=\"1\" decoding=\"async\" width=\"2315\" height=\"2748\" data-attachment-id=\"339\" data-permalink=\"https:\/\/galeriamemoria.com\/en\/projects\/artesantander-2024\/cof\/\" data-orig-file=\"https:\/\/i0.wp.com\/galeriamemoria.com\/wp-content\/uploads\/2024\/08\/gper058-image.jpg?fit=2315%2C2748&amp;ssl=1\" data-orig-size=\"2315,2748\" data-comments-opened=\"0\" data-image-title=\"Gustavo P\u00e9rez, Untitled, 2013\" data-image-description=\"\" data-image-caption=\"&lt;p&gt;Gustavo P\u00e9rez, Untitled, 2013&lt;\/p&gt;\n\" data-large-file=\"https:\/\/i0.wp.com\/galeriamemoria.com\/wp-content\/uploads\/2024\/08\/gper058-image.jpg?fit=863%2C1024&amp;ssl=1\" data-id=\"339\" src=\"https:\/\/i0.wp.com\/galeriamemoria.com\/wp-content\/uploads\/2024\/08\/gper058-image.jpg?resize=2315%2C2748&#038;ssl=1\" alt=\"\" class=\"wp-image-339\"\/><figcaption class=\"wp-element-caption\">Gustavo P\u00e9rez, Untitled, 2013<\/figcaption><\/figure>\n\n\n\n<figure class=\"wp-block-image size-large\"><img data-recalc-dims=\"1\" decoding=\"async\" width=\"2599\" height=\"3491\" data-attachment-id=\"337\" data-permalink=\"https:\/\/galeriamemoria.com\/en\/projects\/artesantander-2024\/attachment\/38\/\" data-orig-file=\"https:\/\/i0.wp.com\/galeriamemoria.com\/wp-content\/uploads\/2024\/08\/38.jpg?fit=2599%2C3491&amp;ssl=1\" data-orig-size=\"2599,3491\" data-comments-opened=\"0\" data-image-title=\"Gustavo P\u00e9rez, Untitled, 2003\" data-image-description=\"\" data-image-caption=\"&lt;p&gt;Gustavo P\u00e9rez, Untitled, 2003&lt;\/p&gt;\n\" data-large-file=\"https:\/\/i0.wp.com\/galeriamemoria.com\/wp-content\/uploads\/2024\/08\/38.jpg?fit=762%2C1024&amp;ssl=1\" data-id=\"337\" src=\"https:\/\/i0.wp.com\/galeriamemoria.com\/wp-content\/uploads\/2024\/08\/38.jpg?resize=2599%2C3491&#038;ssl=1\" alt=\"\" class=\"wp-image-337\"\/><figcaption class=\"wp-element-caption\">Gustavo P\u00e9rez, Untitled, 2003<\/figcaption><\/figure>\n\n\n\n<figure class=\"wp-block-image size-large\"><img data-recalc-dims=\"1\" loading=\"lazy\" decoding=\"async\" width=\"683\" height=\"1024\" data-attachment-id=\"1209\" data-permalink=\"https:\/\/galeriamemoria.com\/en\/18\/\" data-orig-file=\"https:\/\/i0.wp.com\/galeriamemoria.com\/wp-content\/uploads\/2024\/08\/18.jpg?fit=2599%2C3898&amp;ssl=1\" data-orig-size=\"2599,3898\" data-comments-opened=\"0\" data-image-title=\"Gustavo P\u00e9rez, Untitled, 2015\" data-image-description=\"\" data-image-caption=\"&lt;p&gt;Gustavo P\u00e9rez, Untitled, 2015&lt;\/p&gt;\n\" data-large-file=\"https:\/\/i0.wp.com\/galeriamemoria.com\/wp-content\/uploads\/2024\/08\/18.jpg?fit=683%2C1024&amp;ssl=1\" data-id=\"1209\" src=\"https:\/\/i0.wp.com\/galeriamemoria.com\/wp-content\/uploads\/2024\/08\/18.jpg?resize=683%2C1024&#038;ssl=1\" alt=\"\" class=\"wp-image-1209\" srcset=\"https:\/\/i0.wp.com\/galeriamemoria.com\/wp-content\/uploads\/2024\/08\/18.jpg?resize=683%2C1024&amp;ssl=1 683w, https:\/\/i0.wp.com\/galeriamemoria.com\/wp-content\/uploads\/2024\/08\/18.jpg?resize=200%2C300&amp;ssl=1 200w, https:\/\/i0.wp.com\/galeriamemoria.com\/wp-content\/uploads\/2024\/08\/18.jpg?resize=768%2C1152&amp;ssl=1 768w, https:\/\/i0.wp.com\/galeriamemoria.com\/wp-content\/uploads\/2024\/08\/18.jpg?resize=1024%2C1536&amp;ssl=1 1024w, https:\/\/i0.wp.com\/galeriamemoria.com\/wp-content\/uploads\/2024\/08\/18.jpg?resize=1366%2C2048&amp;ssl=1 1366w, https:\/\/i0.wp.com\/galeriamemoria.com\/wp-content\/uploads\/2024\/08\/18.jpg?resize=8%2C12&amp;ssl=1 8w, https:\/\/i0.wp.com\/galeriamemoria.com\/wp-content\/uploads\/2024\/08\/18.jpg?w=2000&amp;ssl=1 2000w\" sizes=\"(max-width: 683px) 100vw, 683px\" \/><figcaption class=\"wp-element-caption\">Gustavo P\u00e9rez, Untitled, 2015<\/figcaption><\/figure>\n\n\n\n<figure class=\"wp-block-image size-large\"><img data-recalc-dims=\"1\" loading=\"lazy\" decoding=\"async\" width=\"683\" height=\"1024\" data-attachment-id=\"1210\" data-permalink=\"https:\/\/galeriamemoria.com\/en\/106\/\" data-orig-file=\"https:\/\/i0.wp.com\/galeriamemoria.com\/wp-content\/uploads\/2024\/08\/106.jpg?fit=2599%2C3898&amp;ssl=1\" data-orig-size=\"2599,3898\" data-comments-opened=\"0\" data-image-title=\"Gustavo P\u00e9rez, Untitled\" data-image-description=\"\" data-image-caption=\"&lt;p&gt;Gustavo P\u00e9rez, Untitled&lt;\/p&gt;\n\" data-large-file=\"https:\/\/i0.wp.com\/galeriamemoria.com\/wp-content\/uploads\/2024\/08\/106.jpg?fit=683%2C1024&amp;ssl=1\" data-id=\"1210\" src=\"https:\/\/i0.wp.com\/galeriamemoria.com\/wp-content\/uploads\/2024\/08\/106.jpg?resize=683%2C1024&#038;ssl=1\" alt=\"\" class=\"wp-image-1210\" srcset=\"https:\/\/i0.wp.com\/galeriamemoria.com\/wp-content\/uploads\/2024\/08\/106.jpg?resize=683%2C1024&amp;ssl=1 683w, https:\/\/i0.wp.com\/galeriamemoria.com\/wp-content\/uploads\/2024\/08\/106.jpg?resize=200%2C300&amp;ssl=1 200w, https:\/\/i0.wp.com\/galeriamemoria.com\/wp-content\/uploads\/2024\/08\/106.jpg?resize=768%2C1152&amp;ssl=1 768w, https:\/\/i0.wp.com\/galeriamemoria.com\/wp-content\/uploads\/2024\/08\/106.jpg?resize=1024%2C1536&amp;ssl=1 1024w, https:\/\/i0.wp.com\/galeriamemoria.com\/wp-content\/uploads\/2024\/08\/106.jpg?resize=1366%2C2048&amp;ssl=1 1366w, https:\/\/i0.wp.com\/galeriamemoria.com\/wp-content\/uploads\/2024\/08\/106.jpg?resize=8%2C12&amp;ssl=1 8w, https:\/\/i0.wp.com\/galeriamemoria.com\/wp-content\/uploads\/2024\/08\/106.jpg?w=2000&amp;ssl=1 2000w\" sizes=\"(max-width: 683px) 100vw, 683px\" \/><figcaption class=\"wp-element-caption\">Gustavo P\u00e9rez, Untitled<\/figcaption><\/figure>\n\n\n\n<figure class=\"wp-block-image size-large\"><img data-recalc-dims=\"1\" loading=\"lazy\" decoding=\"async\" width=\"683\" height=\"1024\" data-attachment-id=\"1211\" data-permalink=\"https:\/\/galeriamemoria.com\/en\/81\/\" data-orig-file=\"https:\/\/i0.wp.com\/galeriamemoria.com\/wp-content\/uploads\/2024\/08\/81.jpg?fit=2599%2C3898&amp;ssl=1\" data-orig-size=\"2599,3898\" data-comments-opened=\"0\" data-image-title=\"Gustavo P\u00e9rez, Untitled, 2015\" data-image-description=\"\" data-image-caption=\"&lt;p&gt;Gustavo P\u00e9rez, Untitled, 2015&lt;\/p&gt;\n\" data-large-file=\"https:\/\/i0.wp.com\/galeriamemoria.com\/wp-content\/uploads\/2024\/08\/81.jpg?fit=683%2C1024&amp;ssl=1\" data-id=\"1211\" src=\"https:\/\/i0.wp.com\/galeriamemoria.com\/wp-content\/uploads\/2024\/08\/81.jpg?resize=683%2C1024&#038;ssl=1\" alt=\"\" class=\"wp-image-1211\" srcset=\"https:\/\/i0.wp.com\/galeriamemoria.com\/wp-content\/uploads\/2024\/08\/81.jpg?resize=683%2C1024&amp;ssl=1 683w, https:\/\/i0.wp.com\/galeriamemoria.com\/wp-content\/uploads\/2024\/08\/81.jpg?resize=200%2C300&amp;ssl=1 200w, https:\/\/i0.wp.com\/galeriamemoria.com\/wp-content\/uploads\/2024\/08\/81.jpg?resize=768%2C1152&amp;ssl=1 768w, https:\/\/i0.wp.com\/galeriamemoria.com\/wp-content\/uploads\/2024\/08\/81.jpg?resize=1024%2C1536&amp;ssl=1 1024w, https:\/\/i0.wp.com\/galeriamemoria.com\/wp-content\/uploads\/2024\/08\/81.jpg?resize=1366%2C2048&amp;ssl=1 1366w, https:\/\/i0.wp.com\/galeriamemoria.com\/wp-content\/uploads\/2024\/08\/81.jpg?resize=8%2C12&amp;ssl=1 8w, https:\/\/i0.wp.com\/galeriamemoria.com\/wp-content\/uploads\/2024\/08\/81.jpg?w=2000&amp;ssl=1 2000w\" sizes=\"(max-width: 683px) 100vw, 683px\" \/><figcaption class=\"wp-element-caption\">Gustavo P\u00e9rez, Untitled, 2015<\/figcaption><\/figure>\n\n\n\n<figure class=\"wp-block-image size-large\"><img data-recalc-dims=\"1\" loading=\"lazy\" decoding=\"async\" width=\"683\" height=\"1024\" data-attachment-id=\"1212\" data-permalink=\"https:\/\/galeriamemoria.com\/en\/77\/\" data-orig-file=\"https:\/\/i0.wp.com\/galeriamemoria.com\/wp-content\/uploads\/2024\/08\/77.jpg?fit=2599%2C3898&amp;ssl=1\" data-orig-size=\"2599,3898\" data-comments-opened=\"0\" data-image-title=\"Gustavo P\u00e9rez, Untitled, 2007\" data-image-description=\"\" data-image-caption=\"&lt;p&gt;Gustavo P\u00e9rez, Untitled, 2007&lt;\/p&gt;\n\" data-large-file=\"https:\/\/i0.wp.com\/galeriamemoria.com\/wp-content\/uploads\/2024\/08\/77.jpg?fit=683%2C1024&amp;ssl=1\" data-id=\"1212\" src=\"https:\/\/i0.wp.com\/galeriamemoria.com\/wp-content\/uploads\/2024\/08\/77.jpg?resize=683%2C1024&#038;ssl=1\" alt=\"\" class=\"wp-image-1212\" srcset=\"https:\/\/i0.wp.com\/galeriamemoria.com\/wp-content\/uploads\/2024\/08\/77.jpg?resize=683%2C1024&amp;ssl=1 683w, https:\/\/i0.wp.com\/galeriamemoria.com\/wp-content\/uploads\/2024\/08\/77.jpg?resize=200%2C300&amp;ssl=1 200w, https:\/\/i0.wp.com\/galeriamemoria.com\/wp-content\/uploads\/2024\/08\/77.jpg?resize=768%2C1152&amp;ssl=1 768w, https:\/\/i0.wp.com\/galeriamemoria.com\/wp-content\/uploads\/2024\/08\/77.jpg?resize=1024%2C1536&amp;ssl=1 1024w, https:\/\/i0.wp.com\/galeriamemoria.com\/wp-content\/uploads\/2024\/08\/77.jpg?resize=1366%2C2048&amp;ssl=1 1366w, https:\/\/i0.wp.com\/galeriamemoria.com\/wp-content\/uploads\/2024\/08\/77.jpg?resize=8%2C12&amp;ssl=1 8w, https:\/\/i0.wp.com\/galeriamemoria.com\/wp-content\/uploads\/2024\/08\/77.jpg?w=2000&amp;ssl=1 2000w\" sizes=\"(max-width: 683px) 100vw, 683px\" \/><figcaption class=\"wp-element-caption\">Gustavo P\u00e9rez, Untitled, 2007<\/figcaption><\/figure>\n\n\n\n<figure class=\"wp-block-image size-large\"><img data-recalc-dims=\"1\" loading=\"lazy\" decoding=\"async\" width=\"683\" height=\"1024\" data-attachment-id=\"1213\" data-permalink=\"https:\/\/galeriamemoria.com\/en\/69\/\" data-orig-file=\"https:\/\/i0.wp.com\/galeriamemoria.com\/wp-content\/uploads\/2024\/08\/69.jpg?fit=2599%2C3898&amp;ssl=1\" data-orig-size=\"2599,3898\" data-comments-opened=\"0\" data-image-title=\"Gustavo P\u00e9rez, Untitled, 2006\" data-image-description=\"\" data-image-caption=\"&lt;p&gt;Gustavo P\u00e9rez, Untitled, 2006&lt;\/p&gt;\n\" data-large-file=\"https:\/\/i0.wp.com\/galeriamemoria.com\/wp-content\/uploads\/2024\/08\/69.jpg?fit=683%2C1024&amp;ssl=1\" data-id=\"1213\" src=\"https:\/\/i0.wp.com\/galeriamemoria.com\/wp-content\/uploads\/2024\/08\/69.jpg?resize=683%2C1024&#038;ssl=1\" alt=\"\" class=\"wp-image-1213\" srcset=\"https:\/\/i0.wp.com\/galeriamemoria.com\/wp-content\/uploads\/2024\/08\/69.jpg?resize=683%2C1024&amp;ssl=1 683w, https:\/\/i0.wp.com\/galeriamemoria.com\/wp-content\/uploads\/2024\/08\/69.jpg?resize=200%2C300&amp;ssl=1 200w, https:\/\/i0.wp.com\/galeriamemoria.com\/wp-content\/uploads\/2024\/08\/69.jpg?resize=768%2C1152&amp;ssl=1 768w, https:\/\/i0.wp.com\/galeriamemoria.com\/wp-content\/uploads\/2024\/08\/69.jpg?resize=1024%2C1536&amp;ssl=1 1024w, https:\/\/i0.wp.com\/galeriamemoria.com\/wp-content\/uploads\/2024\/08\/69.jpg?resize=1366%2C2048&amp;ssl=1 1366w, https:\/\/i0.wp.com\/galeriamemoria.com\/wp-content\/uploads\/2024\/08\/69.jpg?resize=8%2C12&amp;ssl=1 8w, https:\/\/i0.wp.com\/galeriamemoria.com\/wp-content\/uploads\/2024\/08\/69.jpg?w=2000&amp;ssl=1 2000w\" sizes=\"(max-width: 683px) 100vw, 683px\" \/><figcaption class=\"wp-element-caption\">Gustavo P\u00e9rez, Untitled, 2006<\/figcaption><\/figure>\n\n\n\n<figure class=\"wp-block-image size-large\"><img data-recalc-dims=\"1\" loading=\"lazy\" decoding=\"async\" width=\"683\" height=\"1024\" data-attachment-id=\"1214\" data-permalink=\"https:\/\/galeriamemoria.com\/en\/56\/\" data-orig-file=\"https:\/\/i0.wp.com\/galeriamemoria.com\/wp-content\/uploads\/2024\/08\/56.jpg?fit=2599%2C3898&amp;ssl=1\" data-orig-size=\"2599,3898\" data-comments-opened=\"0\" data-image-title=\"Gustavo P\u00e9rez, Untitled, 2007\" data-image-description=\"\" data-image-caption=\"&lt;p&gt;Gustavo P\u00e9rez, Untitled, 2007&lt;\/p&gt;\n\" data-large-file=\"https:\/\/i0.wp.com\/galeriamemoria.com\/wp-content\/uploads\/2024\/08\/56.jpg?fit=683%2C1024&amp;ssl=1\" data-id=\"1214\" src=\"https:\/\/i0.wp.com\/galeriamemoria.com\/wp-content\/uploads\/2024\/08\/56.jpg?resize=683%2C1024&#038;ssl=1\" alt=\"\" class=\"wp-image-1214\" srcset=\"https:\/\/i0.wp.com\/galeriamemoria.com\/wp-content\/uploads\/2024\/08\/56.jpg?resize=683%2C1024&amp;ssl=1 683w, https:\/\/i0.wp.com\/galeriamemoria.com\/wp-content\/uploads\/2024\/08\/56.jpg?resize=200%2C300&amp;ssl=1 200w, https:\/\/i0.wp.com\/galeriamemoria.com\/wp-content\/uploads\/2024\/08\/56.jpg?resize=768%2C1152&amp;ssl=1 768w, https:\/\/i0.wp.com\/galeriamemoria.com\/wp-content\/uploads\/2024\/08\/56.jpg?resize=1024%2C1536&amp;ssl=1 1024w, https:\/\/i0.wp.com\/galeriamemoria.com\/wp-content\/uploads\/2024\/08\/56.jpg?resize=1366%2C2048&amp;ssl=1 1366w, https:\/\/i0.wp.com\/galeriamemoria.com\/wp-content\/uploads\/2024\/08\/56.jpg?resize=8%2C12&amp;ssl=1 8w, https:\/\/i0.wp.com\/galeriamemoria.com\/wp-content\/uploads\/2024\/08\/56.jpg?w=2000&amp;ssl=1 2000w\" sizes=\"(max-width: 683px) 100vw, 683px\" \/><figcaption class=\"wp-element-caption\">Gustavo P\u00e9rez, Untitled, 2007<\/figcaption><\/figure>\n\n\n\n<figure class=\"wp-block-image size-large\"><img data-recalc-dims=\"1\" loading=\"lazy\" decoding=\"async\" width=\"683\" height=\"1024\" data-attachment-id=\"1215\" data-permalink=\"https:\/\/galeriamemoria.com\/en\/47\/\" data-orig-file=\"https:\/\/i0.wp.com\/galeriamemoria.com\/wp-content\/uploads\/2024\/08\/47.jpg?fit=2599%2C3898&amp;ssl=1\" data-orig-size=\"2599,3898\" data-comments-opened=\"0\" data-image-title=\"Gustavo P\u00e9rez, Untitled, 2023\" data-image-description=\"\" data-image-caption=\"&lt;p&gt;Gustavo P\u00e9rez, Untitled, 2023&lt;\/p&gt;\n\" data-large-file=\"https:\/\/i0.wp.com\/galeriamemoria.com\/wp-content\/uploads\/2024\/08\/47.jpg?fit=683%2C1024&amp;ssl=1\" data-id=\"1215\" src=\"https:\/\/i0.wp.com\/galeriamemoria.com\/wp-content\/uploads\/2024\/08\/47.jpg?resize=683%2C1024&#038;ssl=1\" alt=\"\" class=\"wp-image-1215\" srcset=\"https:\/\/i0.wp.com\/galeriamemoria.com\/wp-content\/uploads\/2024\/08\/47.jpg?resize=683%2C1024&amp;ssl=1 683w, https:\/\/i0.wp.com\/galeriamemoria.com\/wp-content\/uploads\/2024\/08\/47.jpg?resize=200%2C300&amp;ssl=1 200w, https:\/\/i0.wp.com\/galeriamemoria.com\/wp-content\/uploads\/2024\/08\/47.jpg?resize=768%2C1152&amp;ssl=1 768w, https:\/\/i0.wp.com\/galeriamemoria.com\/wp-content\/uploads\/2024\/08\/47.jpg?resize=1024%2C1536&amp;ssl=1 1024w, https:\/\/i0.wp.com\/galeriamemoria.com\/wp-content\/uploads\/2024\/08\/47.jpg?resize=1366%2C2048&amp;ssl=1 1366w, https:\/\/i0.wp.com\/galeriamemoria.com\/wp-content\/uploads\/2024\/08\/47.jpg?resize=8%2C12&amp;ssl=1 8w, https:\/\/i0.wp.com\/galeriamemoria.com\/wp-content\/uploads\/2024\/08\/47.jpg?w=2000&amp;ssl=1 2000w\" sizes=\"(max-width: 683px) 100vw, 683px\" \/><figcaption class=\"wp-element-caption\">Gustavo P\u00e9rez, Untitled, 2023<\/figcaption><\/figure>\n\n\n\n<figure class=\"wp-block-image size-large\"><img data-recalc-dims=\"1\" loading=\"lazy\" decoding=\"async\" width=\"683\" height=\"1024\" data-attachment-id=\"1216\" data-permalink=\"https:\/\/galeriamemoria.com\/en\/49\/\" data-orig-file=\"https:\/\/i0.wp.com\/galeriamemoria.com\/wp-content\/uploads\/2024\/08\/49.jpg?fit=2599%2C3898&amp;ssl=1\" data-orig-size=\"2599,3898\" data-comments-opened=\"0\" data-image-title=\"Gustavo P\u00e9rez, Untitled, 2023\" data-image-description=\"\" data-image-caption=\"&lt;p&gt;Gustavo P\u00e9rez, Untitled, 2023&lt;\/p&gt;\n\" data-large-file=\"https:\/\/i0.wp.com\/galeriamemoria.com\/wp-content\/uploads\/2024\/08\/49.jpg?fit=683%2C1024&amp;ssl=1\" data-id=\"1216\" src=\"https:\/\/i0.wp.com\/galeriamemoria.com\/wp-content\/uploads\/2024\/08\/49.jpg?resize=683%2C1024&#038;ssl=1\" alt=\"\" class=\"wp-image-1216\" srcset=\"https:\/\/i0.wp.com\/galeriamemoria.com\/wp-content\/uploads\/2024\/08\/49.jpg?resize=683%2C1024&amp;ssl=1 683w, https:\/\/i0.wp.com\/galeriamemoria.com\/wp-content\/uploads\/2024\/08\/49.jpg?resize=200%2C300&amp;ssl=1 200w, https:\/\/i0.wp.com\/galeriamemoria.com\/wp-content\/uploads\/2024\/08\/49.jpg?resize=768%2C1152&amp;ssl=1 768w, https:\/\/i0.wp.com\/galeriamemoria.com\/wp-content\/uploads\/2024\/08\/49.jpg?resize=1024%2C1536&amp;ssl=1 1024w, https:\/\/i0.wp.com\/galeriamemoria.com\/wp-content\/uploads\/2024\/08\/49.jpg?resize=1366%2C2048&amp;ssl=1 1366w, https:\/\/i0.wp.com\/galeriamemoria.com\/wp-content\/uploads\/2024\/08\/49.jpg?resize=8%2C12&amp;ssl=1 8w, https:\/\/i0.wp.com\/galeriamemoria.com\/wp-content\/uploads\/2024\/08\/49.jpg?w=2000&amp;ssl=1 2000w\" sizes=\"(max-width: 683px) 100vw, 683px\" \/><figcaption class=\"wp-element-caption\">Gustavo P\u00e9rez, Untitled, 2023<\/figcaption><\/figure>\n\n\n\n<figure class=\"wp-block-image size-large\"><img data-recalc-dims=\"1\" loading=\"lazy\" decoding=\"async\" width=\"1024\" height=\"683\" data-attachment-id=\"1218\" data-permalink=\"https:\/\/galeriamemoria.com\/en\/27\/\" data-orig-file=\"https:\/\/i0.wp.com\/galeriamemoria.com\/wp-content\/uploads\/2024\/08\/27.jpg?fit=3898%2C2599&amp;ssl=1\" data-orig-size=\"3898,2599\" data-comments-opened=\"0\" data-image-title=\"Gustavo P\u00e9rez, Untitled, 2012\" data-image-description=\"\" data-image-caption=\"&lt;p&gt;Gustavo P\u00e9rez, Untitled, 2012&lt;\/p&gt;\n\" data-large-file=\"https:\/\/i0.wp.com\/galeriamemoria.com\/wp-content\/uploads\/2024\/08\/27.jpg?fit=1024%2C683&amp;ssl=1\" data-id=\"1218\" src=\"https:\/\/i0.wp.com\/galeriamemoria.com\/wp-content\/uploads\/2024\/08\/27.jpg?resize=1024%2C683&#038;ssl=1\" alt=\"\" class=\"wp-image-1218\" srcset=\"https:\/\/i0.wp.com\/galeriamemoria.com\/wp-content\/uploads\/2024\/08\/27.jpg?resize=1024%2C683&amp;ssl=1 1024w, https:\/\/i0.wp.com\/galeriamemoria.com\/wp-content\/uploads\/2024\/08\/27.jpg?resize=300%2C200&amp;ssl=1 300w, https:\/\/i0.wp.com\/galeriamemoria.com\/wp-content\/uploads\/2024\/08\/27.jpg?resize=768%2C512&amp;ssl=1 768w, https:\/\/i0.wp.com\/galeriamemoria.com\/wp-content\/uploads\/2024\/08\/27.jpg?resize=1536%2C1024&amp;ssl=1 1536w, https:\/\/i0.wp.com\/galeriamemoria.com\/wp-content\/uploads\/2024\/08\/27.jpg?resize=2048%2C1366&amp;ssl=1 2048w, https:\/\/i0.wp.com\/galeriamemoria.com\/wp-content\/uploads\/2024\/08\/27.jpg?resize=18%2C12&amp;ssl=1 18w, https:\/\/i0.wp.com\/galeriamemoria.com\/wp-content\/uploads\/2024\/08\/27.jpg?w=3000&amp;ssl=1 3000w\" sizes=\"(max-width: 1000px) 100vw, 1000px\" \/><figcaption class=\"wp-element-caption\">Gustavo P\u00e9rez, Untitled, 2012<\/figcaption><\/figure>\n<\/figure>\n<\/div>\n<\/div>\n\n\n\n<div class=\"wp-block-columns alignwide is-layout-flex wp-container-core-columns-is-layout-28f84493 wp-block-columns-is-layout-flex\">\n<div class=\"wp-block-column is-layout-flow wp-block-column-is-layout-flow\">\n<p class=\"wp-block-paragraph\"><\/p>\n\n\n\n<div class=\"wp-block-buttons is-layout-flex wp-block-buttons-is-layout-flex\">\n<div class=\"wp-block-button is-style-fill\"><a class=\"wp-block-button__link has-background wp-element-button\" href=\"https:\/\/galeriamemoria.com\/wp-content\/uploads\/2026\/06\/GPER_CV2026-1.pdf\" style=\"background-color:#949191\">CV-BIO<\/a><\/div>\n<\/div>\n<\/div>\n<\/div>\n<\/div>\n\n\n\n<div class=\"wp-block-jetpack-slideshow alignwide\" data-effect=\"slide\" style=\"--aspect-ratio:calc(1024 \/ 683)\"><div class=\"wp-block-jetpack-slideshow_container swiper\"><ul class=\"wp-block-jetpack-slideshow_swiper-wrapper swiper-wrapper\"><li class=\"wp-block-jetpack-slideshow_slide swiper-slide\"><figure><img data-recalc-dims=\"1\" loading=\"lazy\" decoding=\"async\" width=\"1024\" height=\"683\" alt=\"\" class=\"wp-block-jetpack-slideshow_image wp-image-4210\" data-id=\"4210\" data-aspect-ratio=\"1024 \/ 683\" src=\"https:\/\/i0.wp.com\/galeriamemoria.com\/wp-content\/uploads\/2026\/03\/DSC3327.jpg?resize=1024%2C683&#038;ssl=1\" srcset=\"https:\/\/i0.wp.com\/galeriamemoria.com\/wp-content\/uploads\/2026\/03\/DSC3327.jpg?resize=1024%2C683&amp;ssl=1 1024w, https:\/\/i0.wp.com\/galeriamemoria.com\/wp-content\/uploads\/2026\/03\/DSC3327.jpg?resize=300%2C200&amp;ssl=1 300w, https:\/\/i0.wp.com\/galeriamemoria.com\/wp-content\/uploads\/2026\/03\/DSC3327.jpg?resize=768%2C512&amp;ssl=1 768w, https:\/\/i0.wp.com\/galeriamemoria.com\/wp-content\/uploads\/2026\/03\/DSC3327.jpg?resize=1536%2C1024&amp;ssl=1 1536w, https:\/\/i0.wp.com\/galeriamemoria.com\/wp-content\/uploads\/2026\/03\/DSC3327.jpg?resize=2048%2C1365&amp;ssl=1 2048w, https:\/\/i0.wp.com\/galeriamemoria.com\/wp-content\/uploads\/2026\/03\/DSC3327.jpg?resize=18%2C12&amp;ssl=1 18w, https:\/\/i0.wp.com\/galeriamemoria.com\/wp-content\/uploads\/2026\/03\/DSC3327.jpg?w=3000&amp;ssl=1 3000w\" sizes=\"(max-width: 1000px) 100vw, 1000px\" \/><figcaption class=\"wp-block-jetpack-slideshow_caption gallery-caption\">MEMORIA at ARCO Madrid 2026 \u00b7 Booth 7C19 | Showroom <\/figcaption><\/figure><\/li><li class=\"wp-block-jetpack-slideshow_slide swiper-slide\"><figure><img data-recalc-dims=\"1\" loading=\"lazy\" decoding=\"async\" width=\"1024\" height=\"683\" alt=\"\" class=\"wp-block-jetpack-slideshow_image wp-image-3515\" data-id=\"3515\" data-aspect-ratio=\"1024 \/ 683\" src=\"https:\/\/i0.wp.com\/galeriamemoria.com\/wp-content\/uploads\/2025\/09\/DSC6994.jpg?resize=1024%2C683&#038;ssl=1\" srcset=\"https:\/\/i0.wp.com\/galeriamemoria.com\/wp-content\/uploads\/2025\/09\/DSC6994.jpg?resize=1024%2C683&amp;ssl=1 1024w, https:\/\/i0.wp.com\/galeriamemoria.com\/wp-content\/uploads\/2025\/09\/DSC6994.jpg?resize=300%2C200&amp;ssl=1 300w, https:\/\/i0.wp.com\/galeriamemoria.com\/wp-content\/uploads\/2025\/09\/DSC6994.jpg?resize=768%2C512&amp;ssl=1 768w, https:\/\/i0.wp.com\/galeriamemoria.com\/wp-content\/uploads\/2025\/09\/DSC6994.jpg?resize=1536%2C1024&amp;ssl=1 1536w, https:\/\/i0.wp.com\/galeriamemoria.com\/wp-content\/uploads\/2025\/09\/DSC6994.jpg?resize=2048%2C1365&amp;ssl=1 2048w, https:\/\/i0.wp.com\/galeriamemoria.com\/wp-content\/uploads\/2025\/09\/DSC6994.jpg?resize=18%2C12&amp;ssl=1 18w, https:\/\/i0.wp.com\/galeriamemoria.com\/wp-content\/uploads\/2025\/09\/DSC6994.jpg?w=3000&amp;ssl=1 3000w\" sizes=\"(max-width: 1000px) 100vw, 1000px\" \/><figcaption class=\"wp-block-jetpack-slideshow_caption gallery-caption\">(S)Obras Completas, MEMORIA (Centro), Madrid, 2025<\/figcaption><\/figure><\/li><li class=\"wp-block-jetpack-slideshow_slide swiper-slide\"><figure><img data-recalc-dims=\"1\" loading=\"lazy\" decoding=\"async\" width=\"1024\" height=\"683\" alt=\"\" class=\"wp-block-jetpack-slideshow_image wp-image-1897\" data-id=\"1897\" data-aspect-ratio=\"1024 \/ 683\" src=\"https:\/\/i0.wp.com\/galeriamemoria.com\/wp-content\/uploads\/2024\/09\/DSC5684.jpg?resize=1024%2C683&#038;ssl=1\" srcset=\"https:\/\/i0.wp.com\/galeriamemoria.com\/wp-content\/uploads\/2024\/09\/DSC5684.jpg?resize=1024%2C683&amp;ssl=1 1024w, https:\/\/i0.wp.com\/galeriamemoria.com\/wp-content\/uploads\/2024\/09\/DSC5684.jpg?resize=300%2C200&amp;ssl=1 300w, https:\/\/i0.wp.com\/galeriamemoria.com\/wp-content\/uploads\/2024\/09\/DSC5684.jpg?resize=768%2C512&amp;ssl=1 768w, https:\/\/i0.wp.com\/galeriamemoria.com\/wp-content\/uploads\/2024\/09\/DSC5684.jpg?resize=1536%2C1024&amp;ssl=1 1536w, https:\/\/i0.wp.com\/galeriamemoria.com\/wp-content\/uploads\/2024\/09\/DSC5684.jpg?resize=2048%2C1365&amp;ssl=1 2048w, https:\/\/i0.wp.com\/galeriamemoria.com\/wp-content\/uploads\/2024\/09\/DSC5684.jpg?resize=18%2C12&amp;ssl=1 18w, https:\/\/i0.wp.com\/galeriamemoria.com\/wp-content\/uploads\/2024\/09\/DSC5684.jpg?w=3000&amp;ssl=1 3000w\" sizes=\"(max-width: 1000px) 100vw, 1000px\" \/><figcaption class=\"wp-block-jetpack-slideshow_caption gallery-caption\">&#8220;Lo Arb\u00f3reo&#8221;, MEMORIA, Madrid, 2024<\/figcaption><\/figure><\/li><li class=\"wp-block-jetpack-slideshow_slide swiper-slide\"><figure><img data-recalc-dims=\"1\" loading=\"lazy\" decoding=\"async\" width=\"1024\" height=\"683\" alt=\"\" class=\"wp-block-jetpack-slideshow_image wp-image-1895\" data-id=\"1895\" data-aspect-ratio=\"1024 \/ 683\" src=\"https:\/\/i0.wp.com\/galeriamemoria.com\/wp-content\/uploads\/2024\/09\/DSC5656.jpg?resize=1024%2C683&#038;ssl=1\" srcset=\"https:\/\/i0.wp.com\/galeriamemoria.com\/wp-content\/uploads\/2024\/09\/DSC5656.jpg?resize=1024%2C683&amp;ssl=1 1024w, https:\/\/i0.wp.com\/galeriamemoria.com\/wp-content\/uploads\/2024\/09\/DSC5656.jpg?resize=300%2C200&amp;ssl=1 300w, https:\/\/i0.wp.com\/galeriamemoria.com\/wp-content\/uploads\/2024\/09\/DSC5656.jpg?resize=768%2C512&amp;ssl=1 768w, https:\/\/i0.wp.com\/galeriamemoria.com\/wp-content\/uploads\/2024\/09\/DSC5656.jpg?resize=1536%2C1024&amp;ssl=1 1536w, https:\/\/i0.wp.com\/galeriamemoria.com\/wp-content\/uploads\/2024\/09\/DSC5656.jpg?resize=2048%2C1365&amp;ssl=1 2048w, https:\/\/i0.wp.com\/galeriamemoria.com\/wp-content\/uploads\/2024\/09\/DSC5656.jpg?resize=18%2C12&amp;ssl=1 18w, https:\/\/i0.wp.com\/galeriamemoria.com\/wp-content\/uploads\/2024\/09\/DSC5656.jpg?w=3000&amp;ssl=1 3000w\" sizes=\"(max-width: 1000px) 100vw, 1000px\" \/><figcaption class=\"wp-block-jetpack-slideshow_caption gallery-caption\">&#8220;Lo Arb\u00f3reo&#8221;, MEMORIA, Madrid, 2024<\/figcaption><\/figure><\/li><li class=\"wp-block-jetpack-slideshow_slide swiper-slide\"><figure><img data-recalc-dims=\"1\" loading=\"lazy\" decoding=\"async\" width=\"1024\" height=\"683\" alt=\"\" class=\"wp-block-jetpack-slideshow_image wp-image-1893\" data-id=\"1893\" data-aspect-ratio=\"1024 \/ 683\" src=\"https:\/\/i0.wp.com\/galeriamemoria.com\/wp-content\/uploads\/2024\/09\/DSC5650.jpg?resize=1024%2C683&#038;ssl=1\" srcset=\"https:\/\/i0.wp.com\/galeriamemoria.com\/wp-content\/uploads\/2024\/09\/DSC5650.jpg?resize=1024%2C683&amp;ssl=1 1024w, https:\/\/i0.wp.com\/galeriamemoria.com\/wp-content\/uploads\/2024\/09\/DSC5650.jpg?resize=300%2C200&amp;ssl=1 300w, https:\/\/i0.wp.com\/galeriamemoria.com\/wp-content\/uploads\/2024\/09\/DSC5650.jpg?resize=768%2C512&amp;ssl=1 768w, https:\/\/i0.wp.com\/galeriamemoria.com\/wp-content\/uploads\/2024\/09\/DSC5650.jpg?resize=1536%2C1024&amp;ssl=1 1536w, https:\/\/i0.wp.com\/galeriamemoria.com\/wp-content\/uploads\/2024\/09\/DSC5650.jpg?resize=2048%2C1365&amp;ssl=1 2048w, https:\/\/i0.wp.com\/galeriamemoria.com\/wp-content\/uploads\/2024\/09\/DSC5650.jpg?resize=18%2C12&amp;ssl=1 18w, https:\/\/i0.wp.com\/galeriamemoria.com\/wp-content\/uploads\/2024\/09\/DSC5650.jpg?w=3000&amp;ssl=1 3000w\" sizes=\"(max-width: 1000px) 100vw, 1000px\" \/><figcaption class=\"wp-block-jetpack-slideshow_caption gallery-caption\">&#8220;Lo Arb\u00f3reo&#8221;, MEMORIA, Madrid, 2024<\/figcaption><\/figure><\/li><li class=\"wp-block-jetpack-slideshow_slide swiper-slide\"><figure><img data-recalc-dims=\"1\" loading=\"lazy\" decoding=\"async\" width=\"1024\" height=\"683\" alt=\"\" class=\"wp-block-jetpack-slideshow_image wp-image-1891\" data-id=\"1891\" data-aspect-ratio=\"1024 \/ 683\" src=\"https:\/\/i0.wp.com\/galeriamemoria.com\/wp-content\/uploads\/2024\/09\/DSC5620.jpg?resize=1024%2C683&#038;ssl=1\" srcset=\"https:\/\/i0.wp.com\/galeriamemoria.com\/wp-content\/uploads\/2024\/09\/DSC5620.jpg?resize=1024%2C683&amp;ssl=1 1024w, https:\/\/i0.wp.com\/galeriamemoria.com\/wp-content\/uploads\/2024\/09\/DSC5620.jpg?resize=300%2C200&amp;ssl=1 300w, https:\/\/i0.wp.com\/galeriamemoria.com\/wp-content\/uploads\/2024\/09\/DSC5620.jpg?resize=768%2C512&amp;ssl=1 768w, https:\/\/i0.wp.com\/galeriamemoria.com\/wp-content\/uploads\/2024\/09\/DSC5620.jpg?resize=1536%2C1024&amp;ssl=1 1536w, https:\/\/i0.wp.com\/galeriamemoria.com\/wp-content\/uploads\/2024\/09\/DSC5620.jpg?resize=2048%2C1365&amp;ssl=1 2048w, https:\/\/i0.wp.com\/galeriamemoria.com\/wp-content\/uploads\/2024\/09\/DSC5620.jpg?resize=18%2C12&amp;ssl=1 18w, https:\/\/i0.wp.com\/galeriamemoria.com\/wp-content\/uploads\/2024\/09\/DSC5620.jpg?w=3000&amp;ssl=1 3000w\" sizes=\"(max-width: 1000px) 100vw, 1000px\" \/><figcaption class=\"wp-block-jetpack-slideshow_caption gallery-caption\">&#8220;Lo Arb\u00f3reo&#8221;, MEMORIA, Madrid, 2024<\/figcaption><\/figure><\/li><li class=\"wp-block-jetpack-slideshow_slide swiper-slide\"><figure><img data-recalc-dims=\"1\" loading=\"lazy\" decoding=\"async\" width=\"1024\" height=\"683\" alt=\"\" class=\"wp-block-jetpack-slideshow_image wp-image-1890\" data-id=\"1890\" data-aspect-ratio=\"1024 \/ 683\" src=\"https:\/\/i0.wp.com\/galeriamemoria.com\/wp-content\/uploads\/2024\/09\/DSC5594.jpg?resize=1024%2C683&#038;ssl=1\" srcset=\"https:\/\/i0.wp.com\/galeriamemoria.com\/wp-content\/uploads\/2024\/09\/DSC5594.jpg?resize=1024%2C683&amp;ssl=1 1024w, https:\/\/i0.wp.com\/galeriamemoria.com\/wp-content\/uploads\/2024\/09\/DSC5594.jpg?resize=300%2C200&amp;ssl=1 300w, https:\/\/i0.wp.com\/galeriamemoria.com\/wp-content\/uploads\/2024\/09\/DSC5594.jpg?resize=768%2C512&amp;ssl=1 768w, https:\/\/i0.wp.com\/galeriamemoria.com\/wp-content\/uploads\/2024\/09\/DSC5594.jpg?resize=1536%2C1024&amp;ssl=1 1536w, https:\/\/i0.wp.com\/galeriamemoria.com\/wp-content\/uploads\/2024\/09\/DSC5594.jpg?resize=2048%2C1365&amp;ssl=1 2048w, https:\/\/i0.wp.com\/galeriamemoria.com\/wp-content\/uploads\/2024\/09\/DSC5594.jpg?resize=18%2C12&amp;ssl=1 18w, https:\/\/i0.wp.com\/galeriamemoria.com\/wp-content\/uploads\/2024\/09\/DSC5594.jpg?w=3000&amp;ssl=1 3000w\" sizes=\"(max-width: 1000px) 100vw, 1000px\" \/><figcaption class=\"wp-block-jetpack-slideshow_caption gallery-caption\">&#8220;Lo Arb\u00f3reo&#8221;, MEMORIA, Madrid, 2024<\/figcaption><\/figure><\/li><li class=\"wp-block-jetpack-slideshow_slide swiper-slide\"><figure><img data-recalc-dims=\"1\" loading=\"lazy\" decoding=\"async\" width=\"1024\" height=\"683\" alt=\"\" class=\"wp-block-jetpack-slideshow_image wp-image-1892\" data-id=\"1892\" data-aspect-ratio=\"1024 \/ 683\" src=\"https:\/\/i0.wp.com\/galeriamemoria.com\/wp-content\/uploads\/2024\/09\/DSC5644.jpg?resize=1024%2C683&#038;ssl=1\" srcset=\"https:\/\/i0.wp.com\/galeriamemoria.com\/wp-content\/uploads\/2024\/09\/DSC5644.jpg?resize=1024%2C683&amp;ssl=1 1024w, https:\/\/i0.wp.com\/galeriamemoria.com\/wp-content\/uploads\/2024\/09\/DSC5644.jpg?resize=300%2C200&amp;ssl=1 300w, https:\/\/i0.wp.com\/galeriamemoria.com\/wp-content\/uploads\/2024\/09\/DSC5644.jpg?resize=768%2C512&amp;ssl=1 768w, https:\/\/i0.wp.com\/galeriamemoria.com\/wp-content\/uploads\/2024\/09\/DSC5644.jpg?resize=1536%2C1024&amp;ssl=1 1536w, https:\/\/i0.wp.com\/galeriamemoria.com\/wp-content\/uploads\/2024\/09\/DSC5644.jpg?resize=2048%2C1365&amp;ssl=1 2048w, https:\/\/i0.wp.com\/galeriamemoria.com\/wp-content\/uploads\/2024\/09\/DSC5644.jpg?resize=18%2C12&amp;ssl=1 18w, https:\/\/i0.wp.com\/galeriamemoria.com\/wp-content\/uploads\/2024\/09\/DSC5644.jpg?w=3000&amp;ssl=1 3000w\" sizes=\"(max-width: 1000px) 100vw, 1000px\" \/><figcaption class=\"wp-block-jetpack-slideshow_caption gallery-caption\">&#8220;Lo Arb\u00f3reo&#8221;, MEMORIA, Madrid, 2024<\/figcaption><\/figure><\/li><li class=\"wp-block-jetpack-slideshow_slide swiper-slide\"><figure><img data-recalc-dims=\"1\" loading=\"lazy\" decoding=\"async\" width=\"5568\" height=\"3712\" alt=\"\" class=\"wp-block-jetpack-slideshow_image wp-image-627\" data-id=\"627\" data-aspect-ratio=\"5568 \/ 3712\" src=\"https:\/\/i0.wp.com\/galeriamemoria.com\/wp-content\/uploads\/2024\/08\/sab10p2-1.jpg?resize=5568%2C3712&#038;ssl=1\"\/><figcaption class=\"wp-block-jetpack-slideshow_caption gallery-caption\">Zona Maco 2024,  MEMORIA, Mexico City, 2024<\/figcaption><\/figure><\/li><li class=\"wp-block-jetpack-slideshow_slide swiper-slide\"><figure><img data-recalc-dims=\"1\" loading=\"lazy\" decoding=\"async\" width=\"3708\" height=\"3712\" alt=\"\" class=\"wp-block-jetpack-slideshow_image wp-image-686\" data-id=\"686\" data-aspect-ratio=\"3708 \/ 3712\" src=\"https:\/\/i0.wp.com\/galeriamemoria.com\/wp-content\/uploads\/2024\/08\/sab10p2-22-1-edited.jpg?resize=3708%2C3712&#038;ssl=1\"\/><figcaption class=\"wp-block-jetpack-slideshow_caption gallery-caption\">Zona Maco 2024,  MEMORIA, Mexico City, 2024<\/figcaption><\/figure><\/li><li class=\"wp-block-jetpack-slideshow_slide swiper-slide\"><figure><img data-recalc-dims=\"1\" loading=\"lazy\" decoding=\"async\" width=\"5568\" height=\"3712\" alt=\"\" class=\"wp-block-jetpack-slideshow_image wp-image-609\" data-id=\"609\" data-aspect-ratio=\"5568 \/ 3712\" src=\"https:\/\/i0.wp.com\/galeriamemoria.com\/wp-content\/uploads\/2024\/08\/sab10p2-38.jpg?resize=5568%2C3712&#038;ssl=1\"\/><figcaption class=\"wp-block-jetpack-slideshow_caption gallery-caption\">Zona Maco 2024,  MEMORIA, Mexico City, 2024<\/figcaption><\/figure><\/li><li class=\"wp-block-jetpack-slideshow_slide swiper-slide\"><figure><img data-recalc-dims=\"1\" loading=\"lazy\" decoding=\"async\" width=\"4032\" height=\"3024\" alt=\"\" class=\"wp-block-jetpack-slideshow_image wp-image-336\" data-id=\"336\" data-aspect-ratio=\"4032 \/ 3024\" src=\"https:\/\/i0.wp.com\/galeriamemoria.com\/wp-content\/uploads\/2024\/08\/whatsapp-image-2024-07-12-at-11.48.16-1.jpeg?resize=4032%2C3024&#038;ssl=1\"\/><figcaption class=\"wp-block-jetpack-slideshow_caption gallery-caption\">Artesantander, MEMORIA, Santander, 2024<\/figcaption><\/figure><\/li><li class=\"wp-block-jetpack-slideshow_slide swiper-slide\"><figure><img data-recalc-dims=\"1\" loading=\"lazy\" decoding=\"async\" width=\"1500\" height=\"1000\" alt=\"\" class=\"wp-block-jetpack-slideshow_image wp-image-322\" data-id=\"322\" data-aspect-ratio=\"1500 \/ 1000\" src=\"https:\/\/i0.wp.com\/galeriamemoria.com\/wp-content\/uploads\/2024\/08\/mg_5897.jpg?resize=1500%2C1000&#038;ssl=1\"\/><figcaption class=\"wp-block-jetpack-slideshow_caption gallery-caption\">Zona MACO, MEMORIA, Mexico City, 2023<\/figcaption><\/figure><\/li><\/ul><a class=\"wp-block-jetpack-slideshow_button-prev swiper-button-prev swiper-button-white\" role=\"button\"><\/a><a class=\"wp-block-jetpack-slideshow_button-next swiper-button-next swiper-button-white\" role=\"button\"><\/a><a aria-label=\"Pause Slideshow\" class=\"wp-block-jetpack-slideshow_button-pause\" role=\"button\"><\/a><div class=\"wp-block-jetpack-slideshow_pagination swiper-pagination swiper-pagination-white\"><\/div><\/div><\/div>\n\n\n\n<p class=\"wp-block-paragraph\"><\/p>\n","protected":false},"excerpt":{"rendered":"<p>Gustavo P\u00e9rez is considered one of the most internationally renowned Latin American artists in the ceramic medium. For almost fifty years, clay has offered Gustavo P\u00e9rez endless creative possibilities. He discovered the potential of clay during a visit to the ceramics department of the School of Design and Crafts of Mexico in 1971. Abandoning engineering, [&hellip;]<\/p>\n","protected":false},"author":251800687,"featured_media":851,"parent":1,"menu_order":0,"comment_status":"closed","ping_status":"closed","template":"","meta":{"advanced_seo_description":"","jetpack_seo_html_title":"","jetpack_seo_noindex":false,"jetpack_seo_schema_type":"","_wpcom_ai_launchpad_about_page":false,"_wpcom_ai_launchpad_gallery_page":false,"_wpcom_ai_launchpad_contact_page":false,"_wpcom_ai_launchpad_events_page":false,"_wpcom_ai_launchpad_video_page":false,"_wpcom_ai_launchpad_portfolio_piece":false,"footnotes":""},"class_list":["post-1208","page","type-page","status-publish","has-post-thumbnail","hentry"],"jetpack_likes_enabled":false,"jetpack_sharing_enabled":true,"jetpack_shortlink":"https:\/\/wp.me\/PfPCnn-ju","jetpack-related-posts":[],"_links":{"self":[{"href":"https:\/\/galeriamemoria.com\/en\/wp-json\/wp\/v2\/pages\/1208","targetHints":{"allow":["GET"]}}],"collection":[{"href":"https:\/\/galeriamemoria.com\/en\/wp-json\/wp\/v2\/pages"}],"about":[{"href":"https:\/\/galeriamemoria.com\/en\/wp-json\/wp\/v2\/types\/page"}],"author":[{"embeddable":true,"href":"https:\/\/galeriamemoria.com\/en\/wp-json\/wp\/v2\/users\/251800687"}],"replies":[{"embeddable":true,"href":"https:\/\/galeriamemoria.com\/en\/wp-json\/wp\/v2\/comments?post=1208"}],"version-history":[{"count":28,"href":"https:\/\/galeriamemoria.com\/en\/wp-json\/wp\/v2\/pages\/1208\/revisions"}],"predecessor-version":[{"id":5483,"href":"https:\/\/galeriamemoria.com\/en\/wp-json\/wp\/v2\/pages\/1208\/revisions\/5483"}],"up":[{"embeddable":true,"href":"https:\/\/galeriamemoria.com\/en\/wp-json\/wp\/v2\/pages\/1"}],"wp:featuredmedia":[{"embeddable":true,"href":"https:\/\/galeriamemoria.com\/en\/wp-json\/wp\/v2\/media\/851"}],"wp:attachment":[{"href":"https:\/\/galeriamemoria.com\/en\/wp-json\/wp\/v2\/media?parent=1208"}],"curies":[{"name":"wp","href":"https:\/\/api.w.org\/{rel}","templated":true}]}}