{"id":1223,"date":"2024-08-24T14:22:14","date_gmt":"2024-08-24T12:22:14","guid":{"rendered":"https:\/\/galeriamemoria.com\/?page_id=1223"},"modified":"2026-04-30T14:24:34","modified_gmt":"2026-04-30T12:24:34","slug":"vicente-rojo","status":"publish","type":"page","link":"https:\/\/galeriamemoria.com\/en\/artists\/vicente-rojo\/","title":{"rendered":"Vicente Rojo"},"content":{"rendered":"\n<figure class=\"wp-block-image alignfull size-large\"><img data-recalc-dims=\"1\" fetchpriority=\"high\" decoding=\"async\" width=\"1024\" height=\"256\" data-attachment-id=\"5048\" data-permalink=\"https:\/\/galeriamemoria.com\/en\/artists\/armando-cristeto\/memoria_web_header_artists17-2\/\" data-orig-file=\"https:\/\/i0.wp.com\/galeriamemoria.com\/wp-content\/uploads\/2026\/04\/Memoria_Web_Header_Artists17-1.jpg?fit=2300%2C575&amp;ssl=1\" data-orig-size=\"2300,575\" data-comments-opened=\"0\" data-image-title=\"Memoria_Web_Header_Artists17\" data-image-description=\"\" data-image-caption=\"\" data-large-file=\"https:\/\/i0.wp.com\/galeriamemoria.com\/wp-content\/uploads\/2026\/04\/Memoria_Web_Header_Artists17-1.jpg?fit=1024%2C256&amp;ssl=1\" src=\"https:\/\/i0.wp.com\/galeriamemoria.com\/wp-content\/uploads\/2026\/04\/Memoria_Web_Header_Artists17-1.jpg?resize=1024%2C256&#038;ssl=1\" alt=\"\" class=\"wp-image-5048\" srcset=\"https:\/\/i0.wp.com\/galeriamemoria.com\/wp-content\/uploads\/2026\/04\/Memoria_Web_Header_Artists17-1.jpg?resize=1024%2C256&amp;ssl=1 1024w, https:\/\/i0.wp.com\/galeriamemoria.com\/wp-content\/uploads\/2026\/04\/Memoria_Web_Header_Artists17-1.jpg?resize=300%2C75&amp;ssl=1 300w, https:\/\/i0.wp.com\/galeriamemoria.com\/wp-content\/uploads\/2026\/04\/Memoria_Web_Header_Artists17-1.jpg?resize=768%2C192&amp;ssl=1 768w, https:\/\/i0.wp.com\/galeriamemoria.com\/wp-content\/uploads\/2026\/04\/Memoria_Web_Header_Artists17-1.jpg?resize=1536%2C384&amp;ssl=1 1536w, https:\/\/i0.wp.com\/galeriamemoria.com\/wp-content\/uploads\/2026\/04\/Memoria_Web_Header_Artists17-1.jpg?resize=2048%2C512&amp;ssl=1 2048w, https:\/\/i0.wp.com\/galeriamemoria.com\/wp-content\/uploads\/2026\/04\/Memoria_Web_Header_Artists17-1.jpg?resize=18%2C5&amp;ssl=1 18w\" sizes=\"(max-width: 1000px) 100vw, 1000px\" \/><\/figure>\n\n\n\n<div class=\"wp-block-group alignfull has-theme-1-background-color has-background has-global-padding is-content-justification-center is-layout-constrained wp-container-core-group-is-layout-df757ecc wp-block-group-is-layout-constrained\" style=\"margin-top:0;margin-bottom:0;padding-top:calc( 0.5 * var(--wp--style--root--padding-right, var(--wp--custom--gap--horizontal)));padding-right:var(--wp--style--root--padding-right, var(--wp--custom--gap--horizontal));padding-bottom:calc( 0.5 * var(--wp--style--root--padding-right, var(--wp--custom--gap--horizontal)));padding-left:var(--wp--style--root--padding-left, var(--wp--custom--gap--horizontal))\">\n<div class=\"wp-block-columns alignwide is-layout-flex wp-container-core-columns-is-layout-28f84493 wp-block-columns-is-layout-flex\">\n<div class=\"wp-block-column is-layout-flow wp-block-column-is-layout-flow\">\n<p class=\"has-text-align-justify wp-block-paragraph\">Vicente Rojo studied sculpture and ceramics in Barcelona until 1949, when he had to go into exile with his family to Mexico, where he studied painting and typography, working for more than fifty years as a graphic designer, painter and sculptor.<\/p>\n\n\n\n<p class=\"has-text-align-justify wp-block-paragraph\">Belonging to the Grupo de la Ruptura Mexicana, he also collaborated with the founding of the ERA publishing house, among other editorial projects, cultural supplements and various publications.<\/p>\n\n\n\n<p class=\"has-text-align-justify wp-block-paragraph\">Vicente Rojo&#8217;s work is fundamental to understanding Mexican and Latin American visual culture in the second half of the 20th century. His painting has had a great influence due to its link with informalism and the Catalan symbolic world. Some of his pictorial works include diverse and unusual materials such as rubber, pieces of wood, baskets and found objects, also presenting the broad grammar of signs of informalism.<\/p>\n\n\n\n<p class=\"has-text-align-justify wp-block-paragraph\">In the middle years of his career, Vicente Rojo created the series <em>Mexico under the rain <\/em>(1981-1989), a set of iconic works that abound in exercises of chromatic saturation. In these works, the dense curtain of rain is interspersed with the staggered lines of Aztec temples and other references to Mexico City. Rojo thus proposes the elimination of the traditional focal points of visual attention in the pictorial field, so that the entire painting is the very center.<\/p>\n\n\n\n<p class=\"has-text-align-justify wp-block-paragraph\">Vicente Rojo has built up close friendships and affinities with the literary universe, which led him to design various covers for Gabriel Garc\u00eda M\u00e1rquez, Nobel Prize winner for Literature, including those for the novel <em>One Hundred Years of Solitude<\/em> (1967). For the catalogue of his exhibition <em>Vicente Rojo: volcanes construidos, de pintura, escultura y grabado (2000 a 2005)<\/em>, renowned authors such as Garc\u00eda M\u00e1rquez himself, Juan Rulfo, Octavio Paz, Sergio Pitol, Enrique Vila-Matas and Jos\u00e9-Miguel Ull\u00e1n collaborated with texts.<\/p>\n<\/div>\n\n\n\n<div class=\"wp-block-column is-layout-flow wp-container-core-column-is-layout-5dafc681 wp-block-column-is-layout-flow\">\n<div class=\"wp-block-jetpack-slideshow aligncenter\" data-effect=\"slide\"><div class=\"wp-block-jetpack-slideshow_container swiper\"><ul class=\"wp-block-jetpack-slideshow_swiper-wrapper swiper-wrapper\"><li class=\"wp-block-jetpack-slideshow_slide swiper-slide\"><figure><img data-recalc-dims=\"1\" decoding=\"async\" width=\"2899\" height=\"3898\" alt=\"\" class=\"wp-block-jetpack-slideshow_image wp-image-594\" data-id=\"594\" src=\"https:\/\/i0.wp.com\/galeriamemoria.com\/wp-content\/uploads\/2024\/08\/24-1.jpg?resize=2899%2C3898&#038;ssl=1\"\/><figcaption class=\"wp-block-jetpack-slideshow_caption gallery-caption\">Vicente Rojo, &#8220;Se\u00f1al&#8221;, 1964<\/figcaption><\/figure><\/li><li class=\"wp-block-jetpack-slideshow_slide swiper-slide\"><figure><img data-recalc-dims=\"1\" decoding=\"async\" width=\"3898\" height=\"2919\" alt=\"\" class=\"wp-block-jetpack-slideshow_image wp-image-590\" data-id=\"590\" src=\"https:\/\/i0.wp.com\/galeriamemoria.com\/wp-content\/uploads\/2024\/08\/59.jpg?resize=3898%2C2919&#038;ssl=1\"\/><figcaption class=\"wp-block-jetpack-slideshow_caption gallery-caption\">Vicente Rojo, &#8220;C\u00f3dice 4&#8221;, 1991<\/figcaption><\/figure><\/li><\/ul><a class=\"wp-block-jetpack-slideshow_button-prev swiper-button-prev swiper-button-white\" role=\"button\"><\/a><a class=\"wp-block-jetpack-slideshow_button-next swiper-button-next swiper-button-white\" role=\"button\"><\/a><a aria-label=\"Pause Slideshow\" class=\"wp-block-jetpack-slideshow_button-pause\" role=\"button\"><\/a><div class=\"wp-block-jetpack-slideshow_pagination swiper-pagination swiper-pagination-white\"><\/div><\/div><\/div>\n<\/div>\n<\/div>\n\n\n\n<div class=\"wp-block-columns alignwide is-layout-flex wp-container-core-columns-is-layout-28f84493 wp-block-columns-is-layout-flex\">\n<div class=\"wp-block-column is-layout-flow wp-block-column-is-layout-flow\">\n<p class=\"has-text-align-justify wp-block-paragraph\">Various awards and decorations have been bestowed upon him for his legacy, including the National Prize for Science and Arts in Mexico, the Mexico Design Prize and the Medal of Merit in Fine Arts in Spain. In 1998, UNAM awarded him an Honoris Causa doctorate and, in 2006, the Spanish government awarded him the Decoration of the Encomienda of the Order of Isabel La Cat\u00f3lica. In 2011, the National Institute of Fine Arts of Mexico (INBA) also awarded him the Medal of Fine Arts.<\/p>\n\n\n\n<p class=\"has-text-align-justify wp-block-paragraph\">Throughout his career, Vicente Rojo has held solo and group exhibitions at numerous international institutions, such as the Museo Universitario de Ciencias y Arte (MUCA &#8211; Mexico City), Visual Arts Center at The University of Texas (Austin), Museo Amparo (Puebla), Museo Casa de la Moneda (Madrid), Museo Nacional Reina Sof\u00eda (Madrid), Museo de Arte Moderno (Mexico City), Biblioteca Nacional (Madrid), Museo de Arte Carrillo Gil (Mexico City), Klingspor Museum (Frankfurt) or C\u00edrculo de Bellas Artes (Madrid), among many others.<\/p>\n\n\n\n<p class=\"has-text-align-justify wp-block-paragraph\">His work is part of important public and private collections, among which stand out: Museum of Modern Art (MoMA &#8211; New York, United States), Museo Nacional Centro de Arte Reina Sof\u00eda (Madrid, Spain), Centre Pompidou (Paris, France), Museo Universitario de Arte Contempor\u00e1neo (MUAC &#8211; Mexico City, Mexico), The University of Texas Museums (Austin), Mus\u00e9e d\u2019Art Moderne (Paris, France), Museo de Arte Contempor\u00e1neo (Bogot\u00e1, Colombia), Museo de Arte Moderno (Mexico City, Mexico), Instituto Nacional de Bellas Artes (Mexico City, Mexico), Colecci\u00f3n Banamex (Mexico City, Mexico), Museo de Arte Abstracto Manuel Felgu\u00e9rez (Zacatecas, Mexico), Museo de Arte Contempor\u00e1neo Ateneo de Yucat\u00e1n (M\u00e9rida, Mexico), Museo Rufino Tamayo (Mexico City, Mexico), Colecci\u00f3n Biblioteca Luis Angel Arango (Bogota, Colombia), Colecci\u00f3n Resistol (Mexico City, Mexico), Colecci\u00f3n Alfa (Monterrey, Mexico), Museo Pape (Coahuila, Mexico).<\/p>\n\n\n\n<div class=\"wp-block-buttons is-layout-flex wp-block-buttons-is-layout-flex\">\n<div class=\"wp-block-button is-style-fill\"><a class=\"wp-block-button__link has-background wp-element-button\" href=\"https:\/\/galeriamemoria.com\/wp-content\/uploads\/2024\/10\/VROJ_CV2024-2.pdf\" style=\"background-color:#949191\" target=\"_blank\" rel=\"noreferrer noopener\">CV<\/a><\/div>\n<\/div>\n<\/div>\n<\/div>\n<\/div>\n\n\n\n<p class=\"alignwide wp-block-paragraph\"><strong>Latest exhibitions:<\/strong><\/p>\n\n\n\n<div class=\"wp-block-jetpack-slideshow alignwide\" data-effect=\"slide\"><div class=\"wp-block-jetpack-slideshow_container swiper\"><ul class=\"wp-block-jetpack-slideshow_swiper-wrapper swiper-wrapper\"><li class=\"wp-block-jetpack-slideshow_slide swiper-slide\"><figure><img data-recalc-dims=\"1\" loading=\"lazy\" decoding=\"async\" width=\"5155\" height=\"3439\" alt=\"\" class=\"wp-block-jetpack-slideshow_image wp-image-1224\" data-id=\"1224\" src=\"https:\/\/i0.wp.com\/galeriamemoria.com\/wp-content\/uploads\/2024\/08\/DSC3018.jpg?resize=5155%2C3439&#038;ssl=1\" srcset=\"https:\/\/i0.wp.com\/galeriamemoria.com\/wp-content\/uploads\/2024\/08\/DSC3018.jpg?w=5155&amp;ssl=1 5155w, https:\/\/i0.wp.com\/galeriamemoria.com\/wp-content\/uploads\/2024\/08\/DSC3018.jpg?resize=300%2C200&amp;ssl=1 300w, https:\/\/i0.wp.com\/galeriamemoria.com\/wp-content\/uploads\/2024\/08\/DSC3018.jpg?resize=1024%2C683&amp;ssl=1 1024w, https:\/\/i0.wp.com\/galeriamemoria.com\/wp-content\/uploads\/2024\/08\/DSC3018.jpg?resize=768%2C512&amp;ssl=1 768w, https:\/\/i0.wp.com\/galeriamemoria.com\/wp-content\/uploads\/2024\/08\/DSC3018.jpg?resize=1536%2C1025&amp;ssl=1 1536w, https:\/\/i0.wp.com\/galeriamemoria.com\/wp-content\/uploads\/2024\/08\/DSC3018.jpg?resize=2048%2C1366&amp;ssl=1 2048w, https:\/\/i0.wp.com\/galeriamemoria.com\/wp-content\/uploads\/2024\/08\/DSC3018.jpg?resize=18%2C12&amp;ssl=1 18w, https:\/\/i0.wp.com\/galeriamemoria.com\/wp-content\/uploads\/2024\/08\/DSC3018.jpg?w=3000&amp;ssl=1 3000w\" sizes=\"(max-width: 1000px) 100vw, 1000px\" \/><figcaption class=\"wp-block-jetpack-slideshow_caption gallery-caption\">&#8220;Vicente Rojo &amp; Gustavo P\u00e9rez&#8221; MEMORIA, Madrid, 2023<\/figcaption><\/figure><\/li><li class=\"wp-block-jetpack-slideshow_slide swiper-slide\"><figure><img data-recalc-dims=\"1\" loading=\"lazy\" decoding=\"async\" width=\"3332\" height=\"2599\" alt=\"\" class=\"wp-block-jetpack-slideshow_image wp-image-225\" data-id=\"225\" src=\"https:\/\/i0.wp.com\/galeriamemoria.com\/wp-content\/uploads\/2024\/07\/memoria-4-8346-2.jpg?resize=3332%2C2599&#038;ssl=1\"\/><figcaption class=\"wp-block-jetpack-slideshow_caption gallery-caption\">&#8220;Vicente Rojo &amp; Gustavo P\u00e9rez&#8221; MEMORIA, Madrid, 2023<\/figcaption><\/figure><\/li><li class=\"wp-block-jetpack-slideshow_slide swiper-slide\"><figure><img data-recalc-dims=\"1\" loading=\"lazy\" decoding=\"async\" width=\"3448\" height=\"3448\" alt=\"\" class=\"wp-block-jetpack-slideshow_image wp-image-1225\" data-id=\"1225\" src=\"https:\/\/i0.wp.com\/galeriamemoria.com\/wp-content\/uploads\/2024\/08\/DSC2982.jpg?resize=3448%2C3448&#038;ssl=1\" srcset=\"https:\/\/i0.wp.com\/galeriamemoria.com\/wp-content\/uploads\/2024\/08\/DSC2982.jpg?w=3448&amp;ssl=1 3448w, https:\/\/i0.wp.com\/galeriamemoria.com\/wp-content\/uploads\/2024\/08\/DSC2982.jpg?resize=300%2C300&amp;ssl=1 300w, https:\/\/i0.wp.com\/galeriamemoria.com\/wp-content\/uploads\/2024\/08\/DSC2982.jpg?resize=1024%2C1024&amp;ssl=1 1024w, https:\/\/i0.wp.com\/galeriamemoria.com\/wp-content\/uploads\/2024\/08\/DSC2982.jpg?resize=150%2C150&amp;ssl=1 150w, https:\/\/i0.wp.com\/galeriamemoria.com\/wp-content\/uploads\/2024\/08\/DSC2982.jpg?resize=768%2C768&amp;ssl=1 768w, https:\/\/i0.wp.com\/galeriamemoria.com\/wp-content\/uploads\/2024\/08\/DSC2982.jpg?resize=1536%2C1536&amp;ssl=1 1536w, https:\/\/i0.wp.com\/galeriamemoria.com\/wp-content\/uploads\/2024\/08\/DSC2982.jpg?resize=2048%2C2048&amp;ssl=1 2048w, https:\/\/i0.wp.com\/galeriamemoria.com\/wp-content\/uploads\/2024\/08\/DSC2982.jpg?resize=12%2C12&amp;ssl=1 12w, https:\/\/i0.wp.com\/galeriamemoria.com\/wp-content\/uploads\/2024\/08\/DSC2982.jpg?w=3000&amp;ssl=1 3000w\" sizes=\"(max-width: 1000px) 100vw, 1000px\" \/><figcaption class=\"wp-block-jetpack-slideshow_caption gallery-caption\">&#8220;Vicente Rojo &amp; Gustavo P\u00e9rez&#8221; MEMORIA, Madrid, 2023<\/figcaption><\/figure><\/li><\/ul><a class=\"wp-block-jetpack-slideshow_button-prev swiper-button-prev swiper-button-white\" role=\"button\"><\/a><a class=\"wp-block-jetpack-slideshow_button-next swiper-button-next swiper-button-white\" role=\"button\"><\/a><a aria-label=\"Pause Slideshow\" class=\"wp-block-jetpack-slideshow_button-pause\" role=\"button\"><\/a><div class=\"wp-block-jetpack-slideshow_pagination swiper-pagination swiper-pagination-white\"><\/div><\/div><\/div>\n","protected":false},"excerpt":{"rendered":"<p>Vicente Rojo studied sculpture and ceramics in Barcelona until 1949, when he had to go into exile with his family to Mexico, where he studied painting and typography, working for more than fifty years as a graphic designer, painter and sculptor. Belonging to the Grupo de la Ruptura Mexicana, he also collaborated with the founding [&hellip;]<\/p>\n","protected":false},"author":251800687,"featured_media":667,"parent":1,"menu_order":0,"comment_status":"closed","ping_status":"closed","template":"","meta":{"advanced_seo_description":"","jetpack_seo_html_title":"","jetpack_seo_noindex":false,"jetpack_seo_schema_type":"","_wpcom_ai_launchpad_about_page":false,"_wpcom_ai_launchpad_gallery_page":false,"_wpcom_ai_launchpad_contact_page":false,"_wpcom_ai_launchpad_events_page":false,"_wpcom_ai_launchpad_video_page":false,"_wpcom_ai_launchpad_portfolio_piece":false,"footnotes":""},"class_list":["post-1223","page","type-page","status-publish","has-post-thumbnail","hentry"],"jetpack_likes_enabled":false,"jetpack_sharing_enabled":true,"jetpack_shortlink":"https:\/\/wp.me\/PfPCnn-jJ","jetpack-related-posts":[],"_links":{"self":[{"href":"https:\/\/galeriamemoria.com\/en\/wp-json\/wp\/v2\/pages\/1223","targetHints":{"allow":["GET"]}}],"collection":[{"href":"https:\/\/galeriamemoria.com\/en\/wp-json\/wp\/v2\/pages"}],"about":[{"href":"https:\/\/galeriamemoria.com\/en\/wp-json\/wp\/v2\/types\/page"}],"author":[{"embeddable":true,"href":"https:\/\/galeriamemoria.com\/en\/wp-json\/wp\/v2\/users\/251800687"}],"replies":[{"embeddable":true,"href":"https:\/\/galeriamemoria.com\/en\/wp-json\/wp\/v2\/comments?post=1223"}],"version-history":[{"count":16,"href":"https:\/\/galeriamemoria.com\/en\/wp-json\/wp\/v2\/pages\/1223\/revisions"}],"predecessor-version":[{"id":5071,"href":"https:\/\/galeriamemoria.com\/en\/wp-json\/wp\/v2\/pages\/1223\/revisions\/5071"}],"up":[{"embeddable":true,"href":"https:\/\/galeriamemoria.com\/en\/wp-json\/wp\/v2\/pages\/1"}],"wp:featuredmedia":[{"embeddable":true,"href":"https:\/\/galeriamemoria.com\/en\/wp-json\/wp\/v2\/media\/667"}],"wp:attachment":[{"href":"https:\/\/galeriamemoria.com\/en\/wp-json\/wp\/v2\/media?parent=1223"}],"curies":[{"name":"wp","href":"https:\/\/api.w.org\/{rel}","templated":true}]}}