{"id":1347,"date":"2024-08-27T14:24:21","date_gmt":"2024-08-27T12:24:21","guid":{"rendered":"https:\/\/galeriamemoria.com\/?page_id=1347"},"modified":"2024-10-04T10:21:44","modified_gmt":"2024-10-04T08:21:44","slug":"guillermo-nunez-la-escena-de-avanzada","status":"publish","type":"page","link":"https:\/\/galeriamemoria.com\/en\/guillermo-nunez-la-escena-de-avanzada\/","title":{"rendered":"Guillermo N\u00fa\u00f1ez &#038; la Escena de Avanzada"},"content":{"rendered":"\n<div class=\"wp-block-group alignfull is-style-default has-global-padding is-content-justification-center is-layout-constrained wp-block-group-is-layout-constrained\" style=\"margin-top:0;margin-bottom:0\">\n<div class=\"wp-block-group alignwide is-layout-flow wp-container-core-group-is-layout-c951c46d wp-block-group-is-layout-flow\">\n<div class=\"wp-block-jetpack-slideshow aligncenter\" data-effect=\"slide\"><div class=\"wp-block-jetpack-slideshow_container swiper-container\"><ul class=\"wp-block-jetpack-slideshow_swiper-wrapper swiper-wrapper\"><li class=\"wp-block-jetpack-slideshow_slide swiper-slide\"><figure><img data-recalc-dims=\"1\" fetchpriority=\"high\" decoding=\"async\" width=\"3560\" height=\"2559\" alt=\"\" class=\"wp-block-jetpack-slideshow_image wp-image-1353\" data-id=\"1353\" src=\"https:\/\/i0.wp.com\/galeriamemoria.com\/wp-content\/uploads\/2024\/08\/Guillermo-Nunez-la-Escena-de-Avanzada_installation-shot_07.jpg?resize=3560%2C2559&#038;ssl=1\" srcset=\"https:\/\/i0.wp.com\/galeriamemoria.com\/wp-content\/uploads\/2024\/08\/Guillermo-Nunez-la-Escena-de-Avanzada_installation-shot_07.jpg?w=3560&amp;ssl=1 3560w, https:\/\/i0.wp.com\/galeriamemoria.com\/wp-content\/uploads\/2024\/08\/Guillermo-Nunez-la-Escena-de-Avanzada_installation-shot_07.jpg?resize=300%2C216&amp;ssl=1 300w, https:\/\/i0.wp.com\/galeriamemoria.com\/wp-content\/uploads\/2024\/08\/Guillermo-Nunez-la-Escena-de-Avanzada_installation-shot_07.jpg?resize=1024%2C736&amp;ssl=1 1024w, https:\/\/i0.wp.com\/galeriamemoria.com\/wp-content\/uploads\/2024\/08\/Guillermo-Nunez-la-Escena-de-Avanzada_installation-shot_07.jpg?resize=768%2C552&amp;ssl=1 768w, https:\/\/i0.wp.com\/galeriamemoria.com\/wp-content\/uploads\/2024\/08\/Guillermo-Nunez-la-Escena-de-Avanzada_installation-shot_07.jpg?resize=1536%2C1104&amp;ssl=1 1536w, https:\/\/i0.wp.com\/galeriamemoria.com\/wp-content\/uploads\/2024\/08\/Guillermo-Nunez-la-Escena-de-Avanzada_installation-shot_07.jpg?resize=2048%2C1472&amp;ssl=1 2048w, https:\/\/i0.wp.com\/galeriamemoria.com\/wp-content\/uploads\/2024\/08\/Guillermo-Nunez-la-Escena-de-Avanzada_installation-shot_07.jpg?resize=18%2C12&amp;ssl=1 18w, https:\/\/i0.wp.com\/galeriamemoria.com\/wp-content\/uploads\/2024\/08\/Guillermo-Nunez-la-Escena-de-Avanzada_installation-shot_07.jpg?w=3000&amp;ssl=1 3000w\" sizes=\"(max-width: 1000px) 100vw, 1000px\" \/><figcaption class=\"wp-block-jetpack-slideshow_caption gallery-caption\">&#8220;Guillermo Nun\u0303ez &#038; la Escena de Avanzada&#8221;, MEMORIA, Madrid, 2023<\/figcaption><\/figure><\/li><li class=\"wp-block-jetpack-slideshow_slide swiper-slide\"><figure><img data-recalc-dims=\"1\" decoding=\"async\" width=\"2948\" height=\"2123\" alt=\"\" class=\"wp-block-jetpack-slideshow_image wp-image-1348\" data-id=\"1348\" src=\"https:\/\/i0.wp.com\/galeriamemoria.com\/wp-content\/uploads\/2024\/08\/Guillermo-Nunez-la-Escena-de-Avanzada_installation-shot_02-1.jpg?resize=2948%2C2123&#038;ssl=1\" srcset=\"https:\/\/i0.wp.com\/galeriamemoria.com\/wp-content\/uploads\/2024\/08\/Guillermo-Nunez-la-Escena-de-Avanzada_installation-shot_02-1.jpg?w=2948&amp;ssl=1 2948w, https:\/\/i0.wp.com\/galeriamemoria.com\/wp-content\/uploads\/2024\/08\/Guillermo-Nunez-la-Escena-de-Avanzada_installation-shot_02-1.jpg?resize=300%2C216&amp;ssl=1 300w, https:\/\/i0.wp.com\/galeriamemoria.com\/wp-content\/uploads\/2024\/08\/Guillermo-Nunez-la-Escena-de-Avanzada_installation-shot_02-1.jpg?resize=1024%2C737&amp;ssl=1 1024w, https:\/\/i0.wp.com\/galeriamemoria.com\/wp-content\/uploads\/2024\/08\/Guillermo-Nunez-la-Escena-de-Avanzada_installation-shot_02-1.jpg?resize=768%2C553&amp;ssl=1 768w, https:\/\/i0.wp.com\/galeriamemoria.com\/wp-content\/uploads\/2024\/08\/Guillermo-Nunez-la-Escena-de-Avanzada_installation-shot_02-1.jpg?resize=1536%2C1106&amp;ssl=1 1536w, https:\/\/i0.wp.com\/galeriamemoria.com\/wp-content\/uploads\/2024\/08\/Guillermo-Nunez-la-Escena-de-Avanzada_installation-shot_02-1.jpg?resize=2048%2C1475&amp;ssl=1 2048w, https:\/\/i0.wp.com\/galeriamemoria.com\/wp-content\/uploads\/2024\/08\/Guillermo-Nunez-la-Escena-de-Avanzada_installation-shot_02-1.jpg?resize=18%2C12&amp;ssl=1 18w\" sizes=\"(max-width: 1000px) 100vw, 1000px\" \/><figcaption class=\"wp-block-jetpack-slideshow_caption gallery-caption\">&#8220;Guillermo Nun\u0303ez &#038; la Escena de Avanzada&#8221;, MEMORIA, Madrid, 2023<\/figcaption><\/figure><\/li><li class=\"wp-block-jetpack-slideshow_slide swiper-slide\"><figure><img data-recalc-dims=\"1\" decoding=\"async\" width=\"3224\" height=\"2259\" alt=\"\" class=\"wp-block-jetpack-slideshow_image wp-image-1349\" data-id=\"1349\" src=\"https:\/\/i0.wp.com\/galeriamemoria.com\/wp-content\/uploads\/2024\/08\/Guillermo-Nunez-la-Escena-de-Avanzada_installation-shot_03-1.jpg?resize=3224%2C2259&#038;ssl=1\" srcset=\"https:\/\/i0.wp.com\/galeriamemoria.com\/wp-content\/uploads\/2024\/08\/Guillermo-Nunez-la-Escena-de-Avanzada_installation-shot_03-1.jpg?w=3224&amp;ssl=1 3224w, https:\/\/i0.wp.com\/galeriamemoria.com\/wp-content\/uploads\/2024\/08\/Guillermo-Nunez-la-Escena-de-Avanzada_installation-shot_03-1.jpg?resize=300%2C210&amp;ssl=1 300w, https:\/\/i0.wp.com\/galeriamemoria.com\/wp-content\/uploads\/2024\/08\/Guillermo-Nunez-la-Escena-de-Avanzada_installation-shot_03-1.jpg?resize=1024%2C717&amp;ssl=1 1024w, https:\/\/i0.wp.com\/galeriamemoria.com\/wp-content\/uploads\/2024\/08\/Guillermo-Nunez-la-Escena-de-Avanzada_installation-shot_03-1.jpg?resize=768%2C538&amp;ssl=1 768w, https:\/\/i0.wp.com\/galeriamemoria.com\/wp-content\/uploads\/2024\/08\/Guillermo-Nunez-la-Escena-de-Avanzada_installation-shot_03-1.jpg?resize=1536%2C1076&amp;ssl=1 1536w, https:\/\/i0.wp.com\/galeriamemoria.com\/wp-content\/uploads\/2024\/08\/Guillermo-Nunez-la-Escena-de-Avanzada_installation-shot_03-1.jpg?resize=2048%2C1435&amp;ssl=1 2048w, https:\/\/i0.wp.com\/galeriamemoria.com\/wp-content\/uploads\/2024\/08\/Guillermo-Nunez-la-Escena-de-Avanzada_installation-shot_03-1.jpg?resize=18%2C12&amp;ssl=1 18w, https:\/\/i0.wp.com\/galeriamemoria.com\/wp-content\/uploads\/2024\/08\/Guillermo-Nunez-la-Escena-de-Avanzada_installation-shot_03-1.jpg?w=3000&amp;ssl=1 3000w\" sizes=\"(max-width: 1000px) 100vw, 1000px\" \/><figcaption class=\"wp-block-jetpack-slideshow_caption gallery-caption\">&#8220;Guillermo Nun\u0303ez &#038; la Escena de Avanzada&#8221;, MEMORIA, Madrid, 2023<\/figcaption><\/figure><\/li><li class=\"wp-block-jetpack-slideshow_slide swiper-slide\"><figure><img data-recalc-dims=\"1\" loading=\"lazy\" decoding=\"async\" width=\"2277\" height=\"2549\" alt=\"\" class=\"wp-block-jetpack-slideshow_image wp-image-1350\" data-id=\"1350\" src=\"https:\/\/i0.wp.com\/galeriamemoria.com\/wp-content\/uploads\/2024\/08\/Guillermo-Nunez-la-Escena-de-Avanzada_installation-shot_04.jpg?resize=2277%2C2549&#038;ssl=1\" srcset=\"https:\/\/i0.wp.com\/galeriamemoria.com\/wp-content\/uploads\/2024\/08\/Guillermo-Nunez-la-Escena-de-Avanzada_installation-shot_04.jpg?w=2277&amp;ssl=1 2277w, https:\/\/i0.wp.com\/galeriamemoria.com\/wp-content\/uploads\/2024\/08\/Guillermo-Nunez-la-Escena-de-Avanzada_installation-shot_04.jpg?resize=268%2C300&amp;ssl=1 268w, https:\/\/i0.wp.com\/galeriamemoria.com\/wp-content\/uploads\/2024\/08\/Guillermo-Nunez-la-Escena-de-Avanzada_installation-shot_04.jpg?resize=915%2C1024&amp;ssl=1 915w, https:\/\/i0.wp.com\/galeriamemoria.com\/wp-content\/uploads\/2024\/08\/Guillermo-Nunez-la-Escena-de-Avanzada_installation-shot_04.jpg?resize=768%2C860&amp;ssl=1 768w, https:\/\/i0.wp.com\/galeriamemoria.com\/wp-content\/uploads\/2024\/08\/Guillermo-Nunez-la-Escena-de-Avanzada_installation-shot_04.jpg?resize=1372%2C1536&amp;ssl=1 1372w, https:\/\/i0.wp.com\/galeriamemoria.com\/wp-content\/uploads\/2024\/08\/Guillermo-Nunez-la-Escena-de-Avanzada_installation-shot_04.jpg?resize=1829%2C2048&amp;ssl=1 1829w, https:\/\/i0.wp.com\/galeriamemoria.com\/wp-content\/uploads\/2024\/08\/Guillermo-Nunez-la-Escena-de-Avanzada_installation-shot_04.jpg?resize=11%2C12&amp;ssl=1 11w, https:\/\/i0.wp.com\/galeriamemoria.com\/wp-content\/uploads\/2024\/08\/Guillermo-Nunez-la-Escena-de-Avanzada_installation-shot_04.jpg?w=2000&amp;ssl=1 2000w\" sizes=\"(max-width: 1000px) 100vw, 1000px\" \/><figcaption class=\"wp-block-jetpack-slideshow_caption gallery-caption\">&#8220;Guillermo Nun\u0303ez &#038; la Escena de Avanzada&#8221;, MEMORIA, Madrid, 2023<\/figcaption><\/figure><\/li><li class=\"wp-block-jetpack-slideshow_slide swiper-slide\"><figure><img data-recalc-dims=\"1\" loading=\"lazy\" decoding=\"async\" width=\"2475\" height=\"1858\" alt=\"\" class=\"wp-block-jetpack-slideshow_image wp-image-1351\" data-id=\"1351\" src=\"https:\/\/i0.wp.com\/galeriamemoria.com\/wp-content\/uploads\/2024\/08\/Guillermo-Nunez-la-Escena-de-Avanzada_installation-shot_05.jpg?resize=2475%2C1858&#038;ssl=1\" srcset=\"https:\/\/i0.wp.com\/galeriamemoria.com\/wp-content\/uploads\/2024\/08\/Guillermo-Nunez-la-Escena-de-Avanzada_installation-shot_05.jpg?w=2475&amp;ssl=1 2475w, https:\/\/i0.wp.com\/galeriamemoria.com\/wp-content\/uploads\/2024\/08\/Guillermo-Nunez-la-Escena-de-Avanzada_installation-shot_05.jpg?resize=300%2C225&amp;ssl=1 300w, https:\/\/i0.wp.com\/galeriamemoria.com\/wp-content\/uploads\/2024\/08\/Guillermo-Nunez-la-Escena-de-Avanzada_installation-shot_05.jpg?resize=1024%2C769&amp;ssl=1 1024w, https:\/\/i0.wp.com\/galeriamemoria.com\/wp-content\/uploads\/2024\/08\/Guillermo-Nunez-la-Escena-de-Avanzada_installation-shot_05.jpg?resize=768%2C577&amp;ssl=1 768w, https:\/\/i0.wp.com\/galeriamemoria.com\/wp-content\/uploads\/2024\/08\/Guillermo-Nunez-la-Escena-de-Avanzada_installation-shot_05.jpg?resize=1536%2C1153&amp;ssl=1 1536w, https:\/\/i0.wp.com\/galeriamemoria.com\/wp-content\/uploads\/2024\/08\/Guillermo-Nunez-la-Escena-de-Avanzada_installation-shot_05.jpg?resize=2048%2C1537&amp;ssl=1 2048w, https:\/\/i0.wp.com\/galeriamemoria.com\/wp-content\/uploads\/2024\/08\/Guillermo-Nunez-la-Escena-de-Avanzada_installation-shot_05.jpg?resize=16%2C12&amp;ssl=1 16w\" sizes=\"(max-width: 1000px) 100vw, 1000px\" \/><figcaption class=\"wp-block-jetpack-slideshow_caption gallery-caption\">&#8220;Guillermo Nun\u0303ez &#038; la Escena de Avanzada&#8221;, MEMORIA, Madrid, 2023<\/figcaption><\/figure><\/li><li class=\"wp-block-jetpack-slideshow_slide swiper-slide\"><figure><img data-recalc-dims=\"1\" loading=\"lazy\" decoding=\"async\" width=\"3443\" height=\"2551\" alt=\"\" class=\"wp-block-jetpack-slideshow_image wp-image-1352\" data-id=\"1352\" src=\"https:\/\/i0.wp.com\/galeriamemoria.com\/wp-content\/uploads\/2024\/08\/Guillermo-Nunez-la-Escena-de-Avanzada_installation-shot_06-1.jpg?resize=3443%2C2551&#038;ssl=1\" srcset=\"https:\/\/i0.wp.com\/galeriamemoria.com\/wp-content\/uploads\/2024\/08\/Guillermo-Nunez-la-Escena-de-Avanzada_installation-shot_06-1.jpg?w=3443&amp;ssl=1 3443w, https:\/\/i0.wp.com\/galeriamemoria.com\/wp-content\/uploads\/2024\/08\/Guillermo-Nunez-la-Escena-de-Avanzada_installation-shot_06-1.jpg?resize=300%2C222&amp;ssl=1 300w, https:\/\/i0.wp.com\/galeriamemoria.com\/wp-content\/uploads\/2024\/08\/Guillermo-Nunez-la-Escena-de-Avanzada_installation-shot_06-1.jpg?resize=1024%2C759&amp;ssl=1 1024w, https:\/\/i0.wp.com\/galeriamemoria.com\/wp-content\/uploads\/2024\/08\/Guillermo-Nunez-la-Escena-de-Avanzada_installation-shot_06-1.jpg?resize=768%2C569&amp;ssl=1 768w, https:\/\/i0.wp.com\/galeriamemoria.com\/wp-content\/uploads\/2024\/08\/Guillermo-Nunez-la-Escena-de-Avanzada_installation-shot_06-1.jpg?resize=1536%2C1138&amp;ssl=1 1536w, https:\/\/i0.wp.com\/galeriamemoria.com\/wp-content\/uploads\/2024\/08\/Guillermo-Nunez-la-Escena-de-Avanzada_installation-shot_06-1.jpg?resize=2048%2C1517&amp;ssl=1 2048w, https:\/\/i0.wp.com\/galeriamemoria.com\/wp-content\/uploads\/2024\/08\/Guillermo-Nunez-la-Escena-de-Avanzada_installation-shot_06-1.jpg?resize=16%2C12&amp;ssl=1 16w, https:\/\/i0.wp.com\/galeriamemoria.com\/wp-content\/uploads\/2024\/08\/Guillermo-Nunez-la-Escena-de-Avanzada_installation-shot_06-1.jpg?w=3000&amp;ssl=1 3000w\" sizes=\"(max-width: 1000px) 100vw, 1000px\" \/><figcaption class=\"wp-block-jetpack-slideshow_caption gallery-caption\">&#8220;Guillermo Nun\u0303ez &#038; la Escena de Avanzada&#8221;, MEMORIA, Madrid, 2023<\/figcaption><\/figure><\/li><\/ul><a class=\"wp-block-jetpack-slideshow_button-prev swiper-button-prev swiper-button-white\" role=\"button\"><\/a><a class=\"wp-block-jetpack-slideshow_button-next swiper-button-next swiper-button-white\" role=\"button\"><\/a><a aria-label=\"Pause Slideshow\" class=\"wp-block-jetpack-slideshow_button-pause\" role=\"button\"><\/a><div class=\"wp-block-jetpack-slideshow_pagination swiper-pagination swiper-pagination-white\"><\/div><\/div><\/div>\n\n\n\n<div class=\"wp-block-columns is-layout-flex wp-container-core-columns-is-layout-8dc9b08b wp-block-columns-is-layout-flex\" style=\"margin-top:0;margin-bottom:0\">\n<div class=\"wp-block-column is-layout-flow wp-block-column-is-layout-flow\" style=\"flex-basis:100%\">\n<h2 class=\"wp-block-heading alignwide has-x-large-font-size\"><em><strong>Guillermo N\u00fa\u00f1ez &amp; la Escena de Avanzada<\/strong><\/em><\/h2>\n\n\n\n<p class=\"has-text-color has-link-color has-large-font-size wp-elements-1 wp-block-paragraph\" style=\"color:#1f1f1fc2\"><strong><a href=\"https:\/\/galeriamemoria.com\/artists\/guillermo-nunez\/\" data-type=\"page\" data-id=\"1184\">Guillermo N\u00fa\u00f1ez<\/a><\/strong><\/p>\n\n\n\n<div class=\"wp-block-columns is-layout-flex wp-container-core-columns-is-layout-28f84493 wp-block-columns-is-layout-flex\">\n<div class=\"wp-block-column is-vertically-aligned-center is-layout-flow wp-block-column-is-layout-flow\" style=\"flex-basis:25%\">\n<div class=\"wp-block-group has-global-padding is-layout-constrained wp-block-group-is-layout-constrained\">\n<div class=\"wp-block-group has-global-padding is-content-justification-left is-layout-constrained wp-container-core-group-is-layout-12dd3699 wp-block-group-is-layout-constrained\">\n<div class=\"wp-block-group alignwide has-global-padding is-layout-constrained wp-block-group-is-layout-constrained\">\n<div class=\"wp-block-group has-global-padding is-layout-constrained wp-block-group-is-layout-constrained\">\n<p class=\"wp-block-paragraph\"><strong>MEMORIA (Centro)<\/strong><br>21.04.2023 &#8211; 27.05.2023&nbsp;<\/p>\n<\/div>\n<\/div>\n<\/div>\n<\/div>\n<\/div>\n\n\n\n<div class=\"wp-block-column is-layout-flow wp-block-column-is-layout-flow\" style=\"flex-basis:50%\">\n<div class=\"wp-block-buttons is-content-justification-right is-layout-flex wp-container-core-buttons-is-layout-20c4a405 wp-block-buttons-is-layout-flex\"><\/div>\n<\/div>\n<\/div>\n<\/div>\n<\/div>\n\n\n\n<p class=\"has-text-align-justify wp-block-paragraph\">Memoria presents <em>Guillermo N\u00fa\u00f1ez &amp; la Escena de Avanzada<\/em>, a review capsule of the conceptual work of Guillermo N\u00fa\u00f1ez (Santiago de Chile, 1930) which represents his first appearance in Europe in the last 40 years. N\u00fa\u00f1ez, one of the key artists of Latin America, Chilean National Award Winner in 2007, vindicates his conceptual strategies since the late 1960s through his <em>Poster Shop<\/em> silkscreen project, reviewing the <em>Printuras y Exculturas<\/em> exhibition that costed the torture and the subsequent exile of the artist in 1975, until his artistic actions carried out from his French exile where he will remain until 1986.<br><br>The curatorial narrative is made up of 80 pieces including serigraphs and artifacts that present and demonstrate the catalytic and early importance of this artist in the use of images and documents, positioning him as a precursor engine of the conceptual practices typical of the Chilean Advanced Scene, term that would be coined by the critic of French origin Nelly Richard.&nbsp;<br><br>Guillermo N\u00fa\u00f1ez, historiographically considered to date as an artist alien to this movement and reviewed mainly from his purely pictorial aspect, deployed in this project all his conceptual and semantic strength that influenced many artists of future generations such as Eugenio Dittborn, Carlos Leppe or the CADA group in Chile, as well as similar artistic movements in Europe such as Art Povera and the international Fluxus movement.<br><br>The Chilean artist, through his series <em>Libertad Condicional<\/em> and <em>Suma Arqueol\u00f3gica<\/em>, moves away from an aestheticizing effect of painting and proposes a syntactic break that distances the viewer from the idea of totality. In the words of the author: \u201cThis conceptual work mixes screen printing and art actions from bland documents that are charged with meaning through the creative process. Then, the innocent images become guilty\u201d (A cage, La Monalisa, a lamp, a cage, a row of missionaries). Guillermo N\u00fa\u00f1ez\u2019s body of work from this period operates in a certain way under an oblique language and lack of directionality, almost contrary to the type of work carried out years before during the Popular Unity, whose message and language was subordinated to its propaganda function. In his Avanzada works, N\u00fa\u00f1ez encrypts and codifies his language that totally polarizes that duality.<br><br>Memoria adds to the commitment of museum institutions, such as the Museum of Modern Art (MoMA, New York) or the Museo Nacional Reina Sof\u00eda (Madrid), who have recently incorporated works from this critical period of the author into their collections, thus inserting a much more conceptual constellation and languages extensive and enriching.<\/p>\n\n\n\n<p class=\"wp-block-paragraph\"><\/p>\n<\/div>\n\n\n\n<div style=\"height:0px\" aria-hidden=\"true\" class=\"wp-block-spacer\"><\/div>\n<\/div>\n\n\n\n<h3 class=\"wp-block-heading alignwide has-medium-font-size\"><strong>SELECTION OF WORKS<\/strong><\/h3>\n\n\n\n<div class=\"wp-block-jetpack-tiled-gallery alignwide is-style-square\"><div class=\"\"><div class=\"tiled-gallery__gallery\"><div class=\"tiled-gallery__row columns-4\"><div class=\"tiled-gallery__col\"><figure class=\"tiled-gallery__item\"><img decoding=\"async\" data-attachment-id=\"664\" data-permalink=\"https:\/\/galeriamemoria.com\/en\/172-2\/\" data-orig-file=\"https:\/\/i0.wp.com\/galeriamemoria.com\/wp-content\/uploads\/2024\/08\/172-edited.jpg?fit=2586%2C3450&amp;ssl=1\" data-orig-size=\"2586,3450\" data-comments-opened=\"0\" data-image-title=\"Guillermo N\u00fa\u00f1ez, Untitled, Suma arqueol\u00f3gica, ca. 1975\" data-image-description=\"\" data-image-caption=\"&lt;p&gt;Guillermo N\u00fa\u00f1ez, Untitled, Suma arqueol\u00f3gica, ca. 1975&lt;\/p&gt;\n\" data-large-file=\"https:\/\/i0.wp.com\/galeriamemoria.com\/wp-content\/uploads\/2024\/08\/172-edited.jpg?fit=768%2C1024&amp;ssl=1\" role=\"button\" tabindex=\"0\" aria-label=\"Open image 1 of 8 in full-screen\" srcset=\"https:\/\/i1.wp.com\/galeriamemoria.com\/wp-content\/uploads\/2024\/08\/172-edited.jpg?resize=600%2C600&#038;strip=info&#038;ssl=1 600w,https:\/\/i1.wp.com\/galeriamemoria.com\/wp-content\/uploads\/2024\/08\/172-edited.jpg?resize=900%2C900&#038;strip=info&#038;ssl=1 900w,https:\/\/i1.wp.com\/galeriamemoria.com\/wp-content\/uploads\/2024\/08\/172-edited.jpg?resize=1200%2C1200&#038;strip=info&#038;ssl=1 1200w,https:\/\/i1.wp.com\/galeriamemoria.com\/wp-content\/uploads\/2024\/08\/172-edited.jpg?resize=1500%2C1500&#038;strip=info&#038;ssl=1 1500w,https:\/\/i1.wp.com\/galeriamemoria.com\/wp-content\/uploads\/2024\/08\/172-edited.jpg?resize=1800%2C1800&#038;strip=info&#038;ssl=1 1800w,https:\/\/i1.wp.com\/galeriamemoria.com\/wp-content\/uploads\/2024\/08\/172-edited.jpg?resize=2000%2C2000&#038;strip=info&#038;ssl=1 2000w\" alt=\"\" data-height=\"3450\" data-id=\"664\" data-link=\"https:\/\/galeriamemoria.com\/172-2\/\" data-url=\"https:\/\/galeriamemoria.com\/wp-content\/uploads\/2024\/08\/172-edited.jpg\" data-width=\"2586\" src=\"https:\/\/i1.wp.com\/galeriamemoria.com\/wp-content\/uploads\/2024\/08\/172-edited.jpg?ssl=1&amp;resize=2000%2C2000\" data-amp-layout=\"responsive\" tabindex=\"0\" role=\"button\" aria-label=\"Abrir la imagen 1 de 8 en pantalla completa\"\/><\/figure><\/div><div class=\"tiled-gallery__col\"><figure class=\"tiled-gallery__item\"><img decoding=\"async\" data-attachment-id=\"628\" data-permalink=\"https:\/\/galeriamemoria.com\/en\/sab10p2-47\/\" data-orig-file=\"https:\/\/i0.wp.com\/galeriamemoria.com\/wp-content\/uploads\/2024\/08\/sab10p2-47.jpg?fit=5568%2C3712&amp;ssl=1\" data-orig-size=\"5568,3712\" data-comments-opened=\"0\" data-image-title=\"Guillermo N\u00fa\u00f1ez, &amp;#8220;Libertad condicional&amp;#8221;, ca. 1975\" data-image-description=\"\" data-image-caption=\"&lt;p&gt;Guillermo N\u00fa\u00f1ez, &amp;#8220;Libertad condicional&amp;#8221;, ca. 1975&lt;\/p&gt;\n\" data-large-file=\"https:\/\/i0.wp.com\/galeriamemoria.com\/wp-content\/uploads\/2024\/08\/sab10p2-47.jpg?fit=1024%2C683&amp;ssl=1\" role=\"button\" tabindex=\"0\" aria-label=\"Open image 2 of 8 in full-screen\" srcset=\"https:\/\/i0.wp.com\/galeriamemoria.com\/wp-content\/uploads\/2024\/08\/sab10p2-47.jpg?resize=600%2C600&#038;strip=info&#038;ssl=1 600w,https:\/\/i0.wp.com\/galeriamemoria.com\/wp-content\/uploads\/2024\/08\/sab10p2-47.jpg?resize=900%2C900&#038;strip=info&#038;ssl=1 900w,https:\/\/i0.wp.com\/galeriamemoria.com\/wp-content\/uploads\/2024\/08\/sab10p2-47.jpg?resize=1200%2C1200&#038;strip=info&#038;ssl=1 1200w,https:\/\/i0.wp.com\/galeriamemoria.com\/wp-content\/uploads\/2024\/08\/sab10p2-47.jpg?resize=1500%2C1500&#038;strip=info&#038;ssl=1 1500w,https:\/\/i0.wp.com\/galeriamemoria.com\/wp-content\/uploads\/2024\/08\/sab10p2-47.jpg?resize=1800%2C1800&#038;strip=info&#038;ssl=1 1800w,https:\/\/i0.wp.com\/galeriamemoria.com\/wp-content\/uploads\/2024\/08\/sab10p2-47.jpg?resize=2000%2C2000&#038;strip=info&#038;ssl=1 2000w\" alt=\"\" data-height=\"3712\" data-id=\"628\" data-link=\"https:\/\/galeriamemoria.com\/sab10p2-47\/\" data-url=\"https:\/\/galeriamemoria.com\/wp-content\/uploads\/2024\/08\/sab10p2-47.jpg\" data-width=\"5568\" src=\"https:\/\/i0.wp.com\/galeriamemoria.com\/wp-content\/uploads\/2024\/08\/sab10p2-47.jpg?ssl=1&amp;resize=2000%2C2000\" data-amp-layout=\"responsive\" tabindex=\"0\" role=\"button\" aria-label=\"Abrir la imagen 2 de 8 en pantalla completa\"\/><\/figure><\/div><div class=\"tiled-gallery__col\"><figure class=\"tiled-gallery__item\"><img decoding=\"async\" data-attachment-id=\"1354\" data-permalink=\"https:\/\/galeriamemoria.com\/en\/97\/\" data-orig-file=\"https:\/\/i0.wp.com\/galeriamemoria.com\/wp-content\/uploads\/2024\/08\/97.jpg?fit=3898%2C3093&amp;ssl=1\" data-orig-size=\"3898,3093\" data-comments-opened=\"0\" data-image-title=\"Guillermo Nu\u00f1ez, Untitled, ca. 1975\" data-image-description=\"\" data-image-caption=\"&lt;p&gt;Guillermo Nu\u00f1ez, Untitled, ca. 1975&lt;\/p&gt;\n\" data-large-file=\"https:\/\/i0.wp.com\/galeriamemoria.com\/wp-content\/uploads\/2024\/08\/97.jpg?fit=1024%2C813&amp;ssl=1\" role=\"button\" tabindex=\"0\" aria-label=\"Open image 3 of 8 in full-screen\" srcset=\"https:\/\/i1.wp.com\/galeriamemoria.com\/wp-content\/uploads\/2024\/08\/97-1024x813.jpg?resize=600%2C600&#038;strip=info&#038;ssl=1 600w,https:\/\/i1.wp.com\/galeriamemoria.com\/wp-content\/uploads\/2024\/08\/97-1024x813.jpg?resize=813%2C813&#038;strip=info&#038;ssl=1 813w\" alt=\"\" data-height=\"3093\" data-id=\"1354\" data-link=\"https:\/\/galeriamemoria.com\/97\/\" data-url=\"https:\/\/galeriamemoria.com\/wp-content\/uploads\/2024\/08\/97-1024x813.jpg\" data-width=\"3898\" src=\"https:\/\/i1.wp.com\/galeriamemoria.com\/wp-content\/uploads\/2024\/08\/97-1024x813.jpg?ssl=1&amp;resize=2000%2C2000\" data-amp-layout=\"responsive\" tabindex=\"0\" role=\"button\" aria-label=\"Abrir la imagen 3 de 8 en pantalla completa\"\/><\/figure><\/div><div class=\"tiled-gallery__col\"><figure class=\"tiled-gallery__item\"><img decoding=\"async\" data-attachment-id=\"1355\" data-permalink=\"https:\/\/galeriamemoria.com\/en\/98\/\" data-orig-file=\"https:\/\/i0.wp.com\/galeriamemoria.com\/wp-content\/uploads\/2024\/08\/98.jpg?fit=3898%2C3199&amp;ssl=1\" data-orig-size=\"3898,3199\" data-comments-opened=\"0\" data-image-title=\"Guillermo Nu\u00f1ez, Untitled, ca. 1975\" data-image-description=\"\" data-image-caption=\"&lt;p&gt;Guillermo Nu\u00f1ez, Untitled, ca. 1975&lt;\/p&gt;\n\" data-large-file=\"https:\/\/i0.wp.com\/galeriamemoria.com\/wp-content\/uploads\/2024\/08\/98.jpg?fit=1024%2C840&amp;ssl=1\" role=\"button\" tabindex=\"0\" aria-label=\"Open image 4 of 8 in full-screen\" srcset=\"https:\/\/i0.wp.com\/galeriamemoria.com\/wp-content\/uploads\/2024\/08\/98-1024x840.jpg?resize=600%2C600&#038;strip=info&#038;ssl=1 600w,https:\/\/i0.wp.com\/galeriamemoria.com\/wp-content\/uploads\/2024\/08\/98-1024x840.jpg?resize=840%2C840&#038;strip=info&#038;ssl=1 840w\" alt=\"\" data-height=\"3199\" data-id=\"1355\" data-link=\"https:\/\/galeriamemoria.com\/98\/\" data-url=\"https:\/\/galeriamemoria.com\/wp-content\/uploads\/2024\/08\/98-1024x840.jpg\" data-width=\"3898\" src=\"https:\/\/i0.wp.com\/galeriamemoria.com\/wp-content\/uploads\/2024\/08\/98-1024x840.jpg?ssl=1&amp;resize=2000%2C2000\" data-amp-layout=\"responsive\" tabindex=\"0\" role=\"button\" aria-label=\"Abrir la imagen 4 de 8 en pantalla completa\"\/><\/figure><\/div><\/div><div class=\"tiled-gallery__row columns-4\"><div class=\"tiled-gallery__col\"><figure class=\"tiled-gallery__item\"><img decoding=\"async\" data-attachment-id=\"1356\" data-permalink=\"https:\/\/galeriamemoria.com\/en\/118\/\" data-orig-file=\"https:\/\/i0.wp.com\/galeriamemoria.com\/wp-content\/uploads\/2024\/08\/118.jpg?fit=2640%2C3735&amp;ssl=1\" data-orig-size=\"2640,3735\" data-comments-opened=\"0\" data-image-title=\"Guillermo Nu\u00f1ez, &amp;#8220;Suma arqueol\u00f3gica&amp;#8221;, ca. 1975\" data-image-description=\"\" data-image-caption=\"&lt;p&gt;Guillermo Nu\u00f1ez, &amp;#8220;Suma arqueol\u00f3gica&amp;#8221;, ca. 1975&lt;\/p&gt;\n\" data-large-file=\"https:\/\/i0.wp.com\/galeriamemoria.com\/wp-content\/uploads\/2024\/08\/118.jpg?fit=724%2C1024&amp;ssl=1\" role=\"button\" tabindex=\"0\" aria-label=\"Open image 5 of 8 in full-screen\" srcset=\"https:\/\/i0.wp.com\/galeriamemoria.com\/wp-content\/uploads\/2024\/08\/118-724x1024.jpg?resize=600%2C600&#038;strip=info&#038;ssl=1 600w,https:\/\/i0.wp.com\/galeriamemoria.com\/wp-content\/uploads\/2024\/08\/118-724x1024.jpg?resize=724%2C724&#038;strip=info&#038;ssl=1 724w\" alt=\"\" data-height=\"3735\" data-id=\"1356\" data-link=\"https:\/\/galeriamemoria.com\/118\/\" data-url=\"https:\/\/galeriamemoria.com\/wp-content\/uploads\/2024\/08\/118-724x1024.jpg\" data-width=\"2640\" src=\"https:\/\/i0.wp.com\/galeriamemoria.com\/wp-content\/uploads\/2024\/08\/118-724x1024.jpg?ssl=1&amp;resize=2000%2C2000\" data-amp-layout=\"responsive\" tabindex=\"0\" role=\"button\" aria-label=\"Abrir la imagen 5 de 8 en pantalla completa\"\/><\/figure><\/div><div class=\"tiled-gallery__col\"><figure class=\"tiled-gallery__item\"><img decoding=\"async\" data-attachment-id=\"1357\" data-permalink=\"https:\/\/galeriamemoria.com\/en\/159\/\" data-orig-file=\"https:\/\/i0.wp.com\/galeriamemoria.com\/wp-content\/uploads\/2024\/08\/159.jpg?fit=2170%2C3898&amp;ssl=1\" data-orig-size=\"2170,3898\" data-comments-opened=\"0\" data-image-title=\"Guillermo Nu\u00f1ez, &amp;#8220;Vietnam vencer\u00e1&amp;#8221;, 1968\" data-image-description=\"\" data-image-caption=\"&lt;p&gt;Guillermo Nu\u00f1ez, &amp;#8220;Vietnam vencer\u00e1&amp;#8221;, 1968&lt;\/p&gt;\n\" data-large-file=\"https:\/\/i0.wp.com\/galeriamemoria.com\/wp-content\/uploads\/2024\/08\/159.jpg?fit=570%2C1024&amp;ssl=1\" role=\"button\" tabindex=\"0\" aria-label=\"Open image 6 of 8 in full-screen\" srcset=\"https:\/\/i2.wp.com\/galeriamemoria.com\/wp-content\/uploads\/2024\/08\/159-570x1024.jpg?resize=570%2C570&#038;strip=info&#038;ssl=1 570w\" alt=\"\" data-height=\"3898\" data-id=\"1357\" data-link=\"https:\/\/galeriamemoria.com\/159\/\" data-url=\"https:\/\/galeriamemoria.com\/wp-content\/uploads\/2024\/08\/159-570x1024.jpg\" data-width=\"2170\" src=\"https:\/\/i2.wp.com\/galeriamemoria.com\/wp-content\/uploads\/2024\/08\/159-570x1024.jpg?ssl=1&amp;resize=2000%2C2000\" data-amp-layout=\"responsive\" tabindex=\"0\" role=\"button\" aria-label=\"Abrir la imagen 6 de 8 en pantalla completa\"\/><\/figure><\/div><div class=\"tiled-gallery__col\"><figure class=\"tiled-gallery__item\"><img decoding=\"async\" data-attachment-id=\"1358\" data-permalink=\"https:\/\/galeriamemoria.com\/en\/captura-de-pantalla-2024-01-01-a-las-18-08-51\/\" data-orig-file=\"https:\/\/i0.wp.com\/galeriamemoria.com\/wp-content\/uploads\/2024\/08\/Captura-de-pantalla-2024-01-01-a-las-18.08.51.png?fit=1170%2C782&amp;ssl=1\" data-orig-size=\"1170,782\" data-comments-opened=\"0\" data-image-title=\"Guillermo Nu\u00f1ez, &amp;#8220;Ex-cultura, jaula con zapatos militares y soga&amp;#8221;, 1975 (1977)\" data-image-description=\"\" data-image-caption=\"&lt;p&gt;Guillermo Nu\u00f1ez, &amp;#8220;Ex-cultura, jaula con zapatos militares y soga&amp;#8221;, 1975 (1977)&lt;\/p&gt;\n\" data-large-file=\"https:\/\/i0.wp.com\/galeriamemoria.com\/wp-content\/uploads\/2024\/08\/Captura-de-pantalla-2024-01-01-a-las-18.08.51.png?fit=1024%2C684&amp;ssl=1\" role=\"button\" tabindex=\"0\" aria-label=\"Open image 7 of 8 in full-screen\" srcset=\"https:\/\/i1.wp.com\/galeriamemoria.com\/wp-content\/uploads\/2024\/08\/Captura-de-pantalla-2024-01-01-a-las-18.08.51-1024x684.png?resize=600%2C600&#038;strip=info&#038;ssl=1 600w,https:\/\/i1.wp.com\/galeriamemoria.com\/wp-content\/uploads\/2024\/08\/Captura-de-pantalla-2024-01-01-a-las-18.08.51-1024x684.png?resize=684%2C684&#038;strip=info&#038;ssl=1 684w\" alt=\"\" data-height=\"782\" data-id=\"1358\" data-link=\"https:\/\/galeriamemoria.com\/captura-de-pantalla-2024-01-01-a-las-18-08-51\/\" data-url=\"https:\/\/galeriamemoria.com\/wp-content\/uploads\/2024\/08\/Captura-de-pantalla-2024-01-01-a-las-18.08.51-1024x684.png\" data-width=\"1170\" src=\"https:\/\/i1.wp.com\/galeriamemoria.com\/wp-content\/uploads\/2024\/08\/Captura-de-pantalla-2024-01-01-a-las-18.08.51-1024x684.png?ssl=1&amp;resize=782%2C782\" data-amp-layout=\"responsive\" tabindex=\"0\" role=\"button\" aria-label=\"Abrir la imagen 7 de 8 en pantalla completa\"\/><\/figure><\/div><div class=\"tiled-gallery__col\"><figure class=\"tiled-gallery__item\"><img decoding=\"async\" data-attachment-id=\"1359\" data-permalink=\"https:\/\/galeriamemoria.com\/en\/171\/\" data-orig-file=\"https:\/\/i0.wp.com\/galeriamemoria.com\/wp-content\/uploads\/2024\/08\/171.jpg?fit=2880%2C3767&amp;ssl=1\" data-orig-size=\"2880,3767\" data-comments-opened=\"0\" data-image-title=\"Guillermo Nu\u00f1ez, &amp;#8220;Libertad condicional&amp;#8221;, 1975\" data-image-description=\"\" data-image-caption=\"&lt;p&gt;Guillermo Nu\u00f1ez, &amp;#8220;Libertad condicional&amp;#8221;, 1975&lt;\/p&gt;\n\" data-large-file=\"https:\/\/i0.wp.com\/galeriamemoria.com\/wp-content\/uploads\/2024\/08\/171.jpg?fit=783%2C1024&amp;ssl=1\" role=\"button\" tabindex=\"0\" aria-label=\"Open image 8 of 8 in full-screen\" srcset=\"https:\/\/i1.wp.com\/galeriamemoria.com\/wp-content\/uploads\/2024\/08\/171-783x1024.jpg?resize=600%2C600&#038;strip=info&#038;ssl=1 600w,https:\/\/i1.wp.com\/galeriamemoria.com\/wp-content\/uploads\/2024\/08\/171-783x1024.jpg?resize=783%2C783&#038;strip=info&#038;ssl=1 783w\" alt=\"\" data-height=\"3767\" data-id=\"1359\" data-link=\"https:\/\/galeriamemoria.com\/171\/\" data-url=\"https:\/\/galeriamemoria.com\/wp-content\/uploads\/2024\/08\/171-783x1024.jpg\" data-width=\"2880\" src=\"https:\/\/i1.wp.com\/galeriamemoria.com\/wp-content\/uploads\/2024\/08\/171-783x1024.jpg?ssl=1&amp;resize=2000%2C2000\" data-amp-layout=\"responsive\" tabindex=\"0\" role=\"button\" aria-label=\"Abrir la imagen 8 de 8 en pantalla completa\"\/><\/figure><\/div><\/div><\/div><\/div><\/div>\n\n\n\n<div class=\"wp-block-buttons alignfull is-content-justification-center is-layout-flex wp-container-core-buttons-is-layout-69bbf988 wp-block-buttons-is-layout-flex\">\n<div class=\"wp-block-button\"><a class=\"wp-block-button__link has-background wp-element-button\" href=\"https:\/\/privateviews.artlogic.net\/2\/c07ed5c8c19b1f576ae383\" style=\"background-color:#919494\" target=\"_blank\" rel=\"noreferrer noopener\"> Find out more<\/a><\/div>\n<\/div>\n\n\n\n<p class=\"has-theme-1-background-color has-background wp-block-paragraph\"><\/p>\n\n\n\n<div class=\"wp-block-group alignfull has-theme-2-background-color has-background has-global-padding is-content-justification-center is-layout-constrained wp-block-group-is-layout-constrained\" style=\"margin-top:0;margin-bottom:0\">\n<h5 class=\"wp-block-heading alignwide has-small-font-size\"><strong><br>           <\/strong><\/h5>\n<\/div>\n\n\n\n<div class=\"wp-block-group alignfull has-theme-2-background-color has-background has-global-padding is-content-justification-center is-layout-constrained wp-block-group-is-layout-constrained\" style=\"margin-top:0;margin-bottom:0\">\n<h3 class=\"wp-block-heading alignwide has-small-font-size\"><strong>           LATEST NEWS<\/strong><\/h3>\n\n\n\n<div class=\"wp-block-columns alignwide has-theme-2-background-color has-background is-layout-flex wp-container-core-columns-is-layout-28f84493 wp-block-columns-is-layout-flex\">\n<div class=\"wp-block-column is-layout-flow wp-block-column-is-layout-flow\">\n<div class=\"wp-block-group is-layout-flow wp-block-group-is-layout-flow\" style=\"margin-bottom:10px\">\n<figure class=\"wp-block-image alignleft size-full is-resized\"><a href=\"https:\/\/galeriamemoria.com\/2024\/08\/23\/fondation-bemberg-les-paradis-latins-etoiles-sud-americaines\/\"><img data-recalc-dims=\"1\" loading=\"lazy\" decoding=\"async\" width=\"2948\" height=\"2123\" data-attachment-id=\"1348\" data-permalink=\"https:\/\/galeriamemoria.com\/en\/guillermo-nun%cc%83ez-la-escena-de-avanzada_installation-shot_02-2\/\" data-orig-file=\"https:\/\/i0.wp.com\/galeriamemoria.com\/wp-content\/uploads\/2024\/08\/Guillermo-Nunez-la-Escena-de-Avanzada_installation-shot_02-1.jpg?fit=2948%2C2123&amp;ssl=1\" data-orig-size=\"2948,2123\" data-comments-opened=\"0\" data-image-title=\"&amp;#8220;Guillermo Nun\u0303ez &amp;#038; la Escena de Avanzada&amp;#8221;, MEMORIA, Madrid, 2023\" data-image-description=\"\" data-image-caption=\"&lt;p&gt;&amp;#8220;Guillermo Nun\u0303ez &amp;#038; la Escena de Avanzada&amp;#8221;, MEMORIA, Madrid, 2023&lt;\/p&gt;\n\" data-large-file=\"https:\/\/i0.wp.com\/galeriamemoria.com\/wp-content\/uploads\/2024\/08\/Guillermo-Nunez-la-Escena-de-Avanzada_installation-shot_02-1.jpg?fit=1024%2C737&amp;ssl=1\" src=\"https:\/\/i0.wp.com\/galeriamemoria.com\/wp-content\/uploads\/2024\/08\/Guillermo-Nunez-la-Escena-de-Avanzada_installation-shot_02-1.jpg?resize=2948%2C2123&#038;ssl=1\" alt=\"\" class=\"wp-image-1348\" style=\"aspect-ratio:3\/2;object-fit:cover;width:381px;height:auto\" srcset=\"https:\/\/i0.wp.com\/galeriamemoria.com\/wp-content\/uploads\/2024\/08\/Guillermo-Nunez-la-Escena-de-Avanzada_installation-shot_02-1.jpg?w=2948&amp;ssl=1 2948w, https:\/\/i0.wp.com\/galeriamemoria.com\/wp-content\/uploads\/2024\/08\/Guillermo-Nunez-la-Escena-de-Avanzada_installation-shot_02-1.jpg?resize=300%2C216&amp;ssl=1 300w, https:\/\/i0.wp.com\/galeriamemoria.com\/wp-content\/uploads\/2024\/08\/Guillermo-Nunez-la-Escena-de-Avanzada_installation-shot_02-1.jpg?resize=1024%2C737&amp;ssl=1 1024w, https:\/\/i0.wp.com\/galeriamemoria.com\/wp-content\/uploads\/2024\/08\/Guillermo-Nunez-la-Escena-de-Avanzada_installation-shot_02-1.jpg?resize=768%2C553&amp;ssl=1 768w, https:\/\/i0.wp.com\/galeriamemoria.com\/wp-content\/uploads\/2024\/08\/Guillermo-Nunez-la-Escena-de-Avanzada_installation-shot_02-1.jpg?resize=1536%2C1106&amp;ssl=1 1536w, https:\/\/i0.wp.com\/galeriamemoria.com\/wp-content\/uploads\/2024\/08\/Guillermo-Nunez-la-Escena-de-Avanzada_installation-shot_02-1.jpg?resize=2048%2C1475&amp;ssl=1 2048w, https:\/\/i0.wp.com\/galeriamemoria.com\/wp-content\/uploads\/2024\/08\/Guillermo-Nunez-la-Escena-de-Avanzada_installation-shot_02-1.jpg?resize=18%2C12&amp;ssl=1 18w\" sizes=\"(max-width: 1000px) 100vw, 1000px\" \/><\/a><\/figure>\n\n\n\n<h3 class=\"wp-block-heading has-text-align-left\" style=\"padding-right:0;padding-left:0;font-size:clamp(14px, 0.875rem + ((1vw - 3.2px) * 0.536), 20px);\"><strong>&nbsp;The work of Chilean artist Guillermo Nu\u00f1ez returns to Europe 40 years later<\/strong><\/h3>\n<\/div>\n\n\n\n<p class=\"wp-block-paragraph\">La Rep\u00fablica, 29.04.2023<\/p>\n\n\n\n<div class=\"wp-block-buttons is-layout-flex wp-block-buttons-is-layout-flex\">\n<div class=\"wp-block-button\"><a class=\"wp-block-button__link has-background wp-element-button\" href=\"https:\/\/galeriamemoria.com\/2024\/08\/23\/fondation-bemberg-les-paradis-latins-etoiles-sud-americaines\/\" style=\"background-color:#949191\">Read More<\/a><\/div>\n<\/div>\n<\/div>\n<\/div>\n<\/div>\n","protected":false},"excerpt":{"rendered":"<p>Guillermo N\u00fa\u00f1ez &amp; la Escena de Avanzada Guillermo N\u00fa\u00f1ez MEMORIA (Centro)21.04.2023 &#8211; 27.05.2023&nbsp; Memoria presents Guillermo N\u00fa\u00f1ez &amp; la Escena de Avanzada, a review capsule of the conceptual work of Guillermo N\u00fa\u00f1ez (Santiago de Chile, 1930) which represents his first appearance in Europe in the last 40 years. N\u00fa\u00f1ez, one of the key artists of [&hellip;]<\/p>\n","protected":false},"author":251800687,"featured_media":628,"parent":0,"menu_order":0,"comment_status":"closed","ping_status":"closed","template":"","meta":{"advanced_seo_description":"","jetpack_seo_html_title":"","jetpack_seo_noindex":false,"jetpack_seo_schema_type":"","_wpcom_ai_launchpad_about_page":false,"_wpcom_ai_launchpad_gallery_page":false,"_wpcom_ai_launchpad_contact_page":false,"_wpcom_ai_launchpad_events_page":false,"_wpcom_ai_launchpad_video_page":false,"_wpcom_ai_launchpad_portfolio_piece":false,"footnotes":""},"class_list":["post-1347","page","type-page","status-publish","has-post-thumbnail","hentry"],"jetpack_likes_enabled":false,"jetpack_sharing_enabled":true,"jetpack_shortlink":"https:\/\/wp.me\/PfPCnn-lJ","jetpack-related-posts":[],"_links":{"self":[{"href":"https:\/\/galeriamemoria.com\/en\/wp-json\/wp\/v2\/pages\/1347","targetHints":{"allow":["GET"]}}],"collection":[{"href":"https:\/\/galeriamemoria.com\/en\/wp-json\/wp\/v2\/pages"}],"about":[{"href":"https:\/\/galeriamemoria.com\/en\/wp-json\/wp\/v2\/types\/page"}],"author":[{"embeddable":true,"href":"https:\/\/galeriamemoria.com\/en\/wp-json\/wp\/v2\/users\/251800687"}],"replies":[{"embeddable":true,"href":"https:\/\/galeriamemoria.com\/en\/wp-json\/wp\/v2\/comments?post=1347"}],"version-history":[{"count":8,"href":"https:\/\/galeriamemoria.com\/en\/wp-json\/wp\/v2\/pages\/1347\/revisions"}],"predecessor-version":[{"id":2241,"href":"https:\/\/galeriamemoria.com\/en\/wp-json\/wp\/v2\/pages\/1347\/revisions\/2241"}],"wp:featuredmedia":[{"embeddable":true,"href":"https:\/\/galeriamemoria.com\/en\/wp-json\/wp\/v2\/media\/628"}],"wp:attachment":[{"href":"https:\/\/galeriamemoria.com\/en\/wp-json\/wp\/v2\/media?parent=1347"}],"curies":[{"name":"wp","href":"https:\/\/api.w.org\/{rel}","templated":true}]}}