{"id":1393,"date":"2024-08-27T18:05:47","date_gmt":"2024-08-27T16:05:47","guid":{"rendered":"https:\/\/galeriamemoria.com\/?page_id=1393"},"modified":"2024-09-26T11:46:46","modified_gmt":"2024-09-26T09:46:46","slug":"vicente-rojo-gustavo-perez","status":"publish","type":"page","link":"https:\/\/galeriamemoria.com\/en\/vicente-rojo-gustavo-perez\/","title":{"rendered":"Vicente Rojo &#038; Gustavo P\u00e9rez"},"content":{"rendered":"\n<div class=\"wp-block-group alignfull is-style-default has-global-padding is-content-justification-center is-layout-constrained wp-block-group-is-layout-constrained\" style=\"margin-top:0;margin-bottom:0\">\n<div class=\"wp-block-group alignwide is-layout-flow wp-container-core-group-is-layout-c951c46d wp-block-group-is-layout-flow\">\n<div class=\"wp-block-jetpack-slideshow aligncenter\" data-effect=\"slide\"><div class=\"wp-block-jetpack-slideshow_container swiper-container\"><ul class=\"wp-block-jetpack-slideshow_swiper-wrapper swiper-wrapper\"><li class=\"wp-block-jetpack-slideshow_slide swiper-slide\"><figure><img data-recalc-dims=\"1\" fetchpriority=\"high\" decoding=\"async\" width=\"3332\" height=\"2599\" alt=\"\" class=\"wp-block-jetpack-slideshow_image wp-image-225\" data-id=\"225\" src=\"https:\/\/i0.wp.com\/galeriamemoria.com\/wp-content\/uploads\/2024\/07\/memoria-4-8346-2.jpg?resize=3332%2C2599&#038;ssl=1\"\/><\/figure><\/li><li class=\"wp-block-jetpack-slideshow_slide swiper-slide\"><figure><img data-recalc-dims=\"1\" decoding=\"async\" width=\"4658\" height=\"3108\" alt=\"\" class=\"wp-block-jetpack-slideshow_image wp-image-224\" data-id=\"224\" src=\"https:\/\/i0.wp.com\/galeriamemoria.com\/wp-content\/uploads\/2024\/07\/dsc3022.jpg?resize=4658%2C3108&#038;ssl=1\"\/><\/figure><\/li><li class=\"wp-block-jetpack-slideshow_slide swiper-slide\"><figure><img data-recalc-dims=\"1\" decoding=\"async\" width=\"3448\" height=\"3448\" alt=\"\" class=\"wp-block-jetpack-slideshow_image wp-image-1394\" data-id=\"1394\" src=\"https:\/\/i0.wp.com\/galeriamemoria.com\/wp-content\/uploads\/2024\/08\/DSC2982-1.jpg?resize=3448%2C3448&#038;ssl=1\" srcset=\"https:\/\/i0.wp.com\/galeriamemoria.com\/wp-content\/uploads\/2024\/08\/DSC2982-1.jpg?w=3448&amp;ssl=1 3448w, https:\/\/i0.wp.com\/galeriamemoria.com\/wp-content\/uploads\/2024\/08\/DSC2982-1.jpg?resize=300%2C300&amp;ssl=1 300w, https:\/\/i0.wp.com\/galeriamemoria.com\/wp-content\/uploads\/2024\/08\/DSC2982-1.jpg?resize=1024%2C1024&amp;ssl=1 1024w, https:\/\/i0.wp.com\/galeriamemoria.com\/wp-content\/uploads\/2024\/08\/DSC2982-1.jpg?resize=150%2C150&amp;ssl=1 150w, https:\/\/i0.wp.com\/galeriamemoria.com\/wp-content\/uploads\/2024\/08\/DSC2982-1.jpg?resize=768%2C768&amp;ssl=1 768w, https:\/\/i0.wp.com\/galeriamemoria.com\/wp-content\/uploads\/2024\/08\/DSC2982-1.jpg?resize=1536%2C1536&amp;ssl=1 1536w, https:\/\/i0.wp.com\/galeriamemoria.com\/wp-content\/uploads\/2024\/08\/DSC2982-1.jpg?resize=2048%2C2048&amp;ssl=1 2048w, https:\/\/i0.wp.com\/galeriamemoria.com\/wp-content\/uploads\/2024\/08\/DSC2982-1.jpg?resize=12%2C12&amp;ssl=1 12w, https:\/\/i0.wp.com\/galeriamemoria.com\/wp-content\/uploads\/2024\/08\/DSC2982-1.jpg?w=3000&amp;ssl=1 3000w\" sizes=\"(max-width: 1000px) 100vw, 1000px\" \/><\/figure><\/li><li class=\"wp-block-jetpack-slideshow_slide swiper-slide\"><figure><img data-recalc-dims=\"1\" loading=\"lazy\" decoding=\"async\" width=\"5155\" height=\"3439\" alt=\"\" class=\"wp-block-jetpack-slideshow_image wp-image-1395\" data-id=\"1395\" src=\"https:\/\/i0.wp.com\/galeriamemoria.com\/wp-content\/uploads\/2024\/08\/DSC3018-1.jpg?resize=5155%2C3439&#038;ssl=1\" srcset=\"https:\/\/i0.wp.com\/galeriamemoria.com\/wp-content\/uploads\/2024\/08\/DSC3018-1.jpg?w=5155&amp;ssl=1 5155w, https:\/\/i0.wp.com\/galeriamemoria.com\/wp-content\/uploads\/2024\/08\/DSC3018-1.jpg?resize=300%2C200&amp;ssl=1 300w, https:\/\/i0.wp.com\/galeriamemoria.com\/wp-content\/uploads\/2024\/08\/DSC3018-1.jpg?resize=1024%2C683&amp;ssl=1 1024w, https:\/\/i0.wp.com\/galeriamemoria.com\/wp-content\/uploads\/2024\/08\/DSC3018-1.jpg?resize=768%2C512&amp;ssl=1 768w, https:\/\/i0.wp.com\/galeriamemoria.com\/wp-content\/uploads\/2024\/08\/DSC3018-1.jpg?resize=1536%2C1025&amp;ssl=1 1536w, https:\/\/i0.wp.com\/galeriamemoria.com\/wp-content\/uploads\/2024\/08\/DSC3018-1.jpg?resize=2048%2C1366&amp;ssl=1 2048w, https:\/\/i0.wp.com\/galeriamemoria.com\/wp-content\/uploads\/2024\/08\/DSC3018-1.jpg?resize=18%2C12&amp;ssl=1 18w, https:\/\/i0.wp.com\/galeriamemoria.com\/wp-content\/uploads\/2024\/08\/DSC3018-1.jpg?w=3000&amp;ssl=1 3000w\" sizes=\"(max-width: 1000px) 100vw, 1000px\" \/><\/figure><\/li><li class=\"wp-block-jetpack-slideshow_slide swiper-slide\"><figure><img data-recalc-dims=\"1\" loading=\"lazy\" decoding=\"async\" width=\"5168\" height=\"3448\" alt=\"\" class=\"wp-block-jetpack-slideshow_image wp-image-1396\" data-id=\"1396\" src=\"https:\/\/i0.wp.com\/galeriamemoria.com\/wp-content\/uploads\/2024\/08\/DSC2986.jpg?resize=5168%2C3448&#038;ssl=1\" srcset=\"https:\/\/i0.wp.com\/galeriamemoria.com\/wp-content\/uploads\/2024\/08\/DSC2986.jpg?w=5168&amp;ssl=1 5168w, https:\/\/i0.wp.com\/galeriamemoria.com\/wp-content\/uploads\/2024\/08\/DSC2986.jpg?resize=300%2C200&amp;ssl=1 300w, https:\/\/i0.wp.com\/galeriamemoria.com\/wp-content\/uploads\/2024\/08\/DSC2986.jpg?resize=1024%2C683&amp;ssl=1 1024w, https:\/\/i0.wp.com\/galeriamemoria.com\/wp-content\/uploads\/2024\/08\/DSC2986.jpg?resize=768%2C512&amp;ssl=1 768w, https:\/\/i0.wp.com\/galeriamemoria.com\/wp-content\/uploads\/2024\/08\/DSC2986.jpg?resize=1536%2C1025&amp;ssl=1 1536w, https:\/\/i0.wp.com\/galeriamemoria.com\/wp-content\/uploads\/2024\/08\/DSC2986.jpg?resize=2048%2C1366&amp;ssl=1 2048w, https:\/\/i0.wp.com\/galeriamemoria.com\/wp-content\/uploads\/2024\/08\/DSC2986.jpg?resize=18%2C12&amp;ssl=1 18w, https:\/\/i0.wp.com\/galeriamemoria.com\/wp-content\/uploads\/2024\/08\/DSC2986.jpg?w=3000&amp;ssl=1 3000w\" sizes=\"(max-width: 1000px) 100vw, 1000px\" \/><\/figure><\/li><li class=\"wp-block-jetpack-slideshow_slide swiper-slide\"><figure><img data-recalc-dims=\"1\" loading=\"lazy\" decoding=\"async\" width=\"5585\" height=\"5585\" alt=\"\" class=\"wp-block-jetpack-slideshow_image wp-image-1397\" data-id=\"1397\" src=\"https:\/\/i0.wp.com\/galeriamemoria.com\/wp-content\/uploads\/2024\/08\/DSC2997_Panorama.jpg?resize=5585%2C5585&#038;ssl=1\" srcset=\"https:\/\/i0.wp.com\/galeriamemoria.com\/wp-content\/uploads\/2024\/08\/DSC2997_Panorama.jpg?w=5585&amp;ssl=1 5585w, https:\/\/i0.wp.com\/galeriamemoria.com\/wp-content\/uploads\/2024\/08\/DSC2997_Panorama.jpg?resize=300%2C300&amp;ssl=1 300w, https:\/\/i0.wp.com\/galeriamemoria.com\/wp-content\/uploads\/2024\/08\/DSC2997_Panorama.jpg?resize=1024%2C1024&amp;ssl=1 1024w, https:\/\/i0.wp.com\/galeriamemoria.com\/wp-content\/uploads\/2024\/08\/DSC2997_Panorama.jpg?resize=150%2C150&amp;ssl=1 150w, https:\/\/i0.wp.com\/galeriamemoria.com\/wp-content\/uploads\/2024\/08\/DSC2997_Panorama.jpg?resize=768%2C768&amp;ssl=1 768w, https:\/\/i0.wp.com\/galeriamemoria.com\/wp-content\/uploads\/2024\/08\/DSC2997_Panorama.jpg?resize=1536%2C1536&amp;ssl=1 1536w, https:\/\/i0.wp.com\/galeriamemoria.com\/wp-content\/uploads\/2024\/08\/DSC2997_Panorama.jpg?resize=2048%2C2048&amp;ssl=1 2048w, https:\/\/i0.wp.com\/galeriamemoria.com\/wp-content\/uploads\/2024\/08\/DSC2997_Panorama.jpg?resize=12%2C12&amp;ssl=1 12w, https:\/\/i0.wp.com\/galeriamemoria.com\/wp-content\/uploads\/2024\/08\/DSC2997_Panorama.jpg?w=3000&amp;ssl=1 3000w\" sizes=\"(max-width: 1000px) 100vw, 1000px\" \/><\/figure><\/li><li class=\"wp-block-jetpack-slideshow_slide swiper-slide\"><figure><img data-recalc-dims=\"1\" loading=\"lazy\" decoding=\"async\" width=\"4512\" height=\"3010\" alt=\"\" class=\"wp-block-jetpack-slideshow_image wp-image-1398\" data-id=\"1398\" src=\"https:\/\/i0.wp.com\/galeriamemoria.com\/wp-content\/uploads\/2024\/08\/DSC3008.jpg?resize=4512%2C3010&#038;ssl=1\" srcset=\"https:\/\/i0.wp.com\/galeriamemoria.com\/wp-content\/uploads\/2024\/08\/DSC3008.jpg?w=4512&amp;ssl=1 4512w, https:\/\/i0.wp.com\/galeriamemoria.com\/wp-content\/uploads\/2024\/08\/DSC3008.jpg?resize=300%2C200&amp;ssl=1 300w, https:\/\/i0.wp.com\/galeriamemoria.com\/wp-content\/uploads\/2024\/08\/DSC3008.jpg?resize=1024%2C683&amp;ssl=1 1024w, https:\/\/i0.wp.com\/galeriamemoria.com\/wp-content\/uploads\/2024\/08\/DSC3008.jpg?resize=768%2C512&amp;ssl=1 768w, https:\/\/i0.wp.com\/galeriamemoria.com\/wp-content\/uploads\/2024\/08\/DSC3008.jpg?resize=1536%2C1025&amp;ssl=1 1536w, https:\/\/i0.wp.com\/galeriamemoria.com\/wp-content\/uploads\/2024\/08\/DSC3008.jpg?resize=2048%2C1366&amp;ssl=1 2048w, https:\/\/i0.wp.com\/galeriamemoria.com\/wp-content\/uploads\/2024\/08\/DSC3008.jpg?resize=18%2C12&amp;ssl=1 18w, https:\/\/i0.wp.com\/galeriamemoria.com\/wp-content\/uploads\/2024\/08\/DSC3008.jpg?w=3000&amp;ssl=1 3000w\" sizes=\"(max-width: 1000px) 100vw, 1000px\" \/><\/figure><\/li><li class=\"wp-block-jetpack-slideshow_slide swiper-slide\"><figure><img data-recalc-dims=\"1\" loading=\"lazy\" decoding=\"async\" width=\"5168\" height=\"3448\" alt=\"\" class=\"wp-block-jetpack-slideshow_image wp-image-1399\" data-id=\"1399\" src=\"https:\/\/i0.wp.com\/galeriamemoria.com\/wp-content\/uploads\/2024\/08\/DSC2999-1.jpg?resize=5168%2C3448&#038;ssl=1\" srcset=\"https:\/\/i0.wp.com\/galeriamemoria.com\/wp-content\/uploads\/2024\/08\/DSC2999-1.jpg?w=5168&amp;ssl=1 5168w, https:\/\/i0.wp.com\/galeriamemoria.com\/wp-content\/uploads\/2024\/08\/DSC2999-1.jpg?resize=300%2C200&amp;ssl=1 300w, https:\/\/i0.wp.com\/galeriamemoria.com\/wp-content\/uploads\/2024\/08\/DSC2999-1.jpg?resize=1024%2C683&amp;ssl=1 1024w, https:\/\/i0.wp.com\/galeriamemoria.com\/wp-content\/uploads\/2024\/08\/DSC2999-1.jpg?resize=768%2C512&amp;ssl=1 768w, https:\/\/i0.wp.com\/galeriamemoria.com\/wp-content\/uploads\/2024\/08\/DSC2999-1.jpg?resize=1536%2C1025&amp;ssl=1 1536w, https:\/\/i0.wp.com\/galeriamemoria.com\/wp-content\/uploads\/2024\/08\/DSC2999-1.jpg?resize=2048%2C1366&amp;ssl=1 2048w, https:\/\/i0.wp.com\/galeriamemoria.com\/wp-content\/uploads\/2024\/08\/DSC2999-1.jpg?resize=18%2C12&amp;ssl=1 18w, https:\/\/i0.wp.com\/galeriamemoria.com\/wp-content\/uploads\/2024\/08\/DSC2999-1.jpg?w=3000&amp;ssl=1 3000w\" sizes=\"(max-width: 1000px) 100vw, 1000px\" \/><\/figure><\/li><\/ul><a class=\"wp-block-jetpack-slideshow_button-prev swiper-button-prev swiper-button-white\" role=\"button\"><\/a><a class=\"wp-block-jetpack-slideshow_button-next swiper-button-next swiper-button-white\" role=\"button\"><\/a><a aria-label=\"Pause Slideshow\" class=\"wp-block-jetpack-slideshow_button-pause\" role=\"button\"><\/a><div class=\"wp-block-jetpack-slideshow_pagination swiper-pagination swiper-pagination-white\"><\/div><\/div><\/div>\n\n\n\n<div class=\"wp-block-columns is-layout-flex wp-container-core-columns-is-layout-8dc9b08b wp-block-columns-is-layout-flex\" style=\"margin-top:0;margin-bottom:0\">\n<div class=\"wp-block-column is-layout-flow wp-block-column-is-layout-flow\" style=\"flex-basis:100%\">\n<h2 class=\"wp-block-heading alignwide has-x-large-font-size\"><em><strong>Vicente Rojo &amp; Gustavo P\u00e9rez<\/strong><\/em><\/h2>\n\n\n\n<p class=\"has-text-color has-link-color has-medium-font-size wp-elements-1 wp-block-paragraph\" style=\"color:#1f1f1fc2\"><strong><a href=\"https:\/\/galeriamemoria.com\/artists\/vicente-rojo\/\" data-type=\"page\" data-id=\"1223\">Vicente Rojo<\/a> | <a href=\"https:\/\/galeriamemoria.com\/artists\/gustavo-perez\/\" data-type=\"page\" data-id=\"1208\">Gustavo P\u00e9rez<\/a><\/strong><\/p>\n\n\n\n<div class=\"wp-block-columns is-layout-flex wp-container-core-columns-is-layout-28f84493 wp-block-columns-is-layout-flex\">\n<div class=\"wp-block-column is-vertically-aligned-center is-layout-flow wp-block-column-is-layout-flow\" style=\"flex-basis:25%\">\n<div class=\"wp-block-group has-global-padding is-layout-constrained wp-block-group-is-layout-constrained\">\n<div class=\"wp-block-group has-global-padding is-content-justification-left is-layout-constrained wp-container-core-group-is-layout-12dd3699 wp-block-group-is-layout-constrained\">\n<div class=\"wp-block-group alignwide has-global-padding is-layout-constrained wp-block-group-is-layout-constrained\">\n<div class=\"wp-block-group has-global-padding is-layout-constrained wp-block-group-is-layout-constrained\">\n<p class=\"wp-block-paragraph\"><strong>MEMORIA (Centro)<\/strong><br>19.01.2023 &#8211; 21.02.2023<\/p>\n<\/div>\n<\/div>\n<\/div>\n<\/div>\n<\/div>\n\n\n\n<div class=\"wp-block-column is-layout-flow wp-block-column-is-layout-flow\" style=\"flex-basis:50%\">\n<div class=\"wp-block-buttons is-content-justification-right is-layout-flex wp-container-core-buttons-is-layout-20c4a405 wp-block-buttons-is-layout-flex\"><\/div>\n<\/div>\n<\/div>\n<\/div>\n<\/div>\n\n\n\n<p class=\"has-text-align-justify wp-block-paragraph\">Vicente Rojo (Barcelona, 1932 &#8211; Mexico City, 2021) and Gustavo P\u00e9rez (Mexico City, 1950), dialogue in an unprecedented way in an exhibition that marks the ceramicist&#8217;s debut on the Madrid cultural scene. Both artists, who maintained a close friendship until the death of Vicente Rojo, offer us a shared imaginary where geometry and matter meet in harmony.<br><br>Their Mesoamerican influences and their common interest in the field of design define the visual essay that brings the viewer closer to the production of these two references in the history of Spanish-Mexican contemporary art. Rojo, co-founder and artistic director of the iconic Editorial Era in the sixties, intertwined his career as a painter with his career as a typographer, designer and illustrator of famous titles of Ibero-American literature.<br><br>The work of Gustavo P\u00e9rez represents the synthesis of years of mastery in the field of ceramics, being recognized by the Cartier Foundation by inviting the artist to the <em>Southern Geometries, from Mexico to Patagonia <\/em>in 2019. MEMORIA, as part of the third edition of the Madrid Design Festival &#8211; Festival OFF, presents this project made up of around thirty works by both artists, including paintings of <em>Mexico under the rain<\/em> and their graphic series <em>C\u00f3dices<\/em>, both from the eighties, accompanied by a selection of ceramics produced in different techniques in the last two decades by Gustavo P\u00e9rez.<\/p>\n<\/div>\n\n\n\n<div style=\"height:0px\" aria-hidden=\"true\" class=\"wp-block-spacer\"><\/div>\n<\/div>\n\n\n\n<h3 class=\"wp-block-heading alignwide has-medium-font-size\"><strong>SELECTION OF WORKS<\/strong><\/h3>\n\n\n\n<div class=\"wp-block-jetpack-tiled-gallery alignwide is-style-square\"><div class=\"\"><div class=\"tiled-gallery__gallery\"><div class=\"tiled-gallery__row columns-4\"><div class=\"tiled-gallery__col\"><figure class=\"tiled-gallery__item\"><img decoding=\"async\" data-attachment-id=\"590\" data-permalink=\"https:\/\/galeriamemoria.com\/en\/artists\/attachment\/59\/\" data-orig-file=\"https:\/\/i0.wp.com\/galeriamemoria.com\/wp-content\/uploads\/2024\/08\/59.jpg?fit=3898%2C2919&amp;ssl=1\" data-orig-size=\"3898,2919\" data-comments-opened=\"0\" data-image-title=\"Vicente Rojo, &amp;#8220;C\u00f3dice 4&amp;#8221;, 1991\" data-image-description=\"\" data-image-caption=\"&lt;p&gt;Vicente Rojo, &amp;#8220;C\u00f3dice 4&amp;#8221;, 1991&lt;\/p&gt;\n\" data-large-file=\"https:\/\/i0.wp.com\/galeriamemoria.com\/wp-content\/uploads\/2024\/08\/59.jpg?fit=1024%2C767&amp;ssl=1\" role=\"button\" tabindex=\"0\" aria-label=\"Open image 1 of 8 in full-screen\" srcset=\"https:\/\/i1.wp.com\/galeriamemoria.com\/wp-content\/uploads\/2024\/08\/59.jpg?resize=600%2C600&#038;strip=info&#038;ssl=1 600w,https:\/\/i1.wp.com\/galeriamemoria.com\/wp-content\/uploads\/2024\/08\/59.jpg?resize=900%2C900&#038;strip=info&#038;ssl=1 900w,https:\/\/i1.wp.com\/galeriamemoria.com\/wp-content\/uploads\/2024\/08\/59.jpg?resize=1200%2C1200&#038;strip=info&#038;ssl=1 1200w,https:\/\/i1.wp.com\/galeriamemoria.com\/wp-content\/uploads\/2024\/08\/59.jpg?resize=1500%2C1500&#038;strip=info&#038;ssl=1 1500w,https:\/\/i1.wp.com\/galeriamemoria.com\/wp-content\/uploads\/2024\/08\/59.jpg?resize=1800%2C1800&#038;strip=info&#038;ssl=1 1800w,https:\/\/i1.wp.com\/galeriamemoria.com\/wp-content\/uploads\/2024\/08\/59.jpg?resize=2000%2C2000&#038;strip=info&#038;ssl=1 2000w\" alt=\"\" data-height=\"2919\" data-id=\"590\" data-link=\"https:\/\/galeriamemoria.com\/artists\/attachment\/59\/\" data-url=\"https:\/\/galeriamemoria.com\/wp-content\/uploads\/2024\/08\/59.jpg\" data-width=\"3898\" src=\"https:\/\/i1.wp.com\/galeriamemoria.com\/wp-content\/uploads\/2024\/08\/59.jpg?ssl=1&amp;resize=2000%2C2000\" data-amp-layout=\"responsive\" tabindex=\"0\" role=\"button\" aria-label=\"Open image 1 of 8 in full-screen\"\/><\/figure><\/div><div class=\"tiled-gallery__col\"><figure class=\"tiled-gallery__item\"><img decoding=\"async\" data-attachment-id=\"337\" data-permalink=\"https:\/\/galeriamemoria.com\/en\/projects\/artesantander-2024\/attachment\/38\/\" data-orig-file=\"https:\/\/i0.wp.com\/galeriamemoria.com\/wp-content\/uploads\/2024\/08\/38.jpg?fit=2599%2C3491&amp;ssl=1\" data-orig-size=\"2599,3491\" data-comments-opened=\"0\" data-image-title=\"Gustavo P\u00e9rez, Untitled, 2003\" data-image-description=\"\" data-image-caption=\"&lt;p&gt;Gustavo P\u00e9rez, Untitled, 2003&lt;\/p&gt;\n\" data-large-file=\"https:\/\/i0.wp.com\/galeriamemoria.com\/wp-content\/uploads\/2024\/08\/38.jpg?fit=762%2C1024&amp;ssl=1\" role=\"button\" tabindex=\"0\" aria-label=\"Open image 2 of 8 in full-screen\" srcset=\"https:\/\/i2.wp.com\/galeriamemoria.com\/wp-content\/uploads\/2024\/08\/38.jpg?resize=600%2C600&#038;strip=info&#038;ssl=1 600w,https:\/\/i2.wp.com\/galeriamemoria.com\/wp-content\/uploads\/2024\/08\/38.jpg?resize=900%2C900&#038;strip=info&#038;ssl=1 900w,https:\/\/i2.wp.com\/galeriamemoria.com\/wp-content\/uploads\/2024\/08\/38.jpg?resize=1200%2C1200&#038;strip=info&#038;ssl=1 1200w,https:\/\/i2.wp.com\/galeriamemoria.com\/wp-content\/uploads\/2024\/08\/38.jpg?resize=1500%2C1500&#038;strip=info&#038;ssl=1 1500w,https:\/\/i2.wp.com\/galeriamemoria.com\/wp-content\/uploads\/2024\/08\/38.jpg?resize=1800%2C1800&#038;strip=info&#038;ssl=1 1800w,https:\/\/i2.wp.com\/galeriamemoria.com\/wp-content\/uploads\/2024\/08\/38.jpg?resize=2000%2C2000&#038;strip=info&#038;ssl=1 2000w\" alt=\"\" data-height=\"3491\" data-id=\"337\" data-link=\"https:\/\/galeriamemoria.com\/projects\/artesantander-2024\/attachment\/38\/\" data-url=\"https:\/\/galeriamemoria.com\/wp-content\/uploads\/2024\/08\/38.jpg\" data-width=\"2599\" src=\"https:\/\/i2.wp.com\/galeriamemoria.com\/wp-content\/uploads\/2024\/08\/38.jpg?ssl=1&amp;resize=2000%2C2000\" data-amp-layout=\"responsive\" tabindex=\"0\" role=\"button\" aria-label=\"Open image 2 of 8 in full-screen\"\/><\/figure><\/div><div class=\"tiled-gallery__col\"><figure class=\"tiled-gallery__item\"><img decoding=\"async\" data-attachment-id=\"1400\" data-permalink=\"https:\/\/galeriamemoria.com\/en\/memoria-2-8035\/\" data-orig-file=\"https:\/\/i0.wp.com\/galeriamemoria.com\/wp-content\/uploads\/2024\/08\/MEMORIA-2-8035.jpg?fit=3548%2C3548&amp;ssl=1\" data-orig-size=\"3548,3548\" data-comments-opened=\"0\" data-image-title=\"Vicente Rojo, &amp;#8220;M\u00e9xico bajo la lluvia&amp;#8221;, 1987\" data-image-description=\"\" data-image-caption=\"&lt;p&gt;Vicente Rojo, &amp;#8220;M\u00e9xico bajo la lluvia&amp;#8221;, 1987&lt;\/p&gt;\n\" data-large-file=\"https:\/\/i0.wp.com\/galeriamemoria.com\/wp-content\/uploads\/2024\/08\/MEMORIA-2-8035.jpg?fit=1024%2C1024&amp;ssl=1\" role=\"button\" tabindex=\"0\" aria-label=\"Open image 3 of 8 in full-screen\" srcset=\"https:\/\/i0.wp.com\/galeriamemoria.com\/wp-content\/uploads\/2024\/08\/MEMORIA-2-8035-1024x1024.jpg?resize=600%2C600&#038;strip=info&#038;ssl=1 600w,https:\/\/i0.wp.com\/galeriamemoria.com\/wp-content\/uploads\/2024\/08\/MEMORIA-2-8035-1024x1024.jpg?resize=900%2C900&#038;strip=info&#038;ssl=1 900w,https:\/\/i0.wp.com\/galeriamemoria.com\/wp-content\/uploads\/2024\/08\/MEMORIA-2-8035-1024x1024.jpg?resize=1024%2C1024&#038;strip=info&#038;ssl=1 1024w\" alt=\"\" data-height=\"3548\" data-id=\"1400\" data-link=\"https:\/\/galeriamemoria.com\/memoria-2-8035\/\" data-url=\"https:\/\/galeriamemoria.com\/wp-content\/uploads\/2024\/08\/MEMORIA-2-8035-1024x1024.jpg\" data-width=\"3548\" src=\"https:\/\/i0.wp.com\/galeriamemoria.com\/wp-content\/uploads\/2024\/08\/MEMORIA-2-8035-1024x1024.jpg?ssl=1&amp;resize=2000%2C2000\" data-amp-layout=\"responsive\" tabindex=\"0\" role=\"button\" aria-label=\"Open image 3 of 8 in full-screen\"\/><\/figure><\/div><div class=\"tiled-gallery__col\"><figure class=\"tiled-gallery__item\"><img decoding=\"async\" data-attachment-id=\"1401\" data-permalink=\"https:\/\/galeriamemoria.com\/en\/gper004-copia\/\" data-orig-file=\"https:\/\/i0.wp.com\/galeriamemoria.com\/wp-content\/uploads\/2024\/08\/GPER004-copia.jpg?fit=1484%2C1854&amp;ssl=1\" data-orig-size=\"1484,1854\" data-comments-opened=\"0\" data-image-title=\"Gustavo P\u00e9rez, Untitled, 2003\" data-image-description=\"\" data-image-caption=\"&lt;p&gt;Gustavo P\u00e9rez, Untitled, 2003&lt;\/p&gt;\n\" data-large-file=\"https:\/\/i0.wp.com\/galeriamemoria.com\/wp-content\/uploads\/2024\/08\/GPER004-copia.jpg?fit=820%2C1024&amp;ssl=1\" role=\"button\" tabindex=\"0\" aria-label=\"Open image 4 of 8 in full-screen\" srcset=\"https:\/\/i0.wp.com\/galeriamemoria.com\/wp-content\/uploads\/2024\/08\/GPER004-copia-820x1024.jpg?resize=600%2C600&#038;strip=info&#038;ssl=1 600w,https:\/\/i0.wp.com\/galeriamemoria.com\/wp-content\/uploads\/2024\/08\/GPER004-copia-820x1024.jpg?resize=820%2C820&#038;strip=info&#038;ssl=1 820w\" alt=\"\" data-height=\"1854\" data-id=\"1401\" data-link=\"https:\/\/galeriamemoria.com\/gper004-copia\/\" data-url=\"https:\/\/galeriamemoria.com\/wp-content\/uploads\/2024\/08\/GPER004-copia-820x1024.jpg\" data-width=\"1484\" src=\"https:\/\/i0.wp.com\/galeriamemoria.com\/wp-content\/uploads\/2024\/08\/GPER004-copia-820x1024.jpg?ssl=1&amp;resize=1484%2C1484\" data-amp-layout=\"responsive\" tabindex=\"0\" role=\"button\" aria-label=\"Open image 4 of 8 in full-screen\"\/><\/figure><\/div><\/div><div class=\"tiled-gallery__row columns-4\"><div class=\"tiled-gallery__col\"><figure class=\"tiled-gallery__item\"><img decoding=\"async\" data-attachment-id=\"1402\" data-permalink=\"https:\/\/galeriamemoria.com\/en\/053-web\/\" data-orig-file=\"https:\/\/i0.wp.com\/galeriamemoria.com\/wp-content\/uploads\/2024\/08\/053-web.jpg?fit=1618%2C1235&amp;ssl=1\" data-orig-size=\"1618,1235\" data-comments-opened=\"0\" data-image-title=\"Vicente Rojo, &amp;#8220;C\u00f3dice 1&amp;#8221;, 1991\" data-image-description=\"\" data-image-caption=\"&lt;p&gt;Vicente Rojo, &amp;#8220;C\u00f3dice 1&amp;#8221;, 1991&lt;\/p&gt;\n\" data-large-file=\"https:\/\/i0.wp.com\/galeriamemoria.com\/wp-content\/uploads\/2024\/08\/053-web.jpg?fit=1024%2C782&amp;ssl=1\" role=\"button\" tabindex=\"0\" aria-label=\"Open image 5 of 8 in full-screen\" srcset=\"https:\/\/i2.wp.com\/galeriamemoria.com\/wp-content\/uploads\/2024\/08\/053-web-1024x782.jpg?resize=600%2C600&#038;strip=info&#038;ssl=1 600w,https:\/\/i2.wp.com\/galeriamemoria.com\/wp-content\/uploads\/2024\/08\/053-web-1024x782.jpg?resize=782%2C782&#038;strip=info&#038;ssl=1 782w\" alt=\"\" data-height=\"1235\" data-id=\"1402\" data-link=\"https:\/\/galeriamemoria.com\/053-web\/\" data-url=\"https:\/\/galeriamemoria.com\/wp-content\/uploads\/2024\/08\/053-web-1024x782.jpg\" data-width=\"1618\" src=\"https:\/\/i2.wp.com\/galeriamemoria.com\/wp-content\/uploads\/2024\/08\/053-web-1024x782.jpg?ssl=1&amp;resize=1235%2C1235\" data-amp-layout=\"responsive\" tabindex=\"0\" role=\"button\" aria-label=\"Open image 5 of 8 in full-screen\"\/><\/figure><\/div><div class=\"tiled-gallery__col\"><figure class=\"tiled-gallery__item\"><img decoding=\"async\" data-attachment-id=\"1403\" data-permalink=\"https:\/\/galeriamemoria.com\/en\/d7b911c0863a625d3ee4171e7767ef83\/\" data-orig-file=\"https:\/\/i0.wp.com\/galeriamemoria.com\/wp-content\/uploads\/2024\/08\/d7b911c0863a625d3ee4171e7767ef83.jpg?fit=1069%2C1080&amp;ssl=1\" data-orig-size=\"1069,1080\" data-comments-opened=\"0\" data-image-title=\"Vicente Rojo, &amp;#8220;M\u00e9xico bajo la lluvia&amp;#8221;, 1986\" data-image-description=\"\" data-image-caption=\"&lt;p&gt;Vicente Rojo, &amp;#8220;M\u00e9xico bajo la lluvia&amp;#8221;, 1986&lt;\/p&gt;\n\" data-large-file=\"https:\/\/i0.wp.com\/galeriamemoria.com\/wp-content\/uploads\/2024\/08\/d7b911c0863a625d3ee4171e7767ef83.jpg?fit=1014%2C1024&amp;ssl=1\" role=\"button\" tabindex=\"0\" aria-label=\"Open image 6 of 8 in full-screen\" srcset=\"https:\/\/i0.wp.com\/galeriamemoria.com\/wp-content\/uploads\/2024\/08\/d7b911c0863a625d3ee4171e7767ef83-1014x1024.jpg?resize=600%2C600&#038;strip=info&#038;ssl=1 600w,https:\/\/i0.wp.com\/galeriamemoria.com\/wp-content\/uploads\/2024\/08\/d7b911c0863a625d3ee4171e7767ef83-1014x1024.jpg?resize=900%2C900&#038;strip=info&#038;ssl=1 900w,https:\/\/i0.wp.com\/galeriamemoria.com\/wp-content\/uploads\/2024\/08\/d7b911c0863a625d3ee4171e7767ef83-1014x1024.jpg?resize=1014%2C1014&#038;strip=info&#038;ssl=1 1014w\" alt=\"\" data-height=\"1080\" data-id=\"1403\" data-link=\"https:\/\/galeriamemoria.com\/d7b911c0863a625d3ee4171e7767ef83\/\" data-url=\"https:\/\/galeriamemoria.com\/wp-content\/uploads\/2024\/08\/d7b911c0863a625d3ee4171e7767ef83-1014x1024.jpg\" data-width=\"1069\" src=\"https:\/\/i0.wp.com\/galeriamemoria.com\/wp-content\/uploads\/2024\/08\/d7b911c0863a625d3ee4171e7767ef83-1014x1024.jpg?ssl=1&amp;resize=1069%2C1069\" data-amp-layout=\"responsive\" tabindex=\"0\" role=\"button\" aria-label=\"Open image 6 of 8 in full-screen\"\/><\/figure><\/div><div class=\"tiled-gallery__col\"><figure class=\"tiled-gallery__item\"><img decoding=\"async\" data-attachment-id=\"1404\" data-permalink=\"https:\/\/galeriamemoria.com\/en\/18ae363f7e4f1d5c78f954e3a550e818j-1\/\" data-orig-file=\"https:\/\/i0.wp.com\/galeriamemoria.com\/wp-content\/uploads\/2024\/08\/18ae363f7e4f1d5c78f954e3a550e818j-1.jpg?fit=1789%2C2376&amp;ssl=1\" data-orig-size=\"1789,2376\" data-comments-opened=\"0\" data-image-title=\"Gustavo P\u00e9rez, Untitled, 2022\" data-image-description=\"\" data-image-caption=\"&lt;p&gt;Gustavo P\u00e9rez, Untitled, 2022&lt;\/p&gt;\n\" data-large-file=\"https:\/\/i0.wp.com\/galeriamemoria.com\/wp-content\/uploads\/2024\/08\/18ae363f7e4f1d5c78f954e3a550e818j-1.jpg?fit=771%2C1024&amp;ssl=1\" role=\"button\" tabindex=\"0\" aria-label=\"Open image 7 of 8 in full-screen\" srcset=\"https:\/\/i0.wp.com\/galeriamemoria.com\/wp-content\/uploads\/2024\/08\/18ae363f7e4f1d5c78f954e3a550e818j-1-771x1024.jpg?resize=600%2C600&#038;strip=info&#038;ssl=1 600w,https:\/\/i0.wp.com\/galeriamemoria.com\/wp-content\/uploads\/2024\/08\/18ae363f7e4f1d5c78f954e3a550e818j-1-771x1024.jpg?resize=771%2C771&#038;strip=info&#038;ssl=1 771w\" alt=\"\" data-height=\"2376\" data-id=\"1404\" data-link=\"https:\/\/galeriamemoria.com\/18ae363f7e4f1d5c78f954e3a550e818j-1\/\" data-url=\"https:\/\/galeriamemoria.com\/wp-content\/uploads\/2024\/08\/18ae363f7e4f1d5c78f954e3a550e818j-1-771x1024.jpg\" data-width=\"1789\" src=\"https:\/\/i0.wp.com\/galeriamemoria.com\/wp-content\/uploads\/2024\/08\/18ae363f7e4f1d5c78f954e3a550e818j-1-771x1024.jpg?ssl=1&amp;resize=1789%2C1789\" data-amp-layout=\"responsive\" tabindex=\"0\" role=\"button\" aria-label=\"Open image 7 of 8 in full-screen\"\/><\/figure><\/div><div class=\"tiled-gallery__col\"><figure class=\"tiled-gallery__item\"><img decoding=\"async\" data-attachment-id=\"1405\" data-permalink=\"https:\/\/galeriamemoria.com\/en\/5847520f48929470ad5cc13feef54ccdj\/\" data-orig-file=\"https:\/\/i0.wp.com\/galeriamemoria.com\/wp-content\/uploads\/2024\/08\/5847520f48929470ad5cc13feef54ccdj.jpg?fit=2524%2C2832&amp;ssl=1\" data-orig-size=\"2524,2832\" data-comments-opened=\"0\" data-image-title=\"Gustavo P\u00e9rez, Untitled, 1997\" data-image-description=\"\" data-image-caption=\"&lt;p&gt;Gustavo P\u00e9rez, Untitled, 1997&lt;\/p&gt;\n\" data-large-file=\"https:\/\/i0.wp.com\/galeriamemoria.com\/wp-content\/uploads\/2024\/08\/5847520f48929470ad5cc13feef54ccdj.jpg?fit=913%2C1024&amp;ssl=1\" role=\"button\" tabindex=\"0\" aria-label=\"Open image 8 of 8 in full-screen\" srcset=\"https:\/\/i0.wp.com\/galeriamemoria.com\/wp-content\/uploads\/2024\/08\/5847520f48929470ad5cc13feef54ccdj-913x1024.jpg?resize=600%2C600&#038;strip=info&#038;ssl=1 600w,https:\/\/i0.wp.com\/galeriamemoria.com\/wp-content\/uploads\/2024\/08\/5847520f48929470ad5cc13feef54ccdj-913x1024.jpg?resize=900%2C900&#038;strip=info&#038;ssl=1 900w,https:\/\/i0.wp.com\/galeriamemoria.com\/wp-content\/uploads\/2024\/08\/5847520f48929470ad5cc13feef54ccdj-913x1024.jpg?resize=913%2C913&#038;strip=info&#038;ssl=1 913w\" alt=\"\" data-height=\"2832\" data-id=\"1405\" data-link=\"https:\/\/galeriamemoria.com\/5847520f48929470ad5cc13feef54ccdj\/\" data-url=\"https:\/\/galeriamemoria.com\/wp-content\/uploads\/2024\/08\/5847520f48929470ad5cc13feef54ccdj-913x1024.jpg\" data-width=\"2524\" src=\"https:\/\/i0.wp.com\/galeriamemoria.com\/wp-content\/uploads\/2024\/08\/5847520f48929470ad5cc13feef54ccdj-913x1024.jpg?ssl=1&amp;resize=2000%2C2000\" data-amp-layout=\"responsive\" tabindex=\"0\" role=\"button\" aria-label=\"Open image 8 of 8 in full-screen\"\/><\/figure><\/div><\/div><\/div><\/div><\/div>\n\n\n\n<div class=\"wp-block-buttons alignfull is-content-justification-center is-layout-flex wp-container-core-buttons-is-layout-69bbf988 wp-block-buttons-is-layout-flex\">\n<div class=\"wp-block-button\"><a class=\"wp-block-button__link has-background wp-element-button\" href=\"https:\/\/privateviews.artlogic.net\/2\/411c3960346563f1e4a54f\/\" style=\"background-color:#919494\" target=\"_blank\" rel=\"noreferrer noopener\"> Find out more<\/a><\/div>\n<\/div>\n\n\n\n<div class=\"wp-block-columns alignwide is-layout-flex wp-container-core-columns-is-layout-28f84493 wp-block-columns-is-layout-flex\">\n<div class=\"wp-block-column is-layout-flow wp-block-column-is-layout-flow\" style=\"flex-basis:100%\">\n<p class=\"has-text-align-justify wp-block-paragraph\"><\/p>\n<\/div>\n<\/div>\n\n\n\n<p class=\"has-theme-1-background-color has-background wp-block-paragraph\"><\/p>\n","protected":false},"excerpt":{"rendered":"<p>Vicente Rojo &amp; Gustavo P\u00e9rez Vicente Rojo | Gustavo P\u00e9rez MEMORIA (Centro)19.01.2023 &#8211; 21.02.2023 Vicente Rojo (Barcelona, 1932 &#8211; Mexico City, 2021) and Gustavo P\u00e9rez (Mexico City, 1950), dialogue in an unprecedented way in an exhibition that marks the ceramicist&#8217;s debut on the Madrid cultural scene. Both artists, who maintained a close friendship until the [&hellip;]<\/p>\n","protected":false},"author":251800687,"featured_media":225,"parent":0,"menu_order":0,"comment_status":"closed","ping_status":"closed","template":"","meta":{"advanced_seo_description":"","jetpack_seo_html_title":"","jetpack_seo_noindex":false,"jetpack_seo_schema_type":"","_wpcom_ai_launchpad_about_page":false,"_wpcom_ai_launchpad_gallery_page":false,"_wpcom_ai_launchpad_contact_page":false,"_wpcom_ai_launchpad_events_page":false,"_wpcom_ai_launchpad_video_page":false,"_wpcom_ai_launchpad_portfolio_piece":false,"footnotes":""},"class_list":["post-1393","page","type-page","status-publish","has-post-thumbnail","hentry"],"jetpack_likes_enabled":false,"jetpack_sharing_enabled":true,"jetpack_shortlink":"https:\/\/wp.me\/PfPCnn-mt","jetpack-related-posts":[],"_links":{"self":[{"href":"https:\/\/galeriamemoria.com\/en\/wp-json\/wp\/v2\/pages\/1393","targetHints":{"allow":["GET"]}}],"collection":[{"href":"https:\/\/galeriamemoria.com\/en\/wp-json\/wp\/v2\/pages"}],"about":[{"href":"https:\/\/galeriamemoria.com\/en\/wp-json\/wp\/v2\/types\/page"}],"author":[{"embeddable":true,"href":"https:\/\/galeriamemoria.com\/en\/wp-json\/wp\/v2\/users\/251800687"}],"replies":[{"embeddable":true,"href":"https:\/\/galeriamemoria.com\/en\/wp-json\/wp\/v2\/comments?post=1393"}],"version-history":[{"count":5,"href":"https:\/\/galeriamemoria.com\/en\/wp-json\/wp\/v2\/pages\/1393\/revisions"}],"predecessor-version":[{"id":1831,"href":"https:\/\/galeriamemoria.com\/en\/wp-json\/wp\/v2\/pages\/1393\/revisions\/1831"}],"wp:featuredmedia":[{"embeddable":true,"href":"https:\/\/galeriamemoria.com\/en\/wp-json\/wp\/v2\/media\/225"}],"wp:attachment":[{"href":"https:\/\/galeriamemoria.com\/en\/wp-json\/wp\/v2\/media?parent=1393"}],"curies":[{"name":"wp","href":"https:\/\/api.w.org\/{rel}","templated":true}]}}