{"id":1424,"date":"2024-08-27T18:42:03","date_gmt":"2024-08-27T16:42:03","guid":{"rendered":"https:\/\/galeriamemoria.com\/?page_id=1424"},"modified":"2024-09-29T20:56:14","modified_gmt":"2024-09-29T18:56:14","slug":"ex-culturas-1962-2007","status":"publish","type":"page","link":"https:\/\/galeriamemoria.com\/en\/ex-culturas-1962-2007\/","title":{"rendered":"Ex \u2013 Culturas (1962-2007)"},"content":{"rendered":"\n<div class=\"wp-block-group alignfull is-style-default has-global-padding is-content-justification-center is-layout-constrained wp-block-group-is-layout-constrained\" style=\"margin-top:0;margin-bottom:0\">\n<div class=\"wp-block-group alignwide is-layout-flow wp-container-core-group-is-layout-c951c46d wp-block-group-is-layout-flow\">\n<div class=\"wp-block-jetpack-slideshow aligncenter\" data-effect=\"slide\"><div class=\"wp-block-jetpack-slideshow_container swiper-container\"><ul class=\"wp-block-jetpack-slideshow_swiper-wrapper swiper-wrapper\"><li class=\"wp-block-jetpack-slideshow_slide swiper-slide\"><figure><img data-recalc-dims=\"1\" fetchpriority=\"high\" decoding=\"async\" width=\"3251\" height=\"3955\" alt=\"\" class=\"wp-block-jetpack-slideshow_image wp-image-1432\" data-id=\"1432\" src=\"https:\/\/i0.wp.com\/galeriamemoria.com\/wp-content\/uploads\/2024\/08\/Ex-culturas_image001-2.jpg?resize=3251%2C3955&#038;ssl=1\" srcset=\"https:\/\/i0.wp.com\/galeriamemoria.com\/wp-content\/uploads\/2024\/08\/Ex-culturas_image001-2.jpg?w=3251&amp;ssl=1 3251w, https:\/\/i0.wp.com\/galeriamemoria.com\/wp-content\/uploads\/2024\/08\/Ex-culturas_image001-2.jpg?resize=247%2C300&amp;ssl=1 247w, https:\/\/i0.wp.com\/galeriamemoria.com\/wp-content\/uploads\/2024\/08\/Ex-culturas_image001-2.jpg?resize=842%2C1024&amp;ssl=1 842w, https:\/\/i0.wp.com\/galeriamemoria.com\/wp-content\/uploads\/2024\/08\/Ex-culturas_image001-2.jpg?resize=768%2C934&amp;ssl=1 768w, https:\/\/i0.wp.com\/galeriamemoria.com\/wp-content\/uploads\/2024\/08\/Ex-culturas_image001-2.jpg?resize=1263%2C1536&amp;ssl=1 1263w, https:\/\/i0.wp.com\/galeriamemoria.com\/wp-content\/uploads\/2024\/08\/Ex-culturas_image001-2.jpg?resize=1683%2C2048&amp;ssl=1 1683w, https:\/\/i0.wp.com\/galeriamemoria.com\/wp-content\/uploads\/2024\/08\/Ex-culturas_image001-2.jpg?resize=10%2C12&amp;ssl=1 10w, https:\/\/i0.wp.com\/galeriamemoria.com\/wp-content\/uploads\/2024\/08\/Ex-culturas_image001-2.jpg?w=2000&amp;ssl=1 2000w, https:\/\/i0.wp.com\/galeriamemoria.com\/wp-content\/uploads\/2024\/08\/Ex-culturas_image001-2.jpg?w=3000&amp;ssl=1 3000w\" sizes=\"(max-width: 1000px) 100vw, 1000px\" \/><figcaption class=\"wp-block-jetpack-slideshow_caption gallery-caption\">&#8220;Ex Culturas 1996-2007&#8221;, MEMORIA, Madrid, 2022<\/figcaption><\/figure><\/li><li class=\"wp-block-jetpack-slideshow_slide swiper-slide\"><figure><img data-recalc-dims=\"1\" decoding=\"async\" width=\"4032\" height=\"3024\" alt=\"\" class=\"wp-block-jetpack-slideshow_image wp-image-1425\" data-id=\"1425\" src=\"https:\/\/i0.wp.com\/galeriamemoria.com\/wp-content\/uploads\/2024\/08\/IMG_2439.jpg?resize=4032%2C3024&#038;ssl=1\" srcset=\"https:\/\/i0.wp.com\/galeriamemoria.com\/wp-content\/uploads\/2024\/08\/IMG_2439.jpg?w=4032&amp;ssl=1 4032w, https:\/\/i0.wp.com\/galeriamemoria.com\/wp-content\/uploads\/2024\/08\/IMG_2439.jpg?resize=300%2C225&amp;ssl=1 300w, https:\/\/i0.wp.com\/galeriamemoria.com\/wp-content\/uploads\/2024\/08\/IMG_2439.jpg?resize=1024%2C768&amp;ssl=1 1024w, https:\/\/i0.wp.com\/galeriamemoria.com\/wp-content\/uploads\/2024\/08\/IMG_2439.jpg?resize=768%2C576&amp;ssl=1 768w, https:\/\/i0.wp.com\/galeriamemoria.com\/wp-content\/uploads\/2024\/08\/IMG_2439.jpg?resize=1536%2C1152&amp;ssl=1 1536w, https:\/\/i0.wp.com\/galeriamemoria.com\/wp-content\/uploads\/2024\/08\/IMG_2439.jpg?resize=2048%2C1536&amp;ssl=1 2048w, https:\/\/i0.wp.com\/galeriamemoria.com\/wp-content\/uploads\/2024\/08\/IMG_2439.jpg?resize=16%2C12&amp;ssl=1 16w, https:\/\/i0.wp.com\/galeriamemoria.com\/wp-content\/uploads\/2024\/08\/IMG_2439.jpg?w=3000&amp;ssl=1 3000w\" sizes=\"(max-width: 1000px) 100vw, 1000px\" \/><figcaption class=\"wp-block-jetpack-slideshow_caption gallery-caption\">&#8220;Ex Culturas 1996-2007&#8221;, MEMORIA, Madrid, 2022<\/figcaption><\/figure><\/li><li class=\"wp-block-jetpack-slideshow_slide swiper-slide\"><figure><img data-recalc-dims=\"1\" decoding=\"async\" width=\"2881\" height=\"4035\" alt=\"\" class=\"wp-block-jetpack-slideshow_image wp-image-1428\" data-id=\"1428\" src=\"https:\/\/i0.wp.com\/galeriamemoria.com\/wp-content\/uploads\/2024\/08\/Ex-culturas_image009.jpg?resize=2881%2C4035&#038;ssl=1\" srcset=\"https:\/\/i0.wp.com\/galeriamemoria.com\/wp-content\/uploads\/2024\/08\/Ex-culturas_image009.jpg?w=2881&amp;ssl=1 2881w, https:\/\/i0.wp.com\/galeriamemoria.com\/wp-content\/uploads\/2024\/08\/Ex-culturas_image009.jpg?resize=214%2C300&amp;ssl=1 214w, https:\/\/i0.wp.com\/galeriamemoria.com\/wp-content\/uploads\/2024\/08\/Ex-culturas_image009.jpg?resize=731%2C1024&amp;ssl=1 731w, https:\/\/i0.wp.com\/galeriamemoria.com\/wp-content\/uploads\/2024\/08\/Ex-culturas_image009.jpg?resize=768%2C1076&amp;ssl=1 768w, https:\/\/i0.wp.com\/galeriamemoria.com\/wp-content\/uploads\/2024\/08\/Ex-culturas_image009.jpg?resize=1097%2C1536&amp;ssl=1 1097w, https:\/\/i0.wp.com\/galeriamemoria.com\/wp-content\/uploads\/2024\/08\/Ex-culturas_image009.jpg?resize=1462%2C2048&amp;ssl=1 1462w, https:\/\/i0.wp.com\/galeriamemoria.com\/wp-content\/uploads\/2024\/08\/Ex-culturas_image009.jpg?resize=9%2C12&amp;ssl=1 9w, https:\/\/i0.wp.com\/galeriamemoria.com\/wp-content\/uploads\/2024\/08\/Ex-culturas_image009.jpg?w=2000&amp;ssl=1 2000w\" sizes=\"(max-width: 1000px) 100vw, 1000px\" \/><figcaption class=\"wp-block-jetpack-slideshow_caption gallery-caption\">Abraham Cruzvillegas, &#8220;Dyptich&#8221;, 2007<\/figcaption><\/figure><\/li><li class=\"wp-block-jetpack-slideshow_slide swiper-slide\"><figure><img data-recalc-dims=\"1\" loading=\"lazy\" decoding=\"async\" width=\"3024\" height=\"4032\" alt=\"\" class=\"wp-block-jetpack-slideshow_image wp-image-1426\" data-id=\"1426\" src=\"https:\/\/i0.wp.com\/galeriamemoria.com\/wp-content\/uploads\/2024\/08\/IMG_1779-rotated.jpg?resize=3024%2C4032&#038;ssl=1\" srcset=\"https:\/\/i0.wp.com\/galeriamemoria.com\/wp-content\/uploads\/2024\/08\/IMG_1779-rotated.jpg?w=3024&amp;ssl=1 3024w, https:\/\/i0.wp.com\/galeriamemoria.com\/wp-content\/uploads\/2024\/08\/IMG_1779-rotated.jpg?resize=225%2C300&amp;ssl=1 225w, https:\/\/i0.wp.com\/galeriamemoria.com\/wp-content\/uploads\/2024\/08\/IMG_1779-rotated.jpg?resize=768%2C1024&amp;ssl=1 768w, https:\/\/i0.wp.com\/galeriamemoria.com\/wp-content\/uploads\/2024\/08\/IMG_1779-rotated.jpg?resize=1152%2C1536&amp;ssl=1 1152w, https:\/\/i0.wp.com\/galeriamemoria.com\/wp-content\/uploads\/2024\/08\/IMG_1779-rotated.jpg?resize=1536%2C2048&amp;ssl=1 1536w, https:\/\/i0.wp.com\/galeriamemoria.com\/wp-content\/uploads\/2024\/08\/IMG_1779-rotated.jpg?resize=9%2C12&amp;ssl=1 9w, https:\/\/i0.wp.com\/galeriamemoria.com\/wp-content\/uploads\/2024\/08\/IMG_1779-rotated.jpg?w=2000&amp;ssl=1 2000w\" sizes=\"(max-width: 1000px) 100vw, 1000px\" \/><figcaption class=\"wp-block-jetpack-slideshow_caption gallery-caption\">&#8220;Ex Culturas 1996-2007&#8221;, MEMORIA, Madrid, 2022<\/figcaption><\/figure><\/li><li class=\"wp-block-jetpack-slideshow_slide swiper-slide\"><figure><img data-recalc-dims=\"1\" loading=\"lazy\" decoding=\"async\" width=\"3024\" height=\"4032\" alt=\"\" class=\"wp-block-jetpack-slideshow_image wp-image-1427\" data-id=\"1427\" src=\"https:\/\/i0.wp.com\/galeriamemoria.com\/wp-content\/uploads\/2024\/08\/Ex-culturas_image010.jpg?resize=3024%2C4032&#038;ssl=1\" srcset=\"https:\/\/i0.wp.com\/galeriamemoria.com\/wp-content\/uploads\/2024\/08\/Ex-culturas_image010.jpg?w=3024&amp;ssl=1 3024w, https:\/\/i0.wp.com\/galeriamemoria.com\/wp-content\/uploads\/2024\/08\/Ex-culturas_image010.jpg?resize=225%2C300&amp;ssl=1 225w, https:\/\/i0.wp.com\/galeriamemoria.com\/wp-content\/uploads\/2024\/08\/Ex-culturas_image010.jpg?resize=768%2C1024&amp;ssl=1 768w, https:\/\/i0.wp.com\/galeriamemoria.com\/wp-content\/uploads\/2024\/08\/Ex-culturas_image010.jpg?resize=1152%2C1536&amp;ssl=1 1152w, https:\/\/i0.wp.com\/galeriamemoria.com\/wp-content\/uploads\/2024\/08\/Ex-culturas_image010.jpg?resize=1536%2C2048&amp;ssl=1 1536w, https:\/\/i0.wp.com\/galeriamemoria.com\/wp-content\/uploads\/2024\/08\/Ex-culturas_image010.jpg?resize=9%2C12&amp;ssl=1 9w, https:\/\/i0.wp.com\/galeriamemoria.com\/wp-content\/uploads\/2024\/08\/Ex-culturas_image010.jpg?w=2000&amp;ssl=1 2000w\" sizes=\"(max-width: 1000px) 100vw, 1000px\" \/><figcaption class=\"wp-block-jetpack-slideshow_caption gallery-caption\">&#8220;Ex Culturas 1996-2007&#8221;, MEMORIA, Madrid, 2022<\/figcaption><\/figure><\/li><li class=\"wp-block-jetpack-slideshow_slide swiper-slide\"><figure><img data-recalc-dims=\"1\" loading=\"lazy\" decoding=\"async\" width=\"1696\" height=\"1581\" alt=\"\" class=\"wp-block-jetpack-slideshow_image wp-image-1430\" data-id=\"1430\" src=\"https:\/\/i0.wp.com\/galeriamemoria.com\/wp-content\/uploads\/2024\/08\/Ex-culturas_image007.jpg?resize=1696%2C1581&#038;ssl=1\" srcset=\"https:\/\/i0.wp.com\/galeriamemoria.com\/wp-content\/uploads\/2024\/08\/Ex-culturas_image007.jpg?w=1696&amp;ssl=1 1696w, https:\/\/i0.wp.com\/galeriamemoria.com\/wp-content\/uploads\/2024\/08\/Ex-culturas_image007.jpg?resize=300%2C280&amp;ssl=1 300w, https:\/\/i0.wp.com\/galeriamemoria.com\/wp-content\/uploads\/2024\/08\/Ex-culturas_image007.jpg?resize=1024%2C955&amp;ssl=1 1024w, https:\/\/i0.wp.com\/galeriamemoria.com\/wp-content\/uploads\/2024\/08\/Ex-culturas_image007.jpg?resize=768%2C716&amp;ssl=1 768w, https:\/\/i0.wp.com\/galeriamemoria.com\/wp-content\/uploads\/2024\/08\/Ex-culturas_image007.jpg?resize=1536%2C1432&amp;ssl=1 1536w, https:\/\/i0.wp.com\/galeriamemoria.com\/wp-content\/uploads\/2024\/08\/Ex-culturas_image007.jpg?resize=13%2C12&amp;ssl=1 13w\" sizes=\"(max-width: 1000px) 100vw, 1000px\" \/><figcaption class=\"wp-block-jetpack-slideshow_caption gallery-caption\">\u00c1ngela de la Cruz, &#8220;Nothing&#8221;, 2001<\/figcaption><\/figure><\/li><li class=\"wp-block-jetpack-slideshow_slide swiper-slide\"><figure><img data-recalc-dims=\"1\" loading=\"lazy\" decoding=\"async\" width=\"3024\" height=\"4032\" alt=\"\" class=\"wp-block-jetpack-slideshow_image wp-image-1431\" data-id=\"1431\" src=\"https:\/\/i0.wp.com\/galeriamemoria.com\/wp-content\/uploads\/2024\/08\/Ex-culturas_image003.jpg?resize=3024%2C4032&#038;ssl=1\" srcset=\"https:\/\/i0.wp.com\/galeriamemoria.com\/wp-content\/uploads\/2024\/08\/Ex-culturas_image003.jpg?w=3024&amp;ssl=1 3024w, https:\/\/i0.wp.com\/galeriamemoria.com\/wp-content\/uploads\/2024\/08\/Ex-culturas_image003.jpg?resize=225%2C300&amp;ssl=1 225w, https:\/\/i0.wp.com\/galeriamemoria.com\/wp-content\/uploads\/2024\/08\/Ex-culturas_image003.jpg?resize=768%2C1024&amp;ssl=1 768w, https:\/\/i0.wp.com\/galeriamemoria.com\/wp-content\/uploads\/2024\/08\/Ex-culturas_image003.jpg?resize=1152%2C1536&amp;ssl=1 1152w, https:\/\/i0.wp.com\/galeriamemoria.com\/wp-content\/uploads\/2024\/08\/Ex-culturas_image003.jpg?resize=1536%2C2048&amp;ssl=1 1536w, https:\/\/i0.wp.com\/galeriamemoria.com\/wp-content\/uploads\/2024\/08\/Ex-culturas_image003.jpg?resize=9%2C12&amp;ssl=1 9w, https:\/\/i0.wp.com\/galeriamemoria.com\/wp-content\/uploads\/2024\/08\/Ex-culturas_image003.jpg?w=2000&amp;ssl=1 2000w\" sizes=\"(max-width: 1000px) 100vw, 1000px\" \/><figcaption class=\"wp-block-jetpack-slideshow_caption gallery-caption\">&#8220;Ex Culturas 1996-2007&#8221;, MEMORIA, Madrid, 2022<\/figcaption><\/figure><\/li><\/ul><a class=\"wp-block-jetpack-slideshow_button-prev swiper-button-prev swiper-button-white\" role=\"button\"><\/a><a class=\"wp-block-jetpack-slideshow_button-next swiper-button-next swiper-button-white\" role=\"button\"><\/a><a aria-label=\"Pause Slideshow\" class=\"wp-block-jetpack-slideshow_button-pause\" role=\"button\"><\/a><div class=\"wp-block-jetpack-slideshow_pagination swiper-pagination swiper-pagination-white\"><\/div><\/div><\/div>\n\n\n\n<div class=\"wp-block-columns is-layout-flex wp-container-core-columns-is-layout-8dc9b08b wp-block-columns-is-layout-flex\" style=\"margin-top:0;margin-bottom:0\">\n<div class=\"wp-block-column is-layout-flow wp-block-column-is-layout-flow\" style=\"flex-basis:100%\">\n<h2 class=\"wp-block-heading alignwide has-x-large-font-size\"><em><strong>Ex \u2013 Culturas (1962-2007)<\/strong><\/em><\/h2>\n\n\n\n<p class=\"has-text-color has-link-color has-medium-font-size wp-elements-1 wp-block-paragraph\" style=\"color:#1f1f1fc2\"><strong>\u00c1ngela de la Cruz  | Pablo Serrano | Abraham Cruzvillegas | <a href=\"https:\/\/galeriamemoria.com\/artists\/guillermo-nunez\/\" data-type=\"page\" data-id=\"1184\">Guillermo N\u00fa\u00f1ez <\/a><\/strong><\/p>\n\n\n\n<div class=\"wp-block-columns is-layout-flex wp-container-core-columns-is-layout-28f84493 wp-block-columns-is-layout-flex\">\n<div class=\"wp-block-column is-vertically-aligned-center is-layout-flow wp-block-column-is-layout-flow\" style=\"flex-basis:25%\">\n<div class=\"wp-block-group has-global-padding is-layout-constrained wp-block-group-is-layout-constrained\">\n<div class=\"wp-block-group has-global-padding is-content-justification-left is-layout-constrained wp-container-core-group-is-layout-12dd3699 wp-block-group-is-layout-constrained\">\n<div class=\"wp-block-group alignwide has-global-padding is-layout-constrained wp-block-group-is-layout-constrained\">\n<div class=\"wp-block-group has-global-padding is-layout-constrained wp-block-group-is-layout-constrained\">\n<p class=\"wp-block-paragraph\"><strong>MEMORIA (Centro)<\/strong><br>08.09.2022 &#8211; 07.11.2022<\/p>\n<\/div>\n<\/div>\n<\/div>\n<\/div>\n<\/div>\n\n\n\n<div class=\"wp-block-column is-layout-flow wp-block-column-is-layout-flow\" style=\"flex-basis:50%\">\n<div class=\"wp-block-buttons is-content-justification-right is-layout-flex wp-container-core-buttons-is-layout-20c4a405 wp-block-buttons-is-layout-flex\"><\/div>\n<\/div>\n<\/div>\n<\/div>\n<\/div>\n\n\n\n<p class=\"has-text-align-justify wp-block-paragraph\">Memoria presents a research project dedicated to two Latin American artists and two Spanish artists who establish a continuum of conceptual use and deconstruction in the sculptural medium, while making visible the commitment to denunciation and dramatic intensity. The artists participating in this exhibition are: Angela de la Cruz (La Coru\u00f1a, 1965), Pablo Serrano (Teruel-Madrid, 1908-1985), Abraham Cruzvillegas (Mexico City, 1968) and Guillermo N\u00fa\u00f1ez (Santiago, 1930)<br><br>The curatorial account of this order of ideas strains the relationship and the limit between the pictorial and sculptural mediums. The collective exhibition of sculptures is titled after the exhibition <em>Pinturas y Exculturas<\/em>, censored and destroyed in 1975 by the Pinochet government of the Chilean artist Guillermo N\u00fa\u00f1ez. For his part, Pablo Serrano, a pioneer in Spanish and European sculpture, contributes with one of his pieces <em>Vault for Man<\/em>, which he presented in 1962 for the Spanish Pavilion at the Venice Biennale, where he reflects on the future of the contemporary man.<br><br>The second curatorial axis reflects critically and concretely on the work of \u00c1ngela de la Cruz and the period of her work prior to her stroke in 2005, dialoguing with the sculptural work of Abraham Cruzvillegas.<\/p>\n\n\n\n<p class=\"has-text-align-justify wp-block-paragraph\"><\/p>\n<\/div>\n\n\n\n<div style=\"height:0px\" aria-hidden=\"true\" class=\"wp-block-spacer\"><\/div>\n<\/div>\n\n\n\n<h3 class=\"wp-block-heading alignwide has-medium-font-size\"><strong>SELECTION OF WORKS<\/strong><\/h3>\n\n\n\n<div class=\"wp-block-jetpack-tiled-gallery alignwide is-style-square\"><div class=\"\"><div class=\"tiled-gallery__gallery\"><div class=\"tiled-gallery__row columns-4\"><div class=\"tiled-gallery__col\"><figure class=\"tiled-gallery__item\"><img decoding=\"async\" data-attachment-id=\"1430\" data-permalink=\"https:\/\/galeriamemoria.com\/en\/ex-culturas_image007\/\" data-orig-file=\"https:\/\/i0.wp.com\/galeriamemoria.com\/wp-content\/uploads\/2024\/08\/Ex-culturas_image007.jpg?fit=1696%2C1581&amp;ssl=1\" data-orig-size=\"1696,1581\" data-comments-opened=\"0\" data-image-title=\"\u00c1ngela de la Cruz, &amp;#8220;Nothing&amp;#8221;, 2001\" data-image-description=\"\" data-image-caption=\"&lt;p&gt;\u00c1ngela de la Cruz, &amp;#8220;Nothing&amp;#8221;, 2001&lt;\/p&gt;\n\" data-large-file=\"https:\/\/i0.wp.com\/galeriamemoria.com\/wp-content\/uploads\/2024\/08\/Ex-culturas_image007.jpg?fit=1024%2C955&amp;ssl=1\" role=\"button\" tabindex=\"0\" aria-label=\"Open image 1 of 4 in full-screen\" srcset=\"https:\/\/i2.wp.com\/galeriamemoria.com\/wp-content\/uploads\/2024\/08\/Ex-culturas_image007-1024x955.jpg?resize=600%2C600&#038;strip=info&#038;ssl=1 600w,https:\/\/i2.wp.com\/galeriamemoria.com\/wp-content\/uploads\/2024\/08\/Ex-culturas_image007-1024x955.jpg?resize=900%2C900&#038;strip=info&#038;ssl=1 900w,https:\/\/i2.wp.com\/galeriamemoria.com\/wp-content\/uploads\/2024\/08\/Ex-culturas_image007-1024x955.jpg?resize=955%2C955&#038;strip=info&#038;ssl=1 955w\" alt=\"\" data-height=\"1581\" data-id=\"1430\" data-link=\"https:\/\/galeriamemoria.com\/ex-culturas_image007\/\" data-url=\"https:\/\/galeriamemoria.com\/wp-content\/uploads\/2024\/08\/Ex-culturas_image007-1024x955.jpg\" data-width=\"1696\" src=\"https:\/\/i2.wp.com\/galeriamemoria.com\/wp-content\/uploads\/2024\/08\/Ex-culturas_image007-1024x955.jpg?ssl=1&amp;resize=1581%2C1581\" data-amp-layout=\"responsive\" tabindex=\"0\" role=\"button\" aria-label=\"Open image 1 of 4 in full-screen\"\/><\/figure><\/div><div class=\"tiled-gallery__col\"><figure class=\"tiled-gallery__item\"><img decoding=\"async\" data-attachment-id=\"1358\" data-permalink=\"https:\/\/galeriamemoria.com\/en\/captura-de-pantalla-2024-01-01-a-las-18-08-51\/\" data-orig-file=\"https:\/\/i0.wp.com\/galeriamemoria.com\/wp-content\/uploads\/2024\/08\/Captura-de-pantalla-2024-01-01-a-las-18.08.51.png?fit=1170%2C782&amp;ssl=1\" data-orig-size=\"1170,782\" data-comments-opened=\"0\" data-image-title=\"Guillermo Nu\u00f1ez, &amp;#8220;Ex-cultura, jaula con zapatos militares y soga&amp;#8221;, 1975 (1977)\" data-image-description=\"\" data-image-caption=\"&lt;p&gt;Guillermo Nu\u00f1ez, &amp;#8220;Ex-cultura, jaula con zapatos militares y soga&amp;#8221;, 1975 (1977)&lt;\/p&gt;\n\" data-large-file=\"https:\/\/i0.wp.com\/galeriamemoria.com\/wp-content\/uploads\/2024\/08\/Captura-de-pantalla-2024-01-01-a-las-18.08.51.png?fit=1024%2C684&amp;ssl=1\" role=\"button\" tabindex=\"0\" aria-label=\"Open image 2 of 4 in full-screen\" srcset=\"https:\/\/i1.wp.com\/galeriamemoria.com\/wp-content\/uploads\/2024\/08\/Captura-de-pantalla-2024-01-01-a-las-18.08.51-1024x684.png?resize=600%2C600&#038;strip=info&#038;ssl=1 600w,https:\/\/i1.wp.com\/galeriamemoria.com\/wp-content\/uploads\/2024\/08\/Captura-de-pantalla-2024-01-01-a-las-18.08.51-1024x684.png?resize=684%2C684&#038;strip=info&#038;ssl=1 684w\" alt=\"\" data-height=\"782\" data-id=\"1358\" data-link=\"https:\/\/galeriamemoria.com\/captura-de-pantalla-2024-01-01-a-las-18-08-51\/\" data-url=\"https:\/\/galeriamemoria.com\/wp-content\/uploads\/2024\/08\/Captura-de-pantalla-2024-01-01-a-las-18.08.51-1024x684.png\" data-width=\"1170\" src=\"https:\/\/i1.wp.com\/galeriamemoria.com\/wp-content\/uploads\/2024\/08\/Captura-de-pantalla-2024-01-01-a-las-18.08.51-1024x684.png?ssl=1&amp;resize=782%2C782\" data-amp-layout=\"responsive\" tabindex=\"0\" role=\"button\" aria-label=\"Open image 2 of 4 in full-screen\"\/><\/figure><\/div><div class=\"tiled-gallery__col\"><figure class=\"tiled-gallery__item\"><img decoding=\"async\" data-attachment-id=\"1431\" data-permalink=\"https:\/\/galeriamemoria.com\/en\/ex-culturas_image003\/\" data-orig-file=\"https:\/\/i0.wp.com\/galeriamemoria.com\/wp-content\/uploads\/2024\/08\/Ex-culturas_image003.jpg?fit=3024%2C4032&amp;ssl=1\" data-orig-size=\"3024,4032\" data-comments-opened=\"0\" data-image-title=\"&amp;#8220;Ex Culturas 1996-2007&amp;#8221;, MEMORIA, Madrid, 2022\" data-image-description=\"\" data-image-caption=\"&lt;p&gt;&amp;#8220;Ex Culturas 1996-2007&amp;#8221;, MEMORIA, Madrid, 2022&lt;\/p&gt;\n\" data-large-file=\"https:\/\/i0.wp.com\/galeriamemoria.com\/wp-content\/uploads\/2024\/08\/Ex-culturas_image003.jpg?fit=768%2C1024&amp;ssl=1\" role=\"button\" tabindex=\"0\" aria-label=\"Open image 3 of 4 in full-screen\" srcset=\"https:\/\/i0.wp.com\/galeriamemoria.com\/wp-content\/uploads\/2024\/08\/Ex-culturas_image003-768x1024.jpg?resize=600%2C600&#038;strip=info&#038;ssl=1 600w,https:\/\/i0.wp.com\/galeriamemoria.com\/wp-content\/uploads\/2024\/08\/Ex-culturas_image003-768x1024.jpg?resize=768%2C768&#038;strip=info&#038;ssl=1 768w\" alt=\"\" data-height=\"4032\" data-id=\"1431\" data-link=\"https:\/\/galeriamemoria.com\/ex-culturas_image003\/\" data-url=\"https:\/\/galeriamemoria.com\/wp-content\/uploads\/2024\/08\/Ex-culturas_image003-768x1024.jpg\" data-width=\"3024\" src=\"https:\/\/i0.wp.com\/galeriamemoria.com\/wp-content\/uploads\/2024\/08\/Ex-culturas_image003-768x1024.jpg?ssl=1&amp;resize=2000%2C2000\" data-amp-layout=\"responsive\" tabindex=\"0\" role=\"button\" aria-label=\"Open image 3 of 4 in full-screen\"\/><\/figure><\/div><div class=\"tiled-gallery__col\"><figure class=\"tiled-gallery__item\"><img decoding=\"async\" data-attachment-id=\"1428\" data-permalink=\"https:\/\/galeriamemoria.com\/en\/ex-culturas_image009\/\" data-orig-file=\"https:\/\/i0.wp.com\/galeriamemoria.com\/wp-content\/uploads\/2024\/08\/Ex-culturas_image009.jpg?fit=2881%2C4035&amp;ssl=1\" data-orig-size=\"2881,4035\" data-comments-opened=\"0\" data-image-title=\"Abraham Cruzvillegas, &amp;#8220;Dyptich&amp;#8221;, 2007\" data-image-description=\"\" data-image-caption=\"&lt;p&gt;Abraham Cruzvillegas, &amp;#8220;Dyptich&amp;#8221;, 2007&lt;\/p&gt;\n\" data-large-file=\"https:\/\/i0.wp.com\/galeriamemoria.com\/wp-content\/uploads\/2024\/08\/Ex-culturas_image009.jpg?fit=731%2C1024&amp;ssl=1\" role=\"button\" tabindex=\"0\" aria-label=\"Open image 4 of 4 in full-screen\" srcset=\"https:\/\/i2.wp.com\/galeriamemoria.com\/wp-content\/uploads\/2024\/08\/Ex-culturas_image009-731x1024.jpg?resize=600%2C600&#038;strip=info&#038;ssl=1 600w,https:\/\/i2.wp.com\/galeriamemoria.com\/wp-content\/uploads\/2024\/08\/Ex-culturas_image009-731x1024.jpg?resize=731%2C731&#038;strip=info&#038;ssl=1 731w\" alt=\"\" data-height=\"4035\" data-id=\"1428\" data-link=\"https:\/\/galeriamemoria.com\/ex-culturas_image009\/\" data-url=\"https:\/\/galeriamemoria.com\/wp-content\/uploads\/2024\/08\/Ex-culturas_image009-731x1024.jpg\" data-width=\"2881\" src=\"https:\/\/i2.wp.com\/galeriamemoria.com\/wp-content\/uploads\/2024\/08\/Ex-culturas_image009-731x1024.jpg?ssl=1&amp;resize=2000%2C2000\" data-amp-layout=\"responsive\" tabindex=\"0\" role=\"button\" aria-label=\"Open image 4 of 4 in full-screen\"\/><\/figure><\/div><\/div><\/div><\/div><\/div>\n\n\n\n<div class=\"wp-block-buttons alignfull is-content-justification-center is-layout-flex wp-container-core-buttons-is-layout-69bbf988 wp-block-buttons-is-layout-flex\">\n<div class=\"wp-block-button\"><a class=\"wp-block-button__link has-background wp-element-button\" href=\"https:\/\/privateviews.artlogic.net\/2\/800b5b8bde4f2c99722494\/3\/1\" style=\"background-color:#919494\" target=\"_blank\" rel=\"noreferrer noopener\"> Find out more<\/a><\/div>\n<\/div>\n\n\n\n<div class=\"wp-block-columns alignwide is-layout-flex wp-container-core-columns-is-layout-28f84493 wp-block-columns-is-layout-flex\">\n<div class=\"wp-block-column is-layout-flow wp-block-column-is-layout-flow\" style=\"flex-basis:100%\">\n<p class=\"has-text-align-justify wp-block-paragraph\"><\/p>\n<\/div>\n<\/div>\n\n\n\n<p class=\"has-theme-1-background-color has-background wp-block-paragraph\"><\/p>\n","protected":false},"excerpt":{"rendered":"<p>Ex \u2013 Culturas (1962-2007) \u00c1ngela de la Cruz | Pablo Serrano | Abraham Cruzvillegas | Guillermo N\u00fa\u00f1ez MEMORIA (Centro)08.09.2022 &#8211; 07.11.2022 Memoria presents a research project dedicated to two Latin American artists and two Spanish artists who establish a continuum of conceptual use and deconstruction in the sculptural medium, while making visible the commitment to [&hellip;]<\/p>\n","protected":false},"author":251800687,"featured_media":1358,"parent":0,"menu_order":0,"comment_status":"closed","ping_status":"closed","template":"","meta":{"advanced_seo_description":"","jetpack_seo_html_title":"","jetpack_seo_noindex":false,"jetpack_seo_schema_type":"","_wpcom_ai_launchpad_about_page":false,"_wpcom_ai_launchpad_gallery_page":false,"_wpcom_ai_launchpad_contact_page":false,"_wpcom_ai_launchpad_events_page":false,"_wpcom_ai_launchpad_video_page":false,"_wpcom_ai_launchpad_portfolio_piece":false,"footnotes":""},"class_list":["post-1424","page","type-page","status-publish","has-post-thumbnail","hentry"],"jetpack_likes_enabled":false,"jetpack_sharing_enabled":true,"jetpack_shortlink":"https:\/\/wp.me\/PfPCnn-mY","jetpack-related-posts":[],"_links":{"self":[{"href":"https:\/\/galeriamemoria.com\/en\/wp-json\/wp\/v2\/pages\/1424","targetHints":{"allow":["GET"]}}],"collection":[{"href":"https:\/\/galeriamemoria.com\/en\/wp-json\/wp\/v2\/pages"}],"about":[{"href":"https:\/\/galeriamemoria.com\/en\/wp-json\/wp\/v2\/types\/page"}],"author":[{"embeddable":true,"href":"https:\/\/galeriamemoria.com\/en\/wp-json\/wp\/v2\/users\/251800687"}],"replies":[{"embeddable":true,"href":"https:\/\/galeriamemoria.com\/en\/wp-json\/wp\/v2\/comments?post=1424"}],"version-history":[{"count":6,"href":"https:\/\/galeriamemoria.com\/en\/wp-json\/wp\/v2\/pages\/1424\/revisions"}],"predecessor-version":[{"id":1971,"href":"https:\/\/galeriamemoria.com\/en\/wp-json\/wp\/v2\/pages\/1424\/revisions\/1971"}],"wp:featuredmedia":[{"embeddable":true,"href":"https:\/\/galeriamemoria.com\/en\/wp-json\/wp\/v2\/media\/1358"}],"wp:attachment":[{"href":"https:\/\/galeriamemoria.com\/en\/wp-json\/wp\/v2\/media?parent=1424"}],"curies":[{"name":"wp","href":"https:\/\/api.w.org\/{rel}","templated":true}]}}