{"id":1509,"date":"2024-08-28T19:23:57","date_gmt":"2024-08-28T17:23:57","guid":{"rendered":"https:\/\/galeriamemoria.com\/?page_id=1509"},"modified":"2024-10-03T10:45:45","modified_gmt":"2024-10-03T08:45:45","slug":"el-castigo","status":"publish","type":"page","link":"https:\/\/galeriamemoria.com\/en\/el-castigo\/","title":{"rendered":"El Castigo"},"content":{"rendered":"\n<div class=\"wp-block-group alignfull is-style-default has-global-padding is-content-justification-center is-layout-constrained wp-block-group-is-layout-constrained\" style=\"margin-top:0;margin-bottom:0\">\n<div class=\"wp-block-group alignwide is-layout-flow wp-container-core-group-is-layout-c951c46d wp-block-group-is-layout-flow\">\n<div class=\"wp-block-jetpack-slideshow aligncenter\" data-effect=\"slide\"><div class=\"wp-block-jetpack-slideshow_container swiper-container\"><ul class=\"wp-block-jetpack-slideshow_swiper-wrapper swiper-wrapper\"><li class=\"wp-block-jetpack-slideshow_slide swiper-slide\"><figure><img data-recalc-dims=\"1\" fetchpriority=\"high\" decoding=\"async\" width=\"4966\" height=\"3650\" alt=\"\" class=\"wp-block-jetpack-slideshow_image wp-image-1510\" data-id=\"1510\" src=\"https:\/\/i0.wp.com\/galeriamemoria.com\/wp-content\/uploads\/2024\/08\/03.jpg?resize=4966%2C3650&#038;ssl=1\" srcset=\"https:\/\/i0.wp.com\/galeriamemoria.com\/wp-content\/uploads\/2024\/08\/03.jpg?w=4966&amp;ssl=1 4966w, https:\/\/i0.wp.com\/galeriamemoria.com\/wp-content\/uploads\/2024\/08\/03.jpg?resize=300%2C220&amp;ssl=1 300w, https:\/\/i0.wp.com\/galeriamemoria.com\/wp-content\/uploads\/2024\/08\/03.jpg?resize=1024%2C753&amp;ssl=1 1024w, https:\/\/i0.wp.com\/galeriamemoria.com\/wp-content\/uploads\/2024\/08\/03.jpg?resize=768%2C564&amp;ssl=1 768w, https:\/\/i0.wp.com\/galeriamemoria.com\/wp-content\/uploads\/2024\/08\/03.jpg?resize=1536%2C1129&amp;ssl=1 1536w, https:\/\/i0.wp.com\/galeriamemoria.com\/wp-content\/uploads\/2024\/08\/03.jpg?resize=2048%2C1505&amp;ssl=1 2048w, https:\/\/i0.wp.com\/galeriamemoria.com\/wp-content\/uploads\/2024\/08\/03.jpg?resize=16%2C12&amp;ssl=1 16w, https:\/\/i0.wp.com\/galeriamemoria.com\/wp-content\/uploads\/2024\/08\/03.jpg?w=3000&amp;ssl=1 3000w\" sizes=\"(max-width: 1000px) 100vw, 1000px\" \/><\/figure><\/li><li class=\"wp-block-jetpack-slideshow_slide swiper-slide\"><figure><img data-recalc-dims=\"1\" decoding=\"async\" width=\"4888\" height=\"3328\" alt=\"\" class=\"wp-block-jetpack-slideshow_image wp-image-1511\" data-id=\"1511\" src=\"https:\/\/i0.wp.com\/galeriamemoria.com\/wp-content\/uploads\/2024\/08\/08.jpg?resize=4888%2C3328&#038;ssl=1\" srcset=\"https:\/\/i0.wp.com\/galeriamemoria.com\/wp-content\/uploads\/2024\/08\/08.jpg?w=4888&amp;ssl=1 4888w, https:\/\/i0.wp.com\/galeriamemoria.com\/wp-content\/uploads\/2024\/08\/08.jpg?resize=300%2C204&amp;ssl=1 300w, https:\/\/i0.wp.com\/galeriamemoria.com\/wp-content\/uploads\/2024\/08\/08.jpg?resize=1024%2C697&amp;ssl=1 1024w, https:\/\/i0.wp.com\/galeriamemoria.com\/wp-content\/uploads\/2024\/08\/08.jpg?resize=768%2C523&amp;ssl=1 768w, https:\/\/i0.wp.com\/galeriamemoria.com\/wp-content\/uploads\/2024\/08\/08.jpg?resize=1536%2C1046&amp;ssl=1 1536w, https:\/\/i0.wp.com\/galeriamemoria.com\/wp-content\/uploads\/2024\/08\/08.jpg?resize=2048%2C1394&amp;ssl=1 2048w, https:\/\/i0.wp.com\/galeriamemoria.com\/wp-content\/uploads\/2024\/08\/08.jpg?resize=18%2C12&amp;ssl=1 18w, https:\/\/i0.wp.com\/galeriamemoria.com\/wp-content\/uploads\/2024\/08\/08.jpg?w=3000&amp;ssl=1 3000w\" sizes=\"(max-width: 1000px) 100vw, 1000px\" \/><\/figure><\/li><li class=\"wp-block-jetpack-slideshow_slide swiper-slide\"><figure><img data-recalc-dims=\"1\" decoding=\"async\" width=\"5616\" height=\"3744\" alt=\"\" class=\"wp-block-jetpack-slideshow_image wp-image-1512\" data-id=\"1512\" src=\"https:\/\/i0.wp.com\/galeriamemoria.com\/wp-content\/uploads\/2024\/08\/06.jpg?resize=5616%2C3744&#038;ssl=1\" srcset=\"https:\/\/i0.wp.com\/galeriamemoria.com\/wp-content\/uploads\/2024\/08\/06.jpg?w=5616&amp;ssl=1 5616w, https:\/\/i0.wp.com\/galeriamemoria.com\/wp-content\/uploads\/2024\/08\/06.jpg?resize=300%2C200&amp;ssl=1 300w, https:\/\/i0.wp.com\/galeriamemoria.com\/wp-content\/uploads\/2024\/08\/06.jpg?resize=1024%2C683&amp;ssl=1 1024w, https:\/\/i0.wp.com\/galeriamemoria.com\/wp-content\/uploads\/2024\/08\/06.jpg?resize=768%2C512&amp;ssl=1 768w, https:\/\/i0.wp.com\/galeriamemoria.com\/wp-content\/uploads\/2024\/08\/06.jpg?resize=1536%2C1024&amp;ssl=1 1536w, https:\/\/i0.wp.com\/galeriamemoria.com\/wp-content\/uploads\/2024\/08\/06.jpg?resize=2048%2C1365&amp;ssl=1 2048w, https:\/\/i0.wp.com\/galeriamemoria.com\/wp-content\/uploads\/2024\/08\/06.jpg?resize=18%2C12&amp;ssl=1 18w, https:\/\/i0.wp.com\/galeriamemoria.com\/wp-content\/uploads\/2024\/08\/06.jpg?w=3000&amp;ssl=1 3000w\" sizes=\"(max-width: 1000px) 100vw, 1000px\" \/><\/figure><\/li><li class=\"wp-block-jetpack-slideshow_slide swiper-slide\"><figure><img data-recalc-dims=\"1\" loading=\"lazy\" decoding=\"async\" width=\"5031\" height=\"3324\" alt=\"\" class=\"wp-block-jetpack-slideshow_image wp-image-1513\" data-id=\"1513\" src=\"https:\/\/i0.wp.com\/galeriamemoria.com\/wp-content\/uploads\/2024\/08\/10-1.jpg?resize=5031%2C3324&#038;ssl=1\" srcset=\"https:\/\/i0.wp.com\/galeriamemoria.com\/wp-content\/uploads\/2024\/08\/10-1.jpg?w=5031&amp;ssl=1 5031w, https:\/\/i0.wp.com\/galeriamemoria.com\/wp-content\/uploads\/2024\/08\/10-1.jpg?resize=300%2C198&amp;ssl=1 300w, https:\/\/i0.wp.com\/galeriamemoria.com\/wp-content\/uploads\/2024\/08\/10-1.jpg?resize=1024%2C677&amp;ssl=1 1024w, https:\/\/i0.wp.com\/galeriamemoria.com\/wp-content\/uploads\/2024\/08\/10-1.jpg?resize=768%2C507&amp;ssl=1 768w, https:\/\/i0.wp.com\/galeriamemoria.com\/wp-content\/uploads\/2024\/08\/10-1.jpg?resize=1536%2C1015&amp;ssl=1 1536w, https:\/\/i0.wp.com\/galeriamemoria.com\/wp-content\/uploads\/2024\/08\/10-1.jpg?resize=2048%2C1353&amp;ssl=1 2048w, https:\/\/i0.wp.com\/galeriamemoria.com\/wp-content\/uploads\/2024\/08\/10-1.jpg?resize=18%2C12&amp;ssl=1 18w, https:\/\/i0.wp.com\/galeriamemoria.com\/wp-content\/uploads\/2024\/08\/10-1.jpg?w=3000&amp;ssl=1 3000w\" sizes=\"(max-width: 1000px) 100vw, 1000px\" \/><\/figure><\/li><li class=\"wp-block-jetpack-slideshow_slide swiper-slide\"><figure><img data-recalc-dims=\"1\" loading=\"lazy\" decoding=\"async\" width=\"5616\" height=\"3744\" alt=\"\" class=\"wp-block-jetpack-slideshow_image wp-image-1514\" data-id=\"1514\" src=\"https:\/\/i0.wp.com\/galeriamemoria.com\/wp-content\/uploads\/2024\/08\/12.jpg?resize=5616%2C3744&#038;ssl=1\" srcset=\"https:\/\/i0.wp.com\/galeriamemoria.com\/wp-content\/uploads\/2024\/08\/12.jpg?w=5616&amp;ssl=1 5616w, https:\/\/i0.wp.com\/galeriamemoria.com\/wp-content\/uploads\/2024\/08\/12.jpg?resize=300%2C200&amp;ssl=1 300w, https:\/\/i0.wp.com\/galeriamemoria.com\/wp-content\/uploads\/2024\/08\/12.jpg?resize=1024%2C683&amp;ssl=1 1024w, https:\/\/i0.wp.com\/galeriamemoria.com\/wp-content\/uploads\/2024\/08\/12.jpg?resize=768%2C512&amp;ssl=1 768w, https:\/\/i0.wp.com\/galeriamemoria.com\/wp-content\/uploads\/2024\/08\/12.jpg?resize=1536%2C1024&amp;ssl=1 1536w, https:\/\/i0.wp.com\/galeriamemoria.com\/wp-content\/uploads\/2024\/08\/12.jpg?resize=2048%2C1365&amp;ssl=1 2048w, https:\/\/i0.wp.com\/galeriamemoria.com\/wp-content\/uploads\/2024\/08\/12.jpg?resize=18%2C12&amp;ssl=1 18w, https:\/\/i0.wp.com\/galeriamemoria.com\/wp-content\/uploads\/2024\/08\/12.jpg?w=3000&amp;ssl=1 3000w\" sizes=\"(max-width: 1000px) 100vw, 1000px\" \/><\/figure><\/li><li class=\"wp-block-jetpack-slideshow_slide swiper-slide\"><figure><img data-recalc-dims=\"1\" loading=\"lazy\" decoding=\"async\" width=\"3000\" height=\"1902\" alt=\"\" class=\"wp-block-jetpack-slideshow_image wp-image-1515\" data-id=\"1515\" src=\"https:\/\/i0.wp.com\/galeriamemoria.com\/wp-content\/uploads\/2024\/08\/14-copia.jpg?resize=3000%2C1902&#038;ssl=1\" srcset=\"https:\/\/i0.wp.com\/galeriamemoria.com\/wp-content\/uploads\/2024\/08\/14-copia.jpg?w=3000&amp;ssl=1 3000w, https:\/\/i0.wp.com\/galeriamemoria.com\/wp-content\/uploads\/2024\/08\/14-copia.jpg?resize=300%2C190&amp;ssl=1 300w, https:\/\/i0.wp.com\/galeriamemoria.com\/wp-content\/uploads\/2024\/08\/14-copia.jpg?resize=1024%2C649&amp;ssl=1 1024w, https:\/\/i0.wp.com\/galeriamemoria.com\/wp-content\/uploads\/2024\/08\/14-copia.jpg?resize=768%2C487&amp;ssl=1 768w, https:\/\/i0.wp.com\/galeriamemoria.com\/wp-content\/uploads\/2024\/08\/14-copia.jpg?resize=1536%2C974&amp;ssl=1 1536w, https:\/\/i0.wp.com\/galeriamemoria.com\/wp-content\/uploads\/2024\/08\/14-copia.jpg?resize=2048%2C1298&amp;ssl=1 2048w, https:\/\/i0.wp.com\/galeriamemoria.com\/wp-content\/uploads\/2024\/08\/14-copia.jpg?resize=18%2C12&amp;ssl=1 18w\" sizes=\"(max-width: 1000px) 100vw, 1000px\" \/><\/figure><\/li><\/ul><a class=\"wp-block-jetpack-slideshow_button-prev swiper-button-prev swiper-button-white\" role=\"button\"><\/a><a class=\"wp-block-jetpack-slideshow_button-next swiper-button-next swiper-button-white\" role=\"button\"><\/a><a aria-label=\"Pause Slideshow\" class=\"wp-block-jetpack-slideshow_button-pause\" role=\"button\"><\/a><div class=\"wp-block-jetpack-slideshow_pagination swiper-pagination swiper-pagination-white\"><\/div><\/div><\/div>\n\n\n\n<div class=\"wp-block-columns is-layout-flex wp-container-core-columns-is-layout-8dc9b08b wp-block-columns-is-layout-flex\" style=\"margin-top:0;margin-bottom:0\">\n<div class=\"wp-block-column is-layout-flow wp-block-column-is-layout-flow\" style=\"flex-basis:100%\">\n<h2 class=\"wp-block-heading alignwide has-x-large-font-size\"><em><strong>El Castigo<\/strong><\/em><\/h2>\n\n\n\n<p class=\"has-text-color has-link-color has-medium-font-size wp-elements-1 wp-block-paragraph\" style=\"color:#1f1f1fc2\"><strong><a href=\"https:\/\/galeriamemoria.com\/artists\/yolanda-andrade\/\" data-type=\"page\" data-id=\"115\">Yolanda Andrade<\/a> | Rafael Canogar | Ernesto Cardenal | Abraham Cruzvillegas | Rafael D\u00edaz | Simon Edmondson | Muriel Hasbun | <a href=\"https:\/\/galeriamemoria.com\/artists\/graciela-iturbide\/\" data-type=\"page\" data-id=\"1170\">Graciela Iturbide <\/a>| Chema Madoz | <a href=\"https:\/\/galeriamemoria.com\/artists\/guillermo-nunez\/\" data-type=\"page\" data-id=\"1184\">Guillermo N\u00fa\u00f1ez <\/a>| <a href=\"https:\/\/galeriamemoria.com\/artists\/vicente-rojo\/\" data-type=\"page\" data-id=\"1223\">Vicente Rojo<\/a> I Daniel Silvo | Comunidad de Solentiname | Joaqu\u00edn Torres Garc\u00eda | Javier de Villota<\/strong><\/p>\n\n\n\n<div class=\"wp-block-columns is-layout-flex wp-container-core-columns-is-layout-28f84493 wp-block-columns-is-layout-flex\">\n<div class=\"wp-block-column is-vertically-aligned-center is-layout-flow wp-block-column-is-layout-flow\" style=\"flex-basis:25%\">\n<div class=\"wp-block-group has-global-padding is-layout-constrained wp-block-group-is-layout-constrained\">\n<div class=\"wp-block-group has-global-padding is-content-justification-left is-layout-constrained wp-container-core-group-is-layout-12dd3699 wp-block-group-is-layout-constrained\">\n<div class=\"wp-block-group alignwide has-global-padding is-layout-constrained wp-block-group-is-layout-constrained\">\n<div class=\"wp-block-group has-global-padding is-layout-constrained wp-block-group-is-layout-constrained\">\n<p class=\"wp-block-paragraph\"><strong>MEMORIA (Centro)<\/strong><br>10.09.2020 &#8211; 15.06.2021<\/p>\n<\/div>\n<\/div>\n<\/div>\n<\/div>\n<\/div>\n\n\n\n<div class=\"wp-block-column is-layout-flow wp-block-column-is-layout-flow\" style=\"flex-basis:50%\">\n<div class=\"wp-block-buttons is-content-justification-right is-layout-flex wp-container-core-buttons-is-layout-20c4a405 wp-block-buttons-is-layout-flex\"><\/div>\n<\/div>\n<\/div>\n<\/div>\n<\/div>\n\n\n\n<p class=\"has-text-align-justify wp-block-paragraph\">In the year 2020, authority intruded into our lives with behavioral control mechanisms, using surveillance as a constant resource. Without contingency between monitoring and punishing, when it is understood as random, it can be attributed by the individual as inherent to existence, as an evil from which it is not possible to escape. In the absence of reinforcements and in a scenario where the punitive predominates, the human being stops responding under a state of Learned Helplessness, potentially becoming a wandering being reduced to the fetal level.<br><br><em>Screenprints<\/em> of Rafael Canogar with the peasants of the Solentiname Archipelago from the seventies presented in conjunction with the syncretic sculptures of the poet Ernesto Cardenal, in conversation with a deconstructive sculpture Abraham Cruzvillegas.The clinical documents on Alzheimer&#8217;s by Rafael D\u00edaz, the radiographic studies of Muriel Hasbun, <em>Grief<\/em> (1898) by Joaqu\u00edn Torres Garc\u00eda, the long-awaited grid of the city by Vicente Rojo or the stolen scenes of the daily tumult of Javier de Villota in his <em>I saw it<\/em>, and this too and again Canogar with his <em>Body Search<\/em>, (1973). The perspective is then dislocated with the photography of Daniel Silvo and his satirical allusion to other historical quarantines such as the nuclear quarantine of the 40s and 50s. For their part, the Mexican photographers Graciela Iturbide and Yolanda Andrade capture a decisive moment of eros thanatos in a sort of catharsis. It is in this disruption that Chema Madoz appears to open the possibility by stopping the unrepresentable.<br><br>The viewer and the collective experience are activated in this exhibition that is detached from the political. The outcome of this story must be understood from a pro-positive point of view: the punishment punishes us, but do we have individual responsibility in perceiving the deepest nuances of this crisis? What has been born from forced introspection in a society that lives off the external? Have we been able to reconnect with the part of our being that denies helplessness?<\/p>\n\n\n\n<p class=\"has-text-align-justify wp-block-paragraph\"><\/p>\n<\/div>\n\n\n\n<div style=\"height:0px\" aria-hidden=\"true\" class=\"wp-block-spacer\"><\/div>\n<\/div>\n\n\n\n<h3 class=\"wp-block-heading alignwide has-medium-font-size\"><strong>SELECTION OF WORKS<\/strong><\/h3>\n\n\n\n<div class=\"wp-block-jetpack-tiled-gallery alignwide is-style-square\"><div class=\"\"><div class=\"tiled-gallery__gallery\"><div class=\"tiled-gallery__row columns-4\"><div class=\"tiled-gallery__col\"><figure class=\"tiled-gallery__item\"><img decoding=\"async\" data-attachment-id=\"2119\" data-permalink=\"https:\/\/galeriamemoria.com\/en\/el-castigo\/graciela-iturbide-autorretrato\/\" data-orig-file=\"https:\/\/i0.wp.com\/galeriamemoria.com\/wp-content\/uploads\/2024\/10\/Graciela-Iturbide-Autorretrato.jpg?fit=2463%2C2122&amp;ssl=1\" data-orig-size=\"2463,2122\" data-comments-opened=\"0\" data-image-title=\"Graciela Iturbide, Autorretrato\" data-image-description=\"\" data-image-caption=\"&lt;p&gt;Graciela Iturbide, Autorretrato&lt;\/p&gt;\n\" data-large-file=\"https:\/\/i0.wp.com\/galeriamemoria.com\/wp-content\/uploads\/2024\/10\/Graciela-Iturbide-Autorretrato.jpg?fit=1024%2C882&amp;ssl=1\" role=\"button\" tabindex=\"0\" aria-label=\"Open image 1 of 8 in full-screen\" srcset=\"https:\/\/i2.wp.com\/galeriamemoria.com\/wp-content\/uploads\/2024\/10\/Graciela-Iturbide-Autorretrato-1024x882.jpg?resize=600%2C600&#038;strip=info&#038;ssl=1 600w,https:\/\/i2.wp.com\/galeriamemoria.com\/wp-content\/uploads\/2024\/10\/Graciela-Iturbide-Autorretrato-1024x882.jpg?resize=882%2C882&#038;strip=info&#038;ssl=1 882w\" alt=\"\" data-height=\"2122\" data-id=\"2119\" data-link=\"https:\/\/galeriamemoria.com\/el-castigo\/graciela-iturbide-autorretrato\/\" data-url=\"https:\/\/galeriamemoria.com\/wp-content\/uploads\/2024\/10\/Graciela-Iturbide-Autorretrato-1024x882.jpg\" data-width=\"2463\" src=\"https:\/\/i2.wp.com\/galeriamemoria.com\/wp-content\/uploads\/2024\/10\/Graciela-Iturbide-Autorretrato-1024x882.jpg?ssl=1&amp;resize=2000%2C2000\" data-amp-layout=\"responsive\" tabindex=\"0\" role=\"button\" aria-label=\"Open image 1 of 8 in full-screen\"\/><\/figure><\/div><div class=\"tiled-gallery__col\"><figure class=\"tiled-gallery__item\"><img decoding=\"async\" data-attachment-id=\"2122\" data-permalink=\"https:\/\/galeriamemoria.com\/en\/el-castigo\/vicente-rojo-escenarios-frente-al-mar-1999\/\" data-orig-file=\"https:\/\/i0.wp.com\/galeriamemoria.com\/wp-content\/uploads\/2024\/10\/Vicente-Rojo-Escenarios-frente-al-mar-1999.jpg?fit=900%2C899&amp;ssl=1\" data-orig-size=\"900,899\" data-comments-opened=\"0\" data-image-title=\"Vicente Rojo, Escenarios frente al mar, 1999\" data-image-description=\"\" data-image-caption=\"&lt;p&gt;Vicente Rojo, &amp;#8220;Escenarios frente al mar&amp;#8221;, 1999&lt;\/p&gt;\n\" data-large-file=\"https:\/\/i0.wp.com\/galeriamemoria.com\/wp-content\/uploads\/2024\/10\/Vicente-Rojo-Escenarios-frente-al-mar-1999.jpg?fit=900%2C899&amp;ssl=1\" role=\"button\" tabindex=\"0\" aria-label=\"Open image 2 of 8 in full-screen\" srcset=\"https:\/\/i2.wp.com\/galeriamemoria.com\/wp-content\/uploads\/2024\/10\/Vicente-Rojo-Escenarios-frente-al-mar-1999.jpg?resize=600%2C600&#038;strip=info&#038;ssl=1 600w,https:\/\/i2.wp.com\/galeriamemoria.com\/wp-content\/uploads\/2024\/10\/Vicente-Rojo-Escenarios-frente-al-mar-1999.jpg?resize=899%2C899&#038;strip=info&#038;ssl=1 899w\" alt=\"\" data-height=\"899\" data-id=\"2122\" data-link=\"https:\/\/galeriamemoria.com\/el-castigo\/vicente-rojo-escenarios-frente-al-mar-1999\/\" data-url=\"https:\/\/galeriamemoria.com\/wp-content\/uploads\/2024\/10\/Vicente-Rojo-Escenarios-frente-al-mar-1999.jpg\" data-width=\"900\" src=\"https:\/\/i2.wp.com\/galeriamemoria.com\/wp-content\/uploads\/2024\/10\/Vicente-Rojo-Escenarios-frente-al-mar-1999.jpg?ssl=1&amp;resize=899%2C899\" data-amp-layout=\"responsive\" tabindex=\"0\" role=\"button\" aria-label=\"Open image 2 of 8 in full-screen\"\/><\/figure><\/div><div class=\"tiled-gallery__col\"><figure class=\"tiled-gallery__item\"><img decoding=\"async\" data-attachment-id=\"1469\" data-permalink=\"https:\/\/galeriamemoria.com\/en\/qm6nznm69gxux1ji-1\/\" data-orig-file=\"https:\/\/i0.wp.com\/galeriamemoria.com\/wp-content\/uploads\/2024\/08\/QM6nzNm69GXUx1ji-1.png?fit=428%2C305&amp;ssl=1\" data-orig-size=\"428,305\" data-comments-opened=\"0\" data-image-title=\"Yolanda Andrade, &amp;#8220;Inversi\u00f3n t\u00e9rmica&amp;#8221;, 1990\" data-image-description=\"\" data-image-caption=\"&lt;p&gt;Yolanda Andrade, &amp;#8220;Inversi\u00f3n t\u00e9rmica&amp;#8221;, 1990&lt;\/p&gt;\n\" data-large-file=\"https:\/\/i0.wp.com\/galeriamemoria.com\/wp-content\/uploads\/2024\/08\/QM6nzNm69GXUx1ji-1.png?fit=428%2C305&amp;ssl=1\" role=\"button\" tabindex=\"0\" aria-label=\"Open image 3 of 8 in full-screen\" srcset=\"https:\/\/i1.wp.com\/galeriamemoria.com\/wp-content\/uploads\/2024\/08\/QM6nzNm69GXUx1ji-1.png?resize=305%2C305&#038;strip=info&#038;ssl=1 305w\" alt=\"\" data-height=\"305\" data-id=\"1469\" data-link=\"https:\/\/galeriamemoria.com\/qm6nznm69gxux1ji-1\/\" data-url=\"https:\/\/galeriamemoria.com\/wp-content\/uploads\/2024\/08\/QM6nzNm69GXUx1ji-1.png\" data-width=\"428\" src=\"https:\/\/i1.wp.com\/galeriamemoria.com\/wp-content\/uploads\/2024\/08\/QM6nzNm69GXUx1ji-1.png?ssl=1&amp;resize=305%2C305\" data-amp-layout=\"responsive\" tabindex=\"0\" role=\"button\" aria-label=\"Open image 3 of 8 in full-screen\"\/><\/figure><\/div><div class=\"tiled-gallery__col\"><figure class=\"tiled-gallery__item\"><img decoding=\"async\" data-attachment-id=\"1428\" data-permalink=\"https:\/\/galeriamemoria.com\/en\/ex-culturas_image009\/\" data-orig-file=\"https:\/\/i0.wp.com\/galeriamemoria.com\/wp-content\/uploads\/2024\/08\/Ex-culturas_image009.jpg?fit=2881%2C4035&amp;ssl=1\" data-orig-size=\"2881,4035\" data-comments-opened=\"0\" data-image-title=\"Abraham Cruzvillegas, &amp;#8220;Dyptich&amp;#8221;, 2007\" data-image-description=\"\" data-image-caption=\"&lt;p&gt;Abraham Cruzvillegas, &amp;#8220;Dyptich&amp;#8221;, 2007&lt;\/p&gt;\n\" data-large-file=\"https:\/\/i0.wp.com\/galeriamemoria.com\/wp-content\/uploads\/2024\/08\/Ex-culturas_image009.jpg?fit=731%2C1024&amp;ssl=1\" role=\"button\" tabindex=\"0\" aria-label=\"Open image 4 of 8 in full-screen\" srcset=\"https:\/\/i2.wp.com\/galeriamemoria.com\/wp-content\/uploads\/2024\/08\/Ex-culturas_image009-731x1024.jpg?resize=600%2C600&#038;strip=info&#038;ssl=1 600w,https:\/\/i2.wp.com\/galeriamemoria.com\/wp-content\/uploads\/2024\/08\/Ex-culturas_image009-731x1024.jpg?resize=731%2C731&#038;strip=info&#038;ssl=1 731w\" alt=\"\" data-height=\"4035\" data-id=\"1428\" data-link=\"https:\/\/galeriamemoria.com\/ex-culturas_image009\/\" data-url=\"https:\/\/galeriamemoria.com\/wp-content\/uploads\/2024\/08\/Ex-culturas_image009-731x1024.jpg\" data-width=\"2881\" src=\"https:\/\/i2.wp.com\/galeriamemoria.com\/wp-content\/uploads\/2024\/08\/Ex-culturas_image009-731x1024.jpg?ssl=1&amp;resize=2000%2C2000\" data-amp-layout=\"responsive\" tabindex=\"0\" role=\"button\" aria-label=\"Open image 4 of 8 in full-screen\"\/><\/figure><\/div><\/div><div class=\"tiled-gallery__row columns-4\"><div class=\"tiled-gallery__col\"><figure class=\"tiled-gallery__item\"><img decoding=\"async\" data-attachment-id=\"1516\" data-permalink=\"https:\/\/galeriamemoria.com\/en\/yolanda-andrade_el-grito_1985\/\" data-orig-file=\"https:\/\/i0.wp.com\/galeriamemoria.com\/wp-content\/uploads\/2024\/08\/Yolanda-Andrade_El-Grito_1985.jpg?fit=1024%2C686&amp;ssl=1\" data-orig-size=\"1024,686\" data-comments-opened=\"0\" data-image-title=\"Yolanda Andrade, &amp;#8220;El Grito&amp;#8221;, 1985\" data-image-description=\"\" data-image-caption=\"&lt;p&gt;Yolanda Andrade, &amp;#8220;El Grito&amp;#8221;, 1985&lt;\/p&gt;\n\" data-large-file=\"https:\/\/i0.wp.com\/galeriamemoria.com\/wp-content\/uploads\/2024\/08\/Yolanda-Andrade_El-Grito_1985.jpg?fit=1024%2C686&amp;ssl=1\" role=\"button\" tabindex=\"0\" aria-label=\"Open image 5 of 8 in full-screen\" srcset=\"https:\/\/i1.wp.com\/galeriamemoria.com\/wp-content\/uploads\/2024\/08\/Yolanda-Andrade_El-Grito_1985.jpg?resize=600%2C600&#038;strip=info&#038;ssl=1 600w,https:\/\/i1.wp.com\/galeriamemoria.com\/wp-content\/uploads\/2024\/08\/Yolanda-Andrade_El-Grito_1985.jpg?resize=686%2C686&#038;strip=info&#038;ssl=1 686w\" alt=\"\" data-height=\"686\" data-id=\"1516\" data-link=\"https:\/\/galeriamemoria.com\/yolanda-andrade_el-grito_1985\/\" data-url=\"https:\/\/galeriamemoria.com\/wp-content\/uploads\/2024\/08\/Yolanda-Andrade_El-Grito_1985.jpg\" data-width=\"1024\" src=\"https:\/\/i1.wp.com\/galeriamemoria.com\/wp-content\/uploads\/2024\/08\/Yolanda-Andrade_El-Grito_1985.jpg?ssl=1&amp;resize=686%2C686\" data-amp-layout=\"responsive\" tabindex=\"0\" role=\"button\" aria-label=\"Open image 5 of 8 in full-screen\"\/><\/figure><\/div><div class=\"tiled-gallery__col\"><figure class=\"tiled-gallery__item\"><img decoding=\"async\" data-attachment-id=\"2117\" data-permalink=\"https:\/\/galeriamemoria.com\/en\/el-castigo\/chema-madoz-serie-piedras-2000\/\" data-orig-file=\"https:\/\/i0.wp.com\/galeriamemoria.com\/wp-content\/uploads\/2024\/10\/Chema-Madoz-Serie-Piedras-2000.png?fit=1619%2C2048&amp;ssl=1\" data-orig-size=\"1619,2048\" data-comments-opened=\"0\" data-image-title=\"Chema Madoz, Serie Piedras, 2000\" data-image-description=\"\" data-image-caption=\"&lt;p&gt;Chema Madoz, Serie Piedras, 2000&lt;\/p&gt;\n\" data-large-file=\"https:\/\/i0.wp.com\/galeriamemoria.com\/wp-content\/uploads\/2024\/10\/Chema-Madoz-Serie-Piedras-2000.png?fit=810%2C1024&amp;ssl=1\" role=\"button\" tabindex=\"0\" aria-label=\"Open image 6 of 8 in full-screen\" srcset=\"https:\/\/i1.wp.com\/galeriamemoria.com\/wp-content\/uploads\/2024\/10\/Chema-Madoz-Serie-Piedras-2000-810x1024.png?resize=600%2C600&#038;strip=info&#038;ssl=1 600w,https:\/\/i1.wp.com\/galeriamemoria.com\/wp-content\/uploads\/2024\/10\/Chema-Madoz-Serie-Piedras-2000-810x1024.png?resize=810%2C810&#038;strip=info&#038;ssl=1 810w\" alt=\"\" data-height=\"2048\" data-id=\"2117\" data-link=\"https:\/\/galeriamemoria.com\/el-castigo\/chema-madoz-serie-piedras-2000\/\" data-url=\"https:\/\/galeriamemoria.com\/wp-content\/uploads\/2024\/10\/Chema-Madoz-Serie-Piedras-2000-810x1024.png\" data-width=\"1619\" src=\"https:\/\/i1.wp.com\/galeriamemoria.com\/wp-content\/uploads\/2024\/10\/Chema-Madoz-Serie-Piedras-2000-810x1024.png?ssl=1&amp;resize=1619%2C1619\" data-amp-layout=\"responsive\" tabindex=\"0\" role=\"button\" aria-label=\"Open image 6 of 8 in full-screen\"\/><\/figure><\/div><div class=\"tiled-gallery__col\"><figure class=\"tiled-gallery__item\"><img decoding=\"async\" data-attachment-id=\"2116\" data-permalink=\"https:\/\/galeriamemoria.com\/en\/el-castigo\/canogar-el-cacheo-1973\/\" data-orig-file=\"https:\/\/i0.wp.com\/galeriamemoria.com\/wp-content\/uploads\/2024\/10\/Canogar-El-cacheo-1973.png?fit=380%2C475&amp;ssl=1\" data-orig-size=\"380,475\" data-comments-opened=\"0\" data-image-title=\"Canogar, El cacheo, 1973\" data-image-description=\"\" data-image-caption=\"&lt;p&gt;Canogar, El cacheo, 1973&lt;\/p&gt;\n\" data-large-file=\"https:\/\/i0.wp.com\/galeriamemoria.com\/wp-content\/uploads\/2024\/10\/Canogar-El-cacheo-1973.png?fit=380%2C475&amp;ssl=1\" role=\"button\" tabindex=\"0\" aria-label=\"Open image 7 of 8 in full-screen\" srcset=\"https:\/\/i1.wp.com\/galeriamemoria.com\/wp-content\/uploads\/2024\/10\/Canogar-El-cacheo-1973.png?resize=380%2C380&#038;strip=info&#038;ssl=1 380w\" alt=\"\" data-height=\"475\" data-id=\"2116\" data-link=\"https:\/\/galeriamemoria.com\/el-castigo\/canogar-el-cacheo-1973\/\" data-url=\"https:\/\/galeriamemoria.com\/wp-content\/uploads\/2024\/10\/Canogar-El-cacheo-1973.png\" data-width=\"380\" src=\"https:\/\/i1.wp.com\/galeriamemoria.com\/wp-content\/uploads\/2024\/10\/Canogar-El-cacheo-1973.png?ssl=1&amp;resize=380%2C380\" data-amp-layout=\"responsive\" tabindex=\"0\" role=\"button\" aria-label=\"Open image 7 of 8 in full-screen\"\/><\/figure><\/div><div class=\"tiled-gallery__col\"><figure class=\"tiled-gallery__item\"><img decoding=\"async\" data-attachment-id=\"2118\" data-permalink=\"https:\/\/galeriamemoria.com\/en\/el-castigo\/chema-madoz-sin-titulo-2007\/\" data-orig-file=\"https:\/\/i0.wp.com\/galeriamemoria.com\/wp-content\/uploads\/2024\/10\/Chema-Madoz-Sin-titulo-2007-.png?fit=1745%2C2048&amp;ssl=1\" data-orig-size=\"1745,2048\" data-comments-opened=\"0\" data-image-title=\"Chema Madoz, Untitled, 2007\" data-image-description=\"\" data-image-caption=\"&lt;p&gt;Chema Madoz, Untitled, 2007&lt;\/p&gt;\n\" data-large-file=\"https:\/\/i0.wp.com\/galeriamemoria.com\/wp-content\/uploads\/2024\/10\/Chema-Madoz-Sin-titulo-2007-.png?fit=873%2C1024&amp;ssl=1\" role=\"button\" tabindex=\"0\" aria-label=\"Open image 8 of 8 in full-screen\" srcset=\"https:\/\/i0.wp.com\/galeriamemoria.com\/wp-content\/uploads\/2024\/10\/Chema-Madoz-Sin-titulo-2007--873x1024.png?resize=600%2C600&#038;strip=info&#038;ssl=1 600w,https:\/\/i0.wp.com\/galeriamemoria.com\/wp-content\/uploads\/2024\/10\/Chema-Madoz-Sin-titulo-2007--873x1024.png?resize=873%2C873&#038;strip=info&#038;ssl=1 873w\" alt=\"\" data-height=\"2048\" data-id=\"2118\" data-link=\"https:\/\/galeriamemoria.com\/el-castigo\/chema-madoz-sin-titulo-2007\/\" data-url=\"https:\/\/galeriamemoria.com\/wp-content\/uploads\/2024\/10\/Chema-Madoz-Sin-titulo-2007--873x1024.png\" data-width=\"1745\" src=\"https:\/\/i0.wp.com\/galeriamemoria.com\/wp-content\/uploads\/2024\/10\/Chema-Madoz-Sin-titulo-2007--873x1024.png?ssl=1&amp;resize=1745%2C1745\" data-amp-layout=\"responsive\" tabindex=\"0\" role=\"button\" aria-label=\"Open image 8 of 8 in full-screen\"\/><\/figure><\/div><\/div><\/div><\/div><\/div>\n\n\n\n<div class=\"wp-block-buttons alignfull is-content-justification-center is-layout-flex wp-container-core-buttons-is-layout-69bbf988 wp-block-buttons-is-layout-flex\"><\/div>\n\n\n\n<div class=\"wp-block-columns alignwide is-layout-flex wp-container-core-columns-is-layout-28f84493 wp-block-columns-is-layout-flex\">\n<div class=\"wp-block-column is-layout-flow wp-block-column-is-layout-flow\" style=\"flex-basis:100%\">\n<p class=\"has-text-align-justify wp-block-paragraph\"><\/p>\n<\/div>\n<\/div>\n\n\n\n<p class=\"has-theme-1-background-color has-background wp-block-paragraph\"><\/p>\n\n\n\n<p class=\"wp-block-paragraph\"><\/p>\n\n\n\n<div class=\"wp-block-group alignfull has-theme-2-background-color has-background has-global-padding is-content-justification-center is-layout-constrained wp-block-group-is-layout-constrained\" style=\"margin-top:0;margin-bottom:0\"><\/div>\n","protected":false},"excerpt":{"rendered":"<p>El Castigo Yolanda Andrade | Rafael Canogar | Ernesto Cardenal | Abraham Cruzvillegas | Rafael D\u00edaz | Simon Edmondson | Muriel Hasbun | Graciela Iturbide | Chema Madoz | Guillermo N\u00fa\u00f1ez | Vicente Rojo I Daniel Silvo | Comunidad de Solentiname | Joaqu\u00edn Torres Garc\u00eda | Javier de Villota MEMORIA (Centro)10.09.2020 &#8211; 15.06.2021 In the [&hellip;]<\/p>\n","protected":false},"author":251800687,"featured_media":1484,"parent":0,"menu_order":0,"comment_status":"closed","ping_status":"closed","template":"","meta":{"advanced_seo_description":"","jetpack_seo_html_title":"","jetpack_seo_noindex":false,"jetpack_seo_schema_type":"","_wpcom_ai_launchpad_about_page":false,"_wpcom_ai_launchpad_gallery_page":false,"_wpcom_ai_launchpad_contact_page":false,"_wpcom_ai_launchpad_events_page":false,"_wpcom_ai_launchpad_video_page":false,"_wpcom_ai_launchpad_portfolio_piece":false,"footnotes":""},"class_list":["post-1509","page","type-page","status-publish","has-post-thumbnail","hentry"],"jetpack_likes_enabled":false,"jetpack_sharing_enabled":true,"jetpack_shortlink":"https:\/\/wp.me\/PfPCnn-ol","jetpack-related-posts":[],"_links":{"self":[{"href":"https:\/\/galeriamemoria.com\/en\/wp-json\/wp\/v2\/pages\/1509","targetHints":{"allow":["GET"]}}],"collection":[{"href":"https:\/\/galeriamemoria.com\/en\/wp-json\/wp\/v2\/pages"}],"about":[{"href":"https:\/\/galeriamemoria.com\/en\/wp-json\/wp\/v2\/types\/page"}],"author":[{"embeddable":true,"href":"https:\/\/galeriamemoria.com\/en\/wp-json\/wp\/v2\/users\/251800687"}],"replies":[{"embeddable":true,"href":"https:\/\/galeriamemoria.com\/en\/wp-json\/wp\/v2\/comments?post=1509"}],"version-history":[{"count":5,"href":"https:\/\/galeriamemoria.com\/en\/wp-json\/wp\/v2\/pages\/1509\/revisions"}],"predecessor-version":[{"id":2124,"href":"https:\/\/galeriamemoria.com\/en\/wp-json\/wp\/v2\/pages\/1509\/revisions\/2124"}],"wp:featuredmedia":[{"embeddable":true,"href":"https:\/\/galeriamemoria.com\/en\/wp-json\/wp\/v2\/media\/1484"}],"wp:attachment":[{"href":"https:\/\/galeriamemoria.com\/en\/wp-json\/wp\/v2\/media?parent=1509"}],"curies":[{"name":"wp","href":"https:\/\/api.w.org\/{rel}","templated":true}]}}