{"id":2404,"date":"2024-12-10T11:39:46","date_gmt":"2024-12-10T10:39:46","guid":{"rendered":"https:\/\/galeriamemoria.com\/?page_id=2404"},"modified":"2025-01-14T18:51:48","modified_gmt":"2025-01-14T17:51:48","slug":"paro-ques%cc%88ha","status":"publish","type":"page","link":"https:\/\/galeriamemoria.com\/en\/paro-ques%cc%88ha\/","title":{"rendered":"P\u00e1ro Ques\u0308h\u00e1"},"content":{"rendered":"\n<div class=\"wp-block-group alignfull is-style-default has-global-padding is-content-justification-center is-layout-constrained wp-block-group-is-layout-constrained\" style=\"margin-top:0;margin-bottom:0\">\n<div class=\"wp-block-group alignwide is-layout-flow wp-container-core-group-is-layout-c951c46d wp-block-group-is-layout-flow\">\n<div class=\"wp-block-jetpack-slideshow aligncenter\" data-effect=\"slide\"><div class=\"wp-block-jetpack-slideshow_container swiper-container\"><ul class=\"wp-block-jetpack-slideshow_swiper-wrapper swiper-wrapper\"><li class=\"wp-block-jetpack-slideshow_slide swiper-slide\"><figure><img data-recalc-dims=\"1\" fetchpriority=\"high\" decoding=\"async\" width=\"5120\" height=\"3840\" alt=\"\" class=\"wp-block-jetpack-slideshow_image wp-image-2464\" data-id=\"2464\" src=\"https:\/\/i0.wp.com\/galeriamemoria.com\/wp-content\/uploads\/2024\/12\/Paro-Quesha-1.jpeg?resize=5120%2C3840&#038;ssl=1\" srcset=\"https:\/\/i0.wp.com\/galeriamemoria.com\/wp-content\/uploads\/2024\/12\/Paro-Quesha-1.jpeg?w=5120&amp;ssl=1 5120w, https:\/\/i0.wp.com\/galeriamemoria.com\/wp-content\/uploads\/2024\/12\/Paro-Quesha-1.jpeg?resize=300%2C225&amp;ssl=1 300w, https:\/\/i0.wp.com\/galeriamemoria.com\/wp-content\/uploads\/2024\/12\/Paro-Quesha-1.jpeg?resize=1024%2C768&amp;ssl=1 1024w, https:\/\/i0.wp.com\/galeriamemoria.com\/wp-content\/uploads\/2024\/12\/Paro-Quesha-1.jpeg?resize=768%2C576&amp;ssl=1 768w, https:\/\/i0.wp.com\/galeriamemoria.com\/wp-content\/uploads\/2024\/12\/Paro-Quesha-1.jpeg?resize=1536%2C1152&amp;ssl=1 1536w, https:\/\/i0.wp.com\/galeriamemoria.com\/wp-content\/uploads\/2024\/12\/Paro-Quesha-1.jpeg?resize=2048%2C1536&amp;ssl=1 2048w, https:\/\/i0.wp.com\/galeriamemoria.com\/wp-content\/uploads\/2024\/12\/Paro-Quesha-1.jpeg?resize=16%2C12&amp;ssl=1 16w, https:\/\/i0.wp.com\/galeriamemoria.com\/wp-content\/uploads\/2024\/12\/Paro-Quesha-1.jpeg?resize=1200%2C900&amp;ssl=1 1200w, https:\/\/i0.wp.com\/galeriamemoria.com\/wp-content\/uploads\/2024\/12\/Paro-Quesha-1.jpeg?resize=800%2C600&amp;ssl=1 800w, https:\/\/i0.wp.com\/galeriamemoria.com\/wp-content\/uploads\/2024\/12\/Paro-Quesha-1.jpeg?resize=600%2C450&amp;ssl=1 600w, https:\/\/i0.wp.com\/galeriamemoria.com\/wp-content\/uploads\/2024\/12\/Paro-Quesha-1.jpeg?resize=400%2C300&amp;ssl=1 400w, https:\/\/i0.wp.com\/galeriamemoria.com\/wp-content\/uploads\/2024\/12\/Paro-Quesha-1.jpeg?resize=200%2C150&amp;ssl=1 200w, https:\/\/i0.wp.com\/galeriamemoria.com\/wp-content\/uploads\/2024\/12\/Paro-Quesha-1.jpeg?w=3000&amp;ssl=1 3000w\" sizes=\"(max-width: 1000px) 100vw, 1000px\" \/><figcaption class=\"wp-block-jetpack-slideshow_caption gallery-caption\">&#8220;P\u00e1ro Ques\u0308h\u00e1&#8221;, MEMORIA, Madrid, 2024<\/figcaption><\/figure><\/li><li class=\"wp-block-jetpack-slideshow_slide swiper-slide\"><figure><img data-recalc-dims=\"1\" decoding=\"async\" width=\"4792\" height=\"3594\" alt=\"\" class=\"wp-block-jetpack-slideshow_image wp-image-2544\" data-id=\"2544\" src=\"https:\/\/i0.wp.com\/galeriamemoria.com\/wp-content\/uploads\/2024\/12\/P1060775.jpg?resize=4792%2C3594&#038;ssl=1\" srcset=\"https:\/\/i0.wp.com\/galeriamemoria.com\/wp-content\/uploads\/2024\/12\/P1060775.jpg?w=4792&amp;ssl=1 4792w, https:\/\/i0.wp.com\/galeriamemoria.com\/wp-content\/uploads\/2024\/12\/P1060775.jpg?resize=300%2C225&amp;ssl=1 300w, https:\/\/i0.wp.com\/galeriamemoria.com\/wp-content\/uploads\/2024\/12\/P1060775.jpg?resize=1024%2C768&amp;ssl=1 1024w, https:\/\/i0.wp.com\/galeriamemoria.com\/wp-content\/uploads\/2024\/12\/P1060775.jpg?resize=768%2C576&amp;ssl=1 768w, https:\/\/i0.wp.com\/galeriamemoria.com\/wp-content\/uploads\/2024\/12\/P1060775.jpg?resize=1536%2C1152&amp;ssl=1 1536w, https:\/\/i0.wp.com\/galeriamemoria.com\/wp-content\/uploads\/2024\/12\/P1060775.jpg?resize=2048%2C1536&amp;ssl=1 2048w, https:\/\/i0.wp.com\/galeriamemoria.com\/wp-content\/uploads\/2024\/12\/P1060775.jpg?resize=16%2C12&amp;ssl=1 16w, https:\/\/i0.wp.com\/galeriamemoria.com\/wp-content\/uploads\/2024\/12\/P1060775.jpg?w=3000&amp;ssl=1 3000w\" sizes=\"(max-width: 1000px) 100vw, 1000px\" \/><figcaption class=\"wp-block-jetpack-slideshow_caption gallery-caption\">&#8220;P\u00e1ro Ques\u0308h\u00e1&#8221;, MEMORIA, Madrid, 2024<\/figcaption><\/figure><\/li><li class=\"wp-block-jetpack-slideshow_slide swiper-slide\"><figure><img data-recalc-dims=\"1\" decoding=\"async\" width=\"5120\" height=\"3840\" alt=\"\" class=\"wp-block-jetpack-slideshow_image wp-image-2514\" data-id=\"2514\" src=\"https:\/\/i0.wp.com\/galeriamemoria.com\/wp-content\/uploads\/2024\/12\/PHOTO-2024-12-04-18-02-01-2.jpg?resize=5120%2C3840&#038;ssl=1\" srcset=\"https:\/\/i0.wp.com\/galeriamemoria.com\/wp-content\/uploads\/2024\/12\/PHOTO-2024-12-04-18-02-01-2.jpg?w=5120&amp;ssl=1 5120w, https:\/\/i0.wp.com\/galeriamemoria.com\/wp-content\/uploads\/2024\/12\/PHOTO-2024-12-04-18-02-01-2.jpg?resize=300%2C225&amp;ssl=1 300w, https:\/\/i0.wp.com\/galeriamemoria.com\/wp-content\/uploads\/2024\/12\/PHOTO-2024-12-04-18-02-01-2.jpg?resize=1024%2C768&amp;ssl=1 1024w, https:\/\/i0.wp.com\/galeriamemoria.com\/wp-content\/uploads\/2024\/12\/PHOTO-2024-12-04-18-02-01-2.jpg?resize=768%2C576&amp;ssl=1 768w, https:\/\/i0.wp.com\/galeriamemoria.com\/wp-content\/uploads\/2024\/12\/PHOTO-2024-12-04-18-02-01-2.jpg?resize=1536%2C1152&amp;ssl=1 1536w, https:\/\/i0.wp.com\/galeriamemoria.com\/wp-content\/uploads\/2024\/12\/PHOTO-2024-12-04-18-02-01-2.jpg?resize=2048%2C1536&amp;ssl=1 2048w, https:\/\/i0.wp.com\/galeriamemoria.com\/wp-content\/uploads\/2024\/12\/PHOTO-2024-12-04-18-02-01-2.jpg?resize=16%2C12&amp;ssl=1 16w, https:\/\/i0.wp.com\/galeriamemoria.com\/wp-content\/uploads\/2024\/12\/PHOTO-2024-12-04-18-02-01-2.jpg?w=3000&amp;ssl=1 3000w\" sizes=\"(max-width: 1000px) 100vw, 1000px\" \/><figcaption class=\"wp-block-jetpack-slideshow_caption gallery-caption\">&#8220;P\u00e1ro Ques\u0308h\u00e1&#8221;, MEMORIA, Madrid, 2024<\/figcaption><\/figure><\/li><li class=\"wp-block-jetpack-slideshow_slide swiper-slide\"><figure><img data-recalc-dims=\"1\" loading=\"lazy\" decoding=\"async\" width=\"5152\" height=\"3864\" alt=\"\" class=\"wp-block-jetpack-slideshow_image wp-image-2546\" data-id=\"2546\" src=\"https:\/\/i0.wp.com\/galeriamemoria.com\/wp-content\/uploads\/2024\/12\/P1060787.jpg?resize=5152%2C3864&#038;ssl=1\" srcset=\"https:\/\/i0.wp.com\/galeriamemoria.com\/wp-content\/uploads\/2024\/12\/P1060787.jpg?w=5152&amp;ssl=1 5152w, https:\/\/i0.wp.com\/galeriamemoria.com\/wp-content\/uploads\/2024\/12\/P1060787.jpg?resize=300%2C225&amp;ssl=1 300w, https:\/\/i0.wp.com\/galeriamemoria.com\/wp-content\/uploads\/2024\/12\/P1060787.jpg?resize=1024%2C768&amp;ssl=1 1024w, https:\/\/i0.wp.com\/galeriamemoria.com\/wp-content\/uploads\/2024\/12\/P1060787.jpg?resize=768%2C576&amp;ssl=1 768w, https:\/\/i0.wp.com\/galeriamemoria.com\/wp-content\/uploads\/2024\/12\/P1060787.jpg?resize=1536%2C1152&amp;ssl=1 1536w, https:\/\/i0.wp.com\/galeriamemoria.com\/wp-content\/uploads\/2024\/12\/P1060787.jpg?resize=2048%2C1536&amp;ssl=1 2048w, https:\/\/i0.wp.com\/galeriamemoria.com\/wp-content\/uploads\/2024\/12\/P1060787.jpg?resize=16%2C12&amp;ssl=1 16w, https:\/\/i0.wp.com\/galeriamemoria.com\/wp-content\/uploads\/2024\/12\/P1060787.jpg?w=3000&amp;ssl=1 3000w\" sizes=\"(max-width: 1000px) 100vw, 1000px\" \/><figcaption class=\"wp-block-jetpack-slideshow_caption gallery-caption\">&#8220;P\u00e1ro Ques\u0308h\u00e1&#8221;, MEMORIA, Madrid, 2024<\/figcaption><\/figure><\/li><li class=\"wp-block-jetpack-slideshow_slide swiper-slide\"><figure><img data-recalc-dims=\"1\" loading=\"lazy\" decoding=\"async\" width=\"5152\" height=\"3864\" alt=\"\" class=\"wp-block-jetpack-slideshow_image wp-image-2545\" data-id=\"2545\" src=\"https:\/\/i0.wp.com\/galeriamemoria.com\/wp-content\/uploads\/2024\/12\/P1060781.jpg?resize=5152%2C3864&#038;ssl=1\" srcset=\"https:\/\/i0.wp.com\/galeriamemoria.com\/wp-content\/uploads\/2024\/12\/P1060781.jpg?w=5152&amp;ssl=1 5152w, https:\/\/i0.wp.com\/galeriamemoria.com\/wp-content\/uploads\/2024\/12\/P1060781.jpg?resize=300%2C225&amp;ssl=1 300w, https:\/\/i0.wp.com\/galeriamemoria.com\/wp-content\/uploads\/2024\/12\/P1060781.jpg?resize=1024%2C768&amp;ssl=1 1024w, https:\/\/i0.wp.com\/galeriamemoria.com\/wp-content\/uploads\/2024\/12\/P1060781.jpg?resize=768%2C576&amp;ssl=1 768w, https:\/\/i0.wp.com\/galeriamemoria.com\/wp-content\/uploads\/2024\/12\/P1060781.jpg?resize=1536%2C1152&amp;ssl=1 1536w, https:\/\/i0.wp.com\/galeriamemoria.com\/wp-content\/uploads\/2024\/12\/P1060781.jpg?resize=2048%2C1536&amp;ssl=1 2048w, https:\/\/i0.wp.com\/galeriamemoria.com\/wp-content\/uploads\/2024\/12\/P1060781.jpg?resize=16%2C12&amp;ssl=1 16w, https:\/\/i0.wp.com\/galeriamemoria.com\/wp-content\/uploads\/2024\/12\/P1060781.jpg?w=3000&amp;ssl=1 3000w\" sizes=\"(max-width: 1000px) 100vw, 1000px\" \/><figcaption class=\"wp-block-jetpack-slideshow_caption gallery-caption\">&#8220;P\u00e1ro Ques\u0308h\u00e1&#8221;, MEMORIA, Madrid, 2024<\/figcaption><\/figure><\/li><li class=\"wp-block-jetpack-slideshow_slide swiper-slide\"><figure><img data-recalc-dims=\"1\" loading=\"lazy\" decoding=\"async\" width=\"5003\" height=\"3752\" alt=\"\" class=\"wp-block-jetpack-slideshow_image wp-image-2549\" data-id=\"2549\" src=\"https:\/\/i0.wp.com\/galeriamemoria.com\/wp-content\/uploads\/2024\/12\/P1060864.jpg?resize=5003%2C3752&#038;ssl=1\" srcset=\"https:\/\/i0.wp.com\/galeriamemoria.com\/wp-content\/uploads\/2024\/12\/P1060864.jpg?w=5003&amp;ssl=1 5003w, https:\/\/i0.wp.com\/galeriamemoria.com\/wp-content\/uploads\/2024\/12\/P1060864.jpg?resize=300%2C225&amp;ssl=1 300w, https:\/\/i0.wp.com\/galeriamemoria.com\/wp-content\/uploads\/2024\/12\/P1060864.jpg?resize=1024%2C768&amp;ssl=1 1024w, https:\/\/i0.wp.com\/galeriamemoria.com\/wp-content\/uploads\/2024\/12\/P1060864.jpg?resize=768%2C576&amp;ssl=1 768w, https:\/\/i0.wp.com\/galeriamemoria.com\/wp-content\/uploads\/2024\/12\/P1060864.jpg?resize=1536%2C1152&amp;ssl=1 1536w, https:\/\/i0.wp.com\/galeriamemoria.com\/wp-content\/uploads\/2024\/12\/P1060864.jpg?resize=2048%2C1536&amp;ssl=1 2048w, https:\/\/i0.wp.com\/galeriamemoria.com\/wp-content\/uploads\/2024\/12\/P1060864.jpg?resize=16%2C12&amp;ssl=1 16w, https:\/\/i0.wp.com\/galeriamemoria.com\/wp-content\/uploads\/2024\/12\/P1060864.jpg?w=3000&amp;ssl=1 3000w\" sizes=\"(max-width: 1000px) 100vw, 1000px\" \/><figcaption class=\"wp-block-jetpack-slideshow_caption gallery-caption\">&#8220;P\u00e1ro Ques\u0308h\u00e1&#8221;, MEMORIA, Madrid, 2024<\/figcaption><\/figure><\/li><li class=\"wp-block-jetpack-slideshow_slide swiper-slide\"><figure><img data-recalc-dims=\"1\" loading=\"lazy\" decoding=\"async\" width=\"5120\" height=\"3840\" alt=\"\" class=\"wp-block-jetpack-slideshow_image wp-image-2518\" data-id=\"2518\" src=\"https:\/\/i0.wp.com\/galeriamemoria.com\/wp-content\/uploads\/2024\/12\/PHOTO-2024-12-04-18-02-03-2.jpg?resize=5120%2C3840&#038;ssl=1\" srcset=\"https:\/\/i0.wp.com\/galeriamemoria.com\/wp-content\/uploads\/2024\/12\/PHOTO-2024-12-04-18-02-03-2.jpg?w=5120&amp;ssl=1 5120w, https:\/\/i0.wp.com\/galeriamemoria.com\/wp-content\/uploads\/2024\/12\/PHOTO-2024-12-04-18-02-03-2.jpg?resize=300%2C225&amp;ssl=1 300w, https:\/\/i0.wp.com\/galeriamemoria.com\/wp-content\/uploads\/2024\/12\/PHOTO-2024-12-04-18-02-03-2.jpg?resize=1024%2C768&amp;ssl=1 1024w, https:\/\/i0.wp.com\/galeriamemoria.com\/wp-content\/uploads\/2024\/12\/PHOTO-2024-12-04-18-02-03-2.jpg?resize=768%2C576&amp;ssl=1 768w, https:\/\/i0.wp.com\/galeriamemoria.com\/wp-content\/uploads\/2024\/12\/PHOTO-2024-12-04-18-02-03-2.jpg?resize=1536%2C1152&amp;ssl=1 1536w, https:\/\/i0.wp.com\/galeriamemoria.com\/wp-content\/uploads\/2024\/12\/PHOTO-2024-12-04-18-02-03-2.jpg?resize=2048%2C1536&amp;ssl=1 2048w, https:\/\/i0.wp.com\/galeriamemoria.com\/wp-content\/uploads\/2024\/12\/PHOTO-2024-12-04-18-02-03-2.jpg?resize=16%2C12&amp;ssl=1 16w, https:\/\/i0.wp.com\/galeriamemoria.com\/wp-content\/uploads\/2024\/12\/PHOTO-2024-12-04-18-02-03-2.jpg?w=3000&amp;ssl=1 3000w\" sizes=\"(max-width: 1000px) 100vw, 1000px\" \/><figcaption class=\"wp-block-jetpack-slideshow_caption gallery-caption\">&#8220;P\u00e1ro Ques\u0308h\u00e1&#8221;, MEMORIA, Madrid, 2024<\/figcaption><\/figure><\/li><li class=\"wp-block-jetpack-slideshow_slide swiper-slide\"><figure><img data-recalc-dims=\"1\" loading=\"lazy\" decoding=\"async\" width=\"5120\" height=\"3840\" alt=\"\" class=\"wp-block-jetpack-slideshow_image wp-image-2515\" data-id=\"2515\" src=\"https:\/\/i0.wp.com\/galeriamemoria.com\/wp-content\/uploads\/2024\/12\/PHOTO-2024-12-04-18-02-01.jpg?resize=5120%2C3840&#038;ssl=1\" srcset=\"https:\/\/i0.wp.com\/galeriamemoria.com\/wp-content\/uploads\/2024\/12\/PHOTO-2024-12-04-18-02-01.jpg?w=5120&amp;ssl=1 5120w, https:\/\/i0.wp.com\/galeriamemoria.com\/wp-content\/uploads\/2024\/12\/PHOTO-2024-12-04-18-02-01.jpg?resize=300%2C225&amp;ssl=1 300w, https:\/\/i0.wp.com\/galeriamemoria.com\/wp-content\/uploads\/2024\/12\/PHOTO-2024-12-04-18-02-01.jpg?resize=1024%2C768&amp;ssl=1 1024w, https:\/\/i0.wp.com\/galeriamemoria.com\/wp-content\/uploads\/2024\/12\/PHOTO-2024-12-04-18-02-01.jpg?resize=768%2C576&amp;ssl=1 768w, https:\/\/i0.wp.com\/galeriamemoria.com\/wp-content\/uploads\/2024\/12\/PHOTO-2024-12-04-18-02-01.jpg?resize=1536%2C1152&amp;ssl=1 1536w, https:\/\/i0.wp.com\/galeriamemoria.com\/wp-content\/uploads\/2024\/12\/PHOTO-2024-12-04-18-02-01.jpg?resize=2048%2C1536&amp;ssl=1 2048w, https:\/\/i0.wp.com\/galeriamemoria.com\/wp-content\/uploads\/2024\/12\/PHOTO-2024-12-04-18-02-01.jpg?resize=16%2C12&amp;ssl=1 16w, https:\/\/i0.wp.com\/galeriamemoria.com\/wp-content\/uploads\/2024\/12\/PHOTO-2024-12-04-18-02-01.jpg?w=3000&amp;ssl=1 3000w\" sizes=\"(max-width: 1000px) 100vw, 1000px\" \/><figcaption class=\"wp-block-jetpack-slideshow_caption gallery-caption\">&#8220;P\u00e1ro Ques\u0308h\u00e1&#8221;, MEMORIA, Madrid, 2024<\/figcaption><\/figure><\/li><li class=\"wp-block-jetpack-slideshow_slide swiper-slide\"><figure><img data-recalc-dims=\"1\" loading=\"lazy\" decoding=\"async\" width=\"4699\" height=\"3524\" alt=\"\" class=\"wp-block-jetpack-slideshow_image wp-image-2548\" data-id=\"2548\" src=\"https:\/\/i0.wp.com\/galeriamemoria.com\/wp-content\/uploads\/2024\/12\/P1060845.jpg?resize=4699%2C3524&#038;ssl=1\" srcset=\"https:\/\/i0.wp.com\/galeriamemoria.com\/wp-content\/uploads\/2024\/12\/P1060845.jpg?w=4699&amp;ssl=1 4699w, https:\/\/i0.wp.com\/galeriamemoria.com\/wp-content\/uploads\/2024\/12\/P1060845.jpg?resize=300%2C225&amp;ssl=1 300w, https:\/\/i0.wp.com\/galeriamemoria.com\/wp-content\/uploads\/2024\/12\/P1060845.jpg?resize=1024%2C768&amp;ssl=1 1024w, https:\/\/i0.wp.com\/galeriamemoria.com\/wp-content\/uploads\/2024\/12\/P1060845.jpg?resize=768%2C576&amp;ssl=1 768w, https:\/\/i0.wp.com\/galeriamemoria.com\/wp-content\/uploads\/2024\/12\/P1060845.jpg?resize=1536%2C1152&amp;ssl=1 1536w, https:\/\/i0.wp.com\/galeriamemoria.com\/wp-content\/uploads\/2024\/12\/P1060845.jpg?resize=2048%2C1536&amp;ssl=1 2048w, https:\/\/i0.wp.com\/galeriamemoria.com\/wp-content\/uploads\/2024\/12\/P1060845.jpg?resize=16%2C12&amp;ssl=1 16w, https:\/\/i0.wp.com\/galeriamemoria.com\/wp-content\/uploads\/2024\/12\/P1060845.jpg?w=3000&amp;ssl=1 3000w\" sizes=\"(max-width: 1000px) 100vw, 1000px\" \/><figcaption class=\"wp-block-jetpack-slideshow_caption gallery-caption\">&#8220;P\u00e1ro Ques\u0308h\u00e1&#8221;, MEMORIA, Madrid, 2024<\/figcaption><\/figure><\/li><li class=\"wp-block-jetpack-slideshow_slide swiper-slide\"><figure><img data-recalc-dims=\"1\" loading=\"lazy\" decoding=\"async\" width=\"1920\" height=\"1440\" alt=\"\" class=\"wp-block-jetpack-slideshow_image wp-image-2551\" data-id=\"2551\" src=\"https:\/\/i0.wp.com\/galeriamemoria.com\/wp-content\/uploads\/2024\/12\/P1060844-1.webp?resize=1920%2C1440&#038;ssl=1\" srcset=\"https:\/\/i0.wp.com\/galeriamemoria.com\/wp-content\/uploads\/2024\/12\/P1060844-1.webp?w=1920&amp;ssl=1 1920w, https:\/\/i0.wp.com\/galeriamemoria.com\/wp-content\/uploads\/2024\/12\/P1060844-1.webp?resize=300%2C225&amp;ssl=1 300w, https:\/\/i0.wp.com\/galeriamemoria.com\/wp-content\/uploads\/2024\/12\/P1060844-1.webp?resize=1024%2C768&amp;ssl=1 1024w, https:\/\/i0.wp.com\/galeriamemoria.com\/wp-content\/uploads\/2024\/12\/P1060844-1.webp?resize=768%2C576&amp;ssl=1 768w, https:\/\/i0.wp.com\/galeriamemoria.com\/wp-content\/uploads\/2024\/12\/P1060844-1.webp?resize=1536%2C1152&amp;ssl=1 1536w, https:\/\/i0.wp.com\/galeriamemoria.com\/wp-content\/uploads\/2024\/12\/P1060844-1.webp?resize=2048%2C1536&amp;ssl=1 2048w, https:\/\/i0.wp.com\/galeriamemoria.com\/wp-content\/uploads\/2024\/12\/P1060844-1.webp?resize=16%2C12&amp;ssl=1 16w\" sizes=\"(max-width: 1000px) 100vw, 1000px\" \/><figcaption class=\"wp-block-jetpack-slideshow_caption gallery-caption\">&#8220;P\u00e1ro Ques\u0308h\u00e1&#8221;, MEMORIA, Madrid, 2024<\/figcaption><\/figure><\/li><\/ul><a class=\"wp-block-jetpack-slideshow_button-prev swiper-button-prev swiper-button-white\" role=\"button\"><\/a><a class=\"wp-block-jetpack-slideshow_button-next swiper-button-next swiper-button-white\" role=\"button\"><\/a><a aria-label=\"Pause Slideshow\" class=\"wp-block-jetpack-slideshow_button-pause\" role=\"button\"><\/a><div class=\"wp-block-jetpack-slideshow_pagination swiper-pagination swiper-pagination-white\"><\/div><\/div><\/div>\n\n\n\n<div class=\"wp-block-columns is-layout-flex wp-container-core-columns-is-layout-8dc9b08b wp-block-columns-is-layout-flex\" style=\"margin-top:0;margin-bottom:0\">\n<div class=\"wp-block-column is-layout-flow wp-block-column-is-layout-flow\" style=\"flex-basis:100%\">\n<p class=\"wp-block-paragraph\"><\/p>\n\n\n\n<h2 class=\"wp-block-heading alignwide has-x-large-font-size\"><em><strong>P\u00e1ro Ques\u0308h\u00e1<\/strong><\/em><\/h2>\n\n\n\n<p class=\"has-text-color has-link-color has-large-font-size wp-elements-1 wp-block-paragraph\" style=\"color:#1f1f1fc2\"><strong><a href=\"https:\/\/galeriamemoria.com\/artists\/roldan-pinedo\/\" data-type=\"page\" data-id=\"2489\">Rold\u00e1n Pinedo<\/a> &amp; <a href=\"https:\/\/galeriamemoria.com\/artists\/javier-silva-meinel\/\" data-type=\"page\" data-id=\"2490\">Javier Silva Meinel<\/a><\/strong><\/p>\n\n\n\n<div class=\"wp-block-columns is-layout-flex wp-container-core-columns-is-layout-28f84493 wp-block-columns-is-layout-flex\">\n<div class=\"wp-block-column is-vertically-aligned-center is-layout-flow wp-block-column-is-layout-flow\" style=\"flex-basis:25%\">\n<div class=\"wp-block-group has-global-padding is-layout-constrained wp-block-group-is-layout-constrained\">\n<div class=\"wp-block-group has-global-padding is-content-justification-left is-layout-constrained wp-container-core-group-is-layout-12dd3699 wp-block-group-is-layout-constrained\">\n<div class=\"wp-block-group alignwide has-global-padding is-layout-constrained wp-block-group-is-layout-constrained\">\n<div class=\"wp-block-group has-global-padding is-layout-constrained wp-block-group-is-layout-constrained\">\n<p class=\"wp-block-paragraph\" style=\"border-style:none;border-width:0px;padding-top:0;padding-right:0;padding-bottom:0;padding-left:0\"><strong>12.12.2024 &#8211; 15.02.2025<\/strong><\/p>\n\n\n\n<p class=\"wp-block-paragraph\"><strong>MEMORIA (Centro)<br>Piamonte, 19, Madrid<\/strong><\/p>\n<\/div>\n<\/div>\n<\/div>\n<\/div>\n<\/div>\n\n\n\n<div class=\"wp-block-column is-layout-flow wp-block-column-is-layout-flow\" style=\"flex-basis:50%\">\n<div class=\"wp-block-buttons is-content-justification-right is-layout-flex wp-container-core-buttons-is-layout-20c4a405 wp-block-buttons-is-layout-flex\">\n<div class=\"wp-block-button\"><a class=\"wp-block-button__link wp-element-button\" href=\"https:\/\/galeriamemoria.com\/wp-content\/uploads\/2025\/01\/MEMORIA_Paro_Quesha_ES_sp.pdf\" target=\"_blank\" rel=\"noreferrer noopener\">Dossier<\/a><\/div>\n<\/div>\n<\/div>\n<\/div>\n<\/div>\n<\/div>\n\n\n\n<div class=\"wp-block-group has-global-padding is-layout-constrained wp-block-group-is-layout-constrained\">\n<p class=\"has-text-align-justify wp-block-paragraph\"><strong>MEMORIA<\/strong> presents <em><strong>P\u00e1ro Ques\u0308h\u00e1<\/strong><\/em>, a dialogue between the works of <a href=\"https:\/\/galeriamemoria.com\/artists\/roldan-pinedo\/\" data-type=\"page\" data-id=\"2489\"><strong>Rold\u00e1n Pinedo<\/strong><\/a> (Yarinacocha, Peru, 1971) and <a href=\"https:\/\/galeriamemoria.com\/artists\/javier-silva-meinel\/\" data-type=\"page\" data-id=\"2490\"><strong>Javier Silva Meinel<\/strong><\/a> (Lima, Peru, 1949) that presents elements from the heart of the Peruvian Amazon and the Shipibo-Conibo cosmogony. In the Shipibo language, <em>p\u00e1ro ques\u0308h\u00e1<\/em> means being on the riverbank, that overwhelming sensation of observing the force of the water, or the uncertainty of its depth, or the beauty of the flow that runs between colors and choreographies.<\/p>\n\n\n\n<p class=\"has-text-align-justify wp-block-paragraph\">In the Shipibo-Conibo culture, drawings enshrined on objects receive a spirit and come to life, once they become connected to a cosmic language. Paintings, ceramics, clothes and textiles, canoes or houses, all objects are sacred, and their spirits look after their owners, from the moment a drawing is printed on them. The <em>ken\u00e9<\/em>, complex patterns in geometric and abstract constructions refer to the skin of Ronin, the great serpent creator of the universe, and are intuited and given by deities to Shipibo women and priests during religious ceremonies with ayahuasca.<\/p>\n\n\n\n<p class=\"has-text-align-justify wp-block-paragraph\">Access to artistic thought is therefore understood as a contact with the mysteries of the divine, with the elevation of consciousness towards ancestral wisdom transmitted by the trees that guard the knowledge of history and life.<\/p>\n\n\n\n<p class=\"has-text-align-justify wp-block-paragraph\"><strong><a href=\"https:\/\/galeriamemoria.com\/artists\/roldan-pinedo\/\" data-type=\"page\" data-id=\"2489\">Rold\u00e1n Pinedo<\/a> <\/strong>(Shoyan Sh\u00ebca, in Shipibo language) is a Shipibo artist currently residing in the community of Cantagallo in Lima. Through painting, the artist displays the multiple elements of the Shipibo-Conibo culture and its fundamental values. In this sense, he also explores a balanced symbiosis with nature through the understanding that all natural elements: men, animals, plants, rivers or stones, belong to this common organism and that they all have the same worth. <\/p>\n\n\n\n<p class=\"has-text-align-justify wp-block-paragraph\">Pinedo highlights, for example, the importance of plants as mechanisms of connection with deities, of healing and of access to elevated thought. The trees painted in vibrant colours and exuberant shapes refer to dreams of the ancestral spirits they contain. The trees, their leaves and fruits, withhold the knowledge of the cure of illnesses, of sustenance and of the protection of the earth. Animals, spirits of equal importance, are also represented in prominence, paying homage to their forms and their fundamental presence in the balance of a complex system. The immaterial understanding of these values \u200b\u200bis closely linked to an ecological knowledge about the food chains, pollination and preservation of resources in nature. Rold\u00e1n Pinedo&#8217;s dreamlike universe operates in the construction of these ideas, while referring to free visual exercises, with marked tones and contrasts, brushstrokes of restraint and movement, and shapes captured from what is instructive and at the same time intuitive.<\/p>\n\n\n\n<p class=\"has-text-align-justify wp-block-paragraph\">Rold\u00e1n Pinedo also carries out his artistic practice from nostalgia and resistance, from the outskirts of Lima. Cantagallo is the largest urban community of the Shipibo-Conibo and arises after the displacement of people, facing external pressures to their traditional communities of origin. Once they enter the urban world, uprooting has translated into marginality, deprivation and oppression. The artist, in this sense, tries to represent dreams, memories and myths as elements of an alternative epistemology, of ancestral knowledge and, with it, the variant possibilities of learning and intercultural dialogue.<\/p>\n\n\n\n<p class=\"has-text-align-justify wp-block-paragraph\">On the other hand, <a href=\"https:\/\/galeriamemoria.com\/artists\/javier-silva-meinel\/\" data-type=\"page\" data-id=\"2490\"><strong>Javier Silva Meinel<\/strong><\/a>&#8216;s work has focused on investigating and making visible the hidden contemporaneities that cohabit the world \u2018from the margins\u2019, in the face of the hegemony of the Western canon. For four decades, the artist has dedicated himself to traveling and strengthening ties with native Peruvian communities, reflecting through photography the intersections between reality and fantasy, between present bodies and their ancestral beliefs. This tension between the earthly and the spiritual is latent in the works carried out with the Shipibo-Conibo community and is manifested in a gaze that dignifies the subjects as archetypes of the ineffable beauty of a genuine and unbreakable humanity. To do so, Silva-Meinel explores the myths and knowledge of not only connection, but complete belonging to nature. With square and black and white formats, he explores the sensitivity of gazes and the depth of a deafening silence. Their contrast to Pinedo&#8217;s paintings, refers us to the physical and material reality and to the fact that the exotic dissolves if a common starting point is enabled.<\/p>\n\n\n\n<p class=\"has-text-align-justify wp-block-paragraph\">The mythical serpent, Ronin, is the sky and the river, and on its skin are drawn all the designs of the universe. This universe that she herself has created, she also holds it coiled in each of its corners. The stars travel through her sky-river in canoes, thus marking the passing of the seasons, the times of abundance and scarcity. In the Shipibo-Conibo culture, creation and destruction are cyclical and give each other possibilities. Like a river in its floods and ebbs, the works of Pinedo and Silva Meinel flood the gaze with a magical and real contemporaneity, eroding some excluding normativity in order to open fertile spaces for legitimate aesthetics, ideas and knowledge.<\/p>\n\n\n\n<p class=\"has-text-align-justify wp-block-paragraph\">In <em><strong>P\u00e1ro Ques\u0308h\u00e1<\/strong><\/em>, <strong>MEMORIA<\/strong> proposes an honest and permeable approach to these artists and to other ways of seeing and understanding the world. Faced with so many flaws in the dominant structures of the Western model, the construction of a common future will have to revisit pasts and presents that offer more just and balanced views on how to inhabit the world and how to relate to one another in it.<\/p>\n<\/div>\n<\/div>\n\n\n\n<div style=\"height:0px\" aria-hidden=\"true\" class=\"wp-block-spacer\"><\/div>\n<\/div>\n\n\n\n<h3 class=\"wp-block-heading alignwide has-medium-font-size\"><strong>SELECTION OF WORKS<\/strong><\/h3>\n\n\n\n<div class=\"wp-block-jetpack-tiled-gallery alignwide is-style-square\"><div class=\"\"><div class=\"tiled-gallery__gallery\"><div class=\"tiled-gallery__row columns-3\"><div class=\"tiled-gallery__col\"><figure class=\"tiled-gallery__item\"><img decoding=\"async\" data-attachment-id=\"2501\" data-permalink=\"https:\/\/galeriamemoria.com\/en\/whatsapp-image-2024-12-07-at-9-51-38-am\/\" data-orig-file=\"https:\/\/i0.wp.com\/galeriamemoria.com\/wp-content\/uploads\/2024\/12\/WhatsApp-Image-2024-12-07-at-9.51.38-AM.jpeg?fit=3543%2C3551&amp;ssl=1\" data-orig-size=\"3543,3551\" data-comments-opened=\"0\" data-image-title=\"\" data-image-description=\"\" data-image-caption=\"&lt;p&gt;Javier Silva Meinel. Nativo con m\u00e1scara (Iquitos, Per\u00fa), 2003&lt;\/p&gt;\n\" data-large-file=\"https:\/\/i0.wp.com\/galeriamemoria.com\/wp-content\/uploads\/2024\/12\/WhatsApp-Image-2024-12-07-at-9.51.38-AM.jpeg?fit=1022%2C1024&amp;ssl=1\" role=\"button\" tabindex=\"0\" aria-label=\"Open image 1 of 11 in full-screen\" srcset=\"https:\/\/i0.wp.com\/galeriamemoria.com\/wp-content\/uploads\/2024\/12\/WhatsApp-Image-2024-12-07-at-9.51.38-AM-1022x1024.jpeg?resize=600%2C600&#038;strip=info&#038;ssl=1 600w,https:\/\/i0.wp.com\/galeriamemoria.com\/wp-content\/uploads\/2024\/12\/WhatsApp-Image-2024-12-07-at-9.51.38-AM-1022x1024.jpeg?resize=900%2C900&#038;strip=info&#038;ssl=1 900w,https:\/\/i0.wp.com\/galeriamemoria.com\/wp-content\/uploads\/2024\/12\/WhatsApp-Image-2024-12-07-at-9.51.38-AM-1022x1024.jpeg?resize=1022%2C1022&#038;strip=info&#038;ssl=1 1022w\" alt=\"\" data-height=\"3551\" data-id=\"2501\" data-link=\"https:\/\/galeriamemoria.com\/whatsapp-image-2024-12-07-at-9-51-38-am\/\" data-url=\"https:\/\/galeriamemoria.com\/wp-content\/uploads\/2024\/12\/WhatsApp-Image-2024-12-07-at-9.51.38-AM-1022x1024.jpeg\" data-width=\"3543\" src=\"https:\/\/i0.wp.com\/galeriamemoria.com\/wp-content\/uploads\/2024\/12\/WhatsApp-Image-2024-12-07-at-9.51.38-AM-1022x1024.jpeg?ssl=1&amp;resize=2000%2C2000\" data-amp-layout=\"responsive\" tabindex=\"0\" role=\"button\" aria-label=\"Abrir la imagen 1 de 11 en pantalla completa\"\/><\/figure><\/div><div class=\"tiled-gallery__col\"><figure class=\"tiled-gallery__item\"><img decoding=\"async\" data-attachment-id=\"2500\" data-permalink=\"https:\/\/galeriamemoria.com\/en\/whatsapp-image-2024-12-07-at-9-51-38-am-1\/\" data-orig-file=\"https:\/\/i0.wp.com\/galeriamemoria.com\/wp-content\/uploads\/2024\/12\/WhatsApp-Image-2024-12-07-at-9.51.38-AM-1.jpeg?fit=3543%2C3543&amp;ssl=1\" data-orig-size=\"3543,3543\" data-comments-opened=\"0\" data-image-title=\"\" data-image-description=\"\" data-image-caption=\"&lt;p&gt;Javier Silva Meinel. El hombre y el mar, la raya (Lur\u00edn, Per\u00fa), 1993&lt;\/p&gt;\n\" data-large-file=\"https:\/\/i0.wp.com\/galeriamemoria.com\/wp-content\/uploads\/2024\/12\/WhatsApp-Image-2024-12-07-at-9.51.38-AM-1.jpeg?fit=1024%2C1024&amp;ssl=1\" role=\"button\" tabindex=\"0\" aria-label=\"Open image 2 of 11 in full-screen\" srcset=\"https:\/\/i0.wp.com\/galeriamemoria.com\/wp-content\/uploads\/2024\/12\/WhatsApp-Image-2024-12-07-at-9.51.38-AM-1-1024x1024.jpeg?resize=600%2C600&#038;strip=info&#038;ssl=1 600w,https:\/\/i0.wp.com\/galeriamemoria.com\/wp-content\/uploads\/2024\/12\/WhatsApp-Image-2024-12-07-at-9.51.38-AM-1-1024x1024.jpeg?resize=900%2C900&#038;strip=info&#038;ssl=1 900w,https:\/\/i0.wp.com\/galeriamemoria.com\/wp-content\/uploads\/2024\/12\/WhatsApp-Image-2024-12-07-at-9.51.38-AM-1-1024x1024.jpeg?resize=1024%2C1024&#038;strip=info&#038;ssl=1 1024w\" alt=\"\" data-height=\"3543\" data-id=\"2500\" data-link=\"https:\/\/galeriamemoria.com\/whatsapp-image-2024-12-07-at-9-51-38-am-1\/\" data-url=\"https:\/\/galeriamemoria.com\/wp-content\/uploads\/2024\/12\/WhatsApp-Image-2024-12-07-at-9.51.38-AM-1-1024x1024.jpeg\" data-width=\"3543\" src=\"https:\/\/i0.wp.com\/galeriamemoria.com\/wp-content\/uploads\/2024\/12\/WhatsApp-Image-2024-12-07-at-9.51.38-AM-1-1024x1024.jpeg?ssl=1&amp;resize=2000%2C2000\" data-amp-layout=\"responsive\" tabindex=\"0\" role=\"button\" aria-label=\"Abrir la imagen 2 de 11 en pantalla completa\"\/><\/figure><\/div><div class=\"tiled-gallery__col\"><figure class=\"tiled-gallery__item\"><img decoding=\"async\" data-attachment-id=\"2499\" data-permalink=\"https:\/\/galeriamemoria.com\/en\/whatsapp-image-2024-12-07-at-9-51-37-am\/\" data-orig-file=\"https:\/\/i0.wp.com\/galeriamemoria.com\/wp-content\/uploads\/2024\/12\/WhatsApp-Image-2024-12-07-at-9.51.37-AM.jpeg?fit=3543%2C3543&amp;ssl=1\" data-orig-size=\"3543,3543\" data-comments-opened=\"0\" data-image-title=\"WhatsApp Image 2024-12-07 at 9.51.37 AM\" data-image-description=\"\" data-image-caption=\"&lt;p&gt;Javier Silva Meinel. Pira\u00f1as (Iquitos, Per\u00fa), 2004&lt;\/p&gt;\n\" data-large-file=\"https:\/\/i0.wp.com\/galeriamemoria.com\/wp-content\/uploads\/2024\/12\/WhatsApp-Image-2024-12-07-at-9.51.37-AM.jpeg?fit=1024%2C1024&amp;ssl=1\" role=\"button\" tabindex=\"0\" aria-label=\"Open image 3 of 11 in full-screen\" srcset=\"https:\/\/i0.wp.com\/galeriamemoria.com\/wp-content\/uploads\/2024\/12\/WhatsApp-Image-2024-12-07-at-9.51.37-AM-1024x1024.jpeg?resize=600%2C600&#038;strip=info&#038;ssl=1 600w,https:\/\/i0.wp.com\/galeriamemoria.com\/wp-content\/uploads\/2024\/12\/WhatsApp-Image-2024-12-07-at-9.51.37-AM-1024x1024.jpeg?resize=900%2C900&#038;strip=info&#038;ssl=1 900w,https:\/\/i0.wp.com\/galeriamemoria.com\/wp-content\/uploads\/2024\/12\/WhatsApp-Image-2024-12-07-at-9.51.37-AM-1024x1024.jpeg?resize=1024%2C1024&#038;strip=info&#038;ssl=1 1024w\" alt=\"\" data-height=\"3543\" data-id=\"2499\" data-link=\"https:\/\/galeriamemoria.com\/whatsapp-image-2024-12-07-at-9-51-37-am\/\" data-url=\"https:\/\/galeriamemoria.com\/wp-content\/uploads\/2024\/12\/WhatsApp-Image-2024-12-07-at-9.51.37-AM-1024x1024.jpeg\" data-width=\"3543\" src=\"https:\/\/i0.wp.com\/galeriamemoria.com\/wp-content\/uploads\/2024\/12\/WhatsApp-Image-2024-12-07-at-9.51.37-AM-1024x1024.jpeg?ssl=1&amp;resize=2000%2C2000\" data-amp-layout=\"responsive\" tabindex=\"0\" role=\"button\" aria-label=\"Abrir la imagen 3 de 11 en pantalla completa\"\/><\/figure><\/div><\/div><div class=\"tiled-gallery__row columns-4\"><div class=\"tiled-gallery__col\"><figure class=\"tiled-gallery__item\"><img decoding=\"async\" data-attachment-id=\"2498\" data-permalink=\"https:\/\/galeriamemoria.com\/en\/whatsapp-image-2024-12-07-at-9-51-32-am\/\" data-orig-file=\"https:\/\/i0.wp.com\/galeriamemoria.com\/wp-content\/uploads\/2024\/12\/WhatsApp-Image-2024-12-07-at-9.51.32-AM.jpeg?fit=3543%2C3543&amp;ssl=1\" data-orig-size=\"3543,3543\" data-comments-opened=\"0\" data-image-title=\"WhatsApp Image 2024-12-07 at 9.51.32 AM\" data-image-description=\"\" data-image-caption=\"&lt;p&gt;Javier Silva Meinel. Oso Hormiguero (Iquitos, Per\u00fa), 2003&lt;\/p&gt;\n\" data-large-file=\"https:\/\/i0.wp.com\/galeriamemoria.com\/wp-content\/uploads\/2024\/12\/WhatsApp-Image-2024-12-07-at-9.51.32-AM.jpeg?fit=1024%2C1024&amp;ssl=1\" role=\"button\" tabindex=\"0\" aria-label=\"Open image 4 of 11 in full-screen\" srcset=\"https:\/\/i0.wp.com\/galeriamemoria.com\/wp-content\/uploads\/2024\/12\/WhatsApp-Image-2024-12-07-at-9.51.32-AM-1024x1024.jpeg?resize=600%2C600&#038;strip=info&#038;ssl=1 600w,https:\/\/i0.wp.com\/galeriamemoria.com\/wp-content\/uploads\/2024\/12\/WhatsApp-Image-2024-12-07-at-9.51.32-AM-1024x1024.jpeg?resize=900%2C900&#038;strip=info&#038;ssl=1 900w,https:\/\/i0.wp.com\/galeriamemoria.com\/wp-content\/uploads\/2024\/12\/WhatsApp-Image-2024-12-07-at-9.51.32-AM-1024x1024.jpeg?resize=1024%2C1024&#038;strip=info&#038;ssl=1 1024w\" alt=\"\" data-height=\"3543\" data-id=\"2498\" data-link=\"https:\/\/galeriamemoria.com\/whatsapp-image-2024-12-07-at-9-51-32-am\/\" data-url=\"https:\/\/galeriamemoria.com\/wp-content\/uploads\/2024\/12\/WhatsApp-Image-2024-12-07-at-9.51.32-AM-1024x1024.jpeg\" data-width=\"3543\" src=\"https:\/\/i0.wp.com\/galeriamemoria.com\/wp-content\/uploads\/2024\/12\/WhatsApp-Image-2024-12-07-at-9.51.32-AM-1024x1024.jpeg?ssl=1&amp;resize=2000%2C2000\" data-amp-layout=\"responsive\" tabindex=\"0\" role=\"button\" aria-label=\"Abrir la imagen 4 de 11 en pantalla completa\"\/><\/figure><\/div><div class=\"tiled-gallery__col\"><figure class=\"tiled-gallery__item\"><img decoding=\"async\" data-attachment-id=\"2497\" data-permalink=\"https:\/\/galeriamemoria.com\/en\/whatsapp-image-2024-12-07-at-9-51-31-am\/\" data-orig-file=\"https:\/\/i0.wp.com\/galeriamemoria.com\/wp-content\/uploads\/2024\/12\/WhatsApp-Image-2024-12-07-at-9.51.31-AM.jpeg?fit=3543%2C3543&amp;ssl=1\" data-orig-size=\"3543,3543\" data-comments-opened=\"0\" data-image-title=\"WhatsApp Image 2024-12-07 at 9.51.31 AM\" data-image-description=\"\" data-image-caption=\"&lt;p&gt;Javier Silva Meinel. Arahuana (Iquitos, Per\u00fa), 2004&lt;\/p&gt;\n\" data-large-file=\"https:\/\/i0.wp.com\/galeriamemoria.com\/wp-content\/uploads\/2024\/12\/WhatsApp-Image-2024-12-07-at-9.51.31-AM.jpeg?fit=1024%2C1024&amp;ssl=1\" role=\"button\" tabindex=\"0\" aria-label=\"Open image 5 of 11 in full-screen\" srcset=\"https:\/\/i0.wp.com\/galeriamemoria.com\/wp-content\/uploads\/2024\/12\/WhatsApp-Image-2024-12-07-at-9.51.31-AM-1024x1024.jpeg?resize=600%2C600&#038;strip=info&#038;ssl=1 600w,https:\/\/i0.wp.com\/galeriamemoria.com\/wp-content\/uploads\/2024\/12\/WhatsApp-Image-2024-12-07-at-9.51.31-AM-1024x1024.jpeg?resize=900%2C900&#038;strip=info&#038;ssl=1 900w,https:\/\/i0.wp.com\/galeriamemoria.com\/wp-content\/uploads\/2024\/12\/WhatsApp-Image-2024-12-07-at-9.51.31-AM-1024x1024.jpeg?resize=1024%2C1024&#038;strip=info&#038;ssl=1 1024w\" alt=\"\" data-height=\"3543\" data-id=\"2497\" data-link=\"https:\/\/galeriamemoria.com\/whatsapp-image-2024-12-07-at-9-51-31-am\/\" data-url=\"https:\/\/galeriamemoria.com\/wp-content\/uploads\/2024\/12\/WhatsApp-Image-2024-12-07-at-9.51.31-AM-1024x1024.jpeg\" data-width=\"3543\" src=\"https:\/\/i0.wp.com\/galeriamemoria.com\/wp-content\/uploads\/2024\/12\/WhatsApp-Image-2024-12-07-at-9.51.31-AM-1024x1024.jpeg?ssl=1&amp;resize=2000%2C2000\" data-amp-layout=\"responsive\" tabindex=\"0\" role=\"button\" aria-label=\"Abrir la imagen 5 de 11 en pantalla completa\"\/><\/figure><\/div><div class=\"tiled-gallery__col\"><figure class=\"tiled-gallery__item\"><img decoding=\"async\" data-attachment-id=\"2496\" data-permalink=\"https:\/\/galeriamemoria.com\/en\/paiche\/\" data-orig-file=\"https:\/\/i0.wp.com\/galeriamemoria.com\/wp-content\/uploads\/2024\/12\/Paiche.jpg?fit=3045%2C1076&amp;ssl=1\" data-orig-size=\"3045,1076\" data-comments-opened=\"0\" data-image-title=\"\" data-image-description=\"\" data-image-caption=\"&lt;p&gt;Rold\u00e1n Pinedo. Paiche, 2021&lt;\/p&gt;\n\" data-large-file=\"https:\/\/i0.wp.com\/galeriamemoria.com\/wp-content\/uploads\/2024\/12\/Paiche.jpg?fit=1024%2C362&amp;ssl=1\" role=\"button\" tabindex=\"0\" aria-label=\"Open image 6 of 11 in full-screen\" srcset=\"https:\/\/i0.wp.com\/galeriamemoria.com\/wp-content\/uploads\/2024\/12\/Paiche-1024x362.jpg?resize=362%2C362&#038;strip=info&#038;ssl=1 362w\" alt=\"\" data-height=\"1076\" data-id=\"2496\" data-link=\"https:\/\/galeriamemoria.com\/paiche\/\" data-url=\"https:\/\/galeriamemoria.com\/wp-content\/uploads\/2024\/12\/Paiche-1024x362.jpg\" data-width=\"3045\" src=\"https:\/\/i0.wp.com\/galeriamemoria.com\/wp-content\/uploads\/2024\/12\/Paiche-1024x362.jpg?ssl=1&amp;resize=1076%2C1076\" data-amp-layout=\"responsive\" tabindex=\"0\" role=\"button\" aria-label=\"Abrir la imagen 6 de 11 en pantalla completa\"\/><\/figure><\/div><div class=\"tiled-gallery__col\"><figure class=\"tiled-gallery__item\"><img decoding=\"async\" data-attachment-id=\"2495\" data-permalink=\"https:\/\/galeriamemoria.com\/en\/la-ultima-cena\/\" data-orig-file=\"https:\/\/i0.wp.com\/galeriamemoria.com\/wp-content\/uploads\/2024\/12\/La-ultima-cena.jpg?fit=2052%2C1806&amp;ssl=1\" data-orig-size=\"2052,1806\" data-comments-opened=\"0\" data-image-title=\"La u\u0301ltima cena\" data-image-description=\"\" data-image-caption=\"&lt;p&gt;Rold\u00e1n Pinedo. La \u00faltima cena, 2022&lt;\/p&gt;\n\" data-large-file=\"https:\/\/i0.wp.com\/galeriamemoria.com\/wp-content\/uploads\/2024\/12\/La-ultima-cena.jpg?fit=1024%2C901&amp;ssl=1\" role=\"button\" tabindex=\"0\" aria-label=\"Open image 7 of 11 in full-screen\" srcset=\"https:\/\/i0.wp.com\/galeriamemoria.com\/wp-content\/uploads\/2024\/12\/La-ultima-cena-1024x901.jpg?resize=600%2C600&#038;strip=info&#038;ssl=1 600w,https:\/\/i0.wp.com\/galeriamemoria.com\/wp-content\/uploads\/2024\/12\/La-ultima-cena-1024x901.jpg?resize=900%2C900&#038;strip=info&#038;ssl=1 900w,https:\/\/i0.wp.com\/galeriamemoria.com\/wp-content\/uploads\/2024\/12\/La-ultima-cena-1024x901.jpg?resize=901%2C901&#038;strip=info&#038;ssl=1 901w\" alt=\"\" data-height=\"1806\" data-id=\"2495\" data-link=\"https:\/\/galeriamemoria.com\/la-ultima-cena\/\" data-url=\"https:\/\/galeriamemoria.com\/wp-content\/uploads\/2024\/12\/La-ultima-cena-1024x901.jpg\" data-width=\"2052\" src=\"https:\/\/i0.wp.com\/galeriamemoria.com\/wp-content\/uploads\/2024\/12\/La-ultima-cena-1024x901.jpg?ssl=1&amp;resize=1806%2C1806\" data-amp-layout=\"responsive\" tabindex=\"0\" role=\"button\" aria-label=\"Abrir la imagen 7 de 11 en pantalla completa\"\/><\/figure><\/div><\/div><div class=\"tiled-gallery__row columns-4\"><div class=\"tiled-gallery__col\"><figure class=\"tiled-gallery__item\"><img decoding=\"async\" data-attachment-id=\"2494\" data-permalink=\"https:\/\/galeriamemoria.com\/en\/floripondio-ii\/\" data-orig-file=\"https:\/\/i0.wp.com\/galeriamemoria.com\/wp-content\/uploads\/2024\/12\/Floripondio-II.jpg?fit=1726%2C2613&amp;ssl=1\" data-orig-size=\"1726,2613\" data-comments-opened=\"0\" data-image-title=\"Floripondio II\" data-image-description=\"\" data-image-caption=\"&lt;p&gt;Rold\u00e1n Pinedo. Floripondio mam\u00e1, 2018&lt;\/p&gt;\n\" data-large-file=\"https:\/\/i0.wp.com\/galeriamemoria.com\/wp-content\/uploads\/2024\/12\/Floripondio-II.jpg?fit=676%2C1024&amp;ssl=1\" role=\"button\" tabindex=\"0\" aria-label=\"Open image 8 of 11 in full-screen\" srcset=\"https:\/\/i0.wp.com\/galeriamemoria.com\/wp-content\/uploads\/2024\/12\/Floripondio-II-676x1024.jpg?resize=600%2C600&#038;strip=info&#038;ssl=1 600w,https:\/\/i0.wp.com\/galeriamemoria.com\/wp-content\/uploads\/2024\/12\/Floripondio-II-676x1024.jpg?resize=676%2C676&#038;strip=info&#038;ssl=1 676w\" alt=\"\" data-height=\"2613\" data-id=\"2494\" data-link=\"https:\/\/galeriamemoria.com\/floripondio-ii\/\" data-url=\"https:\/\/galeriamemoria.com\/wp-content\/uploads\/2024\/12\/Floripondio-II-676x1024.jpg\" data-width=\"1726\" src=\"https:\/\/i0.wp.com\/galeriamemoria.com\/wp-content\/uploads\/2024\/12\/Floripondio-II-676x1024.jpg?ssl=1&amp;resize=1726%2C1726\" data-amp-layout=\"responsive\" tabindex=\"0\" role=\"button\" aria-label=\"Abrir la imagen 8 de 11 en pantalla completa\"\/><\/figure><\/div><div class=\"tiled-gallery__col\"><figure class=\"tiled-gallery__item\"><img decoding=\"async\" data-attachment-id=\"2493\" data-permalink=\"https:\/\/galeriamemoria.com\/en\/el-bufeo-con-kene\/\" data-orig-file=\"https:\/\/i0.wp.com\/galeriamemoria.com\/wp-content\/uploads\/2024\/12\/El-bufeo-con-Kene.jpg?fit=2732%2C1597&amp;ssl=1\" data-orig-size=\"2732,1597\" data-comments-opened=\"0\" data-image-title=\"El bufeo con Kene\u0301\" data-image-description=\"\" data-image-caption=\"&lt;p&gt;Rold\u00e1n Pinedo. El bufeo con ken\u00e9, 2022&lt;\/p&gt;\n\" data-large-file=\"https:\/\/i0.wp.com\/galeriamemoria.com\/wp-content\/uploads\/2024\/12\/El-bufeo-con-Kene.jpg?fit=1024%2C599&amp;ssl=1\" role=\"button\" tabindex=\"0\" aria-label=\"Open image 9 of 11 in full-screen\" srcset=\"https:\/\/i0.wp.com\/galeriamemoria.com\/wp-content\/uploads\/2024\/12\/El-bufeo-con-Kene-1024x599.jpg?resize=599%2C599&#038;strip=info&#038;ssl=1 599w\" alt=\"\" data-height=\"1597\" data-id=\"2493\" data-link=\"https:\/\/galeriamemoria.com\/el-bufeo-con-kene\/\" data-url=\"https:\/\/galeriamemoria.com\/wp-content\/uploads\/2024\/12\/El-bufeo-con-Kene-1024x599.jpg\" data-width=\"2732\" src=\"https:\/\/i0.wp.com\/galeriamemoria.com\/wp-content\/uploads\/2024\/12\/El-bufeo-con-Kene-1024x599.jpg?ssl=1&amp;resize=1597%2C1597\" data-amp-layout=\"responsive\" tabindex=\"0\" role=\"button\" aria-label=\"Abrir la imagen 9 de 11 en pantalla completa\"\/><\/figure><\/div><div class=\"tiled-gallery__col\"><figure class=\"tiled-gallery__item\"><img decoding=\"async\" data-attachment-id=\"2492\" data-permalink=\"https:\/\/galeriamemoria.com\/en\/arbol-de-la-copaiba-2\/\" data-orig-file=\"https:\/\/i0.wp.com\/galeriamemoria.com\/wp-content\/uploads\/2024\/12\/Arbol-de-la-Copaiba-1.jpg?fit=1574%2C2711&amp;ssl=1\" data-orig-size=\"1574,2711\" data-comments-opened=\"0\" data-image-title=\"A\u0301rbol de la Copaiba\" data-image-description=\"\" data-image-caption=\"&lt;p&gt;Rold\u00e1n Pinedo. \u00c1rbol de la copa\u00edba, 2022&lt;\/p&gt;\n\" data-large-file=\"https:\/\/i0.wp.com\/galeriamemoria.com\/wp-content\/uploads\/2024\/12\/Arbol-de-la-Copaiba-1.jpg?fit=595%2C1024&amp;ssl=1\" role=\"button\" tabindex=\"0\" aria-label=\"Open image 10 of 11 in full-screen\" srcset=\"https:\/\/i0.wp.com\/galeriamemoria.com\/wp-content\/uploads\/2024\/12\/Arbol-de-la-Copaiba-1-595x1024.jpg?resize=595%2C595&#038;strip=info&#038;ssl=1 595w\" alt=\"\" data-height=\"2711\" data-id=\"2492\" data-link=\"https:\/\/galeriamemoria.com\/arbol-de-la-copaiba-2\/\" data-url=\"https:\/\/galeriamemoria.com\/wp-content\/uploads\/2024\/12\/Arbol-de-la-Copaiba-1-595x1024.jpg\" data-width=\"1574\" src=\"https:\/\/i0.wp.com\/galeriamemoria.com\/wp-content\/uploads\/2024\/12\/Arbol-de-la-Copaiba-1-595x1024.jpg?ssl=1&amp;resize=1574%2C1574\" data-amp-layout=\"responsive\" tabindex=\"0\" role=\"button\" aria-label=\"Abrir la imagen 10 de 11 en pantalla completa\"\/><\/figure><\/div><div class=\"tiled-gallery__col\"><figure class=\"tiled-gallery__item\"><img decoding=\"async\" data-attachment-id=\"2491\" data-permalink=\"https:\/\/galeriamemoria.com\/en\/arbol-con-pajaros\/\" data-orig-file=\"https:\/\/i0.wp.com\/galeriamemoria.com\/wp-content\/uploads\/2024\/12\/Arbol-con-pajaros.jpg?fit=1315%2C2542&amp;ssl=1\" data-orig-size=\"1315,2542\" data-comments-opened=\"0\" data-image-title=\"\" data-image-description=\"\" data-image-caption=\"&lt;p&gt;Rold\u00e1n Pinedo. El \u00e1rbol con p\u00e1jaros, 2023&lt;\/p&gt;\n\" data-large-file=\"https:\/\/i0.wp.com\/galeriamemoria.com\/wp-content\/uploads\/2024\/12\/Arbol-con-pajaros.jpg?fit=530%2C1024&amp;ssl=1\" role=\"button\" tabindex=\"0\" aria-label=\"Open image 11 of 11 in full-screen\" srcset=\"https:\/\/i0.wp.com\/galeriamemoria.com\/wp-content\/uploads\/2024\/12\/Arbol-con-pajaros-530x1024.jpg?resize=530%2C530&#038;strip=info&#038;ssl=1 530w\" alt=\"\" data-height=\"2542\" data-id=\"2491\" data-link=\"https:\/\/galeriamemoria.com\/arbol-con-pajaros\/\" data-url=\"https:\/\/galeriamemoria.com\/wp-content\/uploads\/2024\/12\/Arbol-con-pajaros-530x1024.jpg\" data-width=\"1315\" src=\"https:\/\/i0.wp.com\/galeriamemoria.com\/wp-content\/uploads\/2024\/12\/Arbol-con-pajaros-530x1024.jpg?ssl=1&amp;resize=1315%2C1315\" data-amp-layout=\"responsive\" tabindex=\"0\" role=\"button\" aria-label=\"Abrir la imagen 11 de 11 en pantalla completa\"\/><\/figure><\/div><\/div><\/div><\/div><\/div>\n\n\n\n<div class=\"wp-block-buttons alignfull is-content-justification-center is-layout-flex wp-container-core-buttons-is-layout-69bbf988 wp-block-buttons-is-layout-flex\">\n<div class=\"wp-block-button\"><a class=\"wp-block-button__link has-background wp-element-button\" style=\"background-color:#919494\"> Find out more<\/a><\/div>\n<\/div>\n\n\n\n<p class=\"has-theme-1-background-color has-background wp-block-paragraph\"><\/p>\n\n\n\n<div class=\"wp-block-group alignfull has-theme-2-background-color has-background has-global-padding is-content-justification-center is-layout-constrained wp-block-group-is-layout-constrained\" style=\"margin-top:0;margin-bottom:0\">\n<h5 class=\"wp-block-heading alignwide has-small-font-size\"><strong><br>           <\/strong><\/h5>\n\n\n\n<h3 class=\"wp-block-heading alignwide has-small-font-size\"><strong>              LATEST NEWS<\/strong><\/h3>\n\n\n\n<div class=\"wp-block-columns alignwide has-theme-2-background-color has-background is-layout-flex wp-container-core-columns-is-layout-28f84493 wp-block-columns-is-layout-flex\">\n<div class=\"wp-block-column is-layout-flow wp-block-column-is-layout-flow\">\n<div class=\"wp-block-group is-layout-flow wp-block-group-is-layout-flow\" style=\"margin-bottom:10px\">\n<figure class=\"wp-block-image alignleft size-full is-resized\"><img data-recalc-dims=\"1\" loading=\"lazy\" decoding=\"async\" width=\"1030\" height=\"763\" data-attachment-id=\"2577\" data-permalink=\"https:\/\/galeriamemoria.com\/en\/2024\/12\/14\/the-objective-paro-ques%cc%88ha-an-invitation-to-the-heart-of-the-peruvian-amazon\/67472603-20dc-4c73-8a8d-dc38e73ca360_1_105_c\/\" data-orig-file=\"https:\/\/i0.wp.com\/galeriamemoria.com\/wp-content\/uploads\/2024\/12\/67472603-20DC-4C73-8A8D-DC38E73CA360_1_105_c.jpeg?fit=1030%2C763&amp;ssl=1\" data-orig-size=\"1030,763\" data-comments-opened=\"0\" data-image-title=\"Rold\u00e1n Pinedo. La fuerza del jaguar a trave\u0301s de la ayahuasca, 2022\" data-image-description=\"\" data-image-caption=\"\" data-large-file=\"https:\/\/i0.wp.com\/galeriamemoria.com\/wp-content\/uploads\/2024\/12\/67472603-20DC-4C73-8A8D-DC38E73CA360_1_105_c.jpeg?fit=1024%2C759&amp;ssl=1\" src=\"https:\/\/i0.wp.com\/galeriamemoria.com\/wp-content\/uploads\/2024\/12\/67472603-20DC-4C73-8A8D-DC38E73CA360_1_105_c.jpeg?resize=1030%2C763&#038;ssl=1\" alt=\"\" class=\"wp-image-2577\" style=\"aspect-ratio:4\/3;object-fit:cover;width:381px\" srcset=\"https:\/\/i0.wp.com\/galeriamemoria.com\/wp-content\/uploads\/2024\/12\/67472603-20DC-4C73-8A8D-DC38E73CA360_1_105_c.jpeg?w=1030&amp;ssl=1 1030w, https:\/\/i0.wp.com\/galeriamemoria.com\/wp-content\/uploads\/2024\/12\/67472603-20DC-4C73-8A8D-DC38E73CA360_1_105_c.jpeg?resize=300%2C222&amp;ssl=1 300w, https:\/\/i0.wp.com\/galeriamemoria.com\/wp-content\/uploads\/2024\/12\/67472603-20DC-4C73-8A8D-DC38E73CA360_1_105_c.jpeg?resize=1024%2C759&amp;ssl=1 1024w, https:\/\/i0.wp.com\/galeriamemoria.com\/wp-content\/uploads\/2024\/12\/67472603-20DC-4C73-8A8D-DC38E73CA360_1_105_c.jpeg?resize=768%2C569&amp;ssl=1 768w, https:\/\/i0.wp.com\/galeriamemoria.com\/wp-content\/uploads\/2024\/12\/67472603-20DC-4C73-8A8D-DC38E73CA360_1_105_c.jpeg?resize=16%2C12&amp;ssl=1 16w\" sizes=\"(max-width: 1000px) 100vw, 1000px\" \/><\/figure>\n\n\n\n<h3 class=\"wp-block-heading has-text-align-left\" style=\"padding-right:0;padding-left:0;font-size:clamp(14px, 0.875rem + ((1vw - 3.2px) * 0.536), 20px);\">\u2018P\u00e1ro Ques\u0308h\u00e1\u2019, an invitation to the heart of the Peruvian Amazon<\/h3>\n\n\n\n<p class=\"has-text-align-left wp-block-paragraph\">The Objective, 14.12.2024<\/p>\n<\/div>\n\n\n\n<div class=\"wp-block-buttons is-layout-flex wp-block-buttons-is-layout-flex\">\n<div class=\"wp-block-button\"><a class=\"wp-block-button__link has-background wp-element-button\" href=\"https:\/\/theobjective.com\/cultura\/arte\/2024-12-14\/paro-ques%CC%88ha-invitacion-corazon-amazonia-peruana\/?amp\" style=\"background-color:#949191\">Read More<\/a><\/div>\n<\/div>\n<\/div>\n\n\n\n<div class=\"wp-block-column is-layout-flow wp-block-column-is-layout-flow\">\n<p class=\"wp-block-paragraph\"><br><\/p>\n<\/div>\n<\/div>\n<\/div>\n","protected":false},"excerpt":{"rendered":"<p>P\u00e1ro Ques\u0308h\u00e1 Rold\u00e1n Pinedo &amp; Javier Silva Meinel 12.12.2024 &#8211; 15.02.2025 MEMORIA (Centro)Piamonte, 19, Madrid MEMORIA presents P\u00e1ro Ques\u0308h\u00e1, a dialogue between the works of Rold\u00e1n Pinedo (Yarinacocha, Peru, 1971) and Javier Silva Meinel (Lima, Peru, 1949) that presents elements from the heart of the Peruvian Amazon and the Shipibo-Conibo cosmogony. In the Shipibo language, [&hellip;]<\/p>\n","protected":false},"author":251800687,"featured_media":233,"parent":0,"menu_order":0,"comment_status":"closed","ping_status":"closed","template":"","meta":{"advanced_seo_description":"","jetpack_seo_html_title":"","jetpack_seo_noindex":false,"jetpack_seo_schema_type":"","_wpcom_ai_launchpad_about_page":false,"_wpcom_ai_launchpad_gallery_page":false,"_wpcom_ai_launchpad_contact_page":false,"_wpcom_ai_launchpad_events_page":false,"_wpcom_ai_launchpad_video_page":false,"_wpcom_ai_launchpad_portfolio_piece":false,"footnotes":""},"class_list":["post-2404","page","type-page","status-publish","has-post-thumbnail","hentry"],"jetpack_likes_enabled":false,"jetpack_sharing_enabled":true,"jetpack_shortlink":"https:\/\/wp.me\/PfPCnn-CM","jetpack-related-posts":[],"_links":{"self":[{"href":"https:\/\/galeriamemoria.com\/en\/wp-json\/wp\/v2\/pages\/2404","targetHints":{"allow":["GET"]}}],"collection":[{"href":"https:\/\/galeriamemoria.com\/en\/wp-json\/wp\/v2\/pages"}],"about":[{"href":"https:\/\/galeriamemoria.com\/en\/wp-json\/wp\/v2\/types\/page"}],"author":[{"embeddable":true,"href":"https:\/\/galeriamemoria.com\/en\/wp-json\/wp\/v2\/users\/251800687"}],"replies":[{"embeddable":true,"href":"https:\/\/galeriamemoria.com\/en\/wp-json\/wp\/v2\/comments?post=2404"}],"version-history":[{"count":32,"href":"https:\/\/galeriamemoria.com\/en\/wp-json\/wp\/v2\/pages\/2404\/revisions"}],"predecessor-version":[{"id":2674,"href":"https:\/\/galeriamemoria.com\/en\/wp-json\/wp\/v2\/pages\/2404\/revisions\/2674"}],"wp:featuredmedia":[{"embeddable":true,"href":"https:\/\/galeriamemoria.com\/en\/wp-json\/wp\/v2\/media\/233"}],"wp:attachment":[{"href":"https:\/\/galeriamemoria.com\/en\/wp-json\/wp\/v2\/media?parent=2404"}],"curies":[{"name":"wp","href":"https:\/\/api.w.org\/{rel}","templated":true}]}}