{"id":1135,"date":"2024-08-23T13:54:35","date_gmt":"2024-08-23T11:54:35","guid":{"rendered":"https:\/\/galeriamemoria.com\/?page_id=1135"},"modified":"2026-05-05T16:40:35","modified_gmt":"2026-05-05T14:40:35","slug":"paz-errazuriz","status":"publish","type":"page","link":"https:\/\/galeriamemoria.com\/es\/artists\/paz-errazuriz\/","title":{"rendered":"Paz Err\u00e1zuriz"},"content":{"rendered":"<figure class=\"wp-block-image alignfull size-large\"><img data-recalc-dims=\"1\" fetchpriority=\"high\" decoding=\"async\" width=\"1024\" height=\"256\" data-attachment-id=\"5042\" data-permalink=\"https:\/\/galeriamemoria.com\/es\/artists\/armando-cristeto\/memoria_web_header_artists11-2\/\" data-orig-file=\"https:\/\/i0.wp.com\/galeriamemoria.com\/wp-content\/uploads\/2026\/04\/Memoria_Web_Header_Artists11-1.jpg?fit=2300%2C575&amp;ssl=1\" data-orig-size=\"2300,575\" data-comments-opened=\"0\" data-image-title=\"Memoria_Web_Header_Artists11\" data-image-description=\"\" data-image-caption=\"\" data-large-file=\"https:\/\/i0.wp.com\/galeriamemoria.com\/wp-content\/uploads\/2026\/04\/Memoria_Web_Header_Artists11-1.jpg?fit=1024%2C256&amp;ssl=1\" src=\"https:\/\/i0.wp.com\/galeriamemoria.com\/wp-content\/uploads\/2026\/04\/Memoria_Web_Header_Artists11-1.jpg?resize=1024%2C256&#038;ssl=1\" alt=\"\" class=\"wp-image-5042\" srcset=\"https:\/\/i0.wp.com\/galeriamemoria.com\/wp-content\/uploads\/2026\/04\/Memoria_Web_Header_Artists11-1.jpg?resize=1024%2C256&amp;ssl=1 1024w, https:\/\/i0.wp.com\/galeriamemoria.com\/wp-content\/uploads\/2026\/04\/Memoria_Web_Header_Artists11-1.jpg?resize=300%2C75&amp;ssl=1 300w, https:\/\/i0.wp.com\/galeriamemoria.com\/wp-content\/uploads\/2026\/04\/Memoria_Web_Header_Artists11-1.jpg?resize=768%2C192&amp;ssl=1 768w, https:\/\/i0.wp.com\/galeriamemoria.com\/wp-content\/uploads\/2026\/04\/Memoria_Web_Header_Artists11-1.jpg?resize=1536%2C384&amp;ssl=1 1536w, https:\/\/i0.wp.com\/galeriamemoria.com\/wp-content\/uploads\/2026\/04\/Memoria_Web_Header_Artists11-1.jpg?resize=2048%2C512&amp;ssl=1 2048w, https:\/\/i0.wp.com\/galeriamemoria.com\/wp-content\/uploads\/2026\/04\/Memoria_Web_Header_Artists11-1.jpg?resize=18%2C5&amp;ssl=1 18w\" sizes=\"(max-width: 1000px) 100vw, 1000px\" \/><\/figure>\n\n\n\n<div class=\"wp-block-group alignfull has-theme-1-background-color has-background has-global-padding is-content-justification-center is-layout-constrained wp-container-core-group-is-layout-df757ecc wp-block-group-is-layout-constrained\" style=\"margin-top:0;margin-bottom:0;padding-top:calc( 0.5 * var(--wp--style--root--padding-right, var(--wp--custom--gap--horizontal)));padding-right:var(--wp--style--root--padding-right, var(--wp--custom--gap--horizontal));padding-bottom:calc( 0.5 * var(--wp--style--root--padding-right, var(--wp--custom--gap--horizontal)));padding-left:var(--wp--style--root--padding-left, var(--wp--custom--gap--horizontal))\">\n<div class=\"wp-block-columns alignwide is-layout-flex wp-container-core-columns-is-layout-28f84493 wp-block-columns-is-layout-flex\">\n<div class=\"wp-block-column is-layout-flow wp-block-column-is-layout-flow\">\n<p class=\"has-text-align-justify wp-block-paragraph\">Tras estudiar en el Cambridge Institute of Education (1966) y en la Pontificia Universidad Cat\u00f3lica de Santiago (1972), Paz Err\u00e1zuriz cofunda la Asociaci\u00f3n de Fot\u00f3grafos Independientes en el a\u00f1o 1981, junto a varios otros fot\u00f3grafos chilenos. Es solamente en 1993 cuando obtendr\u00e1 la educaci\u00f3n formal en fotograf\u00eda al matricularse en el International Ceter for Photography de Nueva York.<\/p>\n\n\n\n<p class=\"has-text-align-justify wp-block-paragraph\">A lo largo de m\u00e1s de tres d\u00e9cadas de trayectoria, Err\u00e1zuriz documenta los procesos sociales e hist\u00f3ricos de su entorno. Durante los a\u00f1os de dictadura de Pinochet, la artista puso en evidencia los diferentes procesos de enajenaci\u00f3n, exclusi\u00f3n y violencia que se reproduc\u00edan en la sociedad chilena. Paz Err\u00e1zuriz, y su capacidad singular en construir narrativas po\u00e9ticas e \u00edntimas sobre temas complejos y delicados, produjo la serie <em>Dormidos<\/em> entre los a\u00f1os 1979 y 1980, en la que document\u00f3 la vida de personas sin hogar, durmiendo en las calles de Santiago, en una cr\u00edtica y met\u00e1fora de la par\u00e1lisis ciudadana en Chile durante el r\u00e9gimen de represi\u00f3n. En la importante serie <em>La manzana de Ad\u00e1n<\/em> Err\u00e1zuriz trae a la luz la vida en resistencia de personas transexuales al adentrar esta comunidad marginada y sujeta a diversas violencias por su sola existencia. La artista retrata, a lo largo de ocho a\u00f1os, las redes comunitarias de cuidado a trav\u00e9s de las que sus sujetos sobreviven las condiciones de opresi\u00f3n y persecuci\u00f3n.<\/p>\n<\/div>\n\n\n\n<div class=\"wp-block-column is-layout-flow wp-container-core-column-is-layout-5dafc681 wp-block-column-is-layout-flow\">\n<div class=\"wp-block-jetpack-slideshow aligncenter\" data-effect=\"slide\"><div class=\"wp-block-jetpack-slideshow_container swiper\"><ul class=\"wp-block-jetpack-slideshow_swiper-wrapper swiper-wrapper\"><li class=\"wp-block-jetpack-slideshow_slide swiper-slide\"><figure><img data-recalc-dims=\"1\" decoding=\"async\" width=\"1772\" height=\"1181\" alt=\"\" class=\"wp-block-jetpack-slideshow_image wp-image-725\" data-id=\"725\" src=\"https:\/\/i0.wp.com\/galeriamemoria.com\/wp-content\/uploads\/2024\/08\/img88-2.jpg?resize=1772%2C1181&#038;ssl=1\"\/><figcaption class=\"wp-block-jetpack-slideshow_caption gallery-caption\">Paz Err\u00e1zuriz, &#8220;Evelyn&#8221;, 1982-1985<\/figcaption><\/figure><\/li><li class=\"wp-block-jetpack-slideshow_slide swiper-slide\"><figure><img data-recalc-dims=\"1\" decoding=\"async\" width=\"2975\" height=\"3898\" alt=\"\" class=\"wp-block-jetpack-slideshow_image wp-image-724\" data-id=\"724\" src=\"https:\/\/i0.wp.com\/galeriamemoria.com\/wp-content\/uploads\/2024\/08\/70-2.jpg?resize=2975%2C3898&#038;ssl=1\"\/><figcaption class=\"wp-block-jetpack-slideshow_caption gallery-caption\">Paz Err\u00e1zuriz, Untitled, 2002<\/figcaption><\/figure><\/li><li class=\"wp-block-jetpack-slideshow_slide swiper-slide\"><figure><img data-recalc-dims=\"1\" loading=\"lazy\" decoding=\"async\" width=\"1363\" height=\"1772\" alt=\"\" class=\"wp-block-jetpack-slideshow_image wp-image-478\" data-id=\"478\" src=\"https:\/\/i0.wp.com\/galeriamemoria.com\/wp-content\/uploads\/2024\/08\/img63.jpg?resize=1363%2C1772&#038;ssl=1\"\/><figcaption class=\"wp-block-jetpack-slideshow_caption gallery-caption\">Paz Err\u00e1zuriz,  &#8220;Evelyn y Coral&#8221;, La Manzana de Ad\u00e1n, 1982-1987<\/figcaption><\/figure><\/li><li class=\"wp-block-jetpack-slideshow_slide swiper-slide\"><figure><img data-recalc-dims=\"1\" loading=\"lazy\" decoding=\"async\" width=\"1772\" height=\"1181\" alt=\"\" class=\"wp-block-jetpack-slideshow_image wp-image-477\" data-id=\"477\" src=\"https:\/\/i0.wp.com\/galeriamemoria.com\/wp-content\/uploads\/2024\/08\/img57.jpg?resize=1772%2C1181&#038;ssl=1\"\/><figcaption class=\"wp-block-jetpack-slideshow_caption gallery-caption\">Paz Err\u00e1zuriz,  &#8220;La Palmera&#8221;, La Manzana de Ad\u00e1n, 1982-1987<\/figcaption><\/figure><\/li><li class=\"wp-block-jetpack-slideshow_slide swiper-slide\"><figure><img data-recalc-dims=\"1\" loading=\"lazy\" decoding=\"async\" width=\"1363\" height=\"1772\" alt=\"\" class=\"wp-block-jetpack-slideshow_image wp-image-476\" data-id=\"476\" src=\"https:\/\/i0.wp.com\/galeriamemoria.com\/wp-content\/uploads\/2024\/08\/img51.jpg?resize=1363%2C1772&#038;ssl=1\"\/><figcaption class=\"wp-block-jetpack-slideshow_caption gallery-caption\">Paz Err\u00e1zuriz, &#8220;Evelyn&#8221;, La Manzana de Ad\u00e1n, 1982-1987<\/figcaption><\/figure><\/li><li class=\"wp-block-jetpack-slideshow_slide swiper-slide\"><figure><img data-recalc-dims=\"1\" loading=\"lazy\" decoding=\"async\" width=\"1363\" height=\"1754\" alt=\"\" class=\"wp-block-jetpack-slideshow_image wp-image-475\" data-id=\"475\" src=\"https:\/\/i0.wp.com\/galeriamemoria.com\/wp-content\/uploads\/2024\/08\/img37.jpg?resize=1363%2C1754&#038;ssl=1\"\/><figcaption class=\"wp-block-jetpack-slideshow_caption gallery-caption\">Paz Err\u00e1zuriz, &#8220;Evelyn&#8221;, La Manzana de Ad\u00e1n, 1982-1987<\/figcaption><\/figure><\/li><\/ul><a class=\"wp-block-jetpack-slideshow_button-prev swiper-button-prev swiper-button-white\" role=\"button\"><\/a><a class=\"wp-block-jetpack-slideshow_button-next swiper-button-next swiper-button-white\" role=\"button\"><\/a><a aria-label=\"Pause Slideshow\" class=\"wp-block-jetpack-slideshow_button-pause\" role=\"button\"><\/a><div class=\"wp-block-jetpack-slideshow_pagination swiper-pagination swiper-pagination-white\"><\/div><\/div><\/div>\n<\/div>\n<\/div>\n\n\n\n<div class=\"wp-block-columns alignwide is-layout-flex wp-container-core-columns-is-layout-e0e4babd wp-block-columns-is-layout-flex\" style=\"padding-right:0;padding-left:0\">\n<div class=\"wp-block-column is-layout-flow wp-block-column-is-layout-flow\" style=\"padding-top:0;padding-bottom:0\">\n<p class=\"has-text-align-justify wp-block-paragraph\">En 1994, otra importante serie, <em>El infarto de alma, <\/em>fue publicada. En ella, Err\u00e1zuriz documenta la vida de pacientes internados en el hospital psiqui\u00e1trico de Putaendos y su mirada cr\u00edtica sobre las condiciones inhumanas de los tratamientos ha generado un cambio estructural en la atenci\u00f3n de los pacientes.<\/p>\n\n\n\n<p class=\"has-text-align-justify wp-block-paragraph\">Su obra estuvo incluida en la exposici\u00f3n colectiva <em>Radical Women: Latin American Art, 1960-1985<\/em>,  organizada por el Hammer Museum de Los Angeles (2017). Y, recientemente, se recogi\u00f3 en la exposici\u00f3n individual retrospectiva <em>Histoires Inachev\u00e9es<\/em> por la La Maison de l\u2019Am\u00e9rique Latine en Paris (2023).<\/p>\n\n\n\n<p class=\"has-text-align-justify wp-block-paragraph\">La obra de Paz Err\u00e1zuriz forma parte de importantes colecciones p\u00fablicas y privadas, entre las que destacan: Museum of Modern Art (MoMA - Nueva York, Estados Unidos), Tate Galleries (Londres, Reino Unido), Museo Nacional Centro de Arte Reina Sof\u00eda (Madrid, Espa\u00f1a), Guggenheim Museum (Nueva York, Estados Unidos), Museo Nacional de Bellas Artes (Santiago, Chile), Colecci\u00f3n de Arte del Banco de la Rep\u00fablica (Bogot\u00e1, Colombia),Hammer Museum (Los Angeles, Estados Unidos), Colecci\u00f3n Daros Latinamerica (Z\u00farich, Suiza), Fundaci\u00f3n MAPFRE (Madrid, Espa\u00f1a), International Center for Photography (ICP - Nueva York, Estados Unidos), Museum of Fine Arts (Houston, Estados Unidos), Visual Studies Workshop (Rochester, Estados Unidos), California Museum of Photography (Riverside, Estados Unidos), Colecci\u00f3n Anna Gamazo de Abell\u00f3 (Madrid, Espa\u00f1a), Colecci\u00f3n Leticia y Stanislas Poniatowski (Par\u00eds, Francia).<\/p>\n\n\n\n<p class=\"has-text-align-justify wp-block-paragraph\">Adem\u00e1s, la artista ha recibido importantes becas de la John Simon Guggenheim Memorial Foundation (1986), Fundaci\u00f3n Andes (1990), Fulbright Program (1992) y Fondart (1994, 2009). Ha sido distinguida en Chile con el Premio Ansel Adams del Instituto Chileno-Norteamericano de Cultura (1995), Premio Altazor de las Artes Nacionales (2005) y Premio a la Trayectoria Art\u00edstica del C\u00edrculo de Cr\u00edticos de Arte de Chile (2005). En 2014 recibi\u00f3 la Orden al M\u00e9rito Pablo Neruda, y en el 2015, el Premio PhotoEspa\u00f1a. Err\u00e1zuriz represent\u00f3 a Chile en la 56\u00aa Bienal de Venecia en 2015 junto a Lotty Rosenfeld.<\/p>\n\n\n\n<div class=\"wp-block-buttons is-layout-flex wp-block-buttons-is-layout-flex\">\n<div class=\"wp-block-button is-style-fill\"><a class=\"wp-block-button__link has-background wp-element-button\" href=\"https:\/\/galeriamemoria.com\/wp-content\/uploads\/2026\/05\/PERR_CV2026-2.pdf\" style=\"background-color:#949191\">CV<\/a><\/div>\n<\/div>\n<\/div>\n<\/div>\n<\/div>\n\n\n\n<p class=\"alignwide wp-block-paragraph\"><strong>Latest exhibitions: <\/strong><\/p>\n\n\n\n<div class=\"wp-block-jetpack-slideshow alignwide\" data-effect=\"slide\" style=\"--aspect-ratio:calc(4608 \/ 3072)\"><div class=\"wp-block-jetpack-slideshow_container swiper\"><ul class=\"wp-block-jetpack-slideshow_swiper-wrapper swiper-wrapper\"><li class=\"wp-block-jetpack-slideshow_slide swiper-slide\"><figure><img data-recalc-dims=\"1\" loading=\"lazy\" decoding=\"async\" width=\"4608\" height=\"3072\" alt=\"\" class=\"wp-block-jetpack-slideshow_image wp-image-462\" data-id=\"462\" data-aspect-ratio=\"4608 \/ 3072\" src=\"https:\/\/i0.wp.com\/galeriamemoria.com\/wp-content\/uploads\/2024\/08\/gpmaco-3-1.jpg?resize=4608%2C3072&#038;ssl=1\"\/><figcaption class=\"wp-block-jetpack-slideshow_caption gallery-caption\">Zona Maco 2024,  MEMORIA, Mexico City, 2024<\/figcaption><\/figure><\/li><li class=\"wp-block-jetpack-slideshow_slide swiper-slide\"><figure><img data-recalc-dims=\"1\" loading=\"lazy\" decoding=\"async\" width=\"4608\" height=\"3072\" alt=\"\" class=\"wp-block-jetpack-slideshow_image wp-image-464\" data-id=\"464\" data-aspect-ratio=\"4608 \/ 3072\" src=\"https:\/\/i0.wp.com\/galeriamemoria.com\/wp-content\/uploads\/2024\/08\/gpmaco-6-1.jpg?resize=4608%2C3072&#038;ssl=1\"\/><figcaption class=\"wp-block-jetpack-slideshow_caption gallery-caption\">Zona Maco 2024,  MEMORIA, Mexico City, 2024<\/figcaption><\/figure><\/li><li class=\"wp-block-jetpack-slideshow_slide swiper-slide\"><figure><img data-recalc-dims=\"1\" loading=\"lazy\" decoding=\"async\" width=\"8256\" height=\"5504\" alt=\"\" class=\"wp-block-jetpack-slideshow_image wp-image-4211\" data-id=\"4211\" data-aspect-ratio=\"8256 \/ 5504\" src=\"https:\/\/i0.wp.com\/galeriamemoria.com\/wp-content\/uploads\/2026\/03\/DSC3332.jpg?resize=8256%2C5504&#038;ssl=1\" srcset=\"https:\/\/i0.wp.com\/galeriamemoria.com\/wp-content\/uploads\/2026\/03\/DSC3332.jpg?w=8256&amp;ssl=1 8256w, https:\/\/i0.wp.com\/galeriamemoria.com\/wp-content\/uploads\/2026\/03\/DSC3332.jpg?resize=300%2C200&amp;ssl=1 300w, https:\/\/i0.wp.com\/galeriamemoria.com\/wp-content\/uploads\/2026\/03\/DSC3332.jpg?resize=1024%2C683&amp;ssl=1 1024w, https:\/\/i0.wp.com\/galeriamemoria.com\/wp-content\/uploads\/2026\/03\/DSC3332.jpg?resize=768%2C512&amp;ssl=1 768w, https:\/\/i0.wp.com\/galeriamemoria.com\/wp-content\/uploads\/2026\/03\/DSC3332.jpg?resize=1536%2C1024&amp;ssl=1 1536w, https:\/\/i0.wp.com\/galeriamemoria.com\/wp-content\/uploads\/2026\/03\/DSC3332.jpg?resize=2048%2C1365&amp;ssl=1 2048w, https:\/\/i0.wp.com\/galeriamemoria.com\/wp-content\/uploads\/2026\/03\/DSC3332.jpg?resize=18%2C12&amp;ssl=1 18w, https:\/\/i0.wp.com\/galeriamemoria.com\/wp-content\/uploads\/2026\/03\/DSC3332.jpg?w=3000&amp;ssl=1 3000w\" sizes=\"(max-width: 1000px) 100vw, 1000px\" \/><figcaption class=\"wp-block-jetpack-slideshow_caption gallery-caption\">MEMORIA at ARCO Madrid 2026 \u00b7 Booth 7C19 | Showroom <\/figcaption><\/figure><\/li><li class=\"wp-block-jetpack-slideshow_slide swiper-slide\"><figure><img data-recalc-dims=\"1\" loading=\"lazy\" decoding=\"async\" width=\"4968\" height=\"3315\" alt=\"\" class=\"wp-block-jetpack-slideshow_image wp-image-1136\" data-id=\"1136\" data-aspect-ratio=\"4968 \/ 3315\" src=\"https:\/\/i0.wp.com\/galeriamemoria.com\/wp-content\/uploads\/2024\/08\/Memoria_Fantasias-disidentes_PHE23-12.jpg?resize=4968%2C3315&#038;ssl=1\" srcset=\"https:\/\/i0.wp.com\/galeriamemoria.com\/wp-content\/uploads\/2024\/08\/Memoria_Fantasias-disidentes_PHE23-12.jpg?w=4968&amp;ssl=1 4968w, https:\/\/i0.wp.com\/galeriamemoria.com\/wp-content\/uploads\/2024\/08\/Memoria_Fantasias-disidentes_PHE23-12.jpg?resize=300%2C200&amp;ssl=1 300w, https:\/\/i0.wp.com\/galeriamemoria.com\/wp-content\/uploads\/2024\/08\/Memoria_Fantasias-disidentes_PHE23-12.jpg?resize=1024%2C683&amp;ssl=1 1024w, https:\/\/i0.wp.com\/galeriamemoria.com\/wp-content\/uploads\/2024\/08\/Memoria_Fantasias-disidentes_PHE23-12.jpg?resize=768%2C512&amp;ssl=1 768w, https:\/\/i0.wp.com\/galeriamemoria.com\/wp-content\/uploads\/2024\/08\/Memoria_Fantasias-disidentes_PHE23-12.jpg?resize=1536%2C1025&amp;ssl=1 1536w, https:\/\/i0.wp.com\/galeriamemoria.com\/wp-content\/uploads\/2024\/08\/Memoria_Fantasias-disidentes_PHE23-12.jpg?resize=2048%2C1367&amp;ssl=1 2048w, https:\/\/i0.wp.com\/galeriamemoria.com\/wp-content\/uploads\/2024\/08\/Memoria_Fantasias-disidentes_PHE23-12.jpg?resize=18%2C12&amp;ssl=1 18w, https:\/\/i0.wp.com\/galeriamemoria.com\/wp-content\/uploads\/2024\/08\/Memoria_Fantasias-disidentes_PHE23-12.jpg?w=3000&amp;ssl=1 3000w\" sizes=\"(max-width: 1000px) 100vw, 1000px\" \/><figcaption class=\"wp-block-jetpack-slideshow_caption gallery-caption\">&#8220;Fantas\u00edas Disidentes&#8221;, MEMORIA, Madrid, 2023<\/figcaption><\/figure><\/li><\/ul><a class=\"wp-block-jetpack-slideshow_button-prev swiper-button-prev swiper-button-white\" role=\"button\"><\/a><a class=\"wp-block-jetpack-slideshow_button-next swiper-button-next swiper-button-white\" role=\"button\"><\/a><a aria-label=\"Pause Slideshow\" class=\"wp-block-jetpack-slideshow_button-pause\" role=\"button\"><\/a><div class=\"wp-block-jetpack-slideshow_pagination swiper-pagination swiper-pagination-white\"><\/div><\/div><\/div>","protected":false},"excerpt":{"rendered":"<p>After studying at the Cambridge Institute of Education (1966) and the Pontifical Catholic University of Santiago (1972), Paz Err\u00e1zuriz co-founded the Association of Independent Photographers in 1981, along with several other Chilean photographers. It was not until 1993 that she obtained formal education in photography by enrolling in the International Center for Photography in New [&hellip;]<\/p>\n","protected":false},"author":251800687,"featured_media":302,"parent":1,"menu_order":0,"comment_status":"closed","ping_status":"closed","template":"","meta":{"advanced_seo_description":"","jetpack_seo_html_title":"","jetpack_seo_noindex":false,"jetpack_seo_schema_type":"","_wpcom_ai_launchpad_about_page":false,"_wpcom_ai_launchpad_gallery_page":false,"_wpcom_ai_launchpad_contact_page":false,"_wpcom_ai_launchpad_events_page":false,"_wpcom_ai_launchpad_video_page":false,"_wpcom_ai_launchpad_portfolio_piece":false,"footnotes":""},"class_list":["post-1135","page","type-page","status-publish","has-post-thumbnail","hentry"],"jetpack_likes_enabled":false,"jetpack_sharing_enabled":true,"jetpack_shortlink":"https:\/\/wp.me\/PfPCnn-ij","jetpack-related-posts":[],"_links":{"self":[{"href":"https:\/\/galeriamemoria.com\/es\/wp-json\/wp\/v2\/pages\/1135","targetHints":{"allow":["GET"]}}],"collection":[{"href":"https:\/\/galeriamemoria.com\/es\/wp-json\/wp\/v2\/pages"}],"about":[{"href":"https:\/\/galeriamemoria.com\/es\/wp-json\/wp\/v2\/types\/page"}],"author":[{"embeddable":true,"href":"https:\/\/galeriamemoria.com\/es\/wp-json\/wp\/v2\/users\/251800687"}],"replies":[{"embeddable":true,"href":"https:\/\/galeriamemoria.com\/es\/wp-json\/wp\/v2\/comments?post=1135"}],"version-history":[{"count":21,"href":"https:\/\/galeriamemoria.com\/es\/wp-json\/wp\/v2\/pages\/1135\/revisions"}],"predecessor-version":[{"id":5101,"href":"https:\/\/galeriamemoria.com\/es\/wp-json\/wp\/v2\/pages\/1135\/revisions\/5101"}],"up":[{"embeddable":true,"href":"https:\/\/galeriamemoria.com\/es\/wp-json\/wp\/v2\/pages\/1"}],"wp:featuredmedia":[{"embeddable":true,"href":"https:\/\/galeriamemoria.com\/es\/wp-json\/wp\/v2\/media\/302"}],"wp:attachment":[{"href":"https:\/\/galeriamemoria.com\/es\/wp-json\/wp\/v2\/media?parent=1135"}],"curies":[{"name":"wp","href":"https:\/\/api.w.org\/{rel}","templated":true}]}}