{"id":1531,"date":"2024-08-30T13:12:55","date_gmt":"2024-08-30T11:12:55","guid":{"rendered":"https:\/\/galeriamemoria.com\/?page_id=1531"},"modified":"2024-10-02T19:11:58","modified_gmt":"2024-10-02T17:11:58","slug":"capsule-2-essays-on-erasure","status":"publish","type":"page","link":"https:\/\/galeriamemoria.com\/es\/projects\/capsules\/capsule-2-essays-on-erasure\/","title":{"rendered":"Capsule 2:  essays on erasure"},"content":{"rendered":"<div class=\"wp-block-group alignfull is-style-default has-global-padding is-content-justification-center is-layout-constrained wp-block-group-is-layout-constrained\" style=\"margin-top:0;margin-bottom:0\">\n<div class=\"wp-block-group alignwide is-layout-flow wp-container-core-group-is-layout-c951c46d wp-block-group-is-layout-flow\">\n<div class=\"wp-block-columns is-layout-flex wp-container-core-columns-is-layout-f0342b05 wp-block-columns-is-layout-flex\" style=\"margin-top:0;margin-bottom:0\">\n<div class=\"wp-block-column is-layout-flow wp-block-column-is-layout-flow\" style=\"flex-basis:45%\">\n<h2 class=\"wp-block-heading alignwide\">Relatos de lo borrado<\/h2>\n\n\n\n<p class=\"wp-block-paragraph\"><strong>Capsule 2 <\/strong><\/p>\n\n\n\n<p class=\"wp-block-paragraph\"><\/p>\n<\/div>\n\n\n\n<div class=\"wp-block-column is-layout-flow wp-block-column-is-layout-flow\" style=\"flex-basis:60%\"><\/div>\n<\/div>\n<\/div>\n\n\n\n<div style=\"height:0px\" aria-hidden=\"true\" class=\"wp-block-spacer\"><\/div>\n<\/div>\n\n\n\n<div class=\"wp-block-group alignfull is-style-default has-global-padding is-content-justification-center is-layout-constrained wp-block-group-is-layout-constrained\" style=\"margin-top:0;margin-bottom:0\">\n<div class=\"wp-block-columns alignwide is-layout-flex wp-container-core-columns-is-layout-28f84493 wp-block-columns-is-layout-flex\">\n<div class=\"wp-block-column is-layout-flow wp-container-core-column-is-layout-22223934 wp-block-column-is-layout-flow\" style=\"flex-basis:45%\">\n<p class=\"has-text-align-justify wp-block-paragraph\"> La <em>C\u00e1psula 2: relatos de lo borrado<\/em>, incluye trabajos desde pr\u00e1cticas art\u00edsticas que echan luz sobre todo aquello que se ha tratado de obliterar.<\/p>\n\n\n\n<p class=\"has-text-align-justify wp-block-paragraph\">A trav\u00e9s de procesos sociales e hist\u00f3ricos marcados por la supresi\u00f3n de derechos, por la persecuci\u00f3n pol\u00edtica, por las disputas de poder o por la invisibilidad de los agentes en estos campos de tensi\u00f3n, diversos artistas han puesto esfuerzos por denunciar o reconstruir relatos que se han borrado por las fuerzas en ambientes dominados por el autoritarismo.<\/p>\n\n\n\n<p class=\"has-text-align-justify wp-block-paragraph\">Como herramientas po\u00e9ticas y discursivas, estos artistas encuentran en la parodia cr\u00edtica o bien en los gestos borrar, ocultar, desvanecer o enmascarar justamente la capacidad de generar en el p\u00fablico la atenci\u00f3n sobre los elementos disruptivos que ocupan el campo pict\u00f3rico y las bases conceptuales de las obras.<\/p>\n\n\n\n<p class=\"has-text-align-justify wp-block-paragraph\">En la obra de Guillermo N\u00fa\u00f1ez (Santiago, Chile, 1930-2024) opera la denuncia sobre los eventos que culminaron en su exilio en Francia durante la dictadura de Augusto Pinochet. N\u00fa\u00f1ez recupera e interviene documentos y recuerdos personales como demostraci\u00f3n de las violencias ocultadas por el r\u00e9gimen autoritario.<\/p>\n\n\n\n<p class=\"wp-block-paragraph\"><\/p>\n<\/div>\n\n\n\n<div class=\"wp-block-column is-layout-flow wp-block-column-is-layout-flow\" style=\"flex-basis:55%\">\n<p class=\"has-text-align-justify wp-block-paragraph\">Por otra parte, Juan Castillo (Antofagasta, Chile, 1952) reflexiona sobre los poderes materiales y simb\u00f3licos que desencadenan el borrado de identidades individuales y colectivas. El artista reflexiona sobre el aparato ideol\u00f3gico de la opresi\u00f3n que encasilla y subalterna presuntas categor\u00edas en una l\u00f3gica jer\u00e1rquica. En este sentido, su obra es un apelo sobre una comprensi\u00f3n plural de las diferencias y del hibridismo.<\/p>\n\n\n\n<p class=\"has-text-align-justify wp-block-paragraph\">De igual forma, en la obra de Antonio Romero (San Salvador, El Salvador, 1978) se examina el anonimato resultante de la ocultaci\u00f3n de identidades bajo las estructuras de poder dominantes. En este mecanismo de borrado, se reproducen las l\u00f3gicas gobernantes con los mismos ciclos de impunidad y trauma.<br><\/p>\n\n\n\n<p class=\"has-text-align-justify wp-block-paragraph\"><em>C\u00e1psulas<\/em> es un proyecto cr\u00edtico de MEMORIA, presentado en medios digitales, que busca ampliar las miradas y generar cruces entre las obras de los diferentes artistas representados por la galer\u00eda.<\/p>\n<\/div>\n<\/div>\n\n\n\n<div class=\"wp-block-buttons is-content-justification-center is-layout-flex wp-container-core-buttons-is-layout-69bbf988 wp-block-buttons-is-layout-flex\">\n<div class=\"wp-block-button\"><a class=\"wp-block-button__link has-background wp-element-button\" href=\"https:\/\/privateviews.artlogic.net\/2\/55e83b3bb7957a948ced65\/\" style=\"background-color:#949191\" target=\"_blank\" rel=\"noreferrer noopener\">Private View<\/a><\/div>\n<\/div>\n\n\n\n<div class=\"wp-block-group alignfull has-global-padding is-layout-constrained wp-container-core-group-is-layout-96df45d9 wp-block-group-is-layout-constrained\" style=\"margin-top:0;margin-bottom:0;padding-top:calc( 0.5 * var(u002du002dwpu002du002dstyleu002du002drootu002du002dpadding-right, var(u002du002dwpu002du002dcustomu002du002dgapu002du002dhorizontal)));padding-right:var(u002du002dwpu002du002dstyleu002du002drootu002du002dpadding-right, var(u002du002dwpu002du002dcustomu002du002dgapu002du002dhorizontal));padding-bottom:calc( 0.5 * var(u002du002dwpu002du002dstyleu002du002drootu002du002dpadding-right, var(u002du002dwpu002du002dcustomu002du002dgapu002du002dhorizontal)));padding-left:var(u002du002dwpu002du002dstyleu002du002drootu002du002dpadding-left, var(u002du002dwpu002du002dcustomu002du002dgapu002du002dhorizontal))\">\n<div style=\"height:20px;width:0px\" aria-hidden=\"true\" class=\"wp-block-spacer\"><\/div>\n\n\n\n<h3 class=\"wp-block-heading alignwide has-text-align-left has-medium-font-size\"><strong>SELECCI\u00d3N DE OBRAS<\/strong><\/h3>\n\n\n\n<div class=\"wp-block-jetpack-tiled-gallery alignwide is-style-square\"><div class=\"\"><div class=\"tiled-gallery__gallery\"><div class=\"tiled-gallery__row columns-3\"><div class=\"tiled-gallery__col\"><figure class=\"tiled-gallery__item\"><img decoding=\"async\" data-attachment-id=\"1356\" data-permalink=\"https:\/\/galeriamemoria.com\/es\/118\/\" data-orig-file=\"https:\/\/i0.wp.com\/galeriamemoria.com\/wp-content\/uploads\/2024\/08\/118.jpg?fit=2640%2C3735&amp;ssl=1\" data-orig-size=\"2640,3735\" data-comments-opened=\"0\" data-image-title=\"Guillermo Nu\u00f1ez, &amp;#8220;Suma arqueol\u00f3gica&amp;#8221;, ca. 1975\" data-image-description=\"\" data-image-caption=\"&lt;p&gt;Guillermo Nu\u00f1ez, &amp;#8220;Suma arqueol\u00f3gica&amp;#8221;, ca. 1975&lt;\/p&gt;\" data-large-file=\"https:\/\/i0.wp.com\/galeriamemoria.com\/wp-content\/uploads\/2024\/08\/118.jpg?fit=724%2C1024&amp;ssl=1\" role=\"button\" tabindex=\"0\" aria-label=\"Abrir la imagen 1 de 6 en pantalla completa\" srcset=\"https:\/\/i0.wp.com\/galeriamemoria.com\/wp-content\/uploads\/2024\/08\/118-724x1024.jpg?resize=600%2C600&#038;strip=info&#038;ssl=1 600w,https:\/\/i0.wp.com\/galeriamemoria.com\/wp-content\/uploads\/2024\/08\/118-724x1024.jpg?resize=724%2C724&#038;strip=info&#038;ssl=1 724w\" alt=\"\" data-height=\"3735\" data-id=\"1356\" data-link=\"https:\/\/galeriamemoria.com\/118\/\" data-url=\"https:\/\/galeriamemoria.com\/wp-content\/uploads\/2024\/08\/118-724x1024.jpg\" data-width=\"2640\" src=\"https:\/\/i0.wp.com\/galeriamemoria.com\/wp-content\/uploads\/2024\/08\/118-724x1024.jpg?ssl=1&amp;resize=2000%2C2000\" data-amp-layout=\"responsive\"\/><\/figure><\/div><div class=\"tiled-gallery__col\"><figure class=\"tiled-gallery__item\"><img decoding=\"async\" data-attachment-id=\"1354\" data-permalink=\"https:\/\/galeriamemoria.com\/es\/97\/\" data-orig-file=\"https:\/\/i0.wp.com\/galeriamemoria.com\/wp-content\/uploads\/2024\/08\/97.jpg?fit=3898%2C3093&amp;ssl=1\" data-orig-size=\"3898,3093\" data-comments-opened=\"0\" data-image-title=\"Guillermo Nu\u00f1ez, Untitled, ca. 1975\" data-image-description=\"\" data-image-caption=\"&lt;p&gt;Guillermo Nu\u00f1ez, Untitled, ca. 1975&lt;\/p&gt;\" data-large-file=\"https:\/\/i0.wp.com\/galeriamemoria.com\/wp-content\/uploads\/2024\/08\/97.jpg?fit=1024%2C813&amp;ssl=1\" role=\"button\" tabindex=\"0\" aria-label=\"Abrir la imagen 2 de 6 en pantalla completa\" srcset=\"https:\/\/i1.wp.com\/galeriamemoria.com\/wp-content\/uploads\/2024\/08\/97-1024x813.jpg?resize=600%2C600&#038;strip=info&#038;ssl=1 600w,https:\/\/i1.wp.com\/galeriamemoria.com\/wp-content\/uploads\/2024\/08\/97-1024x813.jpg?resize=813%2C813&#038;strip=info&#038;ssl=1 813w\" alt=\"\" data-height=\"3093\" data-id=\"1354\" data-link=\"https:\/\/galeriamemoria.com\/97\/\" data-url=\"https:\/\/galeriamemoria.com\/wp-content\/uploads\/2024\/08\/97-1024x813.jpg\" data-width=\"3898\" src=\"https:\/\/i1.wp.com\/galeriamemoria.com\/wp-content\/uploads\/2024\/08\/97-1024x813.jpg?ssl=1&amp;resize=2000%2C2000\" data-amp-layout=\"responsive\"\/><\/figure><\/div><div class=\"tiled-gallery__col\"><figure class=\"tiled-gallery__item\"><img decoding=\"async\" data-attachment-id=\"1368\" data-permalink=\"https:\/\/galeriamemoria.com\/es\/img_9292-copia\/\" data-orig-file=\"https:\/\/i0.wp.com\/galeriamemoria.com\/wp-content\/uploads\/2024\/08\/IMG_9292-copia.jpg?fit=3413%2C2443&amp;ssl=1\" data-orig-size=\"3413,2443\" data-comments-opened=\"0\" data-image-title=\"Antonio Romero, &amp;#8220;Reuni\u00f3n de generales&amp;#8221; (Serie Navarone), 2022\" data-image-description=\"\" data-image-caption=\"&lt;p&gt;Antonio Romero, &amp;#8220;Reuni\u00f3n de generales&amp;#8221; (Serie Navarone), 2022&lt;\/p&gt;\" data-large-file=\"https:\/\/i0.wp.com\/galeriamemoria.com\/wp-content\/uploads\/2024\/08\/IMG_9292-copia.jpg?fit=1024%2C733&amp;ssl=1\" role=\"button\" tabindex=\"0\" aria-label=\"Abrir la imagen 3 de 6 en pantalla completa\" srcset=\"https:\/\/i1.wp.com\/galeriamemoria.com\/wp-content\/uploads\/2024\/08\/IMG_9292-copia-1024x733.jpg?resize=600%2C600&#038;strip=info&#038;ssl=1 600w,https:\/\/i1.wp.com\/galeriamemoria.com\/wp-content\/uploads\/2024\/08\/IMG_9292-copia-1024x733.jpg?resize=733%2C733&#038;strip=info&#038;ssl=1 733w\" alt=\"\" data-height=\"2443\" data-id=\"1368\" data-link=\"https:\/\/galeriamemoria.com\/img_9292-copia\/\" data-url=\"https:\/\/galeriamemoria.com\/wp-content\/uploads\/2024\/08\/IMG_9292-copia-1024x733.jpg\" data-width=\"3413\" src=\"https:\/\/i1.wp.com\/galeriamemoria.com\/wp-content\/uploads\/2024\/08\/IMG_9292-copia-1024x733.jpg?ssl=1&amp;resize=2000%2C2000\" data-amp-layout=\"responsive\"\/><\/figure><\/div><\/div><div class=\"tiled-gallery__row columns-3\"><div class=\"tiled-gallery__col\"><figure class=\"tiled-gallery__item\"><img decoding=\"async\" data-attachment-id=\"1367\" data-permalink=\"https:\/\/galeriamemoria.com\/es\/img_9261-copia\/\" data-orig-file=\"https:\/\/i0.wp.com\/galeriamemoria.com\/wp-content\/uploads\/2024\/08\/IMG_9261-copia.jpg?fit=2303%2C2555&amp;ssl=1\" data-orig-size=\"2303,2555\" data-comments-opened=\"0\" data-image-title=\"Antonio Romero, &amp;#8220;Topical Congress II.&amp;#8221; 2022\" data-image-description=\"\" data-image-caption=\"&lt;p&gt;Antonio Romero, &amp;#8220;Topical Congress II.&amp;#8221; 2022&lt;\/p&gt;\" data-large-file=\"https:\/\/i0.wp.com\/galeriamemoria.com\/wp-content\/uploads\/2024\/08\/IMG_9261-copia.jpg?fit=923%2C1024&amp;ssl=1\" role=\"button\" tabindex=\"0\" aria-label=\"Abrir la imagen 4 de 6 en pantalla completa\" srcset=\"https:\/\/i1.wp.com\/galeriamemoria.com\/wp-content\/uploads\/2024\/08\/IMG_9261-copia-923x1024.jpg?resize=600%2C600&#038;strip=info&#038;ssl=1 600w,https:\/\/i1.wp.com\/galeriamemoria.com\/wp-content\/uploads\/2024\/08\/IMG_9261-copia-923x1024.jpg?resize=900%2C900&#038;strip=info&#038;ssl=1 900w,https:\/\/i1.wp.com\/galeriamemoria.com\/wp-content\/uploads\/2024\/08\/IMG_9261-copia-923x1024.jpg?resize=923%2C923&#038;strip=info&#038;ssl=1 923w\" alt=\"\" data-height=\"2555\" data-id=\"1367\" data-link=\"https:\/\/galeriamemoria.com\/img_9261-copia\/\" data-url=\"https:\/\/galeriamemoria.com\/wp-content\/uploads\/2024\/08\/IMG_9261-copia-923x1024.jpg\" data-width=\"2303\" src=\"https:\/\/i1.wp.com\/galeriamemoria.com\/wp-content\/uploads\/2024\/08\/IMG_9261-copia-923x1024.jpg?ssl=1&amp;resize=2000%2C2000\" data-amp-layout=\"responsive\"\/><\/figure><\/div><div class=\"tiled-gallery__col\"><figure class=\"tiled-gallery__item\"><img decoding=\"async\" data-attachment-id=\"1536\" data-permalink=\"https:\/\/galeriamemoria.com\/es\/1a8dddea7343871a3e54826398afd565\/\" data-orig-file=\"https:\/\/i0.wp.com\/galeriamemoria.com\/wp-content\/uploads\/2024\/08\/1a8dddea7343871a3e54826398afd565.jpg?fit=3797%2C2408&amp;ssl=1\" data-orig-size=\"3797,2408\" data-comments-opened=\"0\" data-image-title=\"Juan Castillo, &amp;#8220;Sin se\u00f1ales de cambio se cambia a otro d\u00eda&amp;#8221;, 2019\" data-image-description=\"\" data-image-caption=\"&lt;p&gt;Juan Castillo, &amp;#8220;Sin se\u00f1ales de cambio se cambia a otro d\u00eda&amp;#8221;, 2019&lt;\/p&gt;\" data-large-file=\"https:\/\/i0.wp.com\/galeriamemoria.com\/wp-content\/uploads\/2024\/08\/1a8dddea7343871a3e54826398afd565.jpg?fit=1024%2C649&amp;ssl=1\" role=\"button\" tabindex=\"0\" aria-label=\"Abrir la imagen 5 de 6 en pantalla completa\" srcset=\"https:\/\/i1.wp.com\/galeriamemoria.com\/wp-content\/uploads\/2024\/08\/1a8dddea7343871a3e54826398afd565-1024x649.jpg?resize=600%2C600&#038;strip=info&#038;ssl=1 600w,https:\/\/i1.wp.com\/galeriamemoria.com\/wp-content\/uploads\/2024\/08\/1a8dddea7343871a3e54826398afd565-1024x649.jpg?resize=649%2C649&#038;strip=info&#038;ssl=1 649w\" alt=\"\" data-height=\"2408\" data-id=\"1536\" data-link=\"https:\/\/galeriamemoria.com\/1a8dddea7343871a3e54826398afd565\/\" data-url=\"https:\/\/galeriamemoria.com\/wp-content\/uploads\/2024\/08\/1a8dddea7343871a3e54826398afd565-1024x649.jpg\" data-width=\"3797\" src=\"https:\/\/i1.wp.com\/galeriamemoria.com\/wp-content\/uploads\/2024\/08\/1a8dddea7343871a3e54826398afd565-1024x649.jpg?ssl=1&amp;resize=2000%2C2000\" data-amp-layout=\"responsive\"\/><\/figure><\/div><div class=\"tiled-gallery__col\"><figure class=\"tiled-gallery__item\"><img decoding=\"async\" data-attachment-id=\"1303\" data-permalink=\"https:\/\/galeriamemoria.com\/es\/ni-mi-rostro-ni-el-tuyo-ni-el-nuestro-2018-29-5x42cm\/\" data-orig-file=\"https:\/\/i0.wp.com\/galeriamemoria.com\/wp-content\/uploads\/2024\/08\/Ni-mi-rostro-ni-el-tuyo-ni-el-nuestro-2018-29.5x42cm.jpg?fit=3731%2C2645&amp;ssl=1\" data-orig-size=\"3731,2645\" data-comments-opened=\"0\" data-image-title=\"Juan Castillo, &amp;#8220;Ni mi rostro, ni el tuyo, ni el nuestro&amp;#8221;, 2018\" data-image-description=\"\" data-image-caption=\"&lt;p&gt;Juan Castillo, &amp;#8220;Ni mi rostro, ni el tuyo, ni el nuestro&amp;#8221;, 2018&lt;\/p&gt;\" data-large-file=\"https:\/\/i0.wp.com\/galeriamemoria.com\/wp-content\/uploads\/2024\/08\/Ni-mi-rostro-ni-el-tuyo-ni-el-nuestro-2018-29.5x42cm.jpg?fit=1024%2C726&amp;ssl=1\" role=\"button\" tabindex=\"0\" aria-label=\"Abrir la imagen 6 de 6 en pantalla completa\" srcset=\"https:\/\/i2.wp.com\/galeriamemoria.com\/wp-content\/uploads\/2024\/08\/Ni-mi-rostro-ni-el-tuyo-ni-el-nuestro-2018-29.5x42cm-1024x726.jpg?resize=600%2C600&#038;strip=info&#038;ssl=1 600w,https:\/\/i2.wp.com\/galeriamemoria.com\/wp-content\/uploads\/2024\/08\/Ni-mi-rostro-ni-el-tuyo-ni-el-nuestro-2018-29.5x42cm-1024x726.jpg?resize=726%2C726&#038;strip=info&#038;ssl=1 726w\" alt=\"\" data-height=\"2645\" data-id=\"1303\" data-link=\"https:\/\/galeriamemoria.com\/ni-mi-rostro-ni-el-tuyo-ni-el-nuestro-2018-29-5x42cm\/\" data-url=\"https:\/\/galeriamemoria.com\/wp-content\/uploads\/2024\/08\/Ni-mi-rostro-ni-el-tuyo-ni-el-nuestro-2018-29.5x42cm-1024x726.jpg\" data-width=\"3731\" src=\"https:\/\/i2.wp.com\/galeriamemoria.com\/wp-content\/uploads\/2024\/08\/Ni-mi-rostro-ni-el-tuyo-ni-el-nuestro-2018-29.5x42cm-1024x726.jpg?ssl=1&amp;resize=2000%2C2000\" data-amp-layout=\"responsive\"\/><\/figure><\/div><\/div><\/div><\/div><\/div>\n\n\n\n<p class=\"wp-block-paragraph\" style=\"border-style:none;border-width:0px\"><\/p>\n\n\n\n<p class=\"wp-block-paragraph\" style=\"border-style:none;border-width:0px\"><\/p>\n\n\n\n<div style=\"height:0px;width:0px\" aria-hidden=\"true\" class=\"wp-block-spacer\"><\/div>\n<\/div>\n\n\n\n<div class=\"wp-block-columns alignwide is-layout-flex wp-container-core-columns-is-layout-28f84493 wp-block-columns-is-layout-flex\">\n<div class=\"wp-block-column is-layout-flow wp-block-column-is-layout-flow\"><\/div>\n<\/div>\n<\/div>\n\n\n\n<div class=\"wp-block-group alignfull has-theme-1-background-color has-background has-global-padding is-content-justification-center is-layout-constrained wp-block-group-is-layout-constrained\" style=\"margin-top:0;margin-bottom:0\">\n<p class=\"wp-block-paragraph\"><\/p>\n\n\n\n<h2 class=\"wp-block-heading alignwide has-medium-font-size\" style=\"margin-top:0;margin-bottom:0\"><strong>     <\/strong><br><br><strong>ARTISTAS<\/strong><br><\/h2>\n\n\n\n<div class=\"wp-block-columns alignwide is-layout-flex wp-container-core-columns-is-layout-28f84493 wp-block-columns-is-layout-flex\">\n<div class=\"wp-block-column is-layout-flow wp-block-column-is-layout-flow\">\n<div class=\"wp-block-group is-layout-flow wp-block-group-is-layout-flow\" style=\"margin-bottom:10px\">\n<figure class=\"wp-block-image aligncenter size-full is-resized\"><a href=\"https:\/\/galeriamemoria.com\/es\/artists\/antonio-romero\/\"><img data-recalc-dims=\"1\" fetchpriority=\"high\" decoding=\"async\" width=\"4344\" height=\"4344\" data-attachment-id=\"268\" data-permalink=\"https:\/\/galeriamemoria.com\/es\/?attachment_id=268\" data-orig-file=\"https:\/\/i0.wp.com\/galeriamemoria.com\/wp-content\/uploads\/2024\/06\/img_20240416_090608.jpg?fit=4344%2C4344&amp;ssl=1\" data-orig-size=\"4344,4344\" data-comments-opened=\"0\" data-image-title=\"Antonio Romero, &amp;#8220;Tr\u00edptico desaparecer&amp;#8221;, 2024\" data-image-description=\"\" data-image-caption=\"&lt;p&gt;Antonio Romero, &amp;#8220;Tr\u00edptico desaparecer&amp;#8221;, 2024&lt;\/p&gt;\" data-large-file=\"https:\/\/i0.wp.com\/galeriamemoria.com\/wp-content\/uploads\/2024\/06\/img_20240416_090608.jpg?fit=1024%2C1024&amp;ssl=1\" src=\"https:\/\/i0.wp.com\/galeriamemoria.com\/wp-content\/uploads\/2024\/06\/img_20240416_090608.jpg?resize=4344%2C4344&#038;ssl=1\" alt=\"\" class=\"wp-image-268\" style=\"aspect-ratio:3\/4;object-fit:cover;width:180px\"\/><\/a><\/figure>\n<\/div>\n\n\n\n<h3 class=\"wp-block-heading has-text-align-center has-medium-font-size\"><a href=\"https:\/\/galeriamemoria.com\/es\/artists\/antonio-romero\/\" data-type=\"page\" data-id=\"1228\">Antonio Romero<\/a><\/h3>\n<\/div>\n\n\n\n<div class=\"wp-block-column is-layout-flow wp-block-column-is-layout-flow\">\n<figure class=\"wp-block-image aligncenter size-full is-resized\"><a href=\"https:\/\/galeriamemoria.com\/es\/artists\/juan-castillo\/\"><img data-recalc-dims=\"1\" decoding=\"async\" width=\"2469\" height=\"3362\" data-attachment-id=\"701\" data-permalink=\"https:\/\/galeriamemoria.com\/es\/artists\/5440d9ab20fbc118e58f3cda4901f2e0-2\/\" data-orig-file=\"https:\/\/i0.wp.com\/galeriamemoria.com\/wp-content\/uploads\/2024\/08\/5440d9ab20fbc118e58f3cda4901f2e0-2.jpg?fit=2469%2C3362&amp;ssl=1\" data-orig-size=\"2469,3362\" data-comments-opened=\"0\" data-image-title=\"Juan Castillo, &amp;#8220;De la circulaci\u00f3n de las im\u00e1genes&amp;#8221;, 2019\" data-image-description=\"\" data-image-caption=\"&lt;p&gt;Juan Castillo, &amp;#8220;De la circulaci\u00f3n de las im\u00e1genes&amp;#8221;, 2019&lt;\/p&gt;\" data-large-file=\"https:\/\/i0.wp.com\/galeriamemoria.com\/wp-content\/uploads\/2024\/08\/5440d9ab20fbc118e58f3cda4901f2e0-2.jpg?fit=752%2C1024&amp;ssl=1\" src=\"https:\/\/i0.wp.com\/galeriamemoria.com\/wp-content\/uploads\/2024\/08\/5440d9ab20fbc118e58f3cda4901f2e0-2.jpg?resize=2469%2C3362&#038;ssl=1\" alt=\"\" class=\"wp-image-701\" style=\"aspect-ratio:3\/4;object-fit:cover;width:180px\"\/><\/a><\/figure>\n\n\n\n<h3 class=\"wp-block-heading has-text-align-center has-medium-font-size\"><a href=\"https:\/\/galeriamemoria.com\/es\/artists\/juan-castillo\/\" data-type=\"page\" data-id=\"1117\">Juan Castillo<\/a><\/h3>\n<\/div>\n\n\n\n<div class=\"wp-block-column is-layout-flow wp-block-column-is-layout-flow\">\n<div class=\"wp-block-group is-layout-flow wp-block-group-is-layout-flow\" style=\"margin-bottom:10px\">\n<figure class=\"wp-block-image aligncenter size-full is-resized wp-duotone-unset-1\"><a href=\"https:\/\/galeriamemoria.com\/es\/artists\/guillermo-nunez\/\"><img data-recalc-dims=\"1\" decoding=\"async\" width=\"2586\" height=\"3450\" data-attachment-id=\"664\" data-permalink=\"https:\/\/galeriamemoria.com\/es\/172-2\/\" data-orig-file=\"https:\/\/i0.wp.com\/galeriamemoria.com\/wp-content\/uploads\/2024\/08\/172-edited.jpg?fit=2586%2C3450&amp;ssl=1\" data-orig-size=\"2586,3450\" data-comments-opened=\"0\" data-image-title=\"Guillermo N\u00fa\u00f1ez, Untitled, Suma arqueol\u00f3gica, ca. 1975\" data-image-description=\"\" data-image-caption=\"&lt;p&gt;Guillermo N\u00fa\u00f1ez, Untitled, Suma arqueol\u00f3gica, ca. 1975&lt;\/p&gt;\" data-large-file=\"https:\/\/i0.wp.com\/galeriamemoria.com\/wp-content\/uploads\/2024\/08\/172-edited.jpg?fit=768%2C1024&amp;ssl=1\" src=\"https:\/\/i0.wp.com\/galeriamemoria.com\/wp-content\/uploads\/2024\/08\/172-edited.jpg?resize=2586%2C3450&#038;ssl=1\" alt=\"\" class=\"wp-image-664\" style=\"aspect-ratio:3\/4;object-fit:cover;width:180px\"\/><\/a><\/figure>\n\n\n\n<h3 class=\"wp-block-heading has-text-align-center has-medium-font-size\"><a href=\"https:\/\/galeriamemoria.com\/es\/artists\/guillermo-nunez\/\" data-type=\"page\" data-id=\"1184\">Guillermo Nu\u00f1ez<\/a><\/h3>\n<\/div>\n<\/div>\n<\/div>\n<\/div>\n\n\n\n<p class=\"wp-block-paragraph\"><\/p>\n\n\n\n<p class=\"wp-block-paragraph\"><\/p>\n\n\n\n<div class=\"wp-block-group alignfull has-global-padding is-layout-constrained wp-container-core-group-is-layout-96df45d9 wp-block-group-is-layout-constrained\" style=\"margin-top:0;margin-bottom:0;padding-top:calc( 0.5 * var(u002du002dwpu002du002dstyleu002du002drootu002du002dpadding-right, var(u002du002dwpu002du002dcustomu002du002dgapu002du002dhorizontal)));padding-right:var(u002du002dwpu002du002dstyleu002du002drootu002du002dpadding-right, var(u002du002dwpu002du002dcustomu002du002dgapu002du002dhorizontal));padding-bottom:calc( 0.5 * var(u002du002dwpu002du002dstyleu002du002drootu002du002dpadding-right, var(u002du002dwpu002du002dcustomu002du002dgapu002du002dhorizontal)));padding-left:var(u002du002dwpu002du002dstyleu002du002drootu002du002dpadding-left, var(u002du002dwpu002du002dcustomu002du002dgapu002du002dhorizontal))\">\n<div style=\"height:calc( 0.25 * var(u002du002dwpu002du002dstyleu002du002drootu002du002dpadding-right, var(u002du002dwpu002du002dcustomu002du002dgapu002du002dhorizontal)))\" aria-hidden=\"true\" class=\"wp-block-spacer\"><\/div>\n\n\n\n<div style=\"height:calc( 0.25 * var(u002du002dwpu002du002dstyleu002du002drootu002du002dpadding-right, var(u002du002dwpu002du002dcustomu002du002dgapu002du002dhorizontal)))\" aria-hidden=\"true\" class=\"wp-block-spacer\"><\/div>\n\n\n<\/div>\n\n\n\n<p class=\"wp-block-paragraph\"><\/p>","protected":false},"excerpt":{"rendered":"<p>Essays on erasure Capsule 2 On Capsule 2: essays on erasure, MEMORIA includes works stemming from artistic practices that shed light on what has been blurred or obliterated. Through social and historical processes marked by the suppression of rights, by political persecution, by power disputes or by the invisibility of the agents in these fields [&hellip;]<\/p>\n","protected":false},"author":251800687,"featured_media":190,"parent":652,"menu_order":0,"comment_status":"closed","ping_status":"closed","template":"","meta":{"advanced_seo_description":"","jetpack_seo_html_title":"","jetpack_seo_noindex":false,"jetpack_seo_schema_type":"","_wpcom_ai_launchpad_about_page":false,"_wpcom_ai_launchpad_gallery_page":false,"_wpcom_ai_launchpad_contact_page":false,"_wpcom_ai_launchpad_events_page":false,"_wpcom_ai_launchpad_video_page":false,"_wpcom_ai_launchpad_portfolio_piece":false,"footnotes":""},"class_list":["post-1531","page","type-page","status-publish","has-post-thumbnail","hentry"],"jetpack_likes_enabled":false,"jetpack_sharing_enabled":true,"jetpack_shortlink":"https:\/\/wp.me\/PfPCnn-oH","jetpack-related-posts":[],"_links":{"self":[{"href":"https:\/\/galeriamemoria.com\/es\/wp-json\/wp\/v2\/pages\/1531","targetHints":{"allow":["GET"]}}],"collection":[{"href":"https:\/\/galeriamemoria.com\/es\/wp-json\/wp\/v2\/pages"}],"about":[{"href":"https:\/\/galeriamemoria.com\/es\/wp-json\/wp\/v2\/types\/page"}],"author":[{"embeddable":true,"href":"https:\/\/galeriamemoria.com\/es\/wp-json\/wp\/v2\/users\/251800687"}],"replies":[{"embeddable":true,"href":"https:\/\/galeriamemoria.com\/es\/wp-json\/wp\/v2\/comments?post=1531"}],"version-history":[{"count":10,"href":"https:\/\/galeriamemoria.com\/es\/wp-json\/wp\/v2\/pages\/1531\/revisions"}],"predecessor-version":[{"id":2080,"href":"https:\/\/galeriamemoria.com\/es\/wp-json\/wp\/v2\/pages\/1531\/revisions\/2080"}],"up":[{"embeddable":true,"href":"https:\/\/galeriamemoria.com\/es\/wp-json\/wp\/v2\/pages\/652"}],"wp:featuredmedia":[{"embeddable":true,"href":"https:\/\/galeriamemoria.com\/es\/wp-json\/wp\/v2\/media\/190"}],"wp:attachment":[{"href":"https:\/\/galeriamemoria.com\/es\/wp-json\/wp\/v2\/media?parent=1531"}],"curies":[{"name":"wp","href":"https:\/\/api.w.org\/{rel}","templated":true}]}}