{"id":3263,"date":"2025-06-10T12:28:12","date_gmt":"2025-06-10T10:28:12","guid":{"rendered":"https:\/\/galeriamemoria.com\/?page_id=3263"},"modified":"2026-07-14T19:45:01","modified_gmt":"2026-07-14T17:45:01","slug":"armando-cristeto","status":"publish","type":"page","link":"https:\/\/galeriamemoria.com\/es\/artists\/armando-cristeto\/","title":{"rendered":"Armando Cristeto"},"content":{"rendered":"<figure class=\"wp-block-image alignfull size-large\"><img data-recalc-dims=\"1\" fetchpriority=\"high\" decoding=\"async\" width=\"1024\" height=\"256\" data-attachment-id=\"5050\" data-permalink=\"https:\/\/galeriamemoria.com\/es\/artists\/armando-cristeto\/memoria_web_header_artists\/\" data-orig-file=\"https:\/\/i0.wp.com\/galeriamemoria.com\/wp-content\/uploads\/2026\/04\/Memoria_Web_Header_Artists.jpg?fit=2300%2C575&amp;ssl=1\" data-orig-size=\"2300,575\" data-comments-opened=\"0\" data-image-title=\"Memoria_Web_Header_Artists\" data-image-description=\"\" data-image-caption=\"\" data-large-file=\"https:\/\/i0.wp.com\/galeriamemoria.com\/wp-content\/uploads\/2026\/04\/Memoria_Web_Header_Artists.jpg?fit=1024%2C256&amp;ssl=1\" src=\"https:\/\/i0.wp.com\/galeriamemoria.com\/wp-content\/uploads\/2026\/04\/Memoria_Web_Header_Artists.jpg?resize=1024%2C256&#038;ssl=1\" alt=\"\" class=\"wp-image-5050\" srcset=\"https:\/\/i0.wp.com\/galeriamemoria.com\/wp-content\/uploads\/2026\/04\/Memoria_Web_Header_Artists.jpg?resize=1024%2C256&amp;ssl=1 1024w, https:\/\/i0.wp.com\/galeriamemoria.com\/wp-content\/uploads\/2026\/04\/Memoria_Web_Header_Artists.jpg?resize=300%2C75&amp;ssl=1 300w, https:\/\/i0.wp.com\/galeriamemoria.com\/wp-content\/uploads\/2026\/04\/Memoria_Web_Header_Artists.jpg?resize=768%2C192&amp;ssl=1 768w, https:\/\/i0.wp.com\/galeriamemoria.com\/wp-content\/uploads\/2026\/04\/Memoria_Web_Header_Artists.jpg?resize=1536%2C384&amp;ssl=1 1536w, https:\/\/i0.wp.com\/galeriamemoria.com\/wp-content\/uploads\/2026\/04\/Memoria_Web_Header_Artists.jpg?resize=2048%2C512&amp;ssl=1 2048w, https:\/\/i0.wp.com\/galeriamemoria.com\/wp-content\/uploads\/2026\/04\/Memoria_Web_Header_Artists.jpg?resize=18%2C5&amp;ssl=1 18w\" sizes=\"(max-width: 1000px) 100vw, 1000px\" \/><\/figure>\n\n\n\n<div class=\"wp-block-group alignfull has-theme-1-background-color has-background has-global-padding is-content-justification-center is-layout-constrained wp-container-core-group-is-layout-df757ecc wp-block-group-is-layout-constrained\" style=\"margin-top:0;margin-bottom:0;padding-top:calc( 0.5 * var(--wp--style--root--padding-right, var(--wp--custom--gap--horizontal)));padding-right:var(--wp--style--root--padding-right, var(--wp--custom--gap--horizontal));padding-bottom:calc( 0.5 * var(--wp--style--root--padding-right, var(--wp--custom--gap--horizontal)));padding-left:var(--wp--style--root--padding-left, var(--wp--custom--gap--horizontal))\">\n<div class=\"wp-block-columns alignwide is-layout-flex wp-container-core-columns-is-layout-28f84493 wp-block-columns-is-layout-flex\">\n<div class=\"wp-block-column is-layout-flow wp-block-column-is-layout-flow\">\n<p class=\"wp-block-paragraph\">Nacido en Ciudad de M\u00e9xico en 1957, Armando Cristeto comenz\u00f3 su incursi\u00f3n en la fotograf\u00eda de forma autodidacta mientras cursaba la carrera de Medicina General en la Universidad Nacional Aut\u00f3noma de M\u00e9xico (UNAM), destacando a su hermano, Adolfo Pati\u00f1o \u201cAfolfot\u00f3grafo\u201d, y al fot\u00f3grafo mexicano-estadounidense Louis Carlos Bernal como dos de sus grandes mentores.<\/p>\n\n\n\n<p class=\"wp-block-paragraph\">Cristeto ha expuesto su obra desde 1977, abordando la fotograf\u00eda desde una perspectiva documental y defini\u00e9ndose en ejes como la vida sociocultural y el entorno urbano de M\u00e9xico, siempre con una acentuada perspectiva de g\u00e9nero.<\/p>\n\n\n\n<p class=\"wp-block-paragraph\">Como \u00abfot\u00f3grafo gay y chilango\u00bb, como \u00e9l mismo se define, su trabajo est\u00e1 dedicado en su mayor\u00eda a la conquista por el respeto y los derechos de la comunidad LGTBQIA+ en M\u00e9xico, buscando la reafirmaci\u00f3n de las identidades de los fotografiados, personajes urbanos considerados fuera de lo normativo, destacando sus registros fotogr\u00e1ficos de la Marcha del Orgullo en M\u00e9xico desde que vivi\u00f3 en carne propia el inicio del movimiento de Liberaci\u00f3n Homosexual en el pa\u00eds en 1978.<\/p>\n\n\n\n<p class=\"wp-block-paragraph\">Una de sus series m\u00e1s emblem\u00e1ticas \"Apolo Urbano\", se convirti\u00f3 en s\u00edmbolo del activismo por la diversidad sexual, entendiendo el retrato como un elogio al hedonismo que reivindica el homoerotismo a trav\u00e9s de una mirada que glorifica la perfecci\u00f3n del cuerpo humano.<\/p>\n\n\n\n<p class=\"wp-block-paragraph\">Su obra tambi\u00e9n incluye series sobre el desnudo masculino, el culturismo y la vida nocturna de Ciudad de M\u00e9xico, como las fiestas en el famoso bar mexicano El Nueve. Algunas de sus series m\u00e1s influyentes son \"Apolo Urbano\", \"Fauna Imperial Celeste\", \"Las Noches del Revent\u00f3n\", \"Vaqueros Gay Mx\" y \"El cond\u00f3n\", con la que particip\u00f3 en la exposici\u00f3n colectiva <em>Perder la forma humana<\/em> en el Museo Reina Sof\u00eda de Madrid en 2012-2013.<\/p>\n\n\n\n<p class=\"wp-block-paragraph\">Junto con su hermano, fue fundador del grupo art\u00edstico interdisciplinar Peyote y la Compa\u00f1\u00eda, colectivo creado con el prop\u00f3sito de difundir la obra de artistas emergentes. Tambi\u00e9n fue miembro del Grupo de Fot\u00f3grafos Independientes (GFI). Cristeto, como militante activo y pionero en la lucha contra la homofobia y el estigma de la orientaci\u00f3n e identidad sexual, fue miembro fundador del C\u00edrculo Cultural Gay de 1986 a 2000.<\/p>\n\n\n\n<div class=\"wp-block-buttons is-layout-flex wp-block-buttons-is-layout-flex\">\n<div class=\"wp-block-button\"><a class=\"wp-block-button__link has-background wp-element-button\" href=\"https:\/\/galeriamemoria.com\/wp-content\/uploads\/2026\/07\/ACRIS_CV_2026.pdf\" style=\"background-color:#949191\">CV<\/a><\/div>\n<\/div>\n<\/div>\n\n\n\n<div class=\"wp-block-column is-layout-flow wp-container-core-column-is-layout-5dafc681 wp-block-column-is-layout-flow\">\n<div class=\"wp-block-jetpack-slideshow aligncenter\" data-effect=\"slide\" style=\"--aspect-ratio:calc(5504 \/ 8256)\"><div class=\"wp-block-jetpack-slideshow_container swiper\"><ul class=\"wp-block-jetpack-slideshow_swiper-wrapper swiper-wrapper\"><li class=\"wp-block-jetpack-slideshow_slide swiper-slide\"><figure><img data-recalc-dims=\"1\" decoding=\"async\" width=\"5504\" height=\"8256\" alt=\"\" class=\"wp-block-jetpack-slideshow_image wp-image-3331\" data-id=\"3331\" data-aspect-ratio=\"5504 \/ 8256\" src=\"https:\/\/i0.wp.com\/galeriamemoria.com\/wp-content\/uploads\/2025\/06\/DSC8930.jpg?resize=5504%2C8256&#038;ssl=1\" srcset=\"https:\/\/i0.wp.com\/galeriamemoria.com\/wp-content\/uploads\/2025\/06\/DSC8930.jpg?w=5504&amp;ssl=1 5504w, https:\/\/i0.wp.com\/galeriamemoria.com\/wp-content\/uploads\/2025\/06\/DSC8930.jpg?resize=200%2C300&amp;ssl=1 200w, https:\/\/i0.wp.com\/galeriamemoria.com\/wp-content\/uploads\/2025\/06\/DSC8930.jpg?resize=683%2C1024&amp;ssl=1 683w, https:\/\/i0.wp.com\/galeriamemoria.com\/wp-content\/uploads\/2025\/06\/DSC8930.jpg?resize=768%2C1152&amp;ssl=1 768w, https:\/\/i0.wp.com\/galeriamemoria.com\/wp-content\/uploads\/2025\/06\/DSC8930.jpg?resize=1024%2C1536&amp;ssl=1 1024w, https:\/\/i0.wp.com\/galeriamemoria.com\/wp-content\/uploads\/2025\/06\/DSC8930.jpg?resize=1365%2C2048&amp;ssl=1 1365w, https:\/\/i0.wp.com\/galeriamemoria.com\/wp-content\/uploads\/2025\/06\/DSC8930.jpg?resize=8%2C12&amp;ssl=1 8w, https:\/\/i0.wp.com\/galeriamemoria.com\/wp-content\/uploads\/2025\/06\/DSC8930.jpg?w=2000&amp;ssl=1 2000w, https:\/\/i0.wp.com\/galeriamemoria.com\/wp-content\/uploads\/2025\/06\/DSC8930.jpg?w=3000&amp;ssl=1 3000w\" sizes=\"(max-width: 1000px) 100vw, 1000px\" \/><figcaption class=\"wp-block-jetpack-slideshow_caption gallery-caption\">Armando Cristeto, Untitled, 1980, from the series \u201cApolo Urbano\u201d<\/figcaption><\/figure><\/li><li class=\"wp-block-jetpack-slideshow_slide swiper-slide\"><figure><img data-recalc-dims=\"1\" decoding=\"async\" width=\"5504\" height=\"8256\" alt=\"\" class=\"wp-block-jetpack-slideshow_image wp-image-3332\" data-id=\"3332\" data-aspect-ratio=\"5504 \/ 8256\" src=\"https:\/\/i0.wp.com\/galeriamemoria.com\/wp-content\/uploads\/2025\/06\/DSC8958.jpg?resize=5504%2C8256&#038;ssl=1\" srcset=\"https:\/\/i0.wp.com\/galeriamemoria.com\/wp-content\/uploads\/2025\/06\/DSC8958.jpg?w=5504&amp;ssl=1 5504w, https:\/\/i0.wp.com\/galeriamemoria.com\/wp-content\/uploads\/2025\/06\/DSC8958.jpg?resize=200%2C300&amp;ssl=1 200w, https:\/\/i0.wp.com\/galeriamemoria.com\/wp-content\/uploads\/2025\/06\/DSC8958.jpg?resize=683%2C1024&amp;ssl=1 683w, https:\/\/i0.wp.com\/galeriamemoria.com\/wp-content\/uploads\/2025\/06\/DSC8958.jpg?resize=768%2C1152&amp;ssl=1 768w, https:\/\/i0.wp.com\/galeriamemoria.com\/wp-content\/uploads\/2025\/06\/DSC8958.jpg?resize=1024%2C1536&amp;ssl=1 1024w, https:\/\/i0.wp.com\/galeriamemoria.com\/wp-content\/uploads\/2025\/06\/DSC8958.jpg?resize=1365%2C2048&amp;ssl=1 1365w, https:\/\/i0.wp.com\/galeriamemoria.com\/wp-content\/uploads\/2025\/06\/DSC8958.jpg?resize=8%2C12&amp;ssl=1 8w, https:\/\/i0.wp.com\/galeriamemoria.com\/wp-content\/uploads\/2025\/06\/DSC8958.jpg?w=2000&amp;ssl=1 2000w, https:\/\/i0.wp.com\/galeriamemoria.com\/wp-content\/uploads\/2025\/06\/DSC8958.jpg?w=3000&amp;ssl=1 3000w\" sizes=\"(max-width: 1000px) 100vw, 1000px\" \/><figcaption class=\"wp-block-jetpack-slideshow_caption gallery-caption\">Armando Cristeto, &#8220;Francisco, ganador&#8221;, from the series &#8220;Apolo Urbano&#8221; <\/figcaption><\/figure><\/li><li class=\"wp-block-jetpack-slideshow_slide swiper-slide\"><figure><img data-recalc-dims=\"1\" loading=\"lazy\" decoding=\"async\" width=\"5504\" height=\"8256\" alt=\"\" class=\"wp-block-jetpack-slideshow_image wp-image-3333\" data-id=\"3333\" data-aspect-ratio=\"5504 \/ 8256\" src=\"https:\/\/i0.wp.com\/galeriamemoria.com\/wp-content\/uploads\/2025\/06\/DSC9043.jpg?resize=5504%2C8256&#038;ssl=1\" srcset=\"https:\/\/i0.wp.com\/galeriamemoria.com\/wp-content\/uploads\/2025\/06\/DSC9043.jpg?w=5504&amp;ssl=1 5504w, https:\/\/i0.wp.com\/galeriamemoria.com\/wp-content\/uploads\/2025\/06\/DSC9043.jpg?resize=200%2C300&amp;ssl=1 200w, https:\/\/i0.wp.com\/galeriamemoria.com\/wp-content\/uploads\/2025\/06\/DSC9043.jpg?resize=683%2C1024&amp;ssl=1 683w, https:\/\/i0.wp.com\/galeriamemoria.com\/wp-content\/uploads\/2025\/06\/DSC9043.jpg?resize=768%2C1152&amp;ssl=1 768w, https:\/\/i0.wp.com\/galeriamemoria.com\/wp-content\/uploads\/2025\/06\/DSC9043.jpg?resize=1024%2C1536&amp;ssl=1 1024w, https:\/\/i0.wp.com\/galeriamemoria.com\/wp-content\/uploads\/2025\/06\/DSC9043.jpg?resize=1365%2C2048&amp;ssl=1 1365w, https:\/\/i0.wp.com\/galeriamemoria.com\/wp-content\/uploads\/2025\/06\/DSC9043.jpg?resize=8%2C12&amp;ssl=1 8w, https:\/\/i0.wp.com\/galeriamemoria.com\/wp-content\/uploads\/2025\/06\/DSC9043.jpg?w=2000&amp;ssl=1 2000w, https:\/\/i0.wp.com\/galeriamemoria.com\/wp-content\/uploads\/2025\/06\/DSC9043.jpg?w=3000&amp;ssl=1 3000w\" sizes=\"(max-width: 1000px) 100vw, 1000px\" \/><figcaption class=\"wp-block-jetpack-slideshow_caption gallery-caption\">Armando Cristeto, &#8220;Cuauht\u00e9moc y Juan Diego con la Virgen&#8221;, 1989, from the series &#8220;Apolo Urbano&#8221; <\/figcaption><\/figure><\/li><li class=\"wp-block-jetpack-slideshow_slide swiper-slide\"><figure><img data-recalc-dims=\"1\" loading=\"lazy\" decoding=\"async\" width=\"8256\" height=\"5504\" alt=\"\" class=\"wp-block-jetpack-slideshow_image wp-image-3334\" data-id=\"3334\" data-aspect-ratio=\"8256 \/ 5504\" src=\"https:\/\/i0.wp.com\/galeriamemoria.com\/wp-content\/uploads\/2025\/06\/DSC9053.jpg?resize=8256%2C5504&#038;ssl=1\" srcset=\"https:\/\/i0.wp.com\/galeriamemoria.com\/wp-content\/uploads\/2025\/06\/DSC9053.jpg?w=8256&amp;ssl=1 8256w, https:\/\/i0.wp.com\/galeriamemoria.com\/wp-content\/uploads\/2025\/06\/DSC9053.jpg?resize=300%2C200&amp;ssl=1 300w, https:\/\/i0.wp.com\/galeriamemoria.com\/wp-content\/uploads\/2025\/06\/DSC9053.jpg?resize=1024%2C683&amp;ssl=1 1024w, https:\/\/i0.wp.com\/galeriamemoria.com\/wp-content\/uploads\/2025\/06\/DSC9053.jpg?resize=768%2C512&amp;ssl=1 768w, https:\/\/i0.wp.com\/galeriamemoria.com\/wp-content\/uploads\/2025\/06\/DSC9053.jpg?resize=1536%2C1024&amp;ssl=1 1536w, https:\/\/i0.wp.com\/galeriamemoria.com\/wp-content\/uploads\/2025\/06\/DSC9053.jpg?resize=2048%2C1365&amp;ssl=1 2048w, https:\/\/i0.wp.com\/galeriamemoria.com\/wp-content\/uploads\/2025\/06\/DSC9053.jpg?resize=18%2C12&amp;ssl=1 18w, https:\/\/i0.wp.com\/galeriamemoria.com\/wp-content\/uploads\/2025\/06\/DSC9053.jpg?w=3000&amp;ssl=1 3000w\" sizes=\"(max-width: 1000px) 100vw, 1000px\" \/><figcaption class=\"wp-block-jetpack-slideshow_caption gallery-caption\">Armando Cristeto, Untitled, 1983-1984, from the series &#8220;Apolo Urbano&#8221; <\/figcaption><\/figure><\/li><li class=\"wp-block-jetpack-slideshow_slide swiper-slide\"><figure><img data-recalc-dims=\"1\" loading=\"lazy\" decoding=\"async\" width=\"8256\" height=\"5504\" alt=\"\" class=\"wp-block-jetpack-slideshow_image wp-image-3335\" data-id=\"3335\" data-aspect-ratio=\"8256 \/ 5504\" src=\"https:\/\/i0.wp.com\/galeriamemoria.com\/wp-content\/uploads\/2025\/06\/DSC9063.jpg?resize=8256%2C5504&#038;ssl=1\" srcset=\"https:\/\/i0.wp.com\/galeriamemoria.com\/wp-content\/uploads\/2025\/06\/DSC9063.jpg?w=8256&amp;ssl=1 8256w, https:\/\/i0.wp.com\/galeriamemoria.com\/wp-content\/uploads\/2025\/06\/DSC9063.jpg?resize=300%2C200&amp;ssl=1 300w, https:\/\/i0.wp.com\/galeriamemoria.com\/wp-content\/uploads\/2025\/06\/DSC9063.jpg?resize=1024%2C683&amp;ssl=1 1024w, https:\/\/i0.wp.com\/galeriamemoria.com\/wp-content\/uploads\/2025\/06\/DSC9063.jpg?resize=768%2C512&amp;ssl=1 768w, https:\/\/i0.wp.com\/galeriamemoria.com\/wp-content\/uploads\/2025\/06\/DSC9063.jpg?resize=1536%2C1024&amp;ssl=1 1536w, https:\/\/i0.wp.com\/galeriamemoria.com\/wp-content\/uploads\/2025\/06\/DSC9063.jpg?resize=2048%2C1365&amp;ssl=1 2048w, https:\/\/i0.wp.com\/galeriamemoria.com\/wp-content\/uploads\/2025\/06\/DSC9063.jpg?resize=18%2C12&amp;ssl=1 18w, https:\/\/i0.wp.com\/galeriamemoria.com\/wp-content\/uploads\/2025\/06\/DSC9063.jpg?w=3000&amp;ssl=1 3000w\" sizes=\"(max-width: 1000px) 100vw, 1000px\" \/><figcaption class=\"wp-block-jetpack-slideshow_caption gallery-caption\">Armando Cristeto, Untitled, 1978-1979, from the series &#8220;Homenaje a Manuel \u00c1lvarez Bravo&#8221;<\/figcaption><\/figure><\/li><li class=\"wp-block-jetpack-slideshow_slide swiper-slide\"><figure><img data-recalc-dims=\"1\" loading=\"lazy\" decoding=\"async\" width=\"8256\" height=\"5504\" alt=\"\" class=\"wp-block-jetpack-slideshow_image wp-image-3336\" data-id=\"3336\" data-aspect-ratio=\"8256 \/ 5504\" src=\"https:\/\/i0.wp.com\/galeriamemoria.com\/wp-content\/uploads\/2025\/06\/DSC9161.jpg?resize=8256%2C5504&#038;ssl=1\" srcset=\"https:\/\/i0.wp.com\/galeriamemoria.com\/wp-content\/uploads\/2025\/06\/DSC9161.jpg?w=8256&amp;ssl=1 8256w, https:\/\/i0.wp.com\/galeriamemoria.com\/wp-content\/uploads\/2025\/06\/DSC9161.jpg?resize=300%2C200&amp;ssl=1 300w, https:\/\/i0.wp.com\/galeriamemoria.com\/wp-content\/uploads\/2025\/06\/DSC9161.jpg?resize=1024%2C683&amp;ssl=1 1024w, https:\/\/i0.wp.com\/galeriamemoria.com\/wp-content\/uploads\/2025\/06\/DSC9161.jpg?resize=768%2C512&amp;ssl=1 768w, https:\/\/i0.wp.com\/galeriamemoria.com\/wp-content\/uploads\/2025\/06\/DSC9161.jpg?resize=1536%2C1024&amp;ssl=1 1536w, https:\/\/i0.wp.com\/galeriamemoria.com\/wp-content\/uploads\/2025\/06\/DSC9161.jpg?resize=2048%2C1365&amp;ssl=1 2048w, https:\/\/i0.wp.com\/galeriamemoria.com\/wp-content\/uploads\/2025\/06\/DSC9161.jpg?resize=18%2C12&amp;ssl=1 18w, https:\/\/i0.wp.com\/galeriamemoria.com\/wp-content\/uploads\/2025\/06\/DSC9161.jpg?w=3000&amp;ssl=1 3000w\" sizes=\"(max-width: 1000px) 100vw, 1000px\" \/><figcaption class=\"wp-block-jetpack-slideshow_caption gallery-caption\">Armando Cristeto, Untitled, 1979, from the series \u201cEl cond\u00f3n\u201d<\/figcaption><\/figure><\/li><li class=\"wp-block-jetpack-slideshow_slide swiper-slide\"><figure><img data-recalc-dims=\"1\" loading=\"lazy\" decoding=\"async\" width=\"8256\" height=\"5504\" alt=\"\" class=\"wp-block-jetpack-slideshow_image wp-image-3337\" data-id=\"3337\" data-aspect-ratio=\"8256 \/ 5504\" src=\"https:\/\/i0.wp.com\/galeriamemoria.com\/wp-content\/uploads\/2025\/06\/DSC9174.jpg?resize=8256%2C5504&#038;ssl=1\" srcset=\"https:\/\/i0.wp.com\/galeriamemoria.com\/wp-content\/uploads\/2025\/06\/DSC9174.jpg?w=8256&amp;ssl=1 8256w, https:\/\/i0.wp.com\/galeriamemoria.com\/wp-content\/uploads\/2025\/06\/DSC9174.jpg?resize=300%2C200&amp;ssl=1 300w, https:\/\/i0.wp.com\/galeriamemoria.com\/wp-content\/uploads\/2025\/06\/DSC9174.jpg?resize=1024%2C683&amp;ssl=1 1024w, https:\/\/i0.wp.com\/galeriamemoria.com\/wp-content\/uploads\/2025\/06\/DSC9174.jpg?resize=768%2C512&amp;ssl=1 768w, https:\/\/i0.wp.com\/galeriamemoria.com\/wp-content\/uploads\/2025\/06\/DSC9174.jpg?resize=1536%2C1024&amp;ssl=1 1536w, https:\/\/i0.wp.com\/galeriamemoria.com\/wp-content\/uploads\/2025\/06\/DSC9174.jpg?resize=2048%2C1365&amp;ssl=1 2048w, https:\/\/i0.wp.com\/galeriamemoria.com\/wp-content\/uploads\/2025\/06\/DSC9174.jpg?resize=18%2C12&amp;ssl=1 18w, https:\/\/i0.wp.com\/galeriamemoria.com\/wp-content\/uploads\/2025\/06\/DSC9174.jpg?w=3000&amp;ssl=1 3000w\" sizes=\"(max-width: 1000px) 100vw, 1000px\" \/><figcaption class=\"wp-block-jetpack-slideshow_caption gallery-caption\">Armando Cristeto, Untitled, 1979, from the series \u201cEl cond\u00f3n\u201d<\/figcaption><\/figure><\/li><li class=\"wp-block-jetpack-slideshow_slide swiper-slide\"><figure><img data-recalc-dims=\"1\" loading=\"lazy\" decoding=\"async\" width=\"8256\" height=\"5504\" alt=\"\" class=\"wp-block-jetpack-slideshow_image wp-image-3338\" data-id=\"3338\" data-aspect-ratio=\"8256 \/ 5504\" src=\"https:\/\/i0.wp.com\/galeriamemoria.com\/wp-content\/uploads\/2025\/06\/DSC9187.jpg?resize=8256%2C5504&#038;ssl=1\" srcset=\"https:\/\/i0.wp.com\/galeriamemoria.com\/wp-content\/uploads\/2025\/06\/DSC9187.jpg?w=8256&amp;ssl=1 8256w, https:\/\/i0.wp.com\/galeriamemoria.com\/wp-content\/uploads\/2025\/06\/DSC9187.jpg?resize=300%2C200&amp;ssl=1 300w, https:\/\/i0.wp.com\/galeriamemoria.com\/wp-content\/uploads\/2025\/06\/DSC9187.jpg?resize=1024%2C683&amp;ssl=1 1024w, https:\/\/i0.wp.com\/galeriamemoria.com\/wp-content\/uploads\/2025\/06\/DSC9187.jpg?resize=768%2C512&amp;ssl=1 768w, https:\/\/i0.wp.com\/galeriamemoria.com\/wp-content\/uploads\/2025\/06\/DSC9187.jpg?resize=1536%2C1024&amp;ssl=1 1536w, https:\/\/i0.wp.com\/galeriamemoria.com\/wp-content\/uploads\/2025\/06\/DSC9187.jpg?resize=2048%2C1365&amp;ssl=1 2048w, https:\/\/i0.wp.com\/galeriamemoria.com\/wp-content\/uploads\/2025\/06\/DSC9187.jpg?resize=18%2C12&amp;ssl=1 18w, https:\/\/i0.wp.com\/galeriamemoria.com\/wp-content\/uploads\/2025\/06\/DSC9187.jpg?w=3000&amp;ssl=1 3000w\" sizes=\"(max-width: 1000px) 100vw, 1000px\" \/><figcaption class=\"wp-block-jetpack-slideshow_caption gallery-caption\">Armando Cristeto, &#8220;Las playeras tienen la palabra&#8221;, 1982, from the series \u201cMarcha del Orgullo Homosexual. M\u00e9xico\u201d<\/figcaption><\/figure><\/li><li class=\"wp-block-jetpack-slideshow_slide swiper-slide\"><figure><img data-recalc-dims=\"1\" loading=\"lazy\" decoding=\"async\" width=\"5504\" height=\"8256\" alt=\"\" class=\"wp-block-jetpack-slideshow_image wp-image-3339\" data-id=\"3339\" data-aspect-ratio=\"5504 \/ 8256\" src=\"https:\/\/i0.wp.com\/galeriamemoria.com\/wp-content\/uploads\/2025\/06\/DSC9199.jpg?resize=5504%2C8256&#038;ssl=1\" srcset=\"https:\/\/i0.wp.com\/galeriamemoria.com\/wp-content\/uploads\/2025\/06\/DSC9199.jpg?w=5504&amp;ssl=1 5504w, https:\/\/i0.wp.com\/galeriamemoria.com\/wp-content\/uploads\/2025\/06\/DSC9199.jpg?resize=200%2C300&amp;ssl=1 200w, https:\/\/i0.wp.com\/galeriamemoria.com\/wp-content\/uploads\/2025\/06\/DSC9199.jpg?resize=683%2C1024&amp;ssl=1 683w, https:\/\/i0.wp.com\/galeriamemoria.com\/wp-content\/uploads\/2025\/06\/DSC9199.jpg?resize=768%2C1152&amp;ssl=1 768w, https:\/\/i0.wp.com\/galeriamemoria.com\/wp-content\/uploads\/2025\/06\/DSC9199.jpg?resize=1024%2C1536&amp;ssl=1 1024w, https:\/\/i0.wp.com\/galeriamemoria.com\/wp-content\/uploads\/2025\/06\/DSC9199.jpg?resize=1365%2C2048&amp;ssl=1 1365w, https:\/\/i0.wp.com\/galeriamemoria.com\/wp-content\/uploads\/2025\/06\/DSC9199.jpg?resize=8%2C12&amp;ssl=1 8w, https:\/\/i0.wp.com\/galeriamemoria.com\/wp-content\/uploads\/2025\/06\/DSC9199.jpg?w=2000&amp;ssl=1 2000w, https:\/\/i0.wp.com\/galeriamemoria.com\/wp-content\/uploads\/2025\/06\/DSC9199.jpg?w=3000&amp;ssl=1 3000w\" sizes=\"(max-width: 1000px) 100vw, 1000px\" \/><figcaption class=\"wp-block-jetpack-slideshow_caption gallery-caption\">Armando Cristeto, &#8220;Amapola. Bar El Nueve&#8221;, 1987<\/figcaption><\/figure><\/li><li class=\"wp-block-jetpack-slideshow_slide swiper-slide\"><figure><img data-recalc-dims=\"1\" loading=\"lazy\" decoding=\"async\" width=\"8256\" height=\"5504\" alt=\"\" class=\"wp-block-jetpack-slideshow_image wp-image-3340\" data-id=\"3340\" data-aspect-ratio=\"8256 \/ 5504\" src=\"https:\/\/i0.wp.com\/galeriamemoria.com\/wp-content\/uploads\/2025\/06\/DSC9257.jpg?resize=8256%2C5504&#038;ssl=1\" srcset=\"https:\/\/i0.wp.com\/galeriamemoria.com\/wp-content\/uploads\/2025\/06\/DSC9257.jpg?w=8256&amp;ssl=1 8256w, https:\/\/i0.wp.com\/galeriamemoria.com\/wp-content\/uploads\/2025\/06\/DSC9257.jpg?resize=300%2C200&amp;ssl=1 300w, https:\/\/i0.wp.com\/galeriamemoria.com\/wp-content\/uploads\/2025\/06\/DSC9257.jpg?resize=1024%2C683&amp;ssl=1 1024w, https:\/\/i0.wp.com\/galeriamemoria.com\/wp-content\/uploads\/2025\/06\/DSC9257.jpg?resize=768%2C512&amp;ssl=1 768w, https:\/\/i0.wp.com\/galeriamemoria.com\/wp-content\/uploads\/2025\/06\/DSC9257.jpg?resize=1536%2C1024&amp;ssl=1 1536w, https:\/\/i0.wp.com\/galeriamemoria.com\/wp-content\/uploads\/2025\/06\/DSC9257.jpg?resize=2048%2C1365&amp;ssl=1 2048w, https:\/\/i0.wp.com\/galeriamemoria.com\/wp-content\/uploads\/2025\/06\/DSC9257.jpg?resize=18%2C12&amp;ssl=1 18w, https:\/\/i0.wp.com\/galeriamemoria.com\/wp-content\/uploads\/2025\/06\/DSC9257.jpg?w=3000&amp;ssl=1 3000w\" sizes=\"(max-width: 1000px) 100vw, 1000px\" \/><figcaption class=\"wp-block-jetpack-slideshow_caption gallery-caption\">Armando Cristeto, &#8220;Juan&#8221;, 1991, from the series &#8220;Apolo Urbano II&#8221;<\/figcaption><\/figure><\/li><li class=\"wp-block-jetpack-slideshow_slide swiper-slide\"><figure><img data-recalc-dims=\"1\" loading=\"lazy\" decoding=\"async\" width=\"8256\" height=\"5504\" alt=\"\" class=\"wp-block-jetpack-slideshow_image wp-image-3341\" data-id=\"3341\" data-aspect-ratio=\"8256 \/ 5504\" src=\"https:\/\/i0.wp.com\/galeriamemoria.com\/wp-content\/uploads\/2025\/06\/DSC9212.jpg?resize=8256%2C5504&#038;ssl=1\" srcset=\"https:\/\/i0.wp.com\/galeriamemoria.com\/wp-content\/uploads\/2025\/06\/DSC9212.jpg?w=8256&amp;ssl=1 8256w, https:\/\/i0.wp.com\/galeriamemoria.com\/wp-content\/uploads\/2025\/06\/DSC9212.jpg?resize=300%2C200&amp;ssl=1 300w, https:\/\/i0.wp.com\/galeriamemoria.com\/wp-content\/uploads\/2025\/06\/DSC9212.jpg?resize=1024%2C683&amp;ssl=1 1024w, https:\/\/i0.wp.com\/galeriamemoria.com\/wp-content\/uploads\/2025\/06\/DSC9212.jpg?resize=768%2C512&amp;ssl=1 768w, https:\/\/i0.wp.com\/galeriamemoria.com\/wp-content\/uploads\/2025\/06\/DSC9212.jpg?resize=1536%2C1024&amp;ssl=1 1536w, https:\/\/i0.wp.com\/galeriamemoria.com\/wp-content\/uploads\/2025\/06\/DSC9212.jpg?resize=2048%2C1365&amp;ssl=1 2048w, https:\/\/i0.wp.com\/galeriamemoria.com\/wp-content\/uploads\/2025\/06\/DSC9212.jpg?resize=18%2C12&amp;ssl=1 18w, https:\/\/i0.wp.com\/galeriamemoria.com\/wp-content\/uploads\/2025\/06\/DSC9212.jpg?w=3000&amp;ssl=1 3000w\" sizes=\"(max-width: 1000px) 100vw, 1000px\" \/><figcaption class=\"wp-block-jetpack-slideshow_caption gallery-caption\">Armando Cristeto, &#8220;El Guerrero&#8221;, 1993, from the series &#8220;Apolo Urbano II&#8221;<\/figcaption><\/figure><\/li><li class=\"wp-block-jetpack-slideshow_slide swiper-slide\"><figure><img data-recalc-dims=\"1\" loading=\"lazy\" decoding=\"async\" width=\"5504\" height=\"8256\" alt=\"\" class=\"wp-block-jetpack-slideshow_image wp-image-3342\" data-id=\"3342\" data-aspect-ratio=\"5504 \/ 8256\" src=\"https:\/\/i0.wp.com\/galeriamemoria.com\/wp-content\/uploads\/2025\/06\/DSC9220.jpg?resize=5504%2C8256&#038;ssl=1\" srcset=\"https:\/\/i0.wp.com\/galeriamemoria.com\/wp-content\/uploads\/2025\/06\/DSC9220.jpg?w=5504&amp;ssl=1 5504w, https:\/\/i0.wp.com\/galeriamemoria.com\/wp-content\/uploads\/2025\/06\/DSC9220.jpg?resize=200%2C300&amp;ssl=1 200w, https:\/\/i0.wp.com\/galeriamemoria.com\/wp-content\/uploads\/2025\/06\/DSC9220.jpg?resize=683%2C1024&amp;ssl=1 683w, https:\/\/i0.wp.com\/galeriamemoria.com\/wp-content\/uploads\/2025\/06\/DSC9220.jpg?resize=768%2C1152&amp;ssl=1 768w, https:\/\/i0.wp.com\/galeriamemoria.com\/wp-content\/uploads\/2025\/06\/DSC9220.jpg?resize=1024%2C1536&amp;ssl=1 1024w, https:\/\/i0.wp.com\/galeriamemoria.com\/wp-content\/uploads\/2025\/06\/DSC9220.jpg?resize=1365%2C2048&amp;ssl=1 1365w, https:\/\/i0.wp.com\/galeriamemoria.com\/wp-content\/uploads\/2025\/06\/DSC9220.jpg?resize=8%2C12&amp;ssl=1 8w, https:\/\/i0.wp.com\/galeriamemoria.com\/wp-content\/uploads\/2025\/06\/DSC9220.jpg?w=2000&amp;ssl=1 2000w, https:\/\/i0.wp.com\/galeriamemoria.com\/wp-content\/uploads\/2025\/06\/DSC9220.jpg?w=3000&amp;ssl=1 3000w\" sizes=\"(max-width: 1000px) 100vw, 1000px\" \/><figcaption class=\"wp-block-jetpack-slideshow_caption gallery-caption\">Armando Cristeto, &#8220;Esculapio&#8221;, 1995, from the series &#8220;Apolo Urbano II&#8221;<\/figcaption><\/figure><\/li><li class=\"wp-block-jetpack-slideshow_slide swiper-slide\"><figure><img data-recalc-dims=\"1\" loading=\"lazy\" decoding=\"async\" width=\"8256\" height=\"5504\" alt=\"\" class=\"wp-block-jetpack-slideshow_image wp-image-3343\" data-id=\"3343\" data-aspect-ratio=\"8256 \/ 5504\" src=\"https:\/\/i0.wp.com\/galeriamemoria.com\/wp-content\/uploads\/2025\/06\/DSC9227.jpg?resize=8256%2C5504&#038;ssl=1\" srcset=\"https:\/\/i0.wp.com\/galeriamemoria.com\/wp-content\/uploads\/2025\/06\/DSC9227.jpg?w=8256&amp;ssl=1 8256w, https:\/\/i0.wp.com\/galeriamemoria.com\/wp-content\/uploads\/2025\/06\/DSC9227.jpg?resize=300%2C200&amp;ssl=1 300w, https:\/\/i0.wp.com\/galeriamemoria.com\/wp-content\/uploads\/2025\/06\/DSC9227.jpg?resize=1024%2C683&amp;ssl=1 1024w, https:\/\/i0.wp.com\/galeriamemoria.com\/wp-content\/uploads\/2025\/06\/DSC9227.jpg?resize=768%2C512&amp;ssl=1 768w, https:\/\/i0.wp.com\/galeriamemoria.com\/wp-content\/uploads\/2025\/06\/DSC9227.jpg?resize=1536%2C1024&amp;ssl=1 1536w, https:\/\/i0.wp.com\/galeriamemoria.com\/wp-content\/uploads\/2025\/06\/DSC9227.jpg?resize=2048%2C1365&amp;ssl=1 2048w, https:\/\/i0.wp.com\/galeriamemoria.com\/wp-content\/uploads\/2025\/06\/DSC9227.jpg?resize=18%2C12&amp;ssl=1 18w, https:\/\/i0.wp.com\/galeriamemoria.com\/wp-content\/uploads\/2025\/06\/DSC9227.jpg?w=3000&amp;ssl=1 3000w\" sizes=\"(max-width: 1000px) 100vw, 1000px\" \/><figcaption class=\"wp-block-jetpack-slideshow_caption gallery-caption\">Armando Cristeto, &#8220;Medusa&#8221;, 1993, from the series &#8220;Apolo Urbano II&#8221;<\/figcaption><\/figure><\/li><li class=\"wp-block-jetpack-slideshow_slide swiper-slide\"><figure><img data-recalc-dims=\"1\" loading=\"lazy\" decoding=\"async\" width=\"5504\" height=\"8256\" alt=\"\" class=\"wp-block-jetpack-slideshow_image wp-image-3344\" data-id=\"3344\" data-aspect-ratio=\"5504 \/ 8256\" src=\"https:\/\/i0.wp.com\/galeriamemoria.com\/wp-content\/uploads\/2025\/06\/DSC9239.jpg?resize=5504%2C8256&#038;ssl=1\" srcset=\"https:\/\/i0.wp.com\/galeriamemoria.com\/wp-content\/uploads\/2025\/06\/DSC9239.jpg?w=5504&amp;ssl=1 5504w, https:\/\/i0.wp.com\/galeriamemoria.com\/wp-content\/uploads\/2025\/06\/DSC9239.jpg?resize=200%2C300&amp;ssl=1 200w, https:\/\/i0.wp.com\/galeriamemoria.com\/wp-content\/uploads\/2025\/06\/DSC9239.jpg?resize=683%2C1024&amp;ssl=1 683w, https:\/\/i0.wp.com\/galeriamemoria.com\/wp-content\/uploads\/2025\/06\/DSC9239.jpg?resize=768%2C1152&amp;ssl=1 768w, https:\/\/i0.wp.com\/galeriamemoria.com\/wp-content\/uploads\/2025\/06\/DSC9239.jpg?resize=1024%2C1536&amp;ssl=1 1024w, https:\/\/i0.wp.com\/galeriamemoria.com\/wp-content\/uploads\/2025\/06\/DSC9239.jpg?resize=1365%2C2048&amp;ssl=1 1365w, https:\/\/i0.wp.com\/galeriamemoria.com\/wp-content\/uploads\/2025\/06\/DSC9239.jpg?resize=8%2C12&amp;ssl=1 8w, https:\/\/i0.wp.com\/galeriamemoria.com\/wp-content\/uploads\/2025\/06\/DSC9239.jpg?w=2000&amp;ssl=1 2000w, https:\/\/i0.wp.com\/galeriamemoria.com\/wp-content\/uploads\/2025\/06\/DSC9239.jpg?w=3000&amp;ssl=1 3000w\" sizes=\"(max-width: 1000px) 100vw, 1000px\" \/><figcaption class=\"wp-block-jetpack-slideshow_caption gallery-caption\">Armando Cristeto, &#8220;Roberto I&#8221;, 1990, from the series &#8220;Apolo Urbano II&#8221;<\/figcaption><\/figure><\/li><\/ul><a class=\"wp-block-jetpack-slideshow_button-prev swiper-button-prev swiper-button-white\" role=\"button\"><\/a><a class=\"wp-block-jetpack-slideshow_button-next swiper-button-next swiper-button-white\" role=\"button\"><\/a><a aria-label=\"Pause Slideshow\" class=\"wp-block-jetpack-slideshow_button-pause\" role=\"button\"><\/a><div class=\"wp-block-jetpack-slideshow_pagination swiper-pagination swiper-pagination-white\"><\/div><\/div><\/div>\n\n\n\n<p class=\"wp-block-paragraph\">Su obra forma parte de importantes colecciones p\u00fablicas y privadas, entre las que destacan: Museo Universitario de Arte Contempor\u00e1neo (MUAC) y su Centro de Documentaci\u00f3n Arkheia, Ciudad de M\u00e9xico; Instituto Moreira Salles (IMS), Brasil; Museo Nacional de Bellas Artes de Cuba, La Habana; Museo de Arte Moderno (MAM), Ciudad de M\u00e9xico; Centro de la Imagen, Ciudad de M\u00e9xico; Fototeca Nacional del Instituto Nacional de Antropolog\u00eda e Historia (INAH), Pachuca; Museo de Arte Carrillo Gil (MACG), Ciudad de M\u00e9xico; Museo del Estanquillo-Colecciones de Carlos Monsiv\u00e1is, Ciudad de M\u00e9xico; USC Fisher Museum of Art, Los Angeles; Colecci\u00f3n Ram\u00f3n L\u00f3pez Quiroga Collection, Mexico; Colecci\u00f3n Pedro Slim, M\u00e9xico; Collection Stanislas &amp; Leticia Poniatowski Collection, Paris; Colecci\u00f3n Jean-Louis Larivi\u00e8re Collection, Paris; Colecci\u00f3n Anna Gamazo, Espa\u00f1a, entre otras.<\/p>\n<\/div>\n<\/div>\n<\/div>\n\n\n\n<p class=\"alignwide wp-block-paragraph\"><strong>Latest exhibitions:<\/strong><\/p>\n\n\n\n<div class=\"wp-block-group alignwide has-global-padding is-layout-constrained wp-block-group-is-layout-constrained\">\n<div class=\"wp-block-group alignwide has-global-padding is-layout-constrained wp-block-group-is-layout-constrained\">\n<div class=\"wp-block-jetpack-slideshow alignwide\" data-effect=\"slide\" style=\"--aspect-ratio:calc(3772 \/ 2150)\"><div class=\"wp-block-jetpack-slideshow_container swiper\"><ul class=\"wp-block-jetpack-slideshow_swiper-wrapper swiper-wrapper\"><li class=\"wp-block-jetpack-slideshow_slide swiper-slide\"><figure><img data-recalc-dims=\"1\" loading=\"lazy\" decoding=\"async\" width=\"3772\" height=\"2150\" alt=\"\" class=\"wp-block-jetpack-slideshow_image wp-image-4514\" data-id=\"4514\" data-aspect-ratio=\"3772 \/ 2150\" src=\"https:\/\/i0.wp.com\/galeriamemoria.com\/wp-content\/uploads\/2026\/03\/DSC3289-copia.jpg?resize=3772%2C2150&#038;ssl=1\" srcset=\"https:\/\/i0.wp.com\/galeriamemoria.com\/wp-content\/uploads\/2026\/03\/DSC3289-copia.jpg?w=3772&amp;ssl=1 3772w, https:\/\/i0.wp.com\/galeriamemoria.com\/wp-content\/uploads\/2026\/03\/DSC3289-copia.jpg?resize=300%2C171&amp;ssl=1 300w, https:\/\/i0.wp.com\/galeriamemoria.com\/wp-content\/uploads\/2026\/03\/DSC3289-copia.jpg?resize=1024%2C584&amp;ssl=1 1024w, https:\/\/i0.wp.com\/galeriamemoria.com\/wp-content\/uploads\/2026\/03\/DSC3289-copia.jpg?resize=768%2C438&amp;ssl=1 768w, https:\/\/i0.wp.com\/galeriamemoria.com\/wp-content\/uploads\/2026\/03\/DSC3289-copia.jpg?resize=1536%2C876&amp;ssl=1 1536w, https:\/\/i0.wp.com\/galeriamemoria.com\/wp-content\/uploads\/2026\/03\/DSC3289-copia.jpg?resize=2048%2C1167&amp;ssl=1 2048w, https:\/\/i0.wp.com\/galeriamemoria.com\/wp-content\/uploads\/2026\/03\/DSC3289-copia.jpg?resize=18%2C10&amp;ssl=1 18w, https:\/\/i0.wp.com\/galeriamemoria.com\/wp-content\/uploads\/2026\/03\/DSC3289-copia.jpg?w=3000&amp;ssl=1 3000w\" sizes=\"(max-width: 1000px) 100vw, 1000px\" \/><figcaption class=\"wp-block-jetpack-slideshow_caption gallery-caption\">Armando Cristeto with MEMORIA at ARCO Madrid 2026 \u00b7 Booth 7C19<\/figcaption><\/figure><\/li><li class=\"wp-block-jetpack-slideshow_slide swiper-slide\"><figure><img data-recalc-dims=\"1\" loading=\"lazy\" decoding=\"async\" width=\"8197\" height=\"5465\" alt=\"\" class=\"wp-block-jetpack-slideshow_image wp-image-3318\" data-id=\"3318\" data-aspect-ratio=\"8197 \/ 5465\" src=\"https:\/\/i0.wp.com\/galeriamemoria.com\/wp-content\/uploads\/2025\/06\/DSC8849.jpg?resize=8197%2C5465&#038;ssl=1\" srcset=\"https:\/\/i0.wp.com\/galeriamemoria.com\/wp-content\/uploads\/2025\/06\/DSC8849.jpg?w=8197&amp;ssl=1 8197w, https:\/\/i0.wp.com\/galeriamemoria.com\/wp-content\/uploads\/2025\/06\/DSC8849.jpg?resize=300%2C200&amp;ssl=1 300w, https:\/\/i0.wp.com\/galeriamemoria.com\/wp-content\/uploads\/2025\/06\/DSC8849.jpg?resize=1024%2C683&amp;ssl=1 1024w, https:\/\/i0.wp.com\/galeriamemoria.com\/wp-content\/uploads\/2025\/06\/DSC8849.jpg?resize=768%2C512&amp;ssl=1 768w, https:\/\/i0.wp.com\/galeriamemoria.com\/wp-content\/uploads\/2025\/06\/DSC8849.jpg?resize=1536%2C1024&amp;ssl=1 1536w, https:\/\/i0.wp.com\/galeriamemoria.com\/wp-content\/uploads\/2025\/06\/DSC8849.jpg?resize=2048%2C1365&amp;ssl=1 2048w, https:\/\/i0.wp.com\/galeriamemoria.com\/wp-content\/uploads\/2025\/06\/DSC8849.jpg?resize=18%2C12&amp;ssl=1 18w, https:\/\/i0.wp.com\/galeriamemoria.com\/wp-content\/uploads\/2025\/06\/DSC8849.jpg?w=3000&amp;ssl=1 3000w\" sizes=\"(max-width: 1000px) 100vw, 1000px\" \/><figcaption class=\"wp-block-jetpack-slideshow_caption gallery-caption\">Apolo(s) (1979-1996). Armando Cristeto. MEMORIA (Centro), Madrid, 2025<\/figcaption><\/figure><\/li><li class=\"wp-block-jetpack-slideshow_slide swiper-slide\"><figure><img data-recalc-dims=\"1\" loading=\"lazy\" decoding=\"async\" width=\"8256\" height=\"5504\" alt=\"\" class=\"wp-block-jetpack-slideshow_image wp-image-3326\" data-id=\"3326\" data-aspect-ratio=\"8256 \/ 5504\" src=\"https:\/\/i0.wp.com\/galeriamemoria.com\/wp-content\/uploads\/2025\/06\/DSC9013.jpg?resize=8256%2C5504&#038;ssl=1\" srcset=\"https:\/\/i0.wp.com\/galeriamemoria.com\/wp-content\/uploads\/2025\/06\/DSC9013.jpg?w=8256&amp;ssl=1 8256w, https:\/\/i0.wp.com\/galeriamemoria.com\/wp-content\/uploads\/2025\/06\/DSC9013.jpg?resize=300%2C200&amp;ssl=1 300w, https:\/\/i0.wp.com\/galeriamemoria.com\/wp-content\/uploads\/2025\/06\/DSC9013.jpg?resize=1024%2C683&amp;ssl=1 1024w, https:\/\/i0.wp.com\/galeriamemoria.com\/wp-content\/uploads\/2025\/06\/DSC9013.jpg?resize=768%2C512&amp;ssl=1 768w, https:\/\/i0.wp.com\/galeriamemoria.com\/wp-content\/uploads\/2025\/06\/DSC9013.jpg?resize=1536%2C1024&amp;ssl=1 1536w, https:\/\/i0.wp.com\/galeriamemoria.com\/wp-content\/uploads\/2025\/06\/DSC9013.jpg?resize=2048%2C1365&amp;ssl=1 2048w, https:\/\/i0.wp.com\/galeriamemoria.com\/wp-content\/uploads\/2025\/06\/DSC9013.jpg?resize=18%2C12&amp;ssl=1 18w, https:\/\/i0.wp.com\/galeriamemoria.com\/wp-content\/uploads\/2025\/06\/DSC9013.jpg?w=3000&amp;ssl=1 3000w\" sizes=\"(max-width: 1000px) 100vw, 1000px\" \/><figcaption class=\"wp-block-jetpack-slideshow_caption gallery-caption\">Apolo(s) (1979-1996). Armando Cristeto. MEMORIA (Centro), Madrid, 2025<\/figcaption><\/figure><\/li><li class=\"wp-block-jetpack-slideshow_slide swiper-slide\"><figure><img data-recalc-dims=\"1\" loading=\"lazy\" decoding=\"async\" width=\"8197\" height=\"5465\" alt=\"\" class=\"wp-block-jetpack-slideshow_image wp-image-3319\" data-id=\"3319\" data-aspect-ratio=\"8197 \/ 5465\" src=\"https:\/\/i0.wp.com\/galeriamemoria.com\/wp-content\/uploads\/2025\/06\/DSC8852.jpg?resize=8197%2C5465&#038;ssl=1\" srcset=\"https:\/\/i0.wp.com\/galeriamemoria.com\/wp-content\/uploads\/2025\/06\/DSC8852.jpg?w=8197&amp;ssl=1 8197w, https:\/\/i0.wp.com\/galeriamemoria.com\/wp-content\/uploads\/2025\/06\/DSC8852.jpg?resize=300%2C200&amp;ssl=1 300w, https:\/\/i0.wp.com\/galeriamemoria.com\/wp-content\/uploads\/2025\/06\/DSC8852.jpg?resize=1024%2C683&amp;ssl=1 1024w, https:\/\/i0.wp.com\/galeriamemoria.com\/wp-content\/uploads\/2025\/06\/DSC8852.jpg?resize=768%2C512&amp;ssl=1 768w, https:\/\/i0.wp.com\/galeriamemoria.com\/wp-content\/uploads\/2025\/06\/DSC8852.jpg?resize=1536%2C1024&amp;ssl=1 1536w, https:\/\/i0.wp.com\/galeriamemoria.com\/wp-content\/uploads\/2025\/06\/DSC8852.jpg?resize=2048%2C1365&amp;ssl=1 2048w, https:\/\/i0.wp.com\/galeriamemoria.com\/wp-content\/uploads\/2025\/06\/DSC8852.jpg?resize=18%2C12&amp;ssl=1 18w, https:\/\/i0.wp.com\/galeriamemoria.com\/wp-content\/uploads\/2025\/06\/DSC8852.jpg?w=3000&amp;ssl=1 3000w\" sizes=\"(max-width: 1000px) 100vw, 1000px\" \/><figcaption class=\"wp-block-jetpack-slideshow_caption gallery-caption\">Apolo(s) (1979-1996). Armando Cristeto. MEMORIA (Centro), Madrid, 2025<\/figcaption><\/figure><\/li><li class=\"wp-block-jetpack-slideshow_slide swiper-slide\"><figure><img data-recalc-dims=\"1\" loading=\"lazy\" decoding=\"async\" width=\"8256\" height=\"5504\" alt=\"\" class=\"wp-block-jetpack-slideshow_image wp-image-3324\" data-id=\"3324\" data-aspect-ratio=\"8256 \/ 5504\" src=\"https:\/\/i0.wp.com\/galeriamemoria.com\/wp-content\/uploads\/2025\/06\/DSC8998.jpg?resize=8256%2C5504&#038;ssl=1\" srcset=\"https:\/\/i0.wp.com\/galeriamemoria.com\/wp-content\/uploads\/2025\/06\/DSC8998.jpg?w=8256&amp;ssl=1 8256w, https:\/\/i0.wp.com\/galeriamemoria.com\/wp-content\/uploads\/2025\/06\/DSC8998.jpg?resize=300%2C200&amp;ssl=1 300w, https:\/\/i0.wp.com\/galeriamemoria.com\/wp-content\/uploads\/2025\/06\/DSC8998.jpg?resize=1024%2C683&amp;ssl=1 1024w, https:\/\/i0.wp.com\/galeriamemoria.com\/wp-content\/uploads\/2025\/06\/DSC8998.jpg?resize=768%2C512&amp;ssl=1 768w, https:\/\/i0.wp.com\/galeriamemoria.com\/wp-content\/uploads\/2025\/06\/DSC8998.jpg?resize=1536%2C1024&amp;ssl=1 1536w, https:\/\/i0.wp.com\/galeriamemoria.com\/wp-content\/uploads\/2025\/06\/DSC8998.jpg?resize=2048%2C1365&amp;ssl=1 2048w, https:\/\/i0.wp.com\/galeriamemoria.com\/wp-content\/uploads\/2025\/06\/DSC8998.jpg?resize=18%2C12&amp;ssl=1 18w, https:\/\/i0.wp.com\/galeriamemoria.com\/wp-content\/uploads\/2025\/06\/DSC8998.jpg?w=3000&amp;ssl=1 3000w\" sizes=\"(max-width: 1000px) 100vw, 1000px\" \/><figcaption class=\"wp-block-jetpack-slideshow_caption gallery-caption\">Apolo(s) (1979-1996). Armando Cristeto. MEMORIA (Centro), Madrid, 2025<\/figcaption><\/figure><\/li><li class=\"wp-block-jetpack-slideshow_slide swiper-slide\"><figure><img data-recalc-dims=\"1\" loading=\"lazy\" decoding=\"async\" width=\"8256\" height=\"5504\" alt=\"\" class=\"wp-block-jetpack-slideshow_image wp-image-3320\" data-id=\"3320\" data-aspect-ratio=\"8256 \/ 5504\" src=\"https:\/\/i0.wp.com\/galeriamemoria.com\/wp-content\/uploads\/2025\/06\/DSC8855.jpg?resize=8256%2C5504&#038;ssl=1\" srcset=\"https:\/\/i0.wp.com\/galeriamemoria.com\/wp-content\/uploads\/2025\/06\/DSC8855.jpg?w=8256&amp;ssl=1 8256w, https:\/\/i0.wp.com\/galeriamemoria.com\/wp-content\/uploads\/2025\/06\/DSC8855.jpg?resize=300%2C200&amp;ssl=1 300w, https:\/\/i0.wp.com\/galeriamemoria.com\/wp-content\/uploads\/2025\/06\/DSC8855.jpg?resize=1024%2C683&amp;ssl=1 1024w, https:\/\/i0.wp.com\/galeriamemoria.com\/wp-content\/uploads\/2025\/06\/DSC8855.jpg?resize=768%2C512&amp;ssl=1 768w, https:\/\/i0.wp.com\/galeriamemoria.com\/wp-content\/uploads\/2025\/06\/DSC8855.jpg?resize=1536%2C1024&amp;ssl=1 1536w, https:\/\/i0.wp.com\/galeriamemoria.com\/wp-content\/uploads\/2025\/06\/DSC8855.jpg?resize=2048%2C1365&amp;ssl=1 2048w, https:\/\/i0.wp.com\/galeriamemoria.com\/wp-content\/uploads\/2025\/06\/DSC8855.jpg?resize=18%2C12&amp;ssl=1 18w, https:\/\/i0.wp.com\/galeriamemoria.com\/wp-content\/uploads\/2025\/06\/DSC8855.jpg?w=3000&amp;ssl=1 3000w\" sizes=\"(max-width: 1000px) 100vw, 1000px\" \/><figcaption class=\"wp-block-jetpack-slideshow_caption gallery-caption\">Apolo(s) (1979-1996). Armando Cristeto. MEMORIA (Centro), Madrid, 2025<\/figcaption><\/figure><\/li><li class=\"wp-block-jetpack-slideshow_slide swiper-slide\"><figure><img data-recalc-dims=\"1\" loading=\"lazy\" decoding=\"async\" width=\"8256\" height=\"5504\" alt=\"\" class=\"wp-block-jetpack-slideshow_image wp-image-3322\" data-id=\"3322\" data-aspect-ratio=\"8256 \/ 5504\" src=\"https:\/\/i0.wp.com\/galeriamemoria.com\/wp-content\/uploads\/2025\/06\/DSC8891.jpg?resize=8256%2C5504&#038;ssl=1\" srcset=\"https:\/\/i0.wp.com\/galeriamemoria.com\/wp-content\/uploads\/2025\/06\/DSC8891.jpg?w=8256&amp;ssl=1 8256w, https:\/\/i0.wp.com\/galeriamemoria.com\/wp-content\/uploads\/2025\/06\/DSC8891.jpg?resize=300%2C200&amp;ssl=1 300w, https:\/\/i0.wp.com\/galeriamemoria.com\/wp-content\/uploads\/2025\/06\/DSC8891.jpg?resize=1024%2C683&amp;ssl=1 1024w, https:\/\/i0.wp.com\/galeriamemoria.com\/wp-content\/uploads\/2025\/06\/DSC8891.jpg?resize=768%2C512&amp;ssl=1 768w, https:\/\/i0.wp.com\/galeriamemoria.com\/wp-content\/uploads\/2025\/06\/DSC8891.jpg?resize=1536%2C1024&amp;ssl=1 1536w, https:\/\/i0.wp.com\/galeriamemoria.com\/wp-content\/uploads\/2025\/06\/DSC8891.jpg?resize=2048%2C1365&amp;ssl=1 2048w, https:\/\/i0.wp.com\/galeriamemoria.com\/wp-content\/uploads\/2025\/06\/DSC8891.jpg?resize=18%2C12&amp;ssl=1 18w, https:\/\/i0.wp.com\/galeriamemoria.com\/wp-content\/uploads\/2025\/06\/DSC8891.jpg?w=3000&amp;ssl=1 3000w\" sizes=\"(max-width: 1000px) 100vw, 1000px\" \/><figcaption class=\"wp-block-jetpack-slideshow_caption gallery-caption\">Apolo(s) (1979-1996). Armando Cristeto. MEMORIA (Centro), Madrid, 2025<\/figcaption><\/figure><\/li><li class=\"wp-block-jetpack-slideshow_slide swiper-slide\"><figure><img data-recalc-dims=\"1\" loading=\"lazy\" decoding=\"async\" width=\"8256\" height=\"5504\" alt=\"\" class=\"wp-block-jetpack-slideshow_image wp-image-3327\" data-id=\"3327\" data-aspect-ratio=\"8256 \/ 5504\" src=\"https:\/\/i0.wp.com\/galeriamemoria.com\/wp-content\/uploads\/2025\/06\/DSC9089.jpg?resize=8256%2C5504&#038;ssl=1\" srcset=\"https:\/\/i0.wp.com\/galeriamemoria.com\/wp-content\/uploads\/2025\/06\/DSC9089.jpg?w=8256&amp;ssl=1 8256w, https:\/\/i0.wp.com\/galeriamemoria.com\/wp-content\/uploads\/2025\/06\/DSC9089.jpg?resize=300%2C200&amp;ssl=1 300w, https:\/\/i0.wp.com\/galeriamemoria.com\/wp-content\/uploads\/2025\/06\/DSC9089.jpg?resize=1024%2C683&amp;ssl=1 1024w, https:\/\/i0.wp.com\/galeriamemoria.com\/wp-content\/uploads\/2025\/06\/DSC9089.jpg?resize=768%2C512&amp;ssl=1 768w, https:\/\/i0.wp.com\/galeriamemoria.com\/wp-content\/uploads\/2025\/06\/DSC9089.jpg?resize=1536%2C1024&amp;ssl=1 1536w, https:\/\/i0.wp.com\/galeriamemoria.com\/wp-content\/uploads\/2025\/06\/DSC9089.jpg?resize=2048%2C1365&amp;ssl=1 2048w, https:\/\/i0.wp.com\/galeriamemoria.com\/wp-content\/uploads\/2025\/06\/DSC9089.jpg?resize=18%2C12&amp;ssl=1 18w, https:\/\/i0.wp.com\/galeriamemoria.com\/wp-content\/uploads\/2025\/06\/DSC9089.jpg?w=3000&amp;ssl=1 3000w\" sizes=\"(max-width: 1000px) 100vw, 1000px\" \/><figcaption class=\"wp-block-jetpack-slideshow_caption gallery-caption\">Apolo(s) (1979-1996). Armando Cristeto. MEMORIA (Centro), Madrid, 2025<\/figcaption><\/figure><\/li><li class=\"wp-block-jetpack-slideshow_slide swiper-slide\"><figure><img data-recalc-dims=\"1\" loading=\"lazy\" decoding=\"async\" width=\"8256\" height=\"5504\" alt=\"\" class=\"wp-block-jetpack-slideshow_image wp-image-3321\" data-id=\"3321\" data-aspect-ratio=\"8256 \/ 5504\" src=\"https:\/\/i0.wp.com\/galeriamemoria.com\/wp-content\/uploads\/2025\/06\/DSC8878.jpg?resize=8256%2C5504&#038;ssl=1\" srcset=\"https:\/\/i0.wp.com\/galeriamemoria.com\/wp-content\/uploads\/2025\/06\/DSC8878.jpg?w=8256&amp;ssl=1 8256w, https:\/\/i0.wp.com\/galeriamemoria.com\/wp-content\/uploads\/2025\/06\/DSC8878.jpg?resize=300%2C200&amp;ssl=1 300w, https:\/\/i0.wp.com\/galeriamemoria.com\/wp-content\/uploads\/2025\/06\/DSC8878.jpg?resize=1024%2C683&amp;ssl=1 1024w, https:\/\/i0.wp.com\/galeriamemoria.com\/wp-content\/uploads\/2025\/06\/DSC8878.jpg?resize=768%2C512&amp;ssl=1 768w, https:\/\/i0.wp.com\/galeriamemoria.com\/wp-content\/uploads\/2025\/06\/DSC8878.jpg?resize=1536%2C1024&amp;ssl=1 1536w, https:\/\/i0.wp.com\/galeriamemoria.com\/wp-content\/uploads\/2025\/06\/DSC8878.jpg?resize=2048%2C1365&amp;ssl=1 2048w, https:\/\/i0.wp.com\/galeriamemoria.com\/wp-content\/uploads\/2025\/06\/DSC8878.jpg?resize=18%2C12&amp;ssl=1 18w, https:\/\/i0.wp.com\/galeriamemoria.com\/wp-content\/uploads\/2025\/06\/DSC8878.jpg?w=3000&amp;ssl=1 3000w\" sizes=\"(max-width: 1000px) 100vw, 1000px\" \/><figcaption class=\"wp-block-jetpack-slideshow_caption gallery-caption\">Apolo(s) (1979-1996). Armando Cristeto. MEMORIA (Centro), Madrid, 2025<\/figcaption><\/figure><\/li><li class=\"wp-block-jetpack-slideshow_slide swiper-slide\"><figure><img data-recalc-dims=\"1\" loading=\"lazy\" decoding=\"async\" width=\"8256\" height=\"5504\" alt=\"\" class=\"wp-block-jetpack-slideshow_image wp-image-3323\" data-id=\"3323\" data-aspect-ratio=\"8256 \/ 5504\" src=\"https:\/\/i0.wp.com\/galeriamemoria.com\/wp-content\/uploads\/2025\/06\/DSC8904.jpg?resize=8256%2C5504&#038;ssl=1\" srcset=\"https:\/\/i0.wp.com\/galeriamemoria.com\/wp-content\/uploads\/2025\/06\/DSC8904.jpg?w=8256&amp;ssl=1 8256w, https:\/\/i0.wp.com\/galeriamemoria.com\/wp-content\/uploads\/2025\/06\/DSC8904.jpg?resize=300%2C200&amp;ssl=1 300w, https:\/\/i0.wp.com\/galeriamemoria.com\/wp-content\/uploads\/2025\/06\/DSC8904.jpg?resize=1024%2C683&amp;ssl=1 1024w, https:\/\/i0.wp.com\/galeriamemoria.com\/wp-content\/uploads\/2025\/06\/DSC8904.jpg?resize=768%2C512&amp;ssl=1 768w, https:\/\/i0.wp.com\/galeriamemoria.com\/wp-content\/uploads\/2025\/06\/DSC8904.jpg?resize=1536%2C1024&amp;ssl=1 1536w, https:\/\/i0.wp.com\/galeriamemoria.com\/wp-content\/uploads\/2025\/06\/DSC8904.jpg?resize=2048%2C1365&amp;ssl=1 2048w, https:\/\/i0.wp.com\/galeriamemoria.com\/wp-content\/uploads\/2025\/06\/DSC8904.jpg?resize=18%2C12&amp;ssl=1 18w, https:\/\/i0.wp.com\/galeriamemoria.com\/wp-content\/uploads\/2025\/06\/DSC8904.jpg?w=3000&amp;ssl=1 3000w\" sizes=\"(max-width: 1000px) 100vw, 1000px\" \/><figcaption class=\"wp-block-jetpack-slideshow_caption gallery-caption\">Apolo(s) (1979-1996). Armando Cristeto. MEMORIA (Centro), Madrid, 2025<\/figcaption><\/figure><\/li><li class=\"wp-block-jetpack-slideshow_slide swiper-slide\"><figure><img data-recalc-dims=\"1\" loading=\"lazy\" decoding=\"async\" width=\"8256\" height=\"5504\" alt=\"\" class=\"wp-block-jetpack-slideshow_image wp-image-3329\" data-id=\"3329\" data-aspect-ratio=\"8256 \/ 5504\" src=\"https:\/\/i0.wp.com\/galeriamemoria.com\/wp-content\/uploads\/2025\/06\/DSC9116.jpg?resize=8256%2C5504&#038;ssl=1\" srcset=\"https:\/\/i0.wp.com\/galeriamemoria.com\/wp-content\/uploads\/2025\/06\/DSC9116.jpg?w=8256&amp;ssl=1 8256w, https:\/\/i0.wp.com\/galeriamemoria.com\/wp-content\/uploads\/2025\/06\/DSC9116.jpg?resize=300%2C200&amp;ssl=1 300w, https:\/\/i0.wp.com\/galeriamemoria.com\/wp-content\/uploads\/2025\/06\/DSC9116.jpg?resize=1024%2C683&amp;ssl=1 1024w, https:\/\/i0.wp.com\/galeriamemoria.com\/wp-content\/uploads\/2025\/06\/DSC9116.jpg?resize=768%2C512&amp;ssl=1 768w, https:\/\/i0.wp.com\/galeriamemoria.com\/wp-content\/uploads\/2025\/06\/DSC9116.jpg?resize=1536%2C1024&amp;ssl=1 1536w, https:\/\/i0.wp.com\/galeriamemoria.com\/wp-content\/uploads\/2025\/06\/DSC9116.jpg?resize=2048%2C1365&amp;ssl=1 2048w, https:\/\/i0.wp.com\/galeriamemoria.com\/wp-content\/uploads\/2025\/06\/DSC9116.jpg?resize=18%2C12&amp;ssl=1 18w, https:\/\/i0.wp.com\/galeriamemoria.com\/wp-content\/uploads\/2025\/06\/DSC9116.jpg?w=3000&amp;ssl=1 3000w\" sizes=\"(max-width: 1000px) 100vw, 1000px\" \/><figcaption class=\"wp-block-jetpack-slideshow_caption gallery-caption\">Apolo(s) (1979-1996). Armando Cristeto. MEMORIA (Centro), Madrid, 2025<\/figcaption><\/figure><\/li><\/ul><a class=\"wp-block-jetpack-slideshow_button-prev swiper-button-prev swiper-button-white\" role=\"button\"><\/a><a class=\"wp-block-jetpack-slideshow_button-next swiper-button-next swiper-button-white\" role=\"button\"><\/a><a aria-label=\"Pause Slideshow\" class=\"wp-block-jetpack-slideshow_button-pause\" role=\"button\"><\/a><div class=\"wp-block-jetpack-slideshow_pagination swiper-pagination swiper-pagination-white\"><\/div><\/div><\/div>\n<\/div>\n<\/div>","protected":false},"excerpt":{"rendered":"<p>Born in Mexico City in 1957, Armando Cristeto began his foray into photography as a self-taught photographer while earning a degree in General Medicine at the National Autonomous University of Mexico (UNAM), highlighting his brother, Adolfo Pati\u00f1o \u2018Afolfot\u00f3grafo\u2019, and Mexican-American photographer Louis Carlos Bernal as two of his great mentors. Cristeto has exhibited his work [&hellip;]<\/p>\n","protected":false},"author":251800687,"featured_media":3240,"parent":1,"menu_order":0,"comment_status":"closed","ping_status":"closed","template":"","meta":{"advanced_seo_description":"","jetpack_seo_html_title":"","jetpack_seo_noindex":false,"jetpack_seo_schema_type":"","_wpcom_ai_launchpad_about_page":false,"_wpcom_ai_launchpad_gallery_page":false,"_wpcom_ai_launchpad_contact_page":false,"_wpcom_ai_launchpad_events_page":false,"_wpcom_ai_launchpad_video_page":false,"_wpcom_ai_launchpad_portfolio_piece":false,"footnotes":""},"class_list":["post-3263","page","type-page","status-publish","has-post-thumbnail","hentry"],"jetpack_likes_enabled":false,"jetpack_sharing_enabled":true,"jetpack_shortlink":"https:\/\/wp.me\/PfPCnn-QD","jetpack-related-posts":[],"_links":{"self":[{"href":"https:\/\/galeriamemoria.com\/es\/wp-json\/wp\/v2\/pages\/3263","targetHints":{"allow":["GET"]}}],"collection":[{"href":"https:\/\/galeriamemoria.com\/es\/wp-json\/wp\/v2\/pages"}],"about":[{"href":"https:\/\/galeriamemoria.com\/es\/wp-json\/wp\/v2\/types\/page"}],"author":[{"embeddable":true,"href":"https:\/\/galeriamemoria.com\/es\/wp-json\/wp\/v2\/users\/251800687"}],"replies":[{"embeddable":true,"href":"https:\/\/galeriamemoria.com\/es\/wp-json\/wp\/v2\/comments?post=3263"}],"version-history":[{"count":29,"href":"https:\/\/galeriamemoria.com\/es\/wp-json\/wp\/v2\/pages\/3263\/revisions"}],"predecessor-version":[{"id":5511,"href":"https:\/\/galeriamemoria.com\/es\/wp-json\/wp\/v2\/pages\/3263\/revisions\/5511"}],"up":[{"embeddable":true,"href":"https:\/\/galeriamemoria.com\/es\/wp-json\/wp\/v2\/pages\/1"}],"wp:featuredmedia":[{"embeddable":true,"href":"https:\/\/galeriamemoria.com\/es\/wp-json\/wp\/v2\/media\/3240"}],"wp:attachment":[{"href":"https:\/\/galeriamemoria.com\/es\/wp-json\/wp\/v2\/media?parent=3263"}],"curies":[{"name":"wp","href":"https:\/\/api.w.org\/{rel}","templated":true}]}}