{"id":358,"date":"2024-08-02T13:35:26","date_gmt":"2024-08-02T11:35:26","guid":{"rendered":"https:\/\/galeriamemoria.com\/?page_id=358"},"modified":"2024-10-04T10:54:57","modified_gmt":"2024-10-04T08:54:57","slug":"zona-maco-2024","status":"publish","type":"page","link":"https:\/\/galeriamemoria.com\/es\/projects\/zona-maco-2024\/","title":{"rendered":"Zona MACO 2024"},"content":{"rendered":"<div class=\"wp-block-group alignfull is-style-default has-global-padding is-content-justification-center is-layout-constrained wp-block-group-is-layout-constrained\" style=\"margin-top:0;margin-bottom:0\">\n<div class=\"wp-block-group alignwide is-layout-flow wp-container-core-group-is-layout-c951c46d wp-block-group-is-layout-flow\">\n<div class=\"wp-block-columns is-layout-flex wp-container-core-columns-is-layout-f0342b05 wp-block-columns-is-layout-flex\" style=\"margin-top:0;margin-bottom:0\">\n<div class=\"wp-block-column is-layout-flow wp-block-column-is-layout-flow\" style=\"flex-basis:45%\">\n<p class=\"wp-block-paragraph\"><\/p>\n\n\n\n<h2 class=\"wp-block-heading alignwide has-x-large-font-size\"><\/h2>\n<\/div>\n\n\n\n<div class=\"wp-block-column is-layout-flow wp-block-column-is-layout-flow\" style=\"flex-basis:60%\"><\/div>\n<\/div>\n\n\n\n<div class=\"wp-block-jetpack-slideshow aligncenter\" data-effect=\"slide\"><div class=\"wp-block-jetpack-slideshow_container swiper-container\"><ul class=\"wp-block-jetpack-slideshow_swiper-wrapper swiper-wrapper\"><li class=\"wp-block-jetpack-slideshow_slide swiper-slide\"><figure><img data-recalc-dims=\"1\" fetchpriority=\"high\" decoding=\"async\" width=\"5568\" height=\"3712\" alt=\"\" class=\"wp-block-jetpack-slideshow_image wp-image-360\" data-id=\"360\" src=\"https:\/\/i0.wp.com\/galeriamemoria.com\/wp-content\/uploads\/2024\/08\/dom11feb24-2.jpg?resize=5568%2C3712&#038;ssl=1\"\/><\/figure><\/li><li class=\"wp-block-jetpack-slideshow_slide swiper-slide\"><figure><img data-recalc-dims=\"1\" decoding=\"async\" width=\"6000\" height=\"3376\" alt=\"\" class=\"wp-block-jetpack-slideshow_image wp-image-363\" data-id=\"363\" src=\"https:\/\/i0.wp.com\/galeriamemoria.com\/wp-content\/uploads\/2024\/08\/dom11feb24.2-3.jpg?resize=6000%2C3376&#038;ssl=1\"\/><\/figure><\/li><li class=\"wp-block-jetpack-slideshow_slide swiper-slide\"><figure><img data-recalc-dims=\"1\" decoding=\"async\" width=\"5568\" height=\"3712\" alt=\"\" class=\"wp-block-jetpack-slideshow_image wp-image-364\" data-id=\"364\" src=\"https:\/\/i0.wp.com\/galeriamemoria.com\/wp-content\/uploads\/2024\/08\/memoria.maco_.e13-14.jpg?resize=5568%2C3712&#038;ssl=1\"\/><\/figure><\/li><li class=\"wp-block-jetpack-slideshow_slide swiper-slide\"><figure><img data-recalc-dims=\"1\" loading=\"lazy\" decoding=\"async\" width=\"5568\" height=\"3712\" alt=\"\" class=\"wp-block-jetpack-slideshow_image wp-image-365\" data-id=\"365\" src=\"https:\/\/i0.wp.com\/galeriamemoria.com\/wp-content\/uploads\/2024\/08\/sab10p2-40.jpg?resize=5568%2C3712&#038;ssl=1\"\/><\/figure><\/li><li class=\"wp-block-jetpack-slideshow_slide swiper-slide\"><figure><img data-recalc-dims=\"1\" loading=\"lazy\" decoding=\"async\" width=\"5568\" height=\"3712\" alt=\"\" class=\"wp-block-jetpack-slideshow_image wp-image-366\" data-id=\"366\" src=\"https:\/\/i0.wp.com\/galeriamemoria.com\/wp-content\/uploads\/2024\/08\/sab10p2-56.jpg?resize=5568%2C3712&#038;ssl=1\"\/><\/figure><\/li><li class=\"wp-block-jetpack-slideshow_slide swiper-slide\"><figure><img data-recalc-dims=\"1\" loading=\"lazy\" decoding=\"async\" width=\"6000\" height=\"3376\" alt=\"\" class=\"wp-block-jetpack-slideshow_image wp-image-362\" data-id=\"362\" src=\"https:\/\/i0.wp.com\/galeriamemoria.com\/wp-content\/uploads\/2024\/08\/dom11feb24.2-8.jpg?resize=6000%2C3376&#038;ssl=1\"\/><\/figure><\/li><\/ul><a class=\"wp-block-jetpack-slideshow_button-prev swiper-button-prev swiper-button-white\" role=\"button\"><\/a><a class=\"wp-block-jetpack-slideshow_button-next swiper-button-next swiper-button-white\" role=\"button\"><\/a><a aria-label=\"Pause Slideshow\" class=\"wp-block-jetpack-slideshow_button-pause\" role=\"button\"><\/a><div class=\"wp-block-jetpack-slideshow_pagination swiper-pagination swiper-pagination-white\"><\/div><\/div><\/div>\n\n\n\n<div class=\"wp-block-columns alignwide is-layout-flex wp-container-core-columns-is-layout-28f84493 wp-block-columns-is-layout-flex\">\n<div class=\"wp-block-column is-vertically-aligned-top has-global-padding is-content-justification-left is-layout-constrained wp-container-core-column-is-layout-c5e55d4f wp-block-column-is-layout-constrained\">\n<h2 class=\"wp-block-heading has-large-font-size\"><strong><br>Zona MACO 2024<\/strong><\/h2>\n\n\n\n<p class=\"has-theme-5-color has-text-color has-link-color has-small-font-size wp-elements-1 wp-block-paragraph\"><strong>07.02.2024 &#8211; 11.02.2024<\/strong><\/p>\n\n\n\n<p class=\"has-theme-5-color has-text-color has-link-color has-small-font-size wp-elements-2 wp-block-paragraph\"><strong>Centro CITIBANAMEX - Ciudad de M\u00e9xico<\/strong><br><\/p>\n<\/div>\n<\/div>\n<\/div>\n\n\n\n<div style=\"height:0px\" aria-hidden=\"true\" class=\"wp-block-spacer\"><\/div>\n<\/div>\n\n\n\n<div class=\"wp-block-group alignfull is-style-default has-global-padding is-content-justification-center is-layout-constrained wp-block-group-is-layout-constrained\" style=\"margin-top:0;margin-bottom:0\">\n<div class=\"wp-block-columns alignwide is-layout-flex wp-container-core-columns-is-layout-28f84493 wp-block-columns-is-layout-flex\">\n<div class=\"wp-block-column is-layout-flow wp-container-core-column-is-layout-22223934 wp-block-column-is-layout-flow\" style=\"flex-basis:45%\">\n<p class=\"has-text-align-justify wp-block-paragraph\">Para Zona MACO 2024, MEMORIA particip\u00f3 con 2 propuestas distintas, una en la Secci\u00f3n Principal (B108) \"Multiplicidad de lo vivo\", y otra en Zona Ejes comisariada por Bernardo Mosqueira, \"Fantasias Disidentes\" (Ejes 13) <\/p>\n<\/div>\n\n\n\n<div class=\"wp-block-column is-layout-flow wp-block-column-is-layout-flow\" style=\"flex-basis:55%\">\n<p class=\"has-text-align-justify wp-block-paragraph\"><\/p>\n<\/div>\n<\/div>\n<\/div>\n\n\n\n<div class=\"wp-block-group alignfull has-global-padding is-content-justification-center is-layout-constrained wp-container-core-group-is-layout-df757ecc wp-block-group-is-layout-constrained\" style=\"margin-top:0;margin-bottom:0;padding-top:calc( 0.5 * var(--wp--style--root--padding-right, var(--wp--custom--gap--horizontal)));padding-right:var(--wp--style--root--padding-right, var(--wp--custom--gap--horizontal));padding-bottom:calc( 0.5 * var(--wp--style--root--padding-right, var(--wp--custom--gap--horizontal)));padding-left:var(--wp--style--root--padding-left, var(--wp--custom--gap--horizontal))\">\n<div style=\"height:calc( 0.25 * var(--wp--style--root--padding-right, var(--wp--custom--gap--horizontal)))\" aria-hidden=\"true\" class=\"wp-block-spacer\"><\/div>\n\n\n\n<div class=\"wp-block-group alignwide has-global-padding is-layout-constrained wp-container-core-group-is-layout-346627ba wp-block-group-is-layout-constrained\">\n<div class=\"wp-block-columns alignwide is-layout-flex wp-container-core-columns-is-layout-08c01c1c wp-block-columns-is-layout-flex\">\n<div class=\"wp-block-column is-layout-flow wp-block-column-is-layout-flow\">\n<figure class=\"wp-block-image size-full\"><a href=\"https:\/\/galeriamemoria.com\/es\/projects\/zona-maco-2024\/multiplicity-of-life-maco\/\"><img data-recalc-dims=\"1\" loading=\"lazy\" decoding=\"async\" width=\"5568\" height=\"3712\" data-attachment-id=\"321\" data-permalink=\"https:\/\/galeriamemoria.com\/es\/projects\/sab10p2-22\/\" data-orig-file=\"https:\/\/i0.wp.com\/galeriamemoria.com\/wp-content\/uploads\/2024\/08\/sab10p2-22.jpg?fit=5568%2C3712&amp;ssl=1\" data-orig-size=\"5568,3712\" data-comments-opened=\"0\" data-image-title=\"Zona Maco 2024,  MEMORIA, Mexico City, 2024\" data-image-description=\"\" data-image-caption=\"&lt;p&gt;Zona Maco 2024,  MEMORIA, Mexico City, 2024&lt;\/p&gt;\" data-large-file=\"https:\/\/i0.wp.com\/galeriamemoria.com\/wp-content\/uploads\/2024\/08\/sab10p2-22.jpg?fit=1024%2C683&amp;ssl=1\" src=\"https:\/\/i0.wp.com\/galeriamemoria.com\/wp-content\/uploads\/2024\/08\/sab10p2-22.jpg?resize=5568%2C3712&#038;ssl=1\" alt=\"\" class=\"wp-image-321\"\/><\/a><\/figure>\n\n\n\n<p class=\"has-large-font-size wp-block-paragraph\"><strong>Multiplicidad de lo vivo <\/strong><\/p>\n\n\n\n<p class=\"wp-block-paragraph\">Secci\u00f3n Principal, B108<\/p>\n<\/div>\n\n\n\n<div class=\"wp-block-column is-layout-flow wp-block-column-is-layout-flow\">\n<figure class=\"wp-block-image size-full\"><a href=\"https:\/\/galeriamemoria.com\/es\/projects\/zona-maco-2024\/dissident-fantasies\/\"><img data-recalc-dims=\"1\" loading=\"lazy\" decoding=\"async\" width=\"4608\" height=\"3072\" data-attachment-id=\"359\" data-permalink=\"https:\/\/galeriamemoria.com\/es\/projects\/zona-maco-2024\/gpmaco-12-1\/\" data-orig-file=\"https:\/\/i0.wp.com\/galeriamemoria.com\/wp-content\/uploads\/2024\/08\/gpmaco-12-1.jpg?fit=4608%2C3072&amp;ssl=1\" data-orig-size=\"4608,3072\" data-comments-opened=\"0\" data-image-title=\"Zona Maco 2024,  MEMORIA, Mexico City, 2024\" data-image-description=\"\" data-image-caption=\"&lt;p&gt;Zona Maco 2024,  MEMORIA, Mexico City, 2024&lt;\/p&gt;\" data-large-file=\"https:\/\/i0.wp.com\/galeriamemoria.com\/wp-content\/uploads\/2024\/08\/gpmaco-12-1.jpg?fit=1024%2C683&amp;ssl=1\" src=\"https:\/\/i0.wp.com\/galeriamemoria.com\/wp-content\/uploads\/2024\/08\/gpmaco-12-1.jpg?resize=4608%2C3072&#038;ssl=1\" alt=\"\" class=\"wp-image-359\"\/><\/a><\/figure>\n\n\n\n<p class=\"has-large-font-size wp-block-paragraph\"><strong>Fantas\u00edas Disidentes<\/strong><\/p>\n\n\n\n<p class=\"wp-block-paragraph\">Zona Ejes, Ejes 13<\/p>\n<\/div>\n<\/div>\n<\/div>\n\n\n\n<div style=\"height:calc( 0.25 * var(--wp--style--root--padding-right, var(--wp--custom--gap--horizontal)))\" aria-hidden=\"true\" class=\"wp-block-spacer\"><\/div>\n<\/div>\n\n\n\n<p class=\"wp-block-paragraph\"><\/p>\n\n\n\n<div class=\"wp-block-group alignfull has-theme-2-background-color has-background has-global-padding is-content-justification-center is-layout-constrained wp-block-group-is-layout-constrained\" style=\"margin-top:0;margin-bottom:0\">\n<h5 class=\"wp-block-heading alignwide has-small-font-size\"><strong><br>           <\/strong><\/h5>\n\n\n\n<h3 class=\"wp-block-heading alignwide has-small-font-size\"><strong>              \u00daLTIMAS NOTICIAS<\/strong><\/h3>\n\n\n\n<div class=\"wp-block-columns alignwide has-theme-2-background-color has-background is-layout-flex wp-container-core-columns-is-layout-28f84493 wp-block-columns-is-layout-flex\">\n<div class=\"wp-block-column is-layout-flow wp-block-column-is-layout-flow\">\n<div class=\"wp-block-group is-layout-flow wp-block-group-is-layout-flow\" style=\"margin-bottom:10px\">\n<figure class=\"wp-block-image alignleft size-full is-resized\"><a href=\"https:\/\/galeriamemoria.com\/es\/2024\/02\/02\/el-universal-lavado-de-cara-una-polemica-pieza-sobre-la-corrupcion-politica-en-mexico-se-vende-de-inmediato-en-zona-maco\/\"><img data-recalc-dims=\"1\" loading=\"lazy\" decoding=\"async\" width=\"5568\" height=\"3712\" data-attachment-id=\"602\" data-permalink=\"https:\/\/galeriamemoria.com\/es\/gpmaco-22\/\" data-orig-file=\"https:\/\/i0.wp.com\/galeriamemoria.com\/wp-content\/uploads\/2024\/08\/gpmaco-22.jpg?fit=5568%2C3712&amp;ssl=1\" data-orig-size=\"5568,3712\" data-comments-opened=\"0\" data-image-title=\"Eugenio Merino, &amp;#8220;Lavado de cara&amp;#8221;, 2024\" data-image-description=\"\" data-image-caption=\"&lt;p&gt;Eugenio Merino, &amp;#8220;Lavado de cara&amp;#8221;, 2024&lt;\/p&gt;\" data-large-file=\"https:\/\/i0.wp.com\/galeriamemoria.com\/wp-content\/uploads\/2024\/08\/gpmaco-22.jpg?fit=1024%2C683&amp;ssl=1\" src=\"https:\/\/i0.wp.com\/galeriamemoria.com\/wp-content\/uploads\/2024\/08\/gpmaco-22.jpg?resize=5568%2C3712&#038;ssl=1\" alt=\"\" class=\"wp-image-602\" style=\"object-fit:cover;width:381px;height:auto\"\/><\/a><\/figure>\n\n\n\n<h3 class=\"wp-block-heading has-text-align-left\" style=\"padding-right:0;padding-left:0;font-size:clamp(14.082px, 0.88rem + ((1vw - 3.2px) * 0.618), 21px);\"><strong>\u201cLavado de cara\u201d, una pol\u00e9mica pieza sobre la corrupci\u00f3n pol\u00edtica en M\u00e9xico, se vende de inmediato en Zona Maco<\/strong><\/h3>\n<\/div>\n\n\n\n<p class=\"wp-block-paragraph\">El Universal, 02.08.2024<\/p>\n\n\n\n<div class=\"wp-block-buttons is-layout-flex wp-block-buttons-is-layout-flex\">\n<div class=\"wp-block-button\"><a class=\"wp-block-button__link has-background wp-element-button\" href=\"https:\/\/galeriamemoria.com\/es\/2024\/02\/02\/el-universal-lavado-de-cara-una-polemica-pieza-sobre-la-corrupcion-politica-en-mexico-se-vende-de-inmediato-en-zona-maco\/\" style=\"background-color:#949191\">Leer m\u00e1s<\/a><\/div>\n<\/div>\n<\/div>\n\n\n\n<div class=\"wp-block-column is-layout-flow wp-block-column-is-layout-flow\">\n<div class=\"wp-block-group is-layout-flow wp-block-group-is-layout-flow\" style=\"margin-bottom:10px\">\n<figure class=\"wp-block-image alignleft size-full is-resized\"><img data-recalc-dims=\"1\" loading=\"lazy\" decoding=\"async\" width=\"5568\" height=\"3712\" data-attachment-id=\"364\" data-permalink=\"https:\/\/galeriamemoria.com\/es\/memoria-maco-e13-14\/\" data-orig-file=\"https:\/\/i0.wp.com\/galeriamemoria.com\/wp-content\/uploads\/2024\/08\/memoria.maco_.e13-14.jpg?fit=5568%2C3712&amp;ssl=1\" data-orig-size=\"5568,3712\" data-comments-opened=\"0\" data-image-title=\"Zona Maco 2024,  MEMORIA, Mexico City, 2024\" data-image-description=\"\" data-image-caption=\"&lt;p&gt;Zona Maco 2024,  MEMORIA, Mexico City, 2024&lt;\/p&gt;\" data-large-file=\"https:\/\/i0.wp.com\/galeriamemoria.com\/wp-content\/uploads\/2024\/08\/memoria.maco_.e13-14.jpg?fit=1024%2C683&amp;ssl=1\" src=\"https:\/\/i0.wp.com\/galeriamemoria.com\/wp-content\/uploads\/2024\/08\/memoria.maco_.e13-14.jpg?resize=5568%2C3712&#038;ssl=1\" alt=\"\" class=\"wp-image-364\" style=\"object-fit:cover;width:375px;height:auto\"\/><\/figure>\n\n\n\n<h3 class=\"wp-block-heading has-medium-font-size\"><strong>Inciden nuevas miradas<\/strong><\/h3>\n<\/div>\n\n\n\n<p class=\"wp-block-paragraph\"><br><br>Reforma, 08.02.2024<br><\/p>\n\n\n\n<div class=\"wp-block-buttons is-layout-flex wp-block-buttons-is-layout-flex\">\n<div class=\"wp-block-button\"><a class=\"wp-block-button__link has-background wp-element-button\" href=\"https:\/\/galeriamemoria.com\/es\/2024\/02\/08\/reforma-inciden-nuevas-miradas\/\" style=\"background-color:#949191\">Leer m\u00e1s<\/a><\/div>\n<\/div>\n\n\n\n<p class=\"has-theme-2-background-color has-background wp-block-paragraph\"><\/p>\n<\/div>\n<\/div>\n\n\n\n<p class=\"has-theme-2-background-color has-background wp-block-paragraph\"><\/p>\n<\/div>","protected":false},"excerpt":{"rendered":"<p>Zona MACO 2024 07.02.2024 &#8211; 11.02.2024 Centro CITIBANAMEX &#8211; Mexico City For Zona MACO 2024, MEMORIA participated with 2 different proposals, one on the Main Section (B108) &#8220;Multiplicity of life&#8221;, and another on the curated section by Bernardo Mosqueira Zona Ejes (Ejes 13) &#8220;Dissident Fantasies&#8221;. Multiplicity of Life Main Section, B108 Dissident Fantasies Zona Ejes, [&hellip;]<\/p>\n","protected":false},"author":251800687,"featured_media":321,"parent":14,"menu_order":0,"comment_status":"closed","ping_status":"closed","template":"","meta":{"advanced_seo_description":"","jetpack_seo_html_title":"","jetpack_seo_noindex":false,"jetpack_seo_schema_type":"","_wpcom_ai_launchpad_about_page":false,"_wpcom_ai_launchpad_gallery_page":false,"_wpcom_ai_launchpad_contact_page":false,"_wpcom_ai_launchpad_events_page":false,"_wpcom_ai_launchpad_video_page":false,"_wpcom_ai_launchpad_portfolio_piece":false,"footnotes":""},"class_list":["post-358","page","type-page","status-publish","has-post-thumbnail","hentry"],"jetpack_likes_enabled":false,"jetpack_sharing_enabled":true,"jetpack_shortlink":"https:\/\/wp.me\/PfPCnn-5M","jetpack-related-posts":[],"_links":{"self":[{"href":"https:\/\/galeriamemoria.com\/es\/wp-json\/wp\/v2\/pages\/358","targetHints":{"allow":["GET"]}}],"collection":[{"href":"https:\/\/galeriamemoria.com\/es\/wp-json\/wp\/v2\/pages"}],"about":[{"href":"https:\/\/galeriamemoria.com\/es\/wp-json\/wp\/v2\/types\/page"}],"author":[{"embeddable":true,"href":"https:\/\/galeriamemoria.com\/es\/wp-json\/wp\/v2\/users\/251800687"}],"replies":[{"embeddable":true,"href":"https:\/\/galeriamemoria.com\/es\/wp-json\/wp\/v2\/comments?post=358"}],"version-history":[{"count":23,"href":"https:\/\/galeriamemoria.com\/es\/wp-json\/wp\/v2\/pages\/358\/revisions"}],"predecessor-version":[{"id":2246,"href":"https:\/\/galeriamemoria.com\/es\/wp-json\/wp\/v2\/pages\/358\/revisions\/2246"}],"up":[{"embeddable":true,"href":"https:\/\/galeriamemoria.com\/es\/wp-json\/wp\/v2\/pages\/14"}],"wp:featuredmedia":[{"embeddable":true,"href":"https:\/\/galeriamemoria.com\/es\/wp-json\/wp\/v2\/media\/321"}],"wp:attachment":[{"href":"https:\/\/galeriamemoria.com\/es\/wp-json\/wp\/v2\/media?parent=358"}],"curies":[{"name":"wp","href":"https:\/\/api.w.org\/{rel}","templated":true}]}}