{"id":659,"date":"2024-08-09T12:45:51","date_gmt":"2024-08-09T10:45:51","guid":{"rendered":"https:\/\/galeriamemoria.com\/?page_id=659"},"modified":"2024-10-04T10:49:26","modified_gmt":"2024-10-04T08:49:26","slug":"capsule-1-essays-on-intimacy","status":"publish","type":"page","link":"https:\/\/galeriamemoria.com\/es\/projects\/capsules\/capsule-1-essays-on-intimacy\/","title":{"rendered":"C\u00e1psula 1: relatos de la intimidad"},"content":{"rendered":"<div class=\"wp-block-group alignfull is-style-default has-global-padding is-content-justification-center is-layout-constrained wp-block-group-is-layout-constrained\" style=\"margin-top:0;margin-bottom:0\">\n<div class=\"wp-block-group alignwide is-layout-flow wp-container-core-group-is-layout-c951c46d wp-block-group-is-layout-flow\">\n<div class=\"wp-block-columns is-layout-flex wp-container-core-columns-is-layout-f0342b05 wp-block-columns-is-layout-flex\" style=\"margin-top:0;margin-bottom:0\">\n<div class=\"wp-block-column is-layout-flow wp-block-column-is-layout-flow\" style=\"flex-basis:45%\">\n<h2 class=\"wp-block-heading alignwide\">Relatos de la intimidad<\/h2>\n\n\n\n<p class=\"wp-block-paragraph\"><strong>C\u00e1psula 1<\/strong><\/p>\n\n\n\n<p class=\"wp-block-paragraph\"><\/p>\n<\/div>\n\n\n\n<div class=\"wp-block-column is-layout-flow wp-block-column-is-layout-flow\" style=\"flex-basis:60%\"><\/div>\n<\/div>\n<\/div>\n\n\n\n<div style=\"height:0px\" aria-hidden=\"true\" class=\"wp-block-spacer\"><\/div>\n<\/div>\n\n\n\n<div class=\"wp-block-group alignfull is-style-default has-global-padding is-content-justification-center is-layout-constrained wp-block-group-is-layout-constrained\" style=\"margin-top:0;margin-bottom:0\">\n<div class=\"wp-block-columns alignwide is-layout-flex wp-container-core-columns-is-layout-28f84493 wp-block-columns-is-layout-flex\">\n<div class=\"wp-block-column is-layout-flow wp-container-core-column-is-layout-22223934 wp-block-column-is-layout-flow\" style=\"flex-basis:45%\">\n<p class=\"has-text-align-justify wp-block-paragraph\">Para su primera edici\u00f3n, MEMORIA propone ahondar sobre relatos de la intimidad, poniendo en evidencia la capacidad de artistas en tejer espacios hacia lo personal y cercano, desde una perspectiva org\u00e1nica, haci\u00e9ndolos a la vez universales y reconocibles<\/p>\n\n\n\n<p class=\"has-text-align-justify wp-block-paragraph\">Estos gestos acceden al campo del relato esencial sobre los sujetos, construyendo tanto una mirada particular sobre sus vidas y personalidades, como una mirada universal sobre todo aquello con lo que nos podemos identificar o relacionar en lo m\u00e1s humano. La tensi\u00f3n generada en la aprehensi\u00f3n entre lo privado y lo p\u00fablico, o bien, lo oculto y lo visible, generan en el espectador la correspondencia en la otredad, pero tambi\u00e9n revelan los mecanismos de los artistas para construir otras visiones de mundo, transportarnos a ellas y finalmente subverter nociones aparentemente fijas en c\u00f3mo las entendemos.<\/p>\n\n\n\n<p class=\"wp-block-paragraph\"><\/p>\n<\/div>\n\n\n\n<div class=\"wp-block-column is-layout-flow wp-block-column-is-layout-flow\" style=\"flex-basis:55%\">\n<p class=\"has-text-align-justify wp-block-paragraph\">En la C\u00e1psula 1: <em>relatos de la intimidad<\/em>, MEMORIA incluye trabajos de cinco reconocidas artistas latinoamericanas: Yolanda Andrade (Villahermosa, M\u00e9xico, 1950), Paz Err\u00e1zuriz (Santiago, Chile, 1944), Terry Holiday (Ciudad de M\u00e9xico, 1955), Graciela Iturbide (Ciudad de M\u00e9xico, 1942) y Maya Goded (Ciudad de M\u00e9xico, 1967).<\/p>\n<\/div>\n<\/div>\n\n\n\n<div class=\"wp-block-buttons is-content-justification-center is-layout-flex wp-container-core-buttons-is-layout-69bbf988 wp-block-buttons-is-layout-flex\">\n<div class=\"wp-block-button\"><a class=\"wp-block-button__link has-background wp-element-button\" href=\"https:\/\/drive.google.com\/file\/d\/1lg0SPJ-WdnqDI1nlRepT-zZiYlZuLW1F\/view?usp=drive_link\" style=\"background-color:#949191\" target=\"_blank\" rel=\"noreferrer noopener\">Dossier<\/a><\/div>\n\n\n\n<div class=\"wp-block-button\"><a class=\"wp-block-button__link has-background wp-element-button\" href=\"https:\/\/privateviews.artlogic.net\/2\/0db73aeba336d7300260b5\/\" style=\"background-color:#949191\" target=\"_blank\" rel=\"noreferrer noopener\">Private View<\/a><\/div>\n<\/div>\n\n\n\n<div class=\"wp-block-group alignfull has-global-padding is-layout-constrained wp-container-core-group-is-layout-96df45d9 wp-block-group-is-layout-constrained\" style=\"margin-top:0;margin-bottom:0;padding-top:calc( 0.5 * var(u002du002dwpu002du002dstyleu002du002drootu002du002dpadding-right, var(u002du002dwpu002du002dcustomu002du002dgapu002du002dhorizontal)));padding-right:var(u002du002dwpu002du002dstyleu002du002drootu002du002dpadding-right, var(u002du002dwpu002du002dcustomu002du002dgapu002du002dhorizontal));padding-bottom:calc( 0.5 * var(u002du002dwpu002du002dstyleu002du002drootu002du002dpadding-right, var(u002du002dwpu002du002dcustomu002du002dgapu002du002dhorizontal)));padding-left:var(u002du002dwpu002du002dstyleu002du002drootu002du002dpadding-left, var(u002du002dwpu002du002dcustomu002du002dgapu002du002dhorizontal))\">\n<div style=\"height:20px;width:0px\" aria-hidden=\"true\" class=\"wp-block-spacer\"><\/div>\n\n\n\n<h3 class=\"wp-block-heading alignwide has-text-align-left has-medium-font-size\"><strong>SELECCI\u00d3N DE OBRAS<\/strong><\/h3>\n\n\n\n<div class=\"wp-block-jetpack-tiled-gallery alignwide is-style-square\"><div class=\"\"><div class=\"tiled-gallery__gallery\"><div class=\"tiled-gallery__row columns-4\"><div class=\"tiled-gallery__col\"><figure class=\"tiled-gallery__item\"><img decoding=\"async\" data-attachment-id=\"190\" data-permalink=\"https:\/\/galeriamemoria.com\/es\/8h8zss84g7pdz2xp\/\" data-orig-file=\"https:\/\/i0.wp.com\/galeriamemoria.com\/wp-content\/uploads\/2024\/07\/8h8zss84g7pdz2xp.jpeg?fit=3000%2C2000&amp;ssl=1\" data-orig-size=\"3000,2000\" data-comments-opened=\"1\" data-image-title=\"Yolanda Andrade, &amp;#8220;Domingo por la tarde&amp;#8221;, 2013.\" data-image-description=\"\" data-image-caption=\"&lt;p&gt;Yolanda Andrade, &amp;#8220;Domingo por la tarde&amp;#8221;, 2013.&lt;\/p&gt;\" data-large-file=\"https:\/\/i0.wp.com\/galeriamemoria.com\/wp-content\/uploads\/2024\/07\/8h8zss84g7pdz2xp.jpeg?fit=1024%2C683&amp;ssl=1\" role=\"button\" tabindex=\"0\" aria-label=\"Abrir la imagen 1 de 8 en pantalla completa\" srcset=\"https:\/\/i2.wp.com\/galeriamemoria.com\/wp-content\/uploads\/2024\/07\/8h8zss84g7pdz2xp.jpeg?resize=600%2C600&#038;strip=info&#038;ssl=1 600w,https:\/\/i2.wp.com\/galeriamemoria.com\/wp-content\/uploads\/2024\/07\/8h8zss84g7pdz2xp.jpeg?resize=900%2C900&#038;strip=info&#038;ssl=1 900w,https:\/\/i2.wp.com\/galeriamemoria.com\/wp-content\/uploads\/2024\/07\/8h8zss84g7pdz2xp.jpeg?resize=1200%2C1200&#038;strip=info&#038;ssl=1 1200w,https:\/\/i2.wp.com\/galeriamemoria.com\/wp-content\/uploads\/2024\/07\/8h8zss84g7pdz2xp.jpeg?resize=1500%2C1500&#038;strip=info&#038;ssl=1 1500w,https:\/\/i2.wp.com\/galeriamemoria.com\/wp-content\/uploads\/2024\/07\/8h8zss84g7pdz2xp.jpeg?resize=1800%2C1800&#038;strip=info&#038;ssl=1 1800w,https:\/\/i2.wp.com\/galeriamemoria.com\/wp-content\/uploads\/2024\/07\/8h8zss84g7pdz2xp.jpeg?resize=2000%2C2000&#038;strip=info&#038;ssl=1 2000w\" alt=\"\" data-height=\"2000\" data-id=\"190\" data-link=\"https:\/\/galeriamemoria.com\/8h8zss84g7pdz2xp\/\" data-url=\"https:\/\/galeriamemoria.com\/wp-content\/uploads\/2024\/07\/8h8zss84g7pdz2xp.jpeg\" data-width=\"3000\" src=\"https:\/\/i2.wp.com\/galeriamemoria.com\/wp-content\/uploads\/2024\/07\/8h8zss84g7pdz2xp.jpeg?ssl=1&amp;resize=2000%2C2000\" data-amp-layout=\"responsive\"\/><\/figure><\/div><div class=\"tiled-gallery__col\"><figure class=\"tiled-gallery__item\"><img decoding=\"async\" data-attachment-id=\"725\" data-permalink=\"https:\/\/galeriamemoria.com\/es\/projects\/capsules\/capsule-1-essays-on-intimacy\/img88-2\/\" data-orig-file=\"https:\/\/i0.wp.com\/galeriamemoria.com\/wp-content\/uploads\/2024\/08\/img88-2.jpg?fit=1772%2C1181&amp;ssl=1\" data-orig-size=\"1772,1181\" data-comments-opened=\"0\" data-image-title=\"Paz Errr\u00e1zuriz, &amp;#8220;Evelyn&amp;#8221;, 1982-1985\" data-image-description=\"\" data-image-caption=\"&lt;p&gt;Paz Err\u00e1zuriz, &amp;#8220;Evelyn&amp;#8221;, 1982-1985&lt;\/p&gt;\" data-large-file=\"https:\/\/i0.wp.com\/galeriamemoria.com\/wp-content\/uploads\/2024\/08\/img88-2.jpg?fit=1024%2C682&amp;ssl=1\" role=\"button\" tabindex=\"0\" aria-label=\"Abrir la imagen 2 de 8 en pantalla completa\" srcset=\"https:\/\/i1.wp.com\/galeriamemoria.com\/wp-content\/uploads\/2024\/08\/img88-2.jpg?resize=600%2C600&#038;strip=info&#038;ssl=1 600w,https:\/\/i1.wp.com\/galeriamemoria.com\/wp-content\/uploads\/2024\/08\/img88-2.jpg?resize=900%2C900&#038;strip=info&#038;ssl=1 900w,https:\/\/i1.wp.com\/galeriamemoria.com\/wp-content\/uploads\/2024\/08\/img88-2.jpg?resize=1181%2C1181&#038;strip=info&#038;ssl=1 1181w\" alt=\"\" data-height=\"1181\" data-id=\"725\" data-link=\"https:\/\/galeriamemoria.com\/projects\/capsules\/capsule-1-essays-on-intimacy\/img88-2\/\" data-url=\"https:\/\/galeriamemoria.com\/wp-content\/uploads\/2024\/08\/img88-2.jpg\" data-width=\"1772\" src=\"https:\/\/i1.wp.com\/galeriamemoria.com\/wp-content\/uploads\/2024\/08\/img88-2.jpg?ssl=1&amp;resize=1181%2C1181\" data-amp-layout=\"responsive\"\/><\/figure><\/div><div class=\"tiled-gallery__col\"><figure class=\"tiled-gallery__item\"><img decoding=\"async\" data-attachment-id=\"724\" data-permalink=\"https:\/\/galeriamemoria.com\/es\/projects\/capsules\/capsule-1-essays-on-intimacy\/70-2\/\" data-orig-file=\"https:\/\/i0.wp.com\/galeriamemoria.com\/wp-content\/uploads\/2024\/08\/70-2.jpg?fit=2975%2C3898&amp;ssl=1\" data-orig-size=\"2975,3898\" data-comments-opened=\"0\" data-image-title=\"Paz Err\u00e1zuriz, Untitled, 2002\" data-image-description=\"\" data-image-caption=\"&lt;p&gt;Paz Err\u00e1zuriz, Untitled, 2002&lt;\/p&gt;\" data-large-file=\"https:\/\/i0.wp.com\/galeriamemoria.com\/wp-content\/uploads\/2024\/08\/70-2.jpg?fit=782%2C1024&amp;ssl=1\" role=\"button\" tabindex=\"0\" aria-label=\"Abrir la imagen 3 de 8 en pantalla completa\" srcset=\"https:\/\/i1.wp.com\/galeriamemoria.com\/wp-content\/uploads\/2024\/08\/70-2.jpg?resize=600%2C600&#038;strip=info&#038;ssl=1 600w,https:\/\/i1.wp.com\/galeriamemoria.com\/wp-content\/uploads\/2024\/08\/70-2.jpg?resize=900%2C900&#038;strip=info&#038;ssl=1 900w,https:\/\/i1.wp.com\/galeriamemoria.com\/wp-content\/uploads\/2024\/08\/70-2.jpg?resize=1200%2C1200&#038;strip=info&#038;ssl=1 1200w,https:\/\/i1.wp.com\/galeriamemoria.com\/wp-content\/uploads\/2024\/08\/70-2.jpg?resize=1500%2C1500&#038;strip=info&#038;ssl=1 1500w,https:\/\/i1.wp.com\/galeriamemoria.com\/wp-content\/uploads\/2024\/08\/70-2.jpg?resize=1800%2C1800&#038;strip=info&#038;ssl=1 1800w,https:\/\/i1.wp.com\/galeriamemoria.com\/wp-content\/uploads\/2024\/08\/70-2.jpg?resize=2000%2C2000&#038;strip=info&#038;ssl=1 2000w\" alt=\"\" data-height=\"3898\" data-id=\"724\" data-link=\"https:\/\/galeriamemoria.com\/projects\/capsules\/capsule-1-essays-on-intimacy\/70-2\/\" data-url=\"https:\/\/galeriamemoria.com\/wp-content\/uploads\/2024\/08\/70-2.jpg\" data-width=\"2975\" src=\"https:\/\/i1.wp.com\/galeriamemoria.com\/wp-content\/uploads\/2024\/08\/70-2.jpg?ssl=1&amp;resize=2000%2C2000\" data-amp-layout=\"responsive\"\/><\/figure><\/div><div class=\"tiled-gallery__col\"><figure class=\"tiled-gallery__item\"><img decoding=\"async\" data-attachment-id=\"723\" data-permalink=\"https:\/\/galeriamemoria.com\/es\/projects\/capsules\/capsule-1-essays-on-intimacy\/attachment\/96\/\" data-orig-file=\"https:\/\/i0.wp.com\/galeriamemoria.com\/wp-content\/uploads\/2024\/08\/96.jpg?fit=3074%2C3898&amp;ssl=1\" data-orig-size=\"3074,3898\" data-comments-opened=\"0\" data-image-title=\"Graciela Iturbide, &amp;#8220;Quince a\u00f1os&amp;#8221;, 1986\" data-image-description=\"\" data-image-caption=\"&lt;p&gt;Graciela Iturbide, &amp;#8220;Quince a\u00f1os&amp;#8221;, 1986&lt;\/p&gt;\" data-large-file=\"https:\/\/i0.wp.com\/galeriamemoria.com\/wp-content\/uploads\/2024\/08\/96.jpg?fit=808%2C1024&amp;ssl=1\" role=\"button\" tabindex=\"0\" aria-label=\"Abrir la imagen 4 de 8 en pantalla completa\" srcset=\"https:\/\/i2.wp.com\/galeriamemoria.com\/wp-content\/uploads\/2024\/08\/96.jpg?resize=600%2C600&#038;strip=info&#038;ssl=1 600w,https:\/\/i2.wp.com\/galeriamemoria.com\/wp-content\/uploads\/2024\/08\/96.jpg?resize=900%2C900&#038;strip=info&#038;ssl=1 900w,https:\/\/i2.wp.com\/galeriamemoria.com\/wp-content\/uploads\/2024\/08\/96.jpg?resize=1200%2C1200&#038;strip=info&#038;ssl=1 1200w,https:\/\/i2.wp.com\/galeriamemoria.com\/wp-content\/uploads\/2024\/08\/96.jpg?resize=1500%2C1500&#038;strip=info&#038;ssl=1 1500w,https:\/\/i2.wp.com\/galeriamemoria.com\/wp-content\/uploads\/2024\/08\/96.jpg?resize=1800%2C1800&#038;strip=info&#038;ssl=1 1800w,https:\/\/i2.wp.com\/galeriamemoria.com\/wp-content\/uploads\/2024\/08\/96.jpg?resize=2000%2C2000&#038;strip=info&#038;ssl=1 2000w\" alt=\"\" data-height=\"3898\" data-id=\"723\" data-link=\"https:\/\/galeriamemoria.com\/projects\/capsules\/capsule-1-essays-on-intimacy\/attachment\/96\/\" data-url=\"https:\/\/galeriamemoria.com\/wp-content\/uploads\/2024\/08\/96.jpg\" data-width=\"3074\" src=\"https:\/\/i2.wp.com\/galeriamemoria.com\/wp-content\/uploads\/2024\/08\/96.jpg?ssl=1&amp;resize=2000%2C2000\" data-amp-layout=\"responsive\"\/><\/figure><\/div><\/div><div class=\"tiled-gallery__row columns-4\"><div class=\"tiled-gallery__col\"><figure class=\"tiled-gallery__item\"><img decoding=\"async\" data-attachment-id=\"722\" data-permalink=\"https:\/\/galeriamemoria.com\/es\/projects\/capsules\/capsule-1-essays-on-intimacy\/95-1\/\" data-orig-file=\"https:\/\/i0.wp.com\/galeriamemoria.com\/wp-content\/uploads\/2024\/08\/95-1.jpg?fit=3898%2C3133&amp;ssl=1\" data-orig-size=\"3898,3133\" data-comments-opened=\"0\" data-image-title=\"Graciela Iturbide, &amp;#8220;El rapto&amp;#8221;, Juchit\u00e1n, 1986\" data-image-description=\"\" data-image-caption=\"&lt;p&gt;Graciela Iturbide, &amp;#8220;El rapto&amp;#8221;, Juchit\u00e1n, 1986&lt;\/p&gt;\" data-large-file=\"https:\/\/i0.wp.com\/galeriamemoria.com\/wp-content\/uploads\/2024\/08\/95-1.jpg?fit=1024%2C823&amp;ssl=1\" role=\"button\" tabindex=\"0\" aria-label=\"Abrir la imagen 5 de 8 en pantalla completa\" srcset=\"https:\/\/i0.wp.com\/galeriamemoria.com\/wp-content\/uploads\/2024\/08\/95-1.jpg?resize=600%2C600&#038;strip=info&#038;ssl=1 600w,https:\/\/i0.wp.com\/galeriamemoria.com\/wp-content\/uploads\/2024\/08\/95-1.jpg?resize=900%2C900&#038;strip=info&#038;ssl=1 900w,https:\/\/i0.wp.com\/galeriamemoria.com\/wp-content\/uploads\/2024\/08\/95-1.jpg?resize=1200%2C1200&#038;strip=info&#038;ssl=1 1200w,https:\/\/i0.wp.com\/galeriamemoria.com\/wp-content\/uploads\/2024\/08\/95-1.jpg?resize=1500%2C1500&#038;strip=info&#038;ssl=1 1500w,https:\/\/i0.wp.com\/galeriamemoria.com\/wp-content\/uploads\/2024\/08\/95-1.jpg?resize=1800%2C1800&#038;strip=info&#038;ssl=1 1800w,https:\/\/i0.wp.com\/galeriamemoria.com\/wp-content\/uploads\/2024\/08\/95-1.jpg?resize=2000%2C2000&#038;strip=info&#038;ssl=1 2000w\" alt=\"\" data-height=\"3133\" data-id=\"722\" data-link=\"https:\/\/galeriamemoria.com\/projects\/capsules\/capsule-1-essays-on-intimacy\/95-1\/\" data-url=\"https:\/\/galeriamemoria.com\/wp-content\/uploads\/2024\/08\/95-1.jpg\" data-width=\"3898\" src=\"https:\/\/i0.wp.com\/galeriamemoria.com\/wp-content\/uploads\/2024\/08\/95-1.jpg?ssl=1&amp;resize=2000%2C2000\" data-amp-layout=\"responsive\"\/><\/figure><\/div><div class=\"tiled-gallery__col\"><figure class=\"tiled-gallery__item\"><img decoding=\"async\" data-attachment-id=\"721\" data-permalink=\"https:\/\/galeriamemoria.com\/es\/projects\/capsules\/capsule-1-essays-on-intimacy\/gom1995-96_hotelesmerced004_montaje-1\/\" data-orig-file=\"https:\/\/i0.wp.com\/galeriamemoria.com\/wp-content\/uploads\/2024\/08\/gom1995-96_hotelesmerced004_montaje-1.png?fit=1649%2C2362&amp;ssl=1\" data-orig-size=\"1649,2362\" data-comments-opened=\"0\" data-image-title=\"Maya Goded, Untitled, La Merced, M\u00e9xico, 1995\" data-image-description=\"\" data-image-caption=\"&lt;p&gt;Maya Goded, Untitled, La Merced, M\u00e9xico, 1995&lt;\/p&gt;\" data-large-file=\"https:\/\/i0.wp.com\/galeriamemoria.com\/wp-content\/uploads\/2024\/08\/gom1995-96_hotelesmerced004_montaje-1.png?fit=715%2C1024&amp;ssl=1\" role=\"button\" tabindex=\"0\" aria-label=\"Abrir la imagen 6 de 8 en pantalla completa\" srcset=\"https:\/\/i1.wp.com\/galeriamemoria.com\/wp-content\/uploads\/2024\/08\/gom1995-96_hotelesmerced004_montaje-1.png?resize=600%2C600&#038;strip=info&#038;ssl=1 600w,https:\/\/i1.wp.com\/galeriamemoria.com\/wp-content\/uploads\/2024\/08\/gom1995-96_hotelesmerced004_montaje-1.png?resize=900%2C900&#038;strip=info&#038;ssl=1 900w,https:\/\/i1.wp.com\/galeriamemoria.com\/wp-content\/uploads\/2024\/08\/gom1995-96_hotelesmerced004_montaje-1.png?resize=1200%2C1200&#038;strip=info&#038;ssl=1 1200w,https:\/\/i1.wp.com\/galeriamemoria.com\/wp-content\/uploads\/2024\/08\/gom1995-96_hotelesmerced004_montaje-1.png?resize=1500%2C1500&#038;strip=info&#038;ssl=1 1500w,https:\/\/i1.wp.com\/galeriamemoria.com\/wp-content\/uploads\/2024\/08\/gom1995-96_hotelesmerced004_montaje-1.png?resize=1649%2C1649&#038;strip=info&#038;ssl=1 1649w\" alt=\"\" data-height=\"2362\" data-id=\"721\" data-link=\"https:\/\/galeriamemoria.com\/projects\/capsules\/capsule-1-essays-on-intimacy\/gom1995-96_hotelesmerced004_montaje-1\/\" data-url=\"https:\/\/galeriamemoria.com\/wp-content\/uploads\/2024\/08\/gom1995-96_hotelesmerced004_montaje-1.png\" data-width=\"1649\" src=\"https:\/\/i1.wp.com\/galeriamemoria.com\/wp-content\/uploads\/2024\/08\/gom1995-96_hotelesmerced004_montaje-1.png?ssl=1&amp;resize=1649%2C1649\" data-amp-layout=\"responsive\"\/><\/figure><\/div><div class=\"tiled-gallery__col\"><figure class=\"tiled-gallery__item\"><img decoding=\"async\" data-attachment-id=\"719\" data-permalink=\"https:\/\/galeriamemoria.com\/es\/projects\/capsules\/capsule-1-essays-on-intimacy\/gom1995-96_hotelesmerced015_montaje-1\/\" data-orig-file=\"https:\/\/i0.wp.com\/galeriamemoria.com\/wp-content\/uploads\/2024\/08\/gom1995-96_hotelesmerced015_montaje-1.png?fit=1661%2C2362&amp;ssl=1\" data-orig-size=\"1661,2362\" data-comments-opened=\"0\" data-image-title=\"Maya Goded, Untitled, La Merced, M\u00e9xico, 1995\" data-image-description=\"\" data-image-caption=\"&lt;p&gt;Maya Goded, Untitled, La Merced, M\u00e9xico, 1995&lt;\/p&gt;\" data-large-file=\"https:\/\/i0.wp.com\/galeriamemoria.com\/wp-content\/uploads\/2024\/08\/gom1995-96_hotelesmerced015_montaje-1.png?fit=720%2C1024&amp;ssl=1\" role=\"button\" tabindex=\"0\" aria-label=\"Abrir la imagen 7 de 8 en pantalla completa\" srcset=\"https:\/\/i0.wp.com\/galeriamemoria.com\/wp-content\/uploads\/2024\/08\/gom1995-96_hotelesmerced015_montaje-1.png?resize=600%2C600&#038;strip=info&#038;ssl=1 600w,https:\/\/i0.wp.com\/galeriamemoria.com\/wp-content\/uploads\/2024\/08\/gom1995-96_hotelesmerced015_montaje-1.png?resize=900%2C900&#038;strip=info&#038;ssl=1 900w,https:\/\/i0.wp.com\/galeriamemoria.com\/wp-content\/uploads\/2024\/08\/gom1995-96_hotelesmerced015_montaje-1.png?resize=1200%2C1200&#038;strip=info&#038;ssl=1 1200w,https:\/\/i0.wp.com\/galeriamemoria.com\/wp-content\/uploads\/2024\/08\/gom1995-96_hotelesmerced015_montaje-1.png?resize=1500%2C1500&#038;strip=info&#038;ssl=1 1500w,https:\/\/i0.wp.com\/galeriamemoria.com\/wp-content\/uploads\/2024\/08\/gom1995-96_hotelesmerced015_montaje-1.png?resize=1661%2C1661&#038;strip=info&#038;ssl=1 1661w\" alt=\"\" data-height=\"2362\" data-id=\"719\" data-link=\"https:\/\/galeriamemoria.com\/projects\/capsules\/capsule-1-essays-on-intimacy\/gom1995-96_hotelesmerced015_montaje-1\/\" data-url=\"https:\/\/galeriamemoria.com\/wp-content\/uploads\/2024\/08\/gom1995-96_hotelesmerced015_montaje-1.png\" data-width=\"1661\" src=\"https:\/\/i0.wp.com\/galeriamemoria.com\/wp-content\/uploads\/2024\/08\/gom1995-96_hotelesmerced015_montaje-1.png?ssl=1&amp;resize=1661%2C1661\" data-amp-layout=\"responsive\"\/><\/figure><\/div><div class=\"tiled-gallery__col\"><figure class=\"tiled-gallery__item\"><img decoding=\"async\" data-attachment-id=\"718\" data-permalink=\"https:\/\/galeriamemoria.com\/es\/projects\/capsules\/capsule-1-essays-on-intimacy\/roberto-cobo-1978\/\" data-orig-file=\"https:\/\/i0.wp.com\/galeriamemoria.com\/wp-content\/uploads\/2024\/08\/roberto-cobo-1978.jpg?fit=2196%2C3000&amp;ssl=1\" data-orig-size=\"2196,3000\" data-comments-opened=\"0\" data-image-title=\"Yolanda Andrade, &amp;#8220;Roberto Cobo en el personaje de La Manuela&amp;#8221;, 1978\" data-image-description=\"\" data-image-caption=\"&lt;p&gt;Yolanda Andrade, &amp;#8220;Roberto Cobo en el personaje de La Manuela&amp;#8221;, 1978&lt;\/p&gt;\" data-large-file=\"https:\/\/i0.wp.com\/galeriamemoria.com\/wp-content\/uploads\/2024\/08\/roberto-cobo-1978.jpg?fit=750%2C1024&amp;ssl=1\" role=\"button\" tabindex=\"0\" aria-label=\"Abrir la imagen 8 de 8 en pantalla completa\" srcset=\"https:\/\/i1.wp.com\/galeriamemoria.com\/wp-content\/uploads\/2024\/08\/roberto-cobo-1978.jpg?resize=600%2C600&#038;strip=info&#038;ssl=1 600w,https:\/\/i1.wp.com\/galeriamemoria.com\/wp-content\/uploads\/2024\/08\/roberto-cobo-1978.jpg?resize=900%2C900&#038;strip=info&#038;ssl=1 900w,https:\/\/i1.wp.com\/galeriamemoria.com\/wp-content\/uploads\/2024\/08\/roberto-cobo-1978.jpg?resize=1200%2C1200&#038;strip=info&#038;ssl=1 1200w,https:\/\/i1.wp.com\/galeriamemoria.com\/wp-content\/uploads\/2024\/08\/roberto-cobo-1978.jpg?resize=1500%2C1500&#038;strip=info&#038;ssl=1 1500w,https:\/\/i1.wp.com\/galeriamemoria.com\/wp-content\/uploads\/2024\/08\/roberto-cobo-1978.jpg?resize=1800%2C1800&#038;strip=info&#038;ssl=1 1800w,https:\/\/i1.wp.com\/galeriamemoria.com\/wp-content\/uploads\/2024\/08\/roberto-cobo-1978.jpg?resize=2000%2C2000&#038;strip=info&#038;ssl=1 2000w\" alt=\"\" data-height=\"3000\" data-id=\"718\" data-link=\"https:\/\/galeriamemoria.com\/projects\/capsules\/capsule-1-essays-on-intimacy\/roberto-cobo-1978\/\" data-url=\"https:\/\/galeriamemoria.com\/wp-content\/uploads\/2024\/08\/roberto-cobo-1978.jpg\" data-width=\"2196\" src=\"https:\/\/i1.wp.com\/galeriamemoria.com\/wp-content\/uploads\/2024\/08\/roberto-cobo-1978.jpg?ssl=1&amp;resize=2000%2C2000\" data-amp-layout=\"responsive\"\/><\/figure><\/div><\/div><\/div><\/div><\/div>\n\n\n\n<p class=\"wp-block-paragraph\" style=\"border-style:none;border-width:0px\"><\/p>\n\n\n\n<p class=\"wp-block-paragraph\" style=\"border-style:none;border-width:0px\"><\/p>\n\n\n\n<div style=\"height:0px;width:0px\" aria-hidden=\"true\" class=\"wp-block-spacer\"><\/div>\n<\/div>\n\n\n\n<div class=\"wp-block-columns alignwide is-layout-flex wp-container-core-columns-is-layout-28f84493 wp-block-columns-is-layout-flex\">\n<div class=\"wp-block-column is-layout-flow wp-block-column-is-layout-flow\"><\/div>\n<\/div>\n<\/div>\n\n\n\n<div class=\"wp-block-group alignfull has-theme-1-background-color has-background has-global-padding is-content-justification-center is-layout-constrained wp-block-group-is-layout-constrained\" style=\"margin-top:0;margin-bottom:0\">\n<p class=\"wp-block-paragraph\"><\/p>\n\n\n\n<h2 class=\"wp-block-heading alignwide has-medium-font-size\" style=\"margin-top:0;margin-bottom:0\"><strong>     <\/strong><br><br><strong>ARTISTAS<\/strong><br><\/h2>\n\n\n\n<div class=\"wp-block-columns alignwide is-layout-flex wp-container-core-columns-is-layout-28f84493 wp-block-columns-is-layout-flex\">\n<div class=\"wp-block-column is-layout-flow wp-block-column-is-layout-flow\">\n<div class=\"wp-block-group is-layout-flow wp-block-group-is-layout-flow\" style=\"margin-bottom:10px\">\n<figure class=\"wp-block-image aligncenter size-full is-resized\"><a href=\"https:\/\/galeriamemoria.com\/es\/yolanda-andrade\/\"><img data-recalc-dims=\"1\" fetchpriority=\"high\" decoding=\"async\" width=\"2013\" height=\"3000\" data-attachment-id=\"176\" data-permalink=\"https:\/\/galeriamemoria.com\/es\/las-alas-del-deseo-1993-1\/\" data-orig-file=\"https:\/\/i0.wp.com\/galeriamemoria.com\/wp-content\/uploads\/2024\/07\/las-alas-del-deseo-1993-1.jpg?fit=2013%2C3000&amp;ssl=1\" data-orig-size=\"2013,3000\" data-comments-opened=\"1\" data-image-title=\"Yolanda Andrade, &amp;#8220;Las alas del deseo&amp;#8221;. Ciudad de M\u00e9xico, 1993\" data-image-description=\"\" data-image-caption=\"&lt;p&gt;Yolanda Andrade, &amp;#8220;Las alas del deseo&amp;#8221;. Ciudad de M\u00e9xico, 1993&lt;\/p&gt;\" data-large-file=\"https:\/\/i0.wp.com\/galeriamemoria.com\/wp-content\/uploads\/2024\/07\/las-alas-del-deseo-1993-1.jpg?fit=687%2C1024&amp;ssl=1\" src=\"https:\/\/i0.wp.com\/galeriamemoria.com\/wp-content\/uploads\/2024\/07\/las-alas-del-deseo-1993-1.jpg?resize=2013%2C3000&#038;ssl=1\" alt=\"\" class=\"wp-image-176\" style=\"aspect-ratio:3\/4;object-fit:cover;width:180px\"\/><\/a><\/figure>\n<\/div>\n\n\n\n<h3 class=\"wp-block-heading has-text-align-center has-medium-font-size\"><a href=\"https:\/\/galeriamemoria.com\/es\/artists\/yolanda-andrade\/\" data-type=\"page\" data-id=\"115\">Yolanda Andrade<\/a><\/h3>\n<\/div>\n\n\n\n<div class=\"wp-block-column is-layout-flow wp-block-column-is-layout-flow\">\n<figure class=\"wp-block-image aligncenter size-full is-resized\"><a href=\"https:\/\/galeriamemoria.com\/es\/artists\/paz-errazuriz\/\"><img data-recalc-dims=\"1\" decoding=\"async\" width=\"1363\" height=\"1772\" data-attachment-id=\"476\" data-permalink=\"https:\/\/galeriamemoria.com\/es\/projects\/zona-maco-2024\/dissident-fantasies\/img51\/\" data-orig-file=\"https:\/\/i0.wp.com\/galeriamemoria.com\/wp-content\/uploads\/2024\/08\/img51.jpg?fit=1363%2C1772&amp;ssl=1\" data-orig-size=\"1363,1772\" data-comments-opened=\"0\" data-image-title=\"Paz Err\u00e1zuriz, &amp;#8220;Evelyn&amp;#8221;, La Manzana de Ad\u00e1n, 1982-1987\" data-image-description=\"\" data-image-caption=\"&lt;p&gt;Paz Err\u00e1zuriz, &amp;#8220;Evelyn&amp;#8221;, La Manzana de Ad\u00e1n, 1982-1987&lt;\/p&gt;\" data-large-file=\"https:\/\/i0.wp.com\/galeriamemoria.com\/wp-content\/uploads\/2024\/08\/img51.jpg?fit=788%2C1024&amp;ssl=1\" src=\"https:\/\/i0.wp.com\/galeriamemoria.com\/wp-content\/uploads\/2024\/08\/img51.jpg?resize=1363%2C1772&#038;ssl=1\" alt=\"\" class=\"wp-image-476\" style=\"aspect-ratio:3\/4;object-fit:cover;width:180px\"\/><\/a><\/figure>\n\n\n\n<h3 class=\"wp-block-heading has-text-align-center has-medium-font-size\"><a href=\"https:\/\/galeriamemoria.com\/es\/artists\/paz-errazuriz\/\" data-type=\"page\" data-id=\"1135\">Paz Err\u00e1zuriz<\/a><\/h3>\n<\/div>\n\n\n\n<div class=\"wp-block-column is-layout-flow wp-block-column-is-layout-flow\">\n<div class=\"wp-block-group is-layout-flow wp-block-group-is-layout-flow\" style=\"margin-bottom:10px\">\n<figure class=\"wp-block-image aligncenter size-full is-resized wp-duotone-unset-1\"><a href=\"https:\/\/galeriamemoria.com\/es\/artists\/terry-holiday\/\"><img data-recalc-dims=\"1\" decoding=\"async\" width=\"2500\" height=\"4116\" data-attachment-id=\"422\" data-permalink=\"https:\/\/galeriamemoria.com\/es\/artists\/traicion_terryholiday-2\/\" data-orig-file=\"https:\/\/i0.wp.com\/galeriamemoria.com\/wp-content\/uploads\/2024\/08\/traicion_terryholiday-1.jpeg?fit=2500%2C4116&amp;ssl=1\" data-orig-size=\"2500,4116\" data-comments-opened=\"0\" data-image-title=\"Terry Holiday, &amp;#8220;La Traici\u00f3n&amp;#8221;, 2024.\" data-image-description=\"\" data-image-caption=\"&lt;p&gt;Terry Holiday, &amp;#8220;La Traici\u00f3n&amp;#8221;, 2024.&lt;\/p&gt;\" data-large-file=\"https:\/\/i0.wp.com\/galeriamemoria.com\/wp-content\/uploads\/2024\/08\/traicion_terryholiday-1.jpeg?fit=622%2C1024&amp;ssl=1\" src=\"https:\/\/i0.wp.com\/galeriamemoria.com\/wp-content\/uploads\/2024\/08\/traicion_terryholiday-1.jpeg?resize=2500%2C4116&#038;ssl=1\" alt=\"\" class=\"wp-image-422\" style=\"aspect-ratio:3\/4;object-fit:cover;width:180px\"\/><\/a><\/figure>\n\n\n\n<h3 class=\"wp-block-heading has-text-align-center has-medium-font-size\"><a href=\"https:\/\/galeriamemoria.com\/es\/artists\/terry-holiday\/\" data-type=\"page\" data-id=\"1151\">Terry Holiday<\/a><\/h3>\n<\/div>\n<\/div>\n\n\n\n<div class=\"wp-block-column is-layout-flow wp-block-column-is-layout-flow\">\n<div class=\"wp-block-group is-layout-flow wp-block-group-is-layout-flow\" style=\"margin-bottom:10px\">\n<figure class=\"wp-block-image aligncenter size-full is-resized wp-duotone-unset-2\"><a href=\"https:\/\/galeriamemoria.com\/es\/artists\/graciela-iturbide\/\"><img data-recalc-dims=\"1\" loading=\"lazy\" decoding=\"async\" width=\"2636\" height=\"3332\" data-attachment-id=\"716\" data-permalink=\"https:\/\/galeriamemoria.com\/es\/d9ae0da26e8374c384587c873eeb0d7d-3\/\" data-orig-file=\"https:\/\/i0.wp.com\/galeriamemoria.com\/wp-content\/uploads\/2024\/08\/d9ae0da26e8374c384587c873eeb0d7d-edited-1.webp?fit=2636%2C3332&amp;ssl=1\" data-orig-size=\"2636,3332\" data-comments-opened=\"0\" data-image-title=\"\" data-image-description=\"\" data-image-caption=\"\" data-large-file=\"https:\/\/i0.wp.com\/galeriamemoria.com\/wp-content\/uploads\/2024\/08\/d9ae0da26e8374c384587c873eeb0d7d-edited-1.webp?fit=810%2C1024&amp;ssl=1\" src=\"https:\/\/i0.wp.com\/galeriamemoria.com\/wp-content\/uploads\/2024\/08\/d9ae0da26e8374c384587c873eeb0d7d-edited-1.webp?resize=2636%2C3332&#038;ssl=1\" alt=\"\" class=\"wp-image-716\" style=\"aspect-ratio:3\/4;object-fit:cover;width:180px\"\/><\/a><\/figure>\n\n\n\n<h3 class=\"wp-block-heading has-text-align-center has-medium-font-size\"><a href=\"https:\/\/galeriamemoria.com\/es\/artists\/graciela-iturbide\/\" data-type=\"page\" data-id=\"1170\">Graciela Iturbide<\/a><\/h3>\n<\/div>\n<\/div>\n\n\n\n<div class=\"wp-block-column is-layout-flow wp-block-column-is-layout-flow\">\n<div class=\"wp-block-group is-layout-flow wp-block-group-is-layout-flow\" style=\"margin-bottom:10px\">\n<figure class=\"wp-block-image aligncenter size-full is-resized wp-duotone-unset-3\"><a href=\"https:\/\/galeriamemoria.com\/es\/artists\/maya-goded\/\"><img data-recalc-dims=\"1\" loading=\"lazy\" decoding=\"async\" width=\"1050\" height=\"1605\" data-attachment-id=\"425\" data-permalink=\"https:\/\/galeriamemoria.com\/es\/artists\/gom1995-96_hotelesmerced005\/\" data-orig-file=\"https:\/\/i0.wp.com\/galeriamemoria.com\/wp-content\/uploads\/2024\/08\/gom1995-96_hotelesmerced005.jpg?fit=1050%2C1605&amp;ssl=1\" data-orig-size=\"1050,1605\" data-comments-opened=\"0\" data-image-title=\"\" data-image-description=\"\" data-image-caption=\"\" data-large-file=\"https:\/\/i0.wp.com\/galeriamemoria.com\/wp-content\/uploads\/2024\/08\/gom1995-96_hotelesmerced005.jpg?fit=670%2C1024&amp;ssl=1\" src=\"https:\/\/i0.wp.com\/galeriamemoria.com\/wp-content\/uploads\/2024\/08\/gom1995-96_hotelesmerced005.jpg?resize=1050%2C1605&#038;ssl=1\" alt=\"\" class=\"wp-image-425\" style=\"aspect-ratio:3\/4;object-fit:cover;width:180px\"\/><\/a><\/figure>\n\n\n\n<h3 class=\"wp-block-heading has-text-align-center has-medium-font-size\">Maya <a href=\"https:\/\/galeriamemoria.com\/es\/artists\/maya-goded\/\" data-type=\"page\" data-id=\"1140\">Goded<\/a><\/h3>\n<\/div>\n<\/div>\n<\/div>\n<\/div>\n\n\n\n<p class=\"wp-block-paragraph\"><\/p>\n\n\n\n<p class=\"wp-block-paragraph\"><\/p>\n\n\n\n<div class=\"wp-block-group alignfull has-global-padding is-layout-constrained wp-container-core-group-is-layout-96df45d9 wp-block-group-is-layout-constrained\" style=\"margin-top:0;margin-bottom:0;padding-top:calc( 0.5 * var(u002du002dwpu002du002dstyleu002du002drootu002du002dpadding-right, var(u002du002dwpu002du002dcustomu002du002dgapu002du002dhorizontal)));padding-right:var(u002du002dwpu002du002dstyleu002du002drootu002du002dpadding-right, var(u002du002dwpu002du002dcustomu002du002dgapu002du002dhorizontal));padding-bottom:calc( 0.5 * var(u002du002dwpu002du002dstyleu002du002drootu002du002dpadding-right, var(u002du002dwpu002du002dcustomu002du002dgapu002du002dhorizontal)));padding-left:var(u002du002dwpu002du002dstyleu002du002drootu002du002dpadding-left, var(u002du002dwpu002du002dcustomu002du002dgapu002du002dhorizontal))\">\n<div style=\"height:calc( 0.25 * var(u002du002dwpu002du002dstyleu002du002drootu002du002dpadding-right, var(u002du002dwpu002du002dcustomu002du002dgapu002du002dhorizontal)))\" aria-hidden=\"true\" class=\"wp-block-spacer\"><\/div>\n\n\n\n<div style=\"height:calc( 0.25 * var(u002du002dwpu002du002dstyleu002du002drootu002du002dpadding-right, var(u002du002dwpu002du002dcustomu002du002dgapu002du002dhorizontal)))\" aria-hidden=\"true\" class=\"wp-block-spacer\"><\/div>\n\n\n<\/div>\n\n\n\n<p class=\"wp-block-paragraph\"><\/p>","protected":false},"excerpt":{"rendered":"<p>Essays on intimacy Capsule 1 For its first edition, MEMORIA proposes to delve into essays on intimacy, shedding light onto the ability of artists to open spaces towards what is private, from an organic perspective, making it also universal and relatable. These gestures access the field of an essential narrative upon their subjects, constructing both [&hellip;]<\/p>\n","protected":false},"author":251800687,"featured_media":190,"parent":652,"menu_order":0,"comment_status":"closed","ping_status":"closed","template":"","meta":{"advanced_seo_description":"","jetpack_seo_html_title":"","jetpack_seo_noindex":false,"jetpack_seo_schema_type":"","_wpcom_ai_launchpad_about_page":false,"_wpcom_ai_launchpad_gallery_page":false,"_wpcom_ai_launchpad_contact_page":false,"_wpcom_ai_launchpad_events_page":false,"_wpcom_ai_launchpad_video_page":false,"_wpcom_ai_launchpad_portfolio_piece":false,"footnotes":""},"class_list":["post-659","page","type-page","status-publish","has-post-thumbnail","hentry"],"jetpack_likes_enabled":false,"jetpack_sharing_enabled":true,"jetpack_shortlink":"https:\/\/wp.me\/PfPCnn-aD","jetpack-related-posts":[],"_links":{"self":[{"href":"https:\/\/galeriamemoria.com\/es\/wp-json\/wp\/v2\/pages\/659","targetHints":{"allow":["GET"]}}],"collection":[{"href":"https:\/\/galeriamemoria.com\/es\/wp-json\/wp\/v2\/pages"}],"about":[{"href":"https:\/\/galeriamemoria.com\/es\/wp-json\/wp\/v2\/types\/page"}],"author":[{"embeddable":true,"href":"https:\/\/galeriamemoria.com\/es\/wp-json\/wp\/v2\/users\/251800687"}],"replies":[{"embeddable":true,"href":"https:\/\/galeriamemoria.com\/es\/wp-json\/wp\/v2\/comments?post=659"}],"version-history":[{"count":23,"href":"https:\/\/galeriamemoria.com\/es\/wp-json\/wp\/v2\/pages\/659\/revisions"}],"predecessor-version":[{"id":2243,"href":"https:\/\/galeriamemoria.com\/es\/wp-json\/wp\/v2\/pages\/659\/revisions\/2243"}],"up":[{"embeddable":true,"href":"https:\/\/galeriamemoria.com\/es\/wp-json\/wp\/v2\/pages\/652"}],"wp:featuredmedia":[{"embeddable":true,"href":"https:\/\/galeriamemoria.com\/es\/wp-json\/wp\/v2\/media\/190"}],"wp:attachment":[{"href":"https:\/\/galeriamemoria.com\/es\/wp-json\/wp\/v2\/media?parent=659"}],"curies":[{"name":"wp","href":"https:\/\/api.w.org\/{rel}","templated":true}]}}