{"id":746,"date":"2024-08-13T11:45:21","date_gmt":"2024-08-13T09:45:21","guid":{"rendered":"https:\/\/galeriamemoria.com\/?page_id=746"},"modified":"2026-06-04T14:05:47","modified_gmt":"2026-06-04T12:05:47","slug":"news","status":"publish","type":"page","link":"https:\/\/galeriamemoria.com\/es\/news\/","title":{"rendered":""},"content":{"rendered":"<h1 class=\"wp-block-heading alignwide has-border-color has-theme-1-border-color has-large-font-size\" style=\"border-width:41px\">NOTICIAS <\/h1>\n\n\n<form role=\"search\" method=\"get\" action=\"https:\/\/galeriamemoria.com\/es\/\" class=\"wp-block-search__button-outside wp-block-search__icon-button aligncenter wp-block-search\" data-trp-original-action=\"https:\/\/galeriamemoria.com\/es\/\" ><label class=\"wp-block-search__label\" for=\"wp-block-search__input-1\" >Buscar<\/label><div class=\"wp-block-search__inside-wrapper\" ><input class=\"wp-block-search__input\" id=\"wp-block-search__input-1\" placeholder=\"\" value=\"\" type=\"search\" name=\"s\" required \/><button aria-label=\"Buscar\" class=\"wp-block-search__button has-icon wp-element-button\" type=\"submit\" ><svg class=\"search-icon\" viewbox=\"0 0 24 24\" width=\"24\" height=\"24\">\n\t\t\t\t\t<path d=\"M13 5c-3.3 0-6 2.7-6 6 0 1.4.5 2.7 1.3 3.7l-3.8 3.8 1.1 1.1 3.8-3.8c1 .8 2.3 1.3 3.7 1.3 3.3 0 6-2.7 6-6S16.3 5 13 5zm0 10.5c-2.5 0-4.5-2-4.5-4.5s2-4.5 4.5-4.5 4.5 2 4.5 4.5-2 4.5-4.5 4.5z\"><\/path>\n\t\t\t\t<\/svg><\/button><\/div><input type=\"hidden\" name=\"trp-form-language\" value=\"es\"\/><\/form>\n\n\n<p class=\"wp-block-paragraph\"><\/p>\n\n\n\n<p class=\"wp-block-paragraph\"><\/p>\n\n\n\t<div\n\t\tclass=\"wp-block-newspack-blocks-homepage-articles alignwide wpnbha is-grid columns-3 colgap-3 show-image image-aligntop ts-3 is-3 is-square  has-more-button\"\n\t\tstyle=\"\"\n\t\t>\n\t\t<div data-posts data-current-post-id=\"746\">\n\t\t\t\t\t\t\n\t<article data-post-id=\"5523\"\n\t\tclass=\"category-sin-categoria type-post post-has-image\"\n\t\t\t\t>\n\t\t\t\t\t\t\t<figure class=\"post-thumbnail\">\n\t\t\t\t\t\t\t\t<a href=\"https:\/\/galeriamemoria.com\/es\/2026\/07\/15\/el-pais-el-ojo-implacable-photographer-sandra-eleta-casts-a-gaze-that-is-both-piercing-and-compassionate-on-the-world-of-domestic-workers\/\" rel=\"bookmark\" tabindex=\"-1\" aria-hidden=\"true\">\n\t\t\t\t\t\t\t\t\t\t\t\t<img fetchpriority=\"high\" decoding=\"async\" width=\"1200\" height=\"1200\" src=\"https:\/\/i0.wp.com\/galeriamemoria.com\/wp-content\/uploads\/2026\/06\/4-Carmen-y-Apolo.jpg?resize=1200%2C1200&amp;ssl=1\" class=\"attachment-newspack-article-block-square-large size-newspack-article-block-square-large wp-post-image\" alt=\"El Pa\u00eds | El ojo implacable: Photographer Sandra Eleta casts a gaze that is both piercing and compassionate on the world of domestic workers\" data-hero-candidate=\"1\" srcset=\"https:\/\/i0.wp.com\/galeriamemoria.com\/wp-content\/uploads\/2026\/06\/4-Carmen-y-Apolo.jpg?resize=150%2C150&amp;ssl=1 150w, https:\/\/i0.wp.com\/galeriamemoria.com\/wp-content\/uploads\/2026\/06\/4-Carmen-y-Apolo.jpg?resize=12%2C12&amp;ssl=1 12w, https:\/\/i0.wp.com\/galeriamemoria.com\/wp-content\/uploads\/2026\/06\/4-Carmen-y-Apolo.jpg?zoom=2&amp;resize=1200%2C1200&amp;ssl=1 2400w, https:\/\/i0.wp.com\/galeriamemoria.com\/wp-content\/uploads\/2026\/06\/4-Carmen-y-Apolo.jpg?zoom=3&amp;resize=1200%2C1200&amp;ssl=1 3600w\" sizes=\"(max-width: 1000px) 100vw, 1000px\" data-attachment-id=\"5337\" data-permalink=\"https:\/\/galeriamemoria.com\/es\/la-servidumbre-sandra-eleta\/06_02_serv-002-2\/\" data-orig-file=\"https:\/\/i0.wp.com\/galeriamemoria.com\/wp-content\/uploads\/2026\/06\/4-Carmen-y-Apolo.jpg?fit=6845%2C6923&amp;ssl=1\" data-orig-size=\"6845,6923\" data-comments-opened=\"0\" data-image-title=\"06_02_SERV 002\" data-image-description=\"\" data-image-caption=\"&lt;p&gt;Sandra Eleta, &amp;#8220;Carmen y Apolo&amp;#8221;, 1975 &amp;#8211; 1989. From the series \u201cLa Servidumbre\u201d&lt;\/p&gt;\" data-large-file=\"https:\/\/i0.wp.com\/galeriamemoria.com\/wp-content\/uploads\/2026\/06\/4-Carmen-y-Apolo.jpg?fit=1012%2C1024&amp;ssl=1\" \/>\t\t\t\t\t\t\t\t\t\t\t\t<\/a>\n\t\t\t\t\n\t\t\t\t\t\t\t<\/figure><!-- .featured-image -->\n\t\t\n\t\t<div class=\"entry-wrapper\">\n\t\t\t\t\t\t<h2 class=\"entry-title\"><a href=\"https:\/\/galeriamemoria.com\/es\/2026\/07\/15\/el-pais-el-ojo-implacable-photographer-sandra-eleta-casts-a-gaze-that-is-both-piercing-and-compassionate-on-the-world-of-domestic-workers\/\" rel=\"bookmark\">El Pa\u00eds | El ojo implacable: La fot\u00f3grafa Sandra Eleta fija una mirada a la vez acerada y compasiva sobre el mundo de las empleadas dom\u00e9sticas<\/a><\/h2>\t\t\t\t\t\t\t\t\t\t<div class=\"entry-meta\">\n\t\t\t\t\t<time class=\"entry-date published updated\" datetime=\"2026-07-15T11:36:23+02:00\">15 de julio de 2026<\/time>\t\t\t\t<\/div><!-- .entry-meta -->\n\t\t\t\t\t\t\t\t<\/div><!-- .entry-wrapper -->\n\t<\/article>\n\n\t\t\n\t<article data-post-id=\"5513\"\n\t\tclass=\"category-sin-categoria type-post post-has-image\"\n\t\t\t\t>\n\t\t\t\t\t\t\t<figure class=\"post-thumbnail\">\n\t\t\t\t\t\t\t\t<a href=\"https:\/\/galeriamemoria.com\/es\/2026\/07\/14\/rtve-metropolis-marta-palau\/\" rel=\"bookmark\" tabindex=\"-1\" aria-hidden=\"true\">\n\t\t\t\t\t\t\t\t\t\t\t\t<img decoding=\"async\" width=\"600\" height=\"600\" src=\"https:\/\/i0.wp.com\/galeriamemoria.com\/wp-content\/uploads\/2026\/07\/Captura-de-pantalla-2026-07-15-a-las-11.jpg?resize=600%2C600&amp;ssl=1\" class=\"attachment-newspack-article-block-square-intermediate size-newspack-article-block-square-intermediate wp-post-image\" alt=\"RTVE | Metr\u00f3polis: Marta Palau\" data-hero-candidate=\"1\" srcset=\"https:\/\/i0.wp.com\/galeriamemoria.com\/wp-content\/uploads\/2026\/07\/Captura-de-pantalla-2026-07-15-a-las-11.jpg?resize=150%2C150&amp;ssl=1 150w, https:\/\/i0.wp.com\/galeriamemoria.com\/wp-content\/uploads\/2026\/07\/Captura-de-pantalla-2026-07-15-a-las-11.jpg?zoom=2&amp;resize=600%2C600&amp;ssl=1 1200w\" sizes=\"(max-width: 600px) 100vw, 600px\" data-attachment-id=\"5520\" data-permalink=\"https:\/\/galeriamemoria.com\/es\/2026\/07\/14\/rtve-metropolis-marta-palau\/captura-de-pantalla-2026-07-15-a-las-11\/\" data-orig-file=\"https:\/\/i0.wp.com\/galeriamemoria.com\/wp-content\/uploads\/2026\/07\/Captura-de-pantalla-2026-07-15-a-las-11.jpg?fit=1288%2C720&amp;ssl=1\" data-orig-size=\"1288,720\" data-comments-opened=\"0\" data-image-title=\"Captura de pantalla 2026-07-15 a las 11\" data-image-description=\"\" data-image-caption=\"\" data-large-file=\"https:\/\/i0.wp.com\/galeriamemoria.com\/wp-content\/uploads\/2026\/07\/Captura-de-pantalla-2026-07-15-a-las-11.jpg?fit=1024%2C572&amp;ssl=1\" \/>\t\t\t\t\t\t\t\t\t\t\t\t<\/a>\n\t\t\t\t\n\t\t\t\t\t\t\t<\/figure><!-- .featured-image -->\n\t\t\n\t\t<div class=\"entry-wrapper\">\n\t\t\t\t\t\t<h2 class=\"entry-title\"><a href=\"https:\/\/galeriamemoria.com\/es\/2026\/07\/14\/rtve-metropolis-marta-palau\/\" rel=\"bookmark\">RTVE | Metr\u00f3polis: Marta Palau<\/a><\/h2>\t\t\t\t\t\t\t\t\t\t<div class=\"entry-meta\">\n\t\t\t\t\t<time class=\"entry-date published\" datetime=\"2026-07-14T19:57:54+02:00\">14 de julio de 2026<\/time><time class=\"updated\" datetime=\"2026-07-15T11:19:23+02:00\">15 de julio de 2026<\/time>\t\t\t\t<\/div><!-- .entry-meta -->\n\t\t\t\t\t\t\t\t<\/div><!-- .entry-wrapper -->\n\t<\/article>\n\n\t\t\n\t<article data-post-id=\"5465\"\n\t\tclass=\"category-sin-categoria type-post post-has-image\"\n\t\t\t\t>\n\t\t\t\t\t\t\t<figure class=\"post-thumbnail\">\n\t\t\t\t\t\t\t\t<a href=\"https:\/\/galeriamemoria.com\/es\/2026\/06\/27\/rtve-la-aventura-del-saber-ep-23-06-2026\/\" rel=\"bookmark\" tabindex=\"-1\" aria-hidden=\"true\">\n\t\t\t\t\t\t\t\t\t\t\t\t<img decoding=\"async\" width=\"800\" height=\"800\" src=\"https:\/\/i0.wp.com\/galeriamemoria.com\/wp-content\/uploads\/2026\/06\/Captura-de-pantalla-2026-06-26-a-las-19.53.08.png?resize=800%2C800&amp;ssl=1\" class=\"attachment-newspack-article-block-square-medium size-newspack-article-block-square-medium wp-post-image\" alt=\"RTVE | La aventura del saber &#8211; Ep. 23\/06\/2026\" data-hero-candidate=\"1\" srcset=\"https:\/\/i0.wp.com\/galeriamemoria.com\/wp-content\/uploads\/2026\/06\/Captura-de-pantalla-2026-06-26-a-las-19.53.08.png?resize=150%2C150&amp;ssl=1 150w, https:\/\/i0.wp.com\/galeriamemoria.com\/wp-content\/uploads\/2026\/06\/Captura-de-pantalla-2026-06-26-a-las-19.53.08.png?zoom=2&amp;resize=800%2C800&amp;ssl=1 1600w\" sizes=\"(max-width: 800px) 100vw, 800px\" data-attachment-id=\"5471\" data-permalink=\"https:\/\/galeriamemoria.com\/es\/2026\/06\/27\/rtve-la-aventura-del-saber-ep-23-06-2026\/captura-de-pantalla-2026-06-26-a-las-19-53-08\/\" data-orig-file=\"https:\/\/i0.wp.com\/galeriamemoria.com\/wp-content\/uploads\/2026\/06\/Captura-de-pantalla-2026-06-26-a-las-19.53.08.png?fit=2135%2C1194&amp;ssl=1\" data-orig-size=\"2135,1194\" data-comments-opened=\"0\" data-image-title=\"Captura de pantalla 2026-06-26 a las 19.53.08\" data-image-description=\"\" data-image-caption=\"\" data-large-file=\"https:\/\/i0.wp.com\/galeriamemoria.com\/wp-content\/uploads\/2026\/06\/Captura-de-pantalla-2026-06-26-a-las-19.53.08.png?fit=1024%2C573&amp;ssl=1\" \/>\t\t\t\t\t\t\t\t\t\t\t\t<\/a>\n\t\t\t\t\n\t\t\t\t\t\t\t<\/figure><!-- .featured-image -->\n\t\t\n\t\t<div class=\"entry-wrapper\">\n\t\t\t\t\t\t<h2 class=\"entry-title\"><a href=\"https:\/\/galeriamemoria.com\/es\/2026\/06\/27\/rtve-la-aventura-del-saber-ep-23-06-2026\/\" rel=\"bookmark\">RTVE | La aventura del saber \u2013 Ep. 23\/06\/2026<\/a><\/h2>\t\t\t\t\t\t\t\t\t\t<div class=\"entry-meta\">\n\t\t\t\t\t<time class=\"entry-date published updated\" datetime=\"2026-06-27T11:02:34+02:00\">27 de junio de 2026<\/time>\t\t\t\t<\/div><!-- .entry-meta -->\n\t\t\t\t\t\t\t\t<\/div><!-- .entry-wrapper -->\n\t<\/article>\n\n\t\t\n\t<article data-post-id=\"5456\"\n\t\tclass=\"category-sin-categoria type-post post-has-image\"\n\t\t\t\t>\n\t\t\t\t\t\t\t<figure class=\"post-thumbnail\">\n\t\t\t\t\t\t\t\t<a href=\"https:\/\/galeriamemoria.com\/es\/2026\/06\/27\/el-cierre-digital-sandra-eleta-exhibits-at-galeria-memoria-in-madrid-the-photographer-who-captured-the-inequalities-of-latin-america\/\" rel=\"bookmark\" tabindex=\"-1\" aria-hidden=\"true\">\n\t\t\t\t\t\t\t\t\t\t\t\t<img loading=\"lazy\" decoding=\"async\" width=\"800\" height=\"800\" src=\"https:\/\/i0.wp.com\/galeriamemoria.com\/wp-content\/uploads\/2026\/06\/eleta_sandra.jpg?resize=800%2C800&amp;ssl=1\" class=\"attachment-newspack-article-block-square-medium size-newspack-article-block-square-medium wp-post-image\" alt=\"El Cierre Digital | Sandra Eleta  exhibits at Galer\u00eda Memoria in Madrid: The photographer who captured the inequalities of Latin America\" data-hero-candidate=\"1\" data-attachment-id=\"5458\" data-permalink=\"https:\/\/galeriamemoria.com\/es\/2026\/06\/27\/el-cierre-digital-sandra-eleta-exhibits-at-galeria-memoria-in-madrid-the-photographer-who-captured-the-inequalities-of-latin-america\/eleta_sandra\/\" data-orig-file=\"https:\/\/i0.wp.com\/galeriamemoria.com\/wp-content\/uploads\/2026\/06\/eleta_sandra.jpg?fit=1560%2C878&amp;ssl=1\" data-orig-size=\"1560,878\" data-comments-opened=\"0\" data-image-title=\"eleta_sandra\" data-image-description=\"\" data-image-caption=\"\" data-large-file=\"https:\/\/i0.wp.com\/galeriamemoria.com\/wp-content\/uploads\/2026\/06\/eleta_sandra.jpg?fit=1024%2C576&amp;ssl=1\" \/>\t\t\t\t\t\t\t\t\t\t\t\t<\/a>\n\t\t\t\t\n\t\t\t\t\t\t\t<\/figure><!-- .featured-image -->\n\t\t\n\t\t<div class=\"entry-wrapper\">\n\t\t\t\t\t\t<h2 class=\"entry-title\"><a href=\"https:\/\/galeriamemoria.com\/es\/2026\/06\/27\/el-cierre-digital-sandra-eleta-exhibits-at-galeria-memoria-in-madrid-the-photographer-who-captured-the-inequalities-of-latin-america\/\" rel=\"bookmark\">El Cierre Digital | Sandra Eleta  exhibits at Galer\u00eda Memoria in Madrid: The photographer who captured the inequalities of Latin America<\/a><\/h2>\t\t\t\t\t\t\t\t\t\t<div class=\"entry-meta\">\n\t\t\t\t\t<time class=\"entry-date published\" datetime=\"2026-06-27T10:33:58+02:00\">27 de junio de 2026<\/time><time class=\"updated\" datetime=\"2026-06-27T10:45:06+02:00\">27 de junio de 2026<\/time>\t\t\t\t<\/div><!-- .entry-meta -->\n\t\t\t\t\t\t\t\t<\/div><!-- .entry-wrapper -->\n\t<\/article>\n\n\t\t\n\t<article data-post-id=\"5449\"\n\t\tclass=\"category-sin-categoria type-post post-has-image\"\n\t\t\t\t>\n\t\t\t\t\t\t\t<figure class=\"post-thumbnail\">\n\t\t\t\t\t\t\t\t<a href=\"https:\/\/galeriamemoria.com\/es\/2026\/06\/26\/time-out-la-servidumbre-1975-1989-sandra-eleta\/\" rel=\"bookmark\" tabindex=\"-1\" aria-hidden=\"true\">\n\t\t\t\t\t\t\t\t\t\t\t\t<img loading=\"lazy\" decoding=\"async\" width=\"1200\" height=\"1200\" src=\"https:\/\/i0.wp.com\/galeriamemoria.com\/wp-content\/uploads\/2026\/05\/DSC2266.jpg?resize=1200%2C1200&amp;ssl=1\" class=\"attachment-newspack-article-block-square-large size-newspack-article-block-square-large wp-post-image\" alt=\"Time Out | La servidumbre (1975-1989). Sandra Eleta\" data-hero-candidate=\"1\" srcset=\"https:\/\/i0.wp.com\/galeriamemoria.com\/wp-content\/uploads\/2026\/05\/DSC2266.jpg?resize=150%2C150&amp;ssl=1 150w, https:\/\/i0.wp.com\/galeriamemoria.com\/wp-content\/uploads\/2026\/05\/DSC2266.jpg?zoom=2&amp;resize=1200%2C1200&amp;ssl=1 2400w, https:\/\/i0.wp.com\/galeriamemoria.com\/wp-content\/uploads\/2026\/05\/DSC2266.jpg?zoom=3&amp;resize=1200%2C1200&amp;ssl=1 3600w\" sizes=\"(max-width: 1000px) 100vw, 1000px\" data-attachment-id=\"5218\" data-permalink=\"https:\/\/galeriamemoria.com\/es\/la-servidumbre-sandra-eleta\/_dsc2266\/\" data-orig-file=\"https:\/\/i0.wp.com\/galeriamemoria.com\/wp-content\/uploads\/2026\/05\/DSC2266.jpg?fit=8256%2C5504&amp;ssl=1\" data-orig-size=\"8256,5504\" data-comments-opened=\"0\" data-image-title=\"_DSC2266\" data-image-description=\"\" data-image-caption=\"&lt;p&gt;Installation view | La Servidumbre. Sandra Eleta. MEMORIA (Centro), 2026&lt;\/p&gt;\" data-large-file=\"https:\/\/i0.wp.com\/galeriamemoria.com\/wp-content\/uploads\/2026\/05\/DSC2266.jpg?fit=1024%2C683&amp;ssl=1\" \/>\t\t\t\t\t\t\t\t\t\t\t\t<\/a>\n\t\t\t\t\n\t\t\t\t\t\t\t<\/figure><!-- .featured-image -->\n\t\t\n\t\t<div class=\"entry-wrapper\">\n\t\t\t\t\t\t<h2 class=\"entry-title\"><a href=\"https:\/\/galeriamemoria.com\/es\/2026\/06\/26\/time-out-la-servidumbre-1975-1989-sandra-eleta\/\" rel=\"bookmark\">Time Out | La servidumbre (1975-1989). Sandra Eleta<\/a><\/h2>\t\t\t\t\t\t\t\t\t\t<div class=\"entry-meta\">\n\t\t\t\t\t<time class=\"entry-date published updated\" datetime=\"2026-06-26T19:47:15+02:00\">26 de junio de 2026<\/time>\t\t\t\t<\/div><!-- .entry-meta -->\n\t\t\t\t\t\t\t\t<\/div><!-- .entry-wrapper -->\n\t<\/article>\n\n\t\t\n\t<article data-post-id=\"5445\"\n\t\tclass=\"category-sin-categoria type-post post-has-image\"\n\t\t\t\t>\n\t\t\t\t\t\t\t<figure class=\"post-thumbnail\">\n\t\t\t\t\t\t\t\t<a href=\"https:\/\/galeriamemoria.com\/es\/2026\/06\/26\/diplomacy-news-opening-of-the-exhibition-la-servidumbre-by-the-panamanian-artist-sandra-eleta\/\" rel=\"bookmark\" tabindex=\"-1\" aria-hidden=\"true\">\n\t\t\t\t\t\t\t\t\t\t\t\t<img loading=\"lazy\" decoding=\"async\" width=\"1200\" height=\"1200\" src=\"https:\/\/i0.wp.com\/galeriamemoria.com\/wp-content\/uploads\/2026\/06\/7-Victor.jpg?resize=1200%2C1200&amp;ssl=1\" class=\"attachment-newspack-article-block-square-large size-newspack-article-block-square-large wp-post-image\" alt=\"Diplomacy News | Opening of the exhibition \u2018La servidumbre\u2019 by the Panamanian artist Sandra Eleta\" data-hero-candidate=\"1\" srcset=\"https:\/\/i0.wp.com\/galeriamemoria.com\/wp-content\/uploads\/2026\/06\/7-Victor.jpg?w=6778&amp;ssl=1 6778w, https:\/\/i0.wp.com\/galeriamemoria.com\/wp-content\/uploads\/2026\/06\/7-Victor.jpg?resize=300%2C300&amp;ssl=1 300w, https:\/\/i0.wp.com\/galeriamemoria.com\/wp-content\/uploads\/2026\/06\/7-Victor.jpg?resize=1024%2C1024&amp;ssl=1 1024w, https:\/\/i0.wp.com\/galeriamemoria.com\/wp-content\/uploads\/2026\/06\/7-Victor.jpg?resize=150%2C150&amp;ssl=1 150w, https:\/\/i0.wp.com\/galeriamemoria.com\/wp-content\/uploads\/2026\/06\/7-Victor.jpg?resize=768%2C768&amp;ssl=1 768w, https:\/\/i0.wp.com\/galeriamemoria.com\/wp-content\/uploads\/2026\/06\/7-Victor.jpg?resize=1536%2C1536&amp;ssl=1 1536w, https:\/\/i0.wp.com\/galeriamemoria.com\/wp-content\/uploads\/2026\/06\/7-Victor.jpg?resize=2048%2C2048&amp;ssl=1 2048w, https:\/\/i0.wp.com\/galeriamemoria.com\/wp-content\/uploads\/2026\/06\/7-Victor.jpg?resize=12%2C12&amp;ssl=1 12w, https:\/\/i0.wp.com\/galeriamemoria.com\/wp-content\/uploads\/2026\/06\/7-Victor.jpg?w=3000&amp;ssl=1 3000w\" sizes=\"(max-width: 1000px) 100vw, 1000px\" data-attachment-id=\"5342\" data-permalink=\"https:\/\/galeriamemoria.com\/es\/la-servidumbre-sandra-eleta\/06_06_serv-003-2\/\" data-orig-file=\"https:\/\/i0.wp.com\/galeriamemoria.com\/wp-content\/uploads\/2026\/06\/7-Victor.jpg?fit=6778%2C6778&amp;ssl=1\" data-orig-size=\"6778,6778\" data-comments-opened=\"0\" data-image-title=\"06_06_SERV 003\" data-image-description=\"\" data-image-caption=\"&lt;p&gt;Sandra Eleta, &amp;#8220;V\u00edctor&amp;#8221;, 1975 &amp;#8211; 1989. From the series \u201cLa Servidumbre\u201d&lt;\/p&gt;\" data-large-file=\"https:\/\/i0.wp.com\/galeriamemoria.com\/wp-content\/uploads\/2026\/06\/7-Victor.jpg?fit=1024%2C1024&amp;ssl=1\" \/>\t\t\t\t\t\t\t\t\t\t\t\t<\/a>\n\t\t\t\t\n\t\t\t\t\t\t\t<\/figure><!-- .featured-image -->\n\t\t\n\t\t<div class=\"entry-wrapper\">\n\t\t\t\t\t\t<h2 class=\"entry-title\"><a href=\"https:\/\/galeriamemoria.com\/es\/2026\/06\/26\/diplomacy-news-opening-of-the-exhibition-la-servidumbre-by-the-panamanian-artist-sandra-eleta\/\" rel=\"bookmark\">Diplomacy News | Inauguraci\u00f3n de la muestra \u2018La servidumbre\u2019, de la paname\u00f1a Sandra Eleta<\/a><\/h2>\t\t\t\t\t\t\t\t\t\t<div class=\"entry-meta\">\n\t\t\t\t\t<time class=\"entry-date published updated\" datetime=\"2026-06-26T19:39:42+02:00\">26 de junio de 2026<\/time>\t\t\t\t<\/div><!-- .entry-meta -->\n\t\t\t\t\t\t\t\t<\/div><!-- .entry-wrapper -->\n\t<\/article>\n\n\t\t\n\t<article data-post-id=\"5438\"\n\t\tclass=\"category-sin-categoria type-post post-has-image\"\n\t\t\t\t>\n\t\t\t\t\t\t\t<figure class=\"post-thumbnail\">\n\t\t\t\t\t\t\t\t<a href=\"https:\/\/galeriamemoria.com\/es\/2026\/06\/26\/artealdia-eletas-servidumbre-dignity-through-domestic-work\/\" rel=\"bookmark\" tabindex=\"-1\" aria-hidden=\"true\">\n\t\t\t\t\t\t\t\t\t\t\t\t<img loading=\"lazy\" decoding=\"async\" width=\"1200\" height=\"1200\" src=\"https:\/\/i0.wp.com\/galeriamemoria.com\/wp-content\/uploads\/2026\/06\/3-Mujeres-peinandose.jpg?resize=1200%2C1200&amp;ssl=1\" class=\"attachment-newspack-article-block-square-large size-newspack-article-block-square-large wp-post-image\" alt=\"Arteald\u00eda | Eleta&#8217;s &#8216;Servidumbre&#8217;: Dignity through domestic work.\" data-hero-candidate=\"1\" srcset=\"https:\/\/i0.wp.com\/galeriamemoria.com\/wp-content\/uploads\/2026\/06\/3-Mujeres-peinandose.jpg?w=7200&amp;ssl=1 7200w, https:\/\/i0.wp.com\/galeriamemoria.com\/wp-content\/uploads\/2026\/06\/3-Mujeres-peinandose.jpg?resize=300%2C300&amp;ssl=1 300w, https:\/\/i0.wp.com\/galeriamemoria.com\/wp-content\/uploads\/2026\/06\/3-Mujeres-peinandose.jpg?resize=1024%2C1024&amp;ssl=1 1024w, https:\/\/i0.wp.com\/galeriamemoria.com\/wp-content\/uploads\/2026\/06\/3-Mujeres-peinandose.jpg?resize=150%2C150&amp;ssl=1 150w, https:\/\/i0.wp.com\/galeriamemoria.com\/wp-content\/uploads\/2026\/06\/3-Mujeres-peinandose.jpg?resize=768%2C768&amp;ssl=1 768w, https:\/\/i0.wp.com\/galeriamemoria.com\/wp-content\/uploads\/2026\/06\/3-Mujeres-peinandose.jpg?resize=1536%2C1536&amp;ssl=1 1536w, https:\/\/i0.wp.com\/galeriamemoria.com\/wp-content\/uploads\/2026\/06\/3-Mujeres-peinandose.jpg?resize=2048%2C2048&amp;ssl=1 2048w, https:\/\/i0.wp.com\/galeriamemoria.com\/wp-content\/uploads\/2026\/06\/3-Mujeres-peinandose.jpg?resize=12%2C12&amp;ssl=1 12w, https:\/\/i0.wp.com\/galeriamemoria.com\/wp-content\/uploads\/2026\/06\/3-Mujeres-peinandose.jpg?w=3000&amp;ssl=1 3000w\" sizes=\"(max-width: 1000px) 100vw, 1000px\" data-attachment-id=\"5335\" data-permalink=\"https:\/\/galeriamemoria.com\/es\/la-servidumbre-sandra-eleta\/3-mujeres-peinandose-2\/\" data-orig-file=\"https:\/\/i0.wp.com\/galeriamemoria.com\/wp-content\/uploads\/2026\/06\/3-Mujeres-peinandose.jpg?fit=7200%2C7200&amp;ssl=1\" data-orig-size=\"7200,7200\" data-comments-opened=\"0\" data-image-title=\"3- Mujeres peina\u0301ndose\" data-image-description=\"\" data-image-caption=\"&lt;p&gt;Sandra Eleta, &amp;#8220;Mujeres pein\u00e1ndose&amp;#8221;, 1975 &amp;#8211; 1989. From the series \u201cLa Servidumbre\u201d&lt;\/p&gt;\" data-large-file=\"https:\/\/i0.wp.com\/galeriamemoria.com\/wp-content\/uploads\/2026\/06\/3-Mujeres-peinandose.jpg?fit=1024%2C1024&amp;ssl=1\" \/>\t\t\t\t\t\t\t\t\t\t\t\t<\/a>\n\t\t\t\t\n\t\t\t\t\t\t\t<\/figure><!-- .featured-image -->\n\t\t\n\t\t<div class=\"entry-wrapper\">\n\t\t\t\t\t\t<h2 class=\"entry-title\"><a href=\"https:\/\/galeriamemoria.com\/es\/2026\/06\/26\/artealdia-eletas-servidumbre-dignity-through-domestic-work\/\" rel=\"bookmark\">Arteald\u00eda | La Servidumbre de Eleta: La dignidad a trav\u00e9s del trabajo<\/a><\/h2>\t\t\t\t\t\t\t\t\t\t<div class=\"entry-meta\">\n\t\t\t\t\t<time class=\"entry-date published\" datetime=\"2026-06-26T19:32:33+02:00\">26 de junio de 2026<\/time><time class=\"updated\" datetime=\"2026-06-26T19:33:01+02:00\">26 de junio de 2026<\/time>\t\t\t\t<\/div><!-- .entry-meta -->\n\t\t\t\t\t\t\t\t<\/div><!-- .entry-wrapper -->\n\t<\/article>\n\n\t\t\n\t<article data-post-id=\"5431\"\n\t\tclass=\"category-sin-categoria type-post post-has-image\"\n\t\t\t\t>\n\t\t\t\t\t\t\t<figure class=\"post-thumbnail\">\n\t\t\t\t\t\t\t\t<a href=\"https:\/\/galeriamemoria.com\/es\/2026\/06\/26\/ars-magazine-sandra-eleta-and-the-politics-of-the-gaze-la-servidumbre-comes-to-photoespana\/\" rel=\"bookmark\" tabindex=\"-1\" aria-hidden=\"true\">\n\t\t\t\t\t\t\t\t\t\t\t\t<img loading=\"lazy\" decoding=\"async\" width=\"1200\" height=\"1200\" src=\"https:\/\/i0.wp.com\/galeriamemoria.com\/wp-content\/uploads\/2026\/05\/DSC2015.jpg?resize=1200%2C1200&amp;ssl=1\" class=\"attachment-newspack-article-block-square-large size-newspack-article-block-square-large wp-post-image\" alt=\"Ars Magazine | Sandra Eleta and the politics of the gaze: \u2018La servidumbre\u2019 comes to PHotoEspa\u00f1a\" data-hero-candidate=\"1\" srcset=\"https:\/\/i0.wp.com\/galeriamemoria.com\/wp-content\/uploads\/2026\/05\/DSC2015.jpg?resize=150%2C150&amp;ssl=1 150w, https:\/\/i0.wp.com\/galeriamemoria.com\/wp-content\/uploads\/2026\/05\/DSC2015.jpg?zoom=2&amp;resize=1200%2C1200&amp;ssl=1 2400w, https:\/\/i0.wp.com\/galeriamemoria.com\/wp-content\/uploads\/2026\/05\/DSC2015.jpg?zoom=3&amp;resize=1200%2C1200&amp;ssl=1 3600w\" sizes=\"(max-width: 1000px) 100vw, 1000px\" data-attachment-id=\"5214\" data-permalink=\"https:\/\/galeriamemoria.com\/es\/la-servidumbre-sandra-eleta\/_dsc2015\/\" data-orig-file=\"https:\/\/i0.wp.com\/galeriamemoria.com\/wp-content\/uploads\/2026\/05\/DSC2015.jpg?fit=8256%2C5504&amp;ssl=1\" data-orig-size=\"8256,5504\" data-comments-opened=\"0\" data-image-title=\"_DSC2015\" data-image-description=\"\" data-image-caption=\"&lt;p&gt;Installation view | La Servidumbre. Sandra Eleta. MEMORIA (Centro), 2026&lt;\/p&gt;\" data-large-file=\"https:\/\/i0.wp.com\/galeriamemoria.com\/wp-content\/uploads\/2026\/05\/DSC2015.jpg?fit=1024%2C683&amp;ssl=1\" \/>\t\t\t\t\t\t\t\t\t\t\t\t<\/a>\n\t\t\t\t\n\t\t\t\t\t\t\t<\/figure><!-- .featured-image -->\n\t\t\n\t\t<div class=\"entry-wrapper\">\n\t\t\t\t\t\t<h2 class=\"entry-title\"><a href=\"https:\/\/galeriamemoria.com\/es\/2026\/06\/26\/ars-magazine-sandra-eleta-and-the-politics-of-the-gaze-la-servidumbre-comes-to-photoespana\/\" rel=\"bookmark\">Ars Magazine | Sandra Eleta y la pol\u00edtica de la mirada: \u2018La servidumbre\u2019 llega a PHotoEspa\u00f1a<\/a><\/h2>\t\t\t\t\t\t\t\t\t\t<div class=\"entry-meta\">\n\t\t\t\t\t<time class=\"entry-date published\" datetime=\"2026-06-26T19:05:47+02:00\">26 de junio de 2026<\/time><time class=\"updated\" datetime=\"2026-06-26T19:06:16+02:00\">26 de junio de 2026<\/time>\t\t\t\t<\/div><!-- .entry-meta -->\n\t\t\t\t\t\t\t\t<\/div><!-- .entry-wrapper -->\n\t<\/article>\n\n\t\t\n\t<article data-post-id=\"5423\"\n\t\tclass=\"category-sin-categoria type-post post-has-image\"\n\t\t\t\t>\n\t\t\t\t\t\t\t<figure class=\"post-thumbnail\">\n\t\t\t\t\t\t\t\t<a href=\"https:\/\/galeriamemoria.com\/es\/2026\/06\/26\/la-razon-sandra-eleta-returns-to-madrid-with-the-exhibition-la-servidumbre\/\" rel=\"bookmark\" tabindex=\"-1\" aria-hidden=\"true\">\n\t\t\t\t\t\t\t\t\t\t\t\t<img loading=\"lazy\" decoding=\"async\" width=\"1200\" height=\"1200\" src=\"https:\/\/i0.wp.com\/galeriamemoria.com\/wp-content\/uploads\/2026\/05\/DSC2361.jpg?resize=1200%2C1200&amp;ssl=1\" class=\"attachment-newspack-article-block-square-large size-newspack-article-block-square-large wp-post-image\" alt=\"La Raz\u00f3n | Sandra Eleta returns to Madrid with the exhibition \u2018La Servidumbre\u2019\" data-hero-candidate=\"1\" srcset=\"https:\/\/i0.wp.com\/galeriamemoria.com\/wp-content\/uploads\/2026\/05\/DSC2361.jpg?resize=150%2C150&amp;ssl=1 150w, https:\/\/i0.wp.com\/galeriamemoria.com\/wp-content\/uploads\/2026\/05\/DSC2361.jpg?zoom=2&amp;resize=1200%2C1200&amp;ssl=1 2400w, https:\/\/i0.wp.com\/galeriamemoria.com\/wp-content\/uploads\/2026\/05\/DSC2361.jpg?zoom=3&amp;resize=1200%2C1200&amp;ssl=1 3600w\" sizes=\"(max-width: 1000px) 100vw, 1000px\" data-attachment-id=\"5220\" data-permalink=\"https:\/\/galeriamemoria.com\/es\/la-servidumbre-sandra-eleta\/_dsc2361\/\" data-orig-file=\"https:\/\/i0.wp.com\/galeriamemoria.com\/wp-content\/uploads\/2026\/05\/DSC2361.jpg?fit=8256%2C5504&amp;ssl=1\" data-orig-size=\"8256,5504\" data-comments-opened=\"0\" data-image-title=\"_DSC2361\" data-image-description=\"\" data-image-caption=\"&lt;p&gt;Installation view | La Servidumbre. Sandra Eleta. MEMORIA (Centro), 2026&lt;\/p&gt;\" data-large-file=\"https:\/\/i0.wp.com\/galeriamemoria.com\/wp-content\/uploads\/2026\/05\/DSC2361.jpg?fit=1024%2C683&amp;ssl=1\" \/>\t\t\t\t\t\t\t\t\t\t\t\t<\/a>\n\t\t\t\t\n\t\t\t\t\t\t\t<\/figure><!-- .featured-image -->\n\t\t\n\t\t<div class=\"entry-wrapper\">\n\t\t\t\t\t\t<h2 class=\"entry-title\"><a href=\"https:\/\/galeriamemoria.com\/es\/2026\/06\/26\/la-razon-sandra-eleta-returns-to-madrid-with-the-exhibition-la-servidumbre\/\" rel=\"bookmark\">La Raz\u00f3n | Sandra Eleta regresa a Madrid con la exposici\u00f3n \"La Servidumbre\"<\/a><\/h2>\t\t\t\t\t\t\t\t\t\t<div class=\"entry-meta\">\n\t\t\t\t\t<time class=\"entry-date published\" datetime=\"2026-06-26T18:56:18+02:00\">26 de junio de 2026<\/time><time class=\"updated\" datetime=\"2026-06-26T18:58:00+02:00\">26 de junio de 2026<\/time>\t\t\t\t<\/div><!-- .entry-meta -->\n\t\t\t\t\t\t\t\t<\/div><!-- .entry-wrapper -->\n\t<\/article>\n\n\t\t\t\t<\/div>\n\t\t\t\t\t<button type=\"button\" class=\"wp-block-button__link\"  data-next=\"https:\/\/galeriamemoria.com\/es\/wp-json\/newspack-blocks\/v1\/articles?showExcerpt=0&#038;imageShape=square&#038;moreButton=1&#038;showAuthor=0&#038;postLayout=grid&#038;postsToShow=9&#038;typeScale=3&#038;align=wide&#038;className&#038;showFullContent=0&#038;excerptLength=55&#038;showReadMore=0&#038;infiniteScroll=0&#038;readMoreLabel=Keep%20reading&#038;showDate=1&#038;showImage=1&#038;showCaption=0&#038;showCredit=0&#038;disableImageLazyLoad=0&#038;fetchPriority&#038;minHeight=0&#038;moreButtonText&#038;showAvatar=1&#038;showCategory=0&#038;showTagLabels=1&#038;columns=3&#038;colGap=3&#038;mediaPosition=top&#038;&#038;&#038;categoryJoinType=or&#038;includeSubcategories=1&#038;&#038;&#038;&#038;&#038;&#038;&#038;imageScale=3&#038;mobileStack=0&#038;sectionHeader&#038;specificMode=0&#038;textColor&#038;customTextColor&#038;singleMode=0&#038;showSubtitle=0&#038;postType%5B0%5D=post&#038;textAlign&#038;includedPostStatuses%5B0%5D=publish&#038;deduplicate=1&#038;TrpContentRestriction%5Brestriction_type%5D=exclude&#038;&#038;TrpContentRestriction%5Bpanel_open%5D=1&#038;page=2\">\n\t\t\t\t<span class=\"label\">\n\t\t\t\t\tCargar m\u00e1s entradas\t\t\t\t<\/span>\n\t\t\t\t<span class=\"loading\"><\/span>\n\t\t\t<\/button>\n\t\t\t<p class=\"error\">\n\t\t\t\tAlgo ha ido mal. Por favor, recarga la p\u00e1gina y\/o int\u00e9ntalo de nuevo.\t\t\t<\/p>\n\n\t\t\n\t<\/div>\n\t\n\n\n<p class=\"wp-block-paragraph\">    <\/p>\n\n\n\n<p class=\"has-theme-1-background-color has-background wp-block-paragraph\">       <\/p>","protected":false},"excerpt":{"rendered":"<p>NOTICIAS<\/p>","protected":false},"author":251800687,"featured_media":0,"parent":0,"menu_order":0,"comment_status":"closed","ping_status":"closed","template":"","meta":{"advanced_seo_description":"","jetpack_seo_html_title":"","jetpack_seo_noindex":false,"jetpack_seo_schema_type":"","_wpcom_ai_launchpad_about_page":false,"_wpcom_ai_launchpad_gallery_page":false,"_wpcom_ai_launchpad_contact_page":false,"_wpcom_ai_launchpad_events_page":false,"_wpcom_ai_launchpad_video_page":false,"_wpcom_ai_launchpad_portfolio_piece":false,"footnotes":""},"class_list":["post-746","page","type-page","status-publish","hentry"],"jetpack_likes_enabled":false,"jetpack_sharing_enabled":true,"jetpack_shortlink":"https:\/\/wp.me\/PfPCnn-c2","jetpack-related-posts":[],"_links":{"self":[{"href":"https:\/\/galeriamemoria.com\/es\/wp-json\/wp\/v2\/pages\/746","targetHints":{"allow":["GET"]}}],"collection":[{"href":"https:\/\/galeriamemoria.com\/es\/wp-json\/wp\/v2\/pages"}],"about":[{"href":"https:\/\/galeriamemoria.com\/es\/wp-json\/wp\/v2\/types\/page"}],"author":[{"embeddable":true,"href":"https:\/\/galeriamemoria.com\/es\/wp-json\/wp\/v2\/users\/251800687"}],"replies":[{"embeddable":true,"href":"https:\/\/galeriamemoria.com\/es\/wp-json\/wp\/v2\/comments?post=746"}],"version-history":[{"count":20,"href":"https:\/\/galeriamemoria.com\/es\/wp-json\/wp\/v2\/pages\/746\/revisions"}],"predecessor-version":[{"id":1046,"href":"https:\/\/galeriamemoria.com\/es\/wp-json\/wp\/v2\/pages\/746\/revisions\/1046"}],"wp:attachment":[{"href":"https:\/\/galeriamemoria.com\/es\/wp-json\/wp\/v2\/media?parent=746"}],"curies":[{"name":"wp","href":"https:\/\/api.w.org\/{rel}","templated":true}]}}